{"id":14836,"date":"2013-01-28T10:36:47","date_gmt":"2013-01-28T10:36:47","guid":{"rendered":"http:\/\/dev3.musique-cordiale.com\/soutenez-nous\/"},"modified":"2024-12-29T21:29:57","modified_gmt":"2024-12-29T21:29:57","slug":"soutenez-nous","status":"publish","type":"page","link":"https:\/\/www.musique-cordiale.com\/fr\/soutenez-nous\/","title":{"rendered":"Soutenez-nous!"},"content":{"rendered":"\n<p>Pensez \u00e0 devenir membre, Ami du Festival (voir ci-dessous) ou \u00e0 parrainer un \u00e9v\u00e9nement ou un musicien \u2013 ou encore \u00e0 faire un don \u00e0 Musique Cordiale ! Nous acceptons les dons de n\u2019importe quel montant \u00e0 tout moment.<\/p>\n\n\n\n<h6 class=\"wp-block-heading\">Le plus simple \u00e0 faire si vous vous sentez G\u00c9N\u00c9REUX &amp; SOUTIEN est d&rsquo;envoyer votre don ou de faire une promesse de don &#8211; en euros ou en livres sterling &#8211; directement (banque en ligne, CHAPS ou par ch\u00e8que, carte d&rsquo;\u00e9pargne et frais de transaction&nbsp;:<\/h6>\n\n\n\n<h4 class=\"wp-block-heading\">Allez a notre <a href=\"https:\/\/www.musique-cordiale.com\/fr\/payer-musique-cordiale\/\" data-type=\"URL\" data-id=\"https:\/\/www.musique-cordiale.com\/fr\/payer-musique-cordiale\/\">page PAYER-NOUS<\/a><em> ici<\/em>:  <br><a rel=\"noreferrer noopener\" href=\"https:\/\/www.musique-cordiale.com\/fr\/payer-musique-cordiale\/\" target=\"_blank\"><em>nos coordonn\u00e9es et d\u00e9tails\/RIB de compte sont<strong> ICI<\/strong>)<\/em><\/a><\/h4>\n\n\n\n<p>OU:<\/p>\n\n\n\n<ul class=\"wp-block-list\">\n<li>Cliquez sur le bouton bleu pour faire un don \u00e0 l&rsquo;association non lucratif, Loi de 1901<br>en France, (tout montant, carte &amp; PayPal)<em><br><\/em>  <strong>L&rsquo;association Musique Cordiale in France<img data-recalc-dims=\"1\" loading=\"lazy\" decoding=\"async\" width=\"57\" height=\"81\" class=\" wp-image-27670 alignleft\" style=\"font-size: inherit;\" src=\"https:\/\/i0.wp.com\/www.musique-cordiale.com\/wp-content\/uploads\/2019\/09\/musique-cordiale-website-banner-no-year-MC-ribbon.jpg?resize=57%2C81&#038;ssl=1\" alt=\"\"><\/strong><span style=\"font-size: inherit;\">:<\/span><\/li>\n<\/ul>\n\n\n\n<p> <strong>FAITES UN DON MAINTENANT<\/strong> &#8211; options uniques, annuelles ou mensuelles<\/p>\n\n\n\n<a target=\"_blank\" href=\"https:\/\/donorbox.org\/musique-cordiale-2024-25\" rel=\"noopener\"><img data-recalc-dims=\"1\" decoding=\"async\" src=\"https:\/\/i0.wp.com\/donorbox.org\/images\/png-donate\/logo-button-medium.png?w=640&#038;ssl=1\" \/><\/a>\n\n\n<p><img data-recalc-dims=\"1\" loading=\"lazy\" decoding=\"async\" class=\" wp-image-27818 alignleft\" src=\"https:\/\/i0.wp.com\/www.musique-cordiale.com\/wp-content\/uploads\/2019\/09\/M-C-TRUST-2-logo_thumb2.jpg?resize=57%2C81&#038;ssl=1\" alt=\"\" width=\"57\" height=\"81\" \/><\/p>\n<div id=\"CAFDonateButtonContainer\">\u00a0<\/div>\n<p><script type=\"text\/javascript\"> var caf_BeneficiaryCampaignId=11096; document.write(unescape('%3Cscript id=\"CAFDonateButtonLoader_script\" src=\"https:\/\/cafdonate.cafonline.org\/js\/CAF.DonateButtonLoader_script.js\" type=\"text\/javascript\"%3E%3C\/script%3E')); <\/script><\/p>\n<p><strong>OU<\/strong> vous pouvez aussi simplement envoyer votre don ou faire un engagement &#8211; en euros ou en livres sterling &#8211; directement<br \/>(virement, services bancaires en ligne, CHAPS ou par ch\u00e8que, carte de r\u00e9duction et frais de transaction:<br \/><a href=\"https:\/\/www.musique-cordiale.com\/fr\/payer-musique-cordiale\/\" target=\"_blank\" rel=\"noopener\">nos coordonn\u00e9es et d\u00e9tails\/RIB de compte sont<strong> <em>ICI<\/em><\/strong>)<\/a><\/p>\n<h3 class=\"donor-campaign-name\">Musique Cordiale &#8211; S&rsquo;il vous pla\u00eet soutenir notre campagne &#8211; collecte de fonds 2024-25<\/h3>\n<h6><style>\r\n\t.thermometer_svg{}\r\n\t.therm_target{font-size: 16px; font-family: inherit; text-anchor: middle;}\r\n\t.therm_raised{font-size: 14px; font-family: inherit;}\r\n\t.therm_percent{font-family: inherit; text-anchor: middle; font-weight: bold;}\r\n\t.therm_subTarget{font-size: 14px; font-family: inherit;}\r\n\t.therm_legend{font-size: 12px; font-family: inherit;}\r\n\t.therm_majorTick{stroke-width: 2.5px; stroke: #000;}\r\n\t.therm_minorTick{stroke-width: 2.5px; stroke: #000;}\r\n\t.therm_border{stroke-width: 1.5px; stroke: #000; fill: transparent;}\r\n\t.therm_subTargetArrow{stroke: #8a8a8a; stroke-width: 0.2px; fill: #8a8a8a;}\r\n    .therm_raisedLevel{stroke-width: 1px; stroke: #000;}\r\n\t.therm_subRaisedLevel{stroke-width: 1px; stroke: #000;}\r\n\t.therm_arrow{stroke: #000; stroke-width: 0.2px; fill: #000;}\r\n\t.therm_subTargetLevel{stroke-width: 2.5px; stroke: #8a8a8a;}\r\n\t<\/style><div style=\"margin-bottom: 1.5em; height: 200px; width: 76.065573770492px; display:block; float:left;\"><svg xmlns=\"http:\/\/www.w3.org\/tr\/svg\" version=\"2\" x=0 y=0 width=\"76.065573770492\" height=\"200\" viewbox=\"0 0 116 305\" alt=\"Raised 3,285 towards the 20,000 target.\" preserveAspectRatio=\"xMidYMid\" class=\"thermometer_svg\"><defs><linearGradient id=\"ThermGrad_#d7191c_#d7191c\" x1=\"0\" x2=\"0\" y1=\"0\" y2=\"1\">\r\n          <stop style=\"stop-color: #d7191c\" offset=\"0%\" \/>\r\n          <stop style=\"stop-color: #d7191c\" offset=\"100%\" \/>\r\n        <\/linearGradient><filter id=\"f1\" x=\"-20%\" y=\"-20%\" height=\"150%\" width=\"150%\" filterUnits=\"objectBoundingBox\">\r\n        <feGaussianBlur in=\"SourceAlpha\" stdDeviation=\"3\" result=\"shadow\"\/> <!-- stdDeviation is how much to blur -->\r\n        <feOffset dx=\"1.8\" dy=\"1.8\" result=\"offsetblur\" in=\"shadow\"\/> <!-- how much to offset -->\r\n        <feComponentTransfer result=\"shadow1\" in=\"offsetblur\">\r\n            <feFuncA type=\"linear\" slope=\"0.6\"\/> <!-- slope is the opacity of the shadow -->\r\n        <\/feComponentTransfer>\r\n        <feBlend in = \"SourceGraphic\" in2 = \"shadow1\" mode = \"normal\"\/>\r\n        <\/filter><filter id=\"blurFilter\">\r\n          <!-- filter processes -->\r\n          <feGaussianBlur in=\"SourceGraphic\" stdDeviation=\"7.5\"\/><!-- stdDeviation is amount of blur -->\r\n      <\/filter>\r\n      <filter id=\"blurFilter2\">\r\n          <!-- filter processes -->\r\n          <feGaussianBlur in=\"SourceGraphic\" stdDeviation=\"2.2\"\/><!-- stdDeviation is amount of blur -->\r\n      <\/filter>\r\n  <\/defs><desc>Created using the Donation Thermometer plugin https:\/\/wordpress.org\/plugins\/donation-thermometer\/.<\/desc><text x=\"38\" y=\"20\" class=\"therm_target\" fill=\"#000000\" dominant-baseline=\"auto\" text-anchor=\"middle\">20,000<\/text><path d=\"M38 25.5 C 28 25.5, 20 30, 20 36 L 20 251 C 15.5 255, 13 262, 13 268 C 13 282, 24 293, 38 293 C 52 293, 63 282, 63 268 C 63 262, 60 255, 56 251 L 56 36 C 56 30, 48 25.5, 38 25.5\" style=\"fill: transparent;; stroke-opacity: 0!important;\"><title>Raised 3,285 towards the 20,000 target.<\/title><\/path><path d=\"M20 211.5075 L 20 251 C 15.5 255, 13 262, 13 268 C 13 282, 24 293, 38 293 C 52 293, 63 282, 63  268 C 63 262, 60 255, 56 251 L 56 211.5075 L 20 211.5075\" style=\"stroke-width: 0;\" fill=\"url(#ThermGrad_#d7191c_#d7191c)\"\/><path d=\"M20 211.5075 L 56 211.5075\" class=\"therm_raisedLevel\" \/><path d=\"M 58 211.5075, 63 206.5075, 63 216.5075 Z\" class=\"therm_arrow\"\/><text x=\"66\" y=\"211.5075\" class=\"therm_raised\" text-anchor=\"start\" dominant-baseline=\"central\" fill=\"#000000\">3,285<\/text><path d=\"M 56 36 L 43 36 M 56 78 L 43 78 M56 120 L 43 120 M 56 162 L 43 162 M 56 204 L 43 204 M 56 246 L 43 246\" class=\"therm_majorTick\"\/><path d=\"M 56 57 L 50 57 M 56 99 L 50 99 M 56 141 L 50 141 M 56 183 L 50 183 M 56 225 L 50 225\" class=\"therm_minorTick\" \/><path d=\"M38 25.5 C 28 25.5, 20 30, 20 36 L 20 251 C 15.5 255, 13 262, 13 268 C 13 282, 24 293, 38 293 C 52 293, 63 282, 63 268 C 63 262, 60 255, 56 251 L 56 36 C 56 30, 48 25.5, 38 25.5\" class=\"therm_border\"><title>Raised 3,285 towards the 20,000 target.<\/title><\/path><text x=\"38\" y=\"274\" class=\"therm_percent\" style=\"font-size: 17px\" text-anchor=\"middle\" fill=\"#000000\">16%<\/text><\/svg><\/div><br \/>Si vous appr\u00e9ciez Musique Cordlale pour son festival international unique et son acad\u00e9mie d&rsquo;orchestre pour jeunes talents musicaux &#8211; ou ses cours de chant et de chant choral, concerts et \u00e9v\u00e9nements en France et en Grande-Bretagne, nous avons besoin de votre aide. M\u00eame apr\u00e8s 19 ans, cela ne peut pas continuer sans votre soutien. L&rsquo;association fran\u00e7aise qui g\u00e8re le festival et le Trust Musique-Cordiale, l&rsquo;association britannique qui le soutient, ont besoin de vous pour cette campagne. Entre nous, nous devons atteindre un objectif annuel de 20 000 \u00a3 pour les FONDS SUPPL\u00c9MENTAIRES avant l&rsquo;\u00e9t\u00e9 prochain &#8211; et de pr\u00e9f\u00e9rence plus t\u00f4t pour nous donner les ressources pour planifier \u00e0 l&rsquo;avance &#8211; et faire des \u00e9conomies &#8211; pour 2024. Merci \u00e0 ceux qui ont d\u00e9j\u00e0 aid\u00e9 en faisant un don, en promettant ou recueillir des fonds ou organiser des \u00e9v\u00e9nements et inviter vos amis \u00e0 vous aider. POURQUOI NE PAS DEVENIR UN AMI OU UN DONATEUR? Ou COMMANDITEZ un \u00e9v\u00e9nement ou un musicien?<\/h6>\n<h6>Une grande quantit\u00e9 de b\u00e9n\u00e9volat est n\u00e9cessaire toute l&rsquo;ann\u00e9e pour organiser le Festival. La plupart de ces travaux sont effectu\u00e9s par une \u00e9quipe de b\u00e9n\u00e9voles d\u00e9vou\u00e9s. Bien que soutenue et appr\u00e9ci\u00e9e par ses participants et son public, \u00e0 la fois localement et de toute l&rsquo;Europe, Musique Cordiale A BESOIN DE COMPL\u00c9TER SES REVENUS provenant de la vente de billets, des abonnements, de certains financements locaux durement gagn\u00e9s face \u00e0 la r\u00e9duction des budgets publics et \u00e0 la g\u00e9n\u00e9rosit\u00e9 de quelques-uns donateurs priv\u00e9s ad trusts. C&rsquo;est une \u00e9norme lutte pour couvrir les co\u00fbts li\u00e9s au fait d&rsquo;amener plus de 100 musiciens et chanteurs de tout le continent au Pays de Fayence et de les h\u00e9berger et les soutenir &#8211; ainsi que de les travailler dur pour obtenir de la grande musique ensemble.<\/h6>\n<p><strong>SVP soutenez-nous! <br \/>**** Assembl\u00e9e G\u00e9n\u00e9rale Annuelle 2024. Elle aura lieu le 12 janvier 2025 sur zoom (nous avons une adh\u00e9sion internationale). Nous inviterons les membres existants. VEUILLEZ ADH\u00c9RER ou mettre \u00e0 jour votre adh\u00e9sion d\u00e8s maintenant pour participer et aider \u00e0 planifier l&rsquo;avenir du festival et de l&rsquo;association ! Si vous \u00eates ou devenez membre, veuillez nous contacter pour obtenir le lien afin de nous rejoindre \u00e0 l&rsquo;Assembl\u00e9e G\u00e9n\u00e9rale VIRTUELLE \u00e0 18h30 heure du Royaume-Uni ou 19h30 heure fran\u00e7aise le 12 janvier 2025 : <span \n                data-original-string='KTHXM5T4Hh2\/wQRgnzJs9w==b08lqkNMZD5O+26aXC+csPkhzLtJ9XousU8iUjZJpHdRm8='\n                class='apbct-email-encoder'\n                title='This contact has been encoded by Anti-Spam by CleanTalk. Click to decode. To finish the decoding make sure that JavaScript is enabled in your browser.'>in<span class=\"apbct-blur\">**<\/span>@<span class=\"apbct-blur\">**************<\/span>le.com<\/span><br \/><\/strong><\/p>\n<p><em>Nous \u00e9tions TELLEMENT heureux d&rsquo;\u00eatre de retour en 2023 &amp; 2024. Le retour de Musique Cordiale en France cet \u00e9t\u00e9 a \u00e9t\u00e9 un grand succ\u00e8s, ravissant public ancien et nouveau avec un r\u00e9pertoire passionnant et 18 performances brillantes. Et nous avons maintenu nos tarifs de billets et de participation (depuis 2018). MAIS&#8230;<\/em><\/p>\n<p class=\"last-child\"><em>nous n&rsquo;avons re\u00e7u presque AUCUN DONS ou ABONNEMENTS de la part de supporters et d&rsquo;AMIS pendant les ann\u00e9es de pand\u00e9mie (mais avons engag\u00e9 des co\u00fbts) ET nous avons re\u00e7u beaucoup moins de subventions publiques que ces derni\u00e8res ann\u00e9es &#8211; et nous ne les avons re\u00e7ues que juste avant le d\u00e9but du festival. POURTANT, en 2023 &amp; 2024, tout nous a co\u00fbt\u00e9 bien plus cher (surtout les d\u00e9placements, l&rsquo;h\u00e9bergement et la nourriture de nos musiciens &#8211; et m\u00eame la location de musique !). Nous, les organisateurs enthousiastes, avons d\u00fb personnellement payer les frais de lancement et de r\u00e9servation au cours de l&rsquo;hiver et du printemps pr\u00e9c\u00e9dents&#8230; ainsi que combler un d\u00e9ficit in\u00e9vitable par la suite. Nous ne pouvons pas nous permettre personnellement de subventionner le festival de cette fa\u00e7on ! Alors que nous planifions (le plus t\u00f4t possible maintenant notre 21e anniversaire en 2025, VEUILLEZ NOUS SOUTENIR \u00c0 NOUVEAU MAINTENANT &#8211; par l&rsquo;interm\u00e9diaire de notre association caritative anglaise ou de notre association fran\u00e7aise \u00e0 but non lucratif. Si vous aimez notre grande contribution musicale, s&rsquo;il vous pla\u00eet, si vous le pouvez, AIDEZ-NOUS maintenant ! Merci !<\/em><strong>\u00a0<br \/><span \n                data-original-string='vaXayU05KTxtK\/e7Kvn5+A==b0829dGs8nM9YLY2rKZ1KcEIrw+UY8nHLoWwM2BnbRTnhU='\n                class='apbct-email-encoder'\n                title='This contact has been encoded by Anti-Spam by CleanTalk. Click to decode. To finish the decoding make sure that JavaScript is enabled in your browser.'>jo<span class=\"apbct-blur\">******<\/span>@<span class=\"apbct-blur\">**************<\/span>le.com<\/span>\u00a0 \u00a0 \u00a0 <span \n                data-original-string='dKtOAwTqGN12pPnz\/IaY1g==b085+7+qf8Rno6\/Ri39BPMQL55m4QRyXYLiq6BpAoHrV8s='\n                class='apbct-email-encoder'\n                title='This contact has been encoded by Anti-Spam by CleanTalk. Click to decode. To finish the decoding make sure that JavaScript is enabled in your browser.'>pi<span class=\"apbct-blur\">***<\/span>@<span class=\"apbct-blur\">**************<\/span>le.com<\/span><br \/><\/strong><\/p>\n<hr \/>\n<p>Nous comptons alors sur la g\u00e9n\u00e9rosit\u00e9 de nos adh\u00e9rents, nos amis, nos m\u00e9c\u00e8nes et ceux qui aiment nos concerts, qui chantent dans notre chorale ou qui ont b\u00e9n\u00e9fici\u00e9 de notre participation \u00e0 notre orchestre, \u00e0 nos stages \u00e9ducatives ou \u00e0 notre acad\u00e9mie pour assurer la r\u00e9ussite du Festival et de Musique Cordiale. En nous rejoignant, vous aiderez \u00e0 soutenir le Festival tout en recevant un nombre d&rsquo;avantages dont des r\u00e9ductions sur les billets et des invitations aux \u00e9v\u00e9nements tout au long de l&rsquo;ann\u00e9e.<\/p>\n<p>[fp-rows]<br \/>[fp-columns small=\u00a0\u00bb medium=&rsquo;4&prime; large=&rsquo;4&prime;]<br \/><a href=\"https:\/\/www.musique-cordiale.com\/fr\/soutenez-nous\/adherents-amis-mecenes\/\"><img data-recalc-dims=\"1\" loading=\"lazy\" decoding=\"async\" data-attachment-id=\"16314\" data-permalink=\"https:\/\/www.musique-cordiale.com\/fr\/soutenez-nous\/membership-friends-and-donors-3-2\/\" data-orig-file=\"https:\/\/i0.wp.com\/www.musique-cordiale.com\/wp-content\/uploads\/2013\/01\/Membership-friends-and-donors-2.jpg?fit=873%2C873&amp;ssl=1\" data-orig-size=\"873,873\" data-comments-opened=\"0\" data-image-meta=\"{&quot;aperture&quot;:&quot;0&quot;,&quot;credit&quot;:&quot;&quot;,&quot;camera&quot;:&quot;&quot;,&quot;caption&quot;:&quot;&quot;,&quot;created_timestamp&quot;:&quot;0&quot;,&quot;copyright&quot;:&quot;&quot;,&quot;focal_length&quot;:&quot;0&quot;,&quot;iso&quot;:&quot;0&quot;,&quot;shutter_speed&quot;:&quot;0&quot;,&quot;title&quot;:&quot;&quot;,&quot;orientation&quot;:&quot;0&quot;}\" data-image-title=\"Membership friends and donors\" data-image-description=\"\" data-image-caption=\"\" data-large-file=\"https:\/\/i0.wp.com\/www.musique-cordiale.com\/wp-content\/uploads\/2013\/01\/Membership-friends-and-donors-2.jpg?fit=350%2C350&amp;ssl=1\" class=\"wp-image-16314 size-medium alignnone\" src=\"https:\/\/i0.wp.com\/www.musique-cordiale.com\/wp-content\/uploads\/2013\/01\/Membership-friends-and-donors-2.jpg?resize=300%2C300&#038;ssl=1\" width=\"300\" height=\"300\" srcset=\"https:\/\/i0.wp.com\/www.musique-cordiale.com\/wp-content\/uploads\/2013\/01\/Membership-friends-and-donors-2.jpg?w=873&amp;ssl=1 873w, https:\/\/i0.wp.com\/www.musique-cordiale.com\/wp-content\/uploads\/2013\/01\/Membership-friends-and-donors-2.jpg?resize=600%2C600&amp;ssl=1 600w, https:\/\/i0.wp.com\/www.musique-cordiale.com\/wp-content\/uploads\/2013\/01\/Membership-friends-and-donors-2.jpg?resize=100%2C100&amp;ssl=1 100w, https:\/\/i0.wp.com\/www.musique-cordiale.com\/wp-content\/uploads\/2013\/01\/Membership-friends-and-donors-2.jpg?resize=750%2C750&amp;ssl=1 750w, https:\/\/i0.wp.com\/www.musique-cordiale.com\/wp-content\/uploads\/2013\/01\/Membership-friends-and-donors-2.jpg?resize=150%2C150&amp;ssl=1 150w, https:\/\/i0.wp.com\/www.musique-cordiale.com\/wp-content\/uploads\/2013\/01\/Membership-friends-and-donors-2.jpg?resize=768%2C768&amp;ssl=1 768w\" sizes=\"auto, (max-width: 300px) 100vw, 300px\" \/><\/a><\/p>\n<h3><a href=\"https:\/\/www.musique-cordiale.com\/fr\/soutenez-nous\/adherents-amis-mecenes\/\">Adh\u00e9rents, Amis &amp; M\u00e9c\u00e8nes<\/a><\/h3>\n<p>[\/fp-columns]<br \/>[fp-columns small=\u00a0\u00bb medium=&rsquo;4&prime; large=&rsquo;4&prime;]<br \/><a href=\"https:\/\/www.musique-cordiale.com\/fr\/soutenez-nous\/devenez-sponsor\/\"><img data-recalc-dims=\"1\" loading=\"lazy\" decoding=\"async\" data-attachment-id=\"16316\" data-permalink=\"https:\/\/www.musique-cordiale.com\/fr\/soutenez-nous\/sponsor-2-2\/\" data-orig-file=\"https:\/\/i0.wp.com\/www.musique-cordiale.com\/wp-content\/uploads\/2013\/01\/Sponsor-1.jpg?fit=480%2C480&amp;ssl=1\" data-orig-size=\"480,480\" data-comments-opened=\"0\" data-image-meta=\"{&quot;aperture&quot;:&quot;0&quot;,&quot;credit&quot;:&quot;&quot;,&quot;camera&quot;:&quot;&quot;,&quot;caption&quot;:&quot;&quot;,&quot;created_timestamp&quot;:&quot;0&quot;,&quot;copyright&quot;:&quot;&quot;,&quot;focal_length&quot;:&quot;0&quot;,&quot;iso&quot;:&quot;0&quot;,&quot;shutter_speed&quot;:&quot;0&quot;,&quot;title&quot;:&quot;&quot;,&quot;orientation&quot;:&quot;0&quot;}\" data-image-title=\"Sponsor\" data-image-description=\"\" data-image-caption=\"\" data-large-file=\"https:\/\/i0.wp.com\/www.musique-cordiale.com\/wp-content\/uploads\/2013\/01\/Sponsor-1.jpg?fit=350%2C350&amp;ssl=1\" class=\"alignnone wp-image-16316 size-medium\" src=\"https:\/\/i0.wp.com\/www.musique-cordiale.com\/wp-content\/uploads\/2013\/01\/Sponsor-1.jpg?resize=300%2C300&#038;ssl=1\" width=\"300\" height=\"300\" srcset=\"https:\/\/i0.wp.com\/www.musique-cordiale.com\/wp-content\/uploads\/2013\/01\/Sponsor-1.jpg?w=480&amp;ssl=1 480w, https:\/\/i0.wp.com\/www.musique-cordiale.com\/wp-content\/uploads\/2013\/01\/Sponsor-1.jpg?resize=100%2C100&amp;ssl=1 100w\" sizes=\"auto, (max-width: 300px) 100vw, 300px\" \/><\/a><\/p>\n<h3><a href=\"https:\/\/www.musique-cordiale.com\/fr\/soutenez-nous\/devenez-sponsor\/\">Devenez sponsor<\/a><\/h3>\n<p>[\/fp-columns]<br \/>[fp-columns small=\u00a0\u00bb medium=&rsquo;4&prime; large=&rsquo;4&prime;]<br \/><a href=\"https:\/\/www.musique-cordiale.com\/fr\/soutenez-nous\/benevolat\/\"><img data-recalc-dims=\"1\" loading=\"lazy\" decoding=\"async\" data-attachment-id=\"16318\" data-permalink=\"https:\/\/www.musique-cordiale.com\/fr\/soutenez-nous\/volunteer-2\/\" data-orig-file=\"https:\/\/i0.wp.com\/www.musique-cordiale.com\/wp-content\/uploads\/2013\/01\/Volunteer-scaled.jpg?fit=2560%2C2560&amp;ssl=1\" data-orig-size=\"2560,2560\" data-comments-opened=\"0\" data-image-meta=\"{&quot;aperture&quot;:&quot;0&quot;,&quot;credit&quot;:&quot;&quot;,&quot;camera&quot;:&quot;&quot;,&quot;caption&quot;:&quot;&quot;,&quot;created_timestamp&quot;:&quot;0&quot;,&quot;copyright&quot;:&quot;&quot;,&quot;focal_length&quot;:&quot;0&quot;,&quot;iso&quot;:&quot;0&quot;,&quot;shutter_speed&quot;:&quot;0&quot;,&quot;title&quot;:&quot;&quot;,&quot;orientation&quot;:&quot;0&quot;}\" data-image-title=\"Volunteer\" data-image-description=\"\" data-image-caption=\"\" data-large-file=\"https:\/\/i0.wp.com\/www.musique-cordiale.com\/wp-content\/uploads\/2013\/01\/Volunteer-scaled.jpg?fit=350%2C350&amp;ssl=1\" class=\"alignnone size-medium wp-image-16318\" src=\"https:\/\/i0.wp.com\/www.musique-cordiale.com\/wp-content\/uploads\/2013\/01\/Volunteer-scaled.jpg?resize=300%2C300&#038;ssl=1\" alt=\"Volunteer\" width=\"300\" height=\"300\" srcset=\"https:\/\/i0.wp.com\/www.musique-cordiale.com\/wp-content\/uploads\/2013\/01\/Volunteer-scaled.jpg?w=2560&amp;ssl=1 2560w, https:\/\/i0.wp.com\/www.musique-cordiale.com\/wp-content\/uploads\/2013\/01\/Volunteer-scaled.jpg?resize=600%2C600&amp;ssl=1 600w, https:\/\/i0.wp.com\/www.musique-cordiale.com\/wp-content\/uploads\/2013\/01\/Volunteer-scaled.jpg?resize=100%2C100&amp;ssl=1 100w, https:\/\/i0.wp.com\/www.musique-cordiale.com\/wp-content\/uploads\/2013\/01\/Volunteer-scaled.jpg?resize=750%2C750&amp;ssl=1 750w, https:\/\/i0.wp.com\/www.musique-cordiale.com\/wp-content\/uploads\/2013\/01\/Volunteer-scaled.jpg?w=1280&amp;ssl=1 1280w, https:\/\/i0.wp.com\/www.musique-cordiale.com\/wp-content\/uploads\/2013\/01\/Volunteer-scaled.jpg?w=1920&amp;ssl=1 1920w\" sizes=\"auto, (max-width: 300px) 100vw, 300px\" \/><\/a><\/p>\n<h3><a href=\"https:\/\/www.musique-cordiale.com\/fr\/soutenez-nous\/benevolat\/\">B\u00e9n\u00e9volat<\/a><\/h3>\n<p>[\/fp-columns]<br \/>[\/fp-rows]<\/p>\n<p>Pour les donateurs fran\u00e7ais a l&rsquo;association Musique Cordiale qui g\u00e8re le festival, nous d\u00e9livrons des certificats permettant une r\u00e9duction d\u2019imp\u00f4ts. Pour les donateurs britanniques, nous sommes soutenus par The Musique-Cordiale Trust, une fondation caritative enregistr\u00e9e en Angleterre (no. 1167732), qui permet aux contribuables britanniques de b\u00e9n\u00e9ficier des avantages de <em>Gift Aid<\/em>, ce qui permet de majorer de 25 pour cent les dons effectu\u00e9s au profit de Musique Cordiale. La fondation nous aide, par exemple, en accordant des bourses aux jeunes musiciens qui souhaitent participer \u00e0 l\u2019Acad\u00e9mie, en invitant des professeurs et des chefs d\u2019orchestre exceptionnels \u00e0 participer au Festival, ou en contribuant \u00e0 un \u00e9v\u00e9nement particulier du Festival.<\/p>","protected":false},"excerpt":{"rendered":"<p>Pensez \u00e0 devenir membre, Ami du Festival (voir ci-dessous) ou \u00e0 parrainer un \u00e9v\u00e9nement ou un musicien \u2013 ou encore \u00e0 faire un don \u00e0 Musique Cordiale ! Nous acceptons les dons de n\u2019importe quel montant \u00e0 tout moment. Le plus simple \u00e0 faire si vous vous sentez G\u00c9N\u00c9REUX &amp; SOUTIEN est d&rsquo;envoyer votre don [&hellip;]<\/p>\n","protected":false},"author":2,"featured_media":15564,"parent":0,"menu_order":0,"comment_status":"closed","ping_status":"open","template":"","meta":{"_acf_changed":false,"_monsterinsights_skip_tracking":false,"_monsterinsights_sitenote_active":false,"_monsterinsights_sitenote_note":"","_monsterinsights_sitenote_category":0,"_uf_show_specific_survey":0,"_uf_disable_surveys":false,"advanced_seo_description":"","jetpack_seo_html_title":"","jetpack_seo_noindex":false,"footnotes":""},"class_list":["post-14836","page","type-page","status-publish","has-post-thumbnail","hentry"],"acf":[],"jetpack_sharing_enabled":true,"jetpack-related-posts":[{"id":44264,"url":"https:\/\/www.musique-cordiale.com\/fr\/rejoignez-le-choeur-du-festival-ete-2024\/","url_meta":{"origin":14836,"position":0},"title":"Rejoignez le ch\u0153ur du festival, \u00e9t\u00e9 2026","author":"Jonathan Barker","date":"26\/12\/2023","format":false,"excerpt":"22e \u00e9dition annuelle du Festival International MUSIQUE CORDIALE Les informations concernant le choeur du festival 2026seront bient\u00f4t disponibles\u00a0ici!Dates du festival international : du 29 juillet au 8 ao\u00fbt 2025 (Dates du ch\u0153ur 2026 : du 2 au 9 ao\u00fbt) ORGANISATION DU FESTIVAL AU PAYS DE FAYENCE CET \u00c9T\u00c9.du 29 juillet\u2026","rel":"","context":"Article similaire","block_context":{"text":"Article similaire","link":""},"img":{"alt_text":"","src":"https:\/\/i0.wp.com\/www.musique-cordiale.com\/wp-content\/uploads\/2023\/08\/Musique-Cordiale-Seillans-120823-38-scaled.jpg?fit=1200%2C624&ssl=1&resize=350%2C200","width":350,"height":200,"srcset":"https:\/\/i0.wp.com\/www.musique-cordiale.com\/wp-content\/uploads\/2023\/08\/Musique-Cordiale-Seillans-120823-38-scaled.jpg?fit=1200%2C624&ssl=1&resize=350%2C200 1x, https:\/\/i0.wp.com\/www.musique-cordiale.com\/wp-content\/uploads\/2023\/08\/Musique-Cordiale-Seillans-120823-38-scaled.jpg?fit=1200%2C624&ssl=1&resize=525%2C300 1.5x, https:\/\/i0.wp.com\/www.musique-cordiale.com\/wp-content\/uploads\/2023\/08\/Musique-Cordiale-Seillans-120823-38-scaled.jpg?fit=1200%2C624&ssl=1&resize=700%2C400 2x, https:\/\/i0.wp.com\/www.musique-cordiale.com\/wp-content\/uploads\/2023\/08\/Musique-Cordiale-Seillans-120823-38-scaled.jpg?fit=1200%2C624&ssl=1&resize=1050%2C600 3x"},"classes":[]},{"id":45397,"url":"https:\/\/www.musique-cordiale.com\/fr\/mises-a-jour-pour-le-choeur-dete-2024\/","url_meta":{"origin":14836,"position":1},"title":"MISES \u00c0 JOUR pour le choeur d&rsquo;\u00e9t\u00e9","author":"Jonathan Barker","date":"28\/04\/2024","format":false,"excerpt":"INFORMATIONS pour le choeur avant, pendant et APR\u00c8S le festivalPLUS \u00e0 venir bient\u00f4t\u2026.. (et veuillez v\u00e9rifier ici souvent pour les mises \u00e0 jour) ** NOUVEAUX ARTICLES CI-DESSOUS concernant le code vestimentaire, horaires, votre h\u00e9bergement et vos repas y compris l'EAU, LES D\u00ceNERS, LES HORAIRES ET LE VIN. C'est ici que\u2026","rel":"","context":"Article similaire","block_context":{"text":"Article similaire","link":""},"img":{"alt_text":"","src":"","width":0,"height":0},"classes":[]},{"id":30560,"url":"https:\/\/www.musique-cordiale.com\/fr\/rejoignez-le-choeur-du-festival-2020\/","url_meta":{"origin":14836,"position":2},"title":"Rejoignez le choeur du Festival 2020","author":"Jonathan Barker","date":"16\/12\/2019","format":false,"excerpt":"Le version fran\u00e7aise de cette page et des formulaires sont dispo nibles ici. An English version of this page can be found HERE\u00a0 INSCRIPTION EN LE CHOEUR 2023, 4-13 ao\u00fbt 2023 Pour rejoignez le Choeur du Festival en Pays de Fayence, France, \u00e9t\u00e9 2023: cliquez ICI Festival d'\u00e9t\u00e9 - Atelier\u2026","rel":"","context":"Article similaire","block_context":{"text":"Article similaire","link":""},"img":{"alt_text":"","src":"https:\/\/i0.wp.com\/www.musique-cordiale.com\/wp-content\/uploads\/2019\/12\/WhatsApp-Image-2019-12-17-at-14.34.43.jpeg?fit=1200%2C583&ssl=1&resize=350%2C200","width":350,"height":200,"srcset":"https:\/\/i0.wp.com\/www.musique-cordiale.com\/wp-content\/uploads\/2019\/12\/WhatsApp-Image-2019-12-17-at-14.34.43.jpeg?fit=1200%2C583&ssl=1&resize=350%2C200 1x, https:\/\/i0.wp.com\/www.musique-cordiale.com\/wp-content\/uploads\/2019\/12\/WhatsApp-Image-2019-12-17-at-14.34.43.jpeg?fit=1200%2C583&ssl=1&resize=525%2C300 1.5x, https:\/\/i0.wp.com\/www.musique-cordiale.com\/wp-content\/uploads\/2019\/12\/WhatsApp-Image-2019-12-17-at-14.34.43.jpeg?fit=1200%2C583&ssl=1&resize=700%2C400 2x, https:\/\/i0.wp.com\/www.musique-cordiale.com\/wp-content\/uploads\/2019\/12\/WhatsApp-Image-2019-12-17-at-14.34.43.jpeg?fit=1200%2C583&ssl=1&resize=1050%2C600 3x"},"classes":[]},{"id":37648,"url":"https:\/\/www.musique-cordiale.com\/fr\/formulaire-dinscription-pour-le-choeur-musique-cordiale-dete-2023\/","url_meta":{"origin":14836,"position":3},"title":"Formulaire d&rsquo;inscription pour le CHOEUR Musique-Cordiale d&rsquo;\u00e9t\u00e9 2023","author":"Jonathan Barker","date":"02\/01\/2023","format":false,"excerpt":"Inscrivez-vous d\u00e8s maintenant pour le Ch\u0153ur du Festival 2023 Inscriptions \u00e0 partir du 1er janvier (ouvert jusqu\u2019\u00e0 d\u00e9but mars ou jusqu\u2019\u00e0 \u00e9puisement des places pour toutes les voix). Le meilleur h\u00e9bergement passe en premier, alors r\u00e9servez t\u00f4t ! FERMETURE BIENT\u00d4T ! Formulaire d'inscription pour le Ch\u0153ur d'\u00e9t\u00e9 2023 - VERSION\u2026","rel":"","context":"Article similaire","block_context":{"text":"Article similaire","link":""},"img":{"alt_text":"","src":"","width":0,"height":0},"classes":[]},{"id":16291,"url":"https:\/\/www.musique-cordiale.com\/fr\/soutenez-nous\/adherents-amis-mecenes\/","url_meta":{"origin":14836,"position":4},"title":"Adh\u00e9rents, Amis &#038; M\u00e9c\u00e8nes","author":"Lyndsey","date":"11\/04\/2017","format":false,"excerpt":"Pr\u00e9visions pour le Festival 2026: il fera CHAUD avec de bonnes ventes de billets\u2026 concerts merveilleux mais manque probable - et une chance de faire des dons? Devenez membre, ami ou donateur en 2025-26 Faire un don \u00e0 Musique Cordiale en Euros:\u00a0Donate - Faire un DON: choisissez n'importe quel montantMERCI\u2026","rel":"","context":"Article similaire","block_context":{"text":"Article similaire","link":""},"img":{"alt_text":"","src":"https:\/\/i0.wp.com\/www.musique-cordiale.com\/wp-content\/uploads\/2019\/09\/musique-cordiale-website-banner-no-year-MC-ribbon.jpg?resize=350%2C200&ssl=1","width":350,"height":200},"classes":[]},{"id":14905,"url":"https:\/\/www.musique-cordiale.com\/fr\/soutenez-nous\/devenez-adherent-ami-ou-mecene-paiement-en-livres-sterling\/","url_meta":{"origin":14836,"position":5},"title":"Devenez adh\u00e9rent, ami ou m\u00e9c\u00e8ne: paiement en livres sterling \u00a3","author":"Jonathan Barker","date":"22\/09\/2015","format":false,"excerpt":"Devenez Adh\u00e9rent, Ami ou M\u00e9c\u00e8ne - paiement en livres sterling Merci de remplir le formulaire s\u00e9curis\u00e9 ci-dessous pour payer votre adh\u00e9sion en livres sterling\u00a0(s\u00e9lectionnez la cat\u00e9gorie dans le menu d\u00e9roulant sous 'Payment Amount'). Pour payer en euros, merci de cliquer ici Si vous pr\u00e9f\u00e9rez payer par ch\u00e8que ou par virement\u2026","rel":"","context":"Article similaire","block_context":{"text":"Article similaire","link":""},"img":{"alt_text":"Jacques & Pippa 2015","src":"https:\/\/i0.wp.com\/www.musique-cordiale.com\/wp-content\/uploads\/2015\/09\/Jacques-Pippa-2015-e1442911940613-300x264.jpg?resize=350%2C200","width":350,"height":200},"classes":[]}],"jetpack_shortlink":"https:\/\/wp.me\/PaEPkm-3Ri","_links":{"self":[{"href":"https:\/\/www.musique-cordiale.com\/fr\/wp-json\/wp\/v2\/pages\/14836","targetHints":{"allow":["GET"]}}],"collection":[{"href":"https:\/\/www.musique-cordiale.com\/fr\/wp-json\/wp\/v2\/pages"}],"about":[{"href":"https:\/\/www.musique-cordiale.com\/fr\/wp-json\/wp\/v2\/types\/page"}],"author":[{"embeddable":true,"href":"https:\/\/www.musique-cordiale.com\/fr\/wp-json\/wp\/v2\/users\/2"}],"replies":[{"embeddable":true,"href":"https:\/\/www.musique-cordiale.com\/fr\/wp-json\/wp\/v2\/comments?post=14836"}],"version-history":[{"count":1,"href":"https:\/\/www.musique-cordiale.com\/fr\/wp-json\/wp\/v2\/pages\/14836\/revisions"}],"predecessor-version":[{"id":47507,"href":"https:\/\/www.musique-cordiale.com\/fr\/wp-json\/wp\/v2\/pages\/14836\/revisions\/47507"}],"wp:featuredmedia":[{"embeddable":true,"href":"https:\/\/www.musique-cordiale.com\/fr\/wp-json\/wp\/v2\/media\/15564"}],"wp:attachment":[{"href":"https:\/\/www.musique-cordiale.com\/fr\/wp-json\/wp\/v2\/media?parent=14836"}],"curies":[{"name":"wp","href":"https:\/\/api.w.org\/{rel}","templated":true}]}}