{"id":14857,"date":"2014-10-21T14:26:37","date_gmt":"2014-10-21T14:26:37","guid":{"rendered":"http:\/\/dev3.musique-cordiale.com\/participation-conditions-generales\/"},"modified":"2024-05-19T11:37:02","modified_gmt":"2024-05-19T11:37:02","slug":"participation-conditions-generales","status":"publish","type":"page","link":"https:\/\/www.musique-cordiale.com\/fr\/participation-conditions-generales\/","title":{"rendered":"Participation: conditions g\u00e9n\u00e9rales"},"content":{"rendered":"<p style=\"text-align: justify;\"><span class=\"home-page-small\">\u2022 En vous acceptant en tant que participant au Festival International et Acad\u00e9mie Musique Cordiale, l\u2019Association Musique Cordiale, qui organise le Festival, pose certaines conditions.<\/span><\/p>\n<p style=\"text-align: justify;\"><span class=\"home-page-small\">\u2022 En effectuant une r\u00e9servation ou en nous permettant d&rsquo;organiser votre transport jusqu&rsquo;au festival, votre h\u00e9bergement ou votre inclusion dans le programme, vous acceptez les termes et conditions.<br \/>\n<\/span><\/p>\n<p style=\"text-align: justify;\"><span class=\"home-page-small\">\u2022 Si vous acceptez de participer en tant que <b>membre du ch\u0153ur, b\u00e9n\u00e9vole ou \u00e9tudiant de l\u2019Acad\u00e9mie<\/b>, nous vous demandons d\u2019accepter certaines conditions g\u00e9n\u00e9rales indiqu\u00e9es sur les fiches d\u2019inscription. Votre signature, ou un \u00e9change de courriel, confirme votre acceptation de ces conditions g\u00e9n\u00e9rales et, en remettant la fiche d\u2019inscription, ou en payant un acompte ou le total du prix, ou en arrivant ou en assistant au Festival, vous reconnaissez avoir lu et accept\u00e9 ces conditions contractuelles.<\/span><\/p>\n<p style=\"text-align: justify;\"><span class=\"home-page-small\">\u2022 Lorsque nous vous invitons au Festival en tant que musicien, chanteur, soliste, ensemble, professeur ou chef d\u2019orchestre, nous passons un contrat avec vous. Ce contrat comporte des obligations que vous et l\u2019association acceptent en signant un contrat et\/ou en participant au Festival (y compris les voyages aux frais du Festival). Normalement, nous confirmons cet accord sous form de contrat que nous vous demandons de signer ou d\u2019accepter par \u00e9change de courriel. <\/span><\/p>\n<p style=\"text-align: justify;\"><span class=\"home-page-small\">\u2022 Normalement nous ne r\u00e9mun\u00e9rons pas les musiciens ni les b\u00e9n\u00e9voles pour leur participation au Festival. Nous souhaitons que tous les participants fassent un s\u00e9jour agr\u00e9able soutenant leurs carri\u00e8res ou leurs objectifs personnels et nous essayons de ne pas avoir d\u2019exigences d\u00e9raisonnables. En contrepartie, l\u2019association fournit la plupart des repas du soir avec le vin, le logement, les transports A\/R vers le Festival, ainsi que certains autres frais. Par ailleurs, l\u2019association vous accorde du temps libre temps libre et la possibilit\u00e9 de participer aux activit\u00e9s locales. <\/span><\/p>\n<p style=\"text-align: justify;\"><span class=\"home-page-small\">\u2022 Merci de lire votre propre contrat ainsi que ce qui suit. <\/span><\/p>\n<p style=\"text-align: justify;\"><span class=\"home-page-small\">En faisant votre r\u00e9servation ou en nous autorisant \u00e0 organiser votre transport au Festival, votre logement ou votre participation au programme, vous acceptez les conditions g\u00e9n\u00e9rales.<\/span><\/p>\n<p><span class=\"home-page-medium\"><b>1 \u00a0R\u00e9servation<\/b><\/span><br \/>\n<span class=\"home-page-small\">\u25aa<b>1.1 \u00a0ADH\u00c9SION:<\/b> \u00a0Pour participer au ch\u0153ur, \u00e0 l\u2019Acad\u00e9mie ou au programme de b\u00e9n\u00e9volat, il faut adh\u00e9rer \u00e0 l\u2019association pour l\u2019ann\u00e9e et payer une cotisation annuelle et non remboursable de 35 euros.<\/span><\/p>\n<p style=\"text-align: justify;\"><span class=\"home-page-small\">\u25aa<b>1.1.1 \u00a0COMPTE:<\/b> Il faut payer un acompte lorsque vous faites votre r\u00e9servation pour participer au ch\u0153ur ou \u00e0 l\u2019Acad\u00e9mie. Cet acompte est remboursable jusqu\u2019\u00e0 la premi\u00e8re des deux dates: date limite d\u2019inscription ou date de notre facturation. D\u00e8s r\u00e9ception de votre r\u00e9servation ou \u00e0 la date limite d\u2019inscription, vous recevrez une facture de confirmation et une lettre ou un courriel d\u2019accueil qui constituent l\u2019acceptation officielle de votre r\u00e9servation. Apr\u00e8s cette date, nous ne rembourserons pas votre acompte.<\/span><\/p>\n<p style=\"text-align: justify;\"><span class=\"home-page-small\">\u25aa<b>1.1.2 \u00a0<\/b>Les frais ou le montant de la facture doivent \u00eatre r\u00e9gl\u00e9s avant le d\u00e9lai indiqu\u00e9 ou 14 jours apr\u00e8s l\u2019envoi de la facture. En cas de non-paiement, l\u2019association ne peut pas garantir votre participation<\/span><\/p>\n<p style=\"text-align: justify;\"><span class=\"home-page-small\">\u25aa<b>1.2 \u00a0SOLDE PAYABLE:<\/b> Le solde des frais de participation est payable avant la date limite indiqu\u00e9e ou avant la date donn\u00e9e sur votre facture. Rappelez-vous que, si vous avez r\u00e9serv\u00e9 et laiss\u00e9 passer la date limite de r\u00e9servation, vous devez r\u00e9gler int\u00e9gralement la somme due. Si nous savons \u00eatre raisonnable pour des cas exceptionnels dans le cas de changements de vos projets, nous vous recommandons de sourire une assurance \u00ab Annulation \/ Maladie \u00bb courant d\u00e8s l\u2019acceptation de votre inscription. Si le solde n\u2019est pas re\u00e7u dans les temps impartis, l\u2019association se r\u00e9serve le droit de vous notifier que la r\u00e9servation est annul\u00e9e et \u00e9ventuellement de vous poursuivre pour le r\u00e8glement complet des sommes dues. Apr\u00e8s la date limite d\u2019inscription, nous ne rembourserons aucun paiement fait pour votre r\u00e9servation: adh\u00e9sion, participation, logement et frais de transport.<\/span><\/p>\n<p style=\"text-align: justify;\"><span class=\"home-page-small\"><b> \u25aa 1.3 \u00a0<\/b> Toute r\u00e9servation faite moins de six semaines avant le d\u00e9but du Festival ou de l\u2019Acad\u00e9mie entra\u00eene le r\u00e8glement int\u00e9gral imm\u00e9diat du co\u00fbt du stage \u00e0 la confirmation de l\u2019acceptation de la r\u00e9servation.<\/span><br \/>\n<span class=\"home-page-medium\"><b>2 \u00a0Annulation<\/b><\/span><br \/>\n<em><b> \u25aa<\/b><\/em><b> 2.1<\/b><b> Si vous annulez une r\u00e9servation:<\/b><\/p>\n<p style=\"text-align: justify;\"><span class=\"home-page-small\">\u25aa<b>2.1.1<\/b> \u00a0Nous ne rembourserons pas votre adh\u00e9sion annuelle \u00e0 moins que nous ne puissions pas accepter votre r\u00e9servation..<\/span><\/p>\n<p style=\"text-align: justify;\"><span class=\"home-page-small\">\u25aa<b>2.1.2 \u00a0<\/b> Nous vous rembourserons int\u00e9gralement de tout autre r\u00e8glement avant la date limite d\u2019inscription, ou si nous ne pouvons pas accepter votre r\u00e9servation.<\/span><\/p>\n<p style=\"text-align: justify;\"><span class=\"home-page-small\">\u25aa<b>2.1.3 <\/b> L\u2019acompte ne sera pas rembours\u00e9 si vous annulez apr\u00e8s la date limite d\u2019inscription.<\/span><\/p>\n<p style=\"text-align: justify;\"><span class=\"home-page-small\">\u25aa<b>2.1.4 <\/b>\u00a0Le remboursement de toute partie du solde d\u00e9finitif d\u00e9j\u00e0 pay\u00e9e apr\u00e8s le d\u00e9lai de r\u00e9servation mais avant la date limite indiqu\u00e9e sur la facture sera \u00e0 la discr\u00e9tion de l\u2019association.<\/span><\/p>\n<p style=\"text-align: justify;\"><span class=\"home-page-small\">\u25aa<b>2.1.5 \u00a0<\/b>Si vous annulez apr\u00e8s la date de r\u00e8glement d\u00e9finitif ou celle indiqu\u00e9e sur votre facture, aucun remboursement ne sera fait.<\/span><\/p>\n<p style=\"text-align: justify;\"><span class=\"home-page-small\">\u25aa<b>N.B. <\/b> Il est fortement conseill\u00e9 de souscrire une assurance voyage compl\u00e8te couvrant, l\u2019annulation, les frais de sant\u00e9 et la perte de vos effets personnels, car les frais encourus pour ces sujets ne sont pas couverts par l&rsquo;assurance de l\u2019association. Si vous n\u00e9gligez de le faire, tous ces frais seront \u00e0 votre charge.<\/span><\/p>\n<p style=\"text-align: justify;\"><span class=\"home-page-small\"><b> \u25aa<\/b><\/span><span style=\"color: #000000;\"><b> 2.2\u00a0 <\/b><\/span><span style=\"color: #000000;\"><b>\u00a0Si l&rsquo;association annule une r\u00e9servation:<\/b><\/span><\/p>\n<p style=\"text-align: justify;\"><span class=\"home-page-small\">\u25aa<b>2.2.1 <\/b>\u00a0Si l\u2019annulation est due au non-paiement du solde dans les limites requises, les conditions sont les m\u00eames que si vous aviez annul\u00e9 la r\u00e9servation vous-m\u00eame et toutes les clauses de l\u2019article 2.1. sont applicables. <\/span><\/p>\n<p style=\"text-align: justify;\"><span class=\"home-page-small\">\u25aa<b>2.2.2 \u00a0<\/b> Dans le cas exceptionnel o\u00f9 l\u2019association annulerait une r\u00e9servation, hors cas de la clause 2.2.1, tout paiement d\u00e9j\u00e0 vers\u00e9 pour la participation ou l\u2019adh\u00e9sion sera rembours\u00e9.<\/span><\/p>\n<p style=\"text-align: justify;\"><span class=\"home-page-small\">\u25aa<b>2.2.3 \u00a0<\/b> En aucun cas la responsabilit\u00e9 de l\u2019association ne d\u00e9passera le montant des sommes d\u00e9j\u00e0 vers\u00e9es \u00e0 l\u2019association pour la personne concern\u00e9e et pour l\u2019\u00e9dition concern\u00e9e du Festival ou de l\u2019Acad\u00e9mie. <\/span><\/p>\n<p style=\"text-align: justify;\"><span class=\"home-page-medium\"><b>3 \u00a0L&rsquo;Association Musique Cordiale<\/b><\/span><br \/>\n<span class=\"home-page-small\">3.1. n\u2019accepte aucune responsabilit\u00e9 pour la perte, les d\u00e9g\u00e2ts ou les vols d\u2019instruments et d\u2019effets personnels.<\/span><\/p>\n<p style=\"text-align: justify;\"><span class=\"home-page-small\">3.2. se r\u00e9serve le droit de remplacer les professeurs, les chefs d\u2019orchestre ou les autres musiciens annonc\u00e9s, mais vous avertira si possible de tels changements. Si elle se trouve dans l\u2019impossibilit\u00e9 de remplacer de tels participants et si le stage, l\u2019\u00e9v\u00e9nement, le Festival ou l\u2019Acad\u00e9mie ne peuvent pas se tenir, elle remboursera tout montant pay\u00e9.<\/span><\/p>\n<p style=\"text-align: justify;\"><span class=\"home-page-small\">3.3. se r\u00e9serve le droit d\u2019annuler tout stage, concert ou \u00e9v\u00e9nement sans explications. Dans ce cas, elle essaiera de donner un pr\u00e9avis maximum et remboursera tous les frais relatifs \u00e0 l\u2019\u00e9v\u00e9nement annul\u00e9.<\/span><\/p>\n<p style=\"text-align: justify;\"><span class=\"home-page-small\">3.4. se r\u00e9serve le droit de modifier le programme d\u2019un stage sans pr\u00e9vis et de refuser toute candidature \u00e0 un stage sans explication.<\/span><\/p>\n<p style=\"text-align: justify;\"><span class=\"home-page-small\">3.5. s\u2019engage \u00e0 ne jamais divulger ni l\u2019\u00e9tat des r\u00e9servations pour un stage, ni aucun d\u00e9tail sur les personnes d\u00e9j\u00e0 inscrites.<\/span><\/p>\n<p style=\"text-align: justify;\"><span class=\"home-page-small\">3.6. n\u2019acceptera pas normalement les enfants seuls de moins de 15 ans \u00e0 un stage. Les frais de logement et de repas s\u2019appliquent pour tout adulte accompagnant.<\/span><\/p>\n<p style=\"text-align: justify;\"><span class=\"home-page-small\">3.7.fait tout effort afin d\u2019assurer que les plannings, les programmes, les mat\u00e9riaux promotionnels, le site Web et les bulletins de r\u00e9servation soient corrects et fera son mieux pour rectifier toute erreur mais elle ne prend aucune responsabilit\u00e9 pour les erreurs dans les mat\u00e9riaux distribu\u00e9s dans le domaine public.<\/span><\/p>\n<p style=\"text-align: justify;\"><span class=\"home-page-small\">3.8. ne prend aucune responsabilit\u00e9 de la qualit\u00e9 des services ou des produits offerts par les sponsors, les annonceurs dans le programme et les vendeurs sur site ou locaux except\u00e9s les services et les produits offerts par l\u2019association ou ses agents.<\/span><\/p>\n<p style=\"text-align: justify;\"><span class=\"home-page-small\">3.9. d\u00e9cline toute responsabilit\u00e9 pour les objets perdus. Nous exigerons un paiement pour couvrir les frais de port pour retourner un objet apr\u00e8s votre d\u00e9part. Nous conservons les articles pendant un mois au maximum sauf accord pr\u00e9alable.<\/span><br \/>\n<span class=\"home-page-medium\"><b>4.\u00a0 Utilisation d&rsquo;images<\/b><\/span><br \/>\n<span class=\"home-page-small\">Nous prenons \u00e9ventuellement des photographies sur laquelle apparaissent des clients, des musiciens, des \u00e9tudiants, des b\u00e9n\u00e9voles ou d\u2019autres participants pendant leur s\u00e9jour que nous utiliserons dans notre mat\u00e9riel promotionnel, sur notre site Web et nos r\u00e9seaux sociaux. Si vous pr\u00e9f\u00e9rez que votre image n\u2019apparaisse pas sur tel mat\u00e9riel, veuillez nous informer. Autrement, en acceptant de participer \u00e0 Musique Cordiale, le participant autorise l\u2019utilisation par l\u2019organisateur de toute photographie sur laquelle pourrait appara\u00eetre le participant dans les supports de publicit\u00e9. Nous fournissons souvent \u00e9galement des mat\u00e9riaux aux ensembles, chanteurs ou musiciens dans leur propre but promotionnel. <\/span><br \/>\n<span class=\"home-page-medium\"><b>5. \u00a0Enregistrements sonore et vid\u00e9o<\/b><\/span><br \/>\n<span class=\"home-page-small\"> Nous enregistrons \u00e9ventuellement tout concert ou \u00e9v\u00e9nement qui a lieu sous les auspices du festival ou de l\u2019acad\u00e9mie et que nous d\u00e9clarons pour les besoins de paiement des droits de l\u2019auteur. Il se peut que nous distribuions ces enregistrements comme suit:<\/span><\/p>\n<p style=\"text-align: justify;\"><span class=\"home-page-small\">\u2022 extraits brefs dans un but promotionnel sur le site Web du festival, par les m\u00e9dias sociaux ou dans le mat\u00e9riel promotionnel;<\/span><\/p>\n<p style=\"text-align: justify;\"><span class=\"home-page-small\">\u2022 enregistrements complets ou partiels distribu\u00e9s uniquement aux membres de l\u2019association;<\/span><\/p>\n<p style=\"text-align: justify;\"><span class=\"home-page-small\">\u2022 enregistrements complets fournis aux artistes individuels ou ensembles selon leur propre demande<\/span><\/p>\n<p style=\"text-align: justify;\"><span class=\"home-page-small\"> (par ex. pour soumission aux concours, examens ou admission aux cours ou pour leur propre promotion ou sites Web.)<\/span><\/p>\n<p style=\"text-align: justify;\"><span class=\"home-page-small\"> Pour les raisons mentionn\u00e9es ci-dessus, votre participation au Festival implique que vous acceptez d\u2019\u00eatre enregistr\u00e9. Bien entendu, nous essaierons de donner aux chefs d\u2019orchestre, d\u2019op\u00e9ra, aux solistes ou autre musiciens importants la possibilit\u00e9 d\u2019\u00e9couter les enregistrements effectu\u00e9s et nous ne diffuserons pas ces derniers si les int\u00e9ress\u00e9s trouvent que ces documents ne donnent pas une image exacte de leurs talents ou de leurs interpr\u00e9tations. Si nous souhaitons distribuer des enregistrements sonores ou vid\u00e9os \u00e0 un public plus large ou pour la vente publique, nous consulterons les int\u00e9ress\u00e9s avant toute action.<\/span><\/p>\n<p style=\"text-align: justify;\"><span class=\"home-page-medium\">6. Expenses for invited musicians &amp; other participants: please click<a href=\"https:\/\/www.musique-cordiale.com\/wp-content\/uploads\/2014\/10\/Travel-Accommodation-terms-conditions-2017-1.pdf\" target=\"_blank\" rel=\"noopener\"> here for 2017 Travel, Accommodation &amp; Subsistence arrangements<\/a><\/span><\/p>\n<p style=\"text-align: justify;\"><span class=\"home-page-small\"><em>Mise \u00e0 jour\u00a0D\u00e9cembre 2023<\/em><br \/>\n<\/span><\/p>\n","protected":false},"excerpt":{"rendered":"<p>\u2022 En vous acceptant en tant que participant au Festival International et Acad\u00e9mie Musique Cordiale, l\u2019Association Musique Cordiale, qui organise le Festival, pose certaines conditions. \u2022 En effectuant une r\u00e9servation ou en nous permettant d&rsquo;organiser votre transport jusqu&rsquo;au festival, votre h\u00e9bergement ou votre inclusion dans le programme, vous acceptez les termes et conditions. \u2022 Si [&hellip;]<\/p>\n","protected":false},"author":3,"featured_media":0,"parent":0,"menu_order":0,"comment_status":"closed","ping_status":"open","template":"","meta":{"_acf_changed":false,"_monsterinsights_skip_tracking":false,"_monsterinsights_sitenote_active":false,"_monsterinsights_sitenote_note":"","_monsterinsights_sitenote_category":0,"_uf_show_specific_survey":0,"_uf_disable_surveys":false,"advanced_seo_description":"","jetpack_seo_html_title":"","jetpack_seo_noindex":false,"footnotes":""},"class_list":["post-14857","page","type-page","status-publish","hentry"],"acf":[],"jetpack_sharing_enabled":true,"jetpack-related-posts":[{"id":47913,"url":"https:\/\/www.musique-cordiale.com\/fr\/insciption-au-choeur-2025\/","url_meta":{"origin":14857,"position":0},"title":"Insciption au Choeur 2025","author":"Jonathan Barker","date":"09\/01\/2025","format":false,"excerpt":"Bienvenue au FORMULAIRE D'INSCRIPTION de la Chorale 2025 (version fran\u00e7aise) ! NOTE : Le formulaire d'inscription comporte 5 pages et vous devez les remplir chacune avant de passer \u00e0 la suivante. Vous pouvez sauvegarder et revenir au formulaire \u00e0 tout moment avant de le soumettre. Musique-Cordiale ne recevra rien tant\u2026","rel":"","context":"Article similaire","block_context":{"text":"Article similaire","link":""},"img":{"alt_text":"","src":"https:\/\/i0.wp.com\/www.musique-cordiale.com\/wp-content\/uploads\/2023\/12\/20230812_205239-scaled.jpg?resize=350%2C200&ssl=1","width":350,"height":200,"srcset":"https:\/\/i0.wp.com\/www.musique-cordiale.com\/wp-content\/uploads\/2023\/12\/20230812_205239-scaled.jpg?resize=350%2C200&ssl=1 1x, https:\/\/i0.wp.com\/www.musique-cordiale.com\/wp-content\/uploads\/2023\/12\/20230812_205239-scaled.jpg?resize=525%2C300&ssl=1 1.5x, https:\/\/i0.wp.com\/www.musique-cordiale.com\/wp-content\/uploads\/2023\/12\/20230812_205239-scaled.jpg?resize=700%2C400&ssl=1 2x, https:\/\/i0.wp.com\/www.musique-cordiale.com\/wp-content\/uploads\/2023\/12\/20230812_205239-scaled.jpg?resize=1050%2C600&ssl=1 3x, https:\/\/i0.wp.com\/www.musique-cordiale.com\/wp-content\/uploads\/2023\/12\/20230812_205239-scaled.jpg?resize=1400%2C800&ssl=1 4x"},"classes":[]},{"id":44264,"url":"https:\/\/www.musique-cordiale.com\/fr\/rejoignez-le-choeur-du-festival-ete-2024\/","url_meta":{"origin":14857,"position":1},"title":"Rejoignez le ch\u0153ur du festival, \u00e9t\u00e9 2026","author":"Jonathan Barker","date":"26\/12\/2023","format":false,"excerpt":"22e \u00e9dition annuelle du Festival International MUSIQUE CORDIALE Les informations concernant le choeur du festival 2026seront bient\u00f4t disponibles\u00a0ici!Dates du festival international : du 29 juillet au 8 ao\u00fbt 2025 (Dates du ch\u0153ur 2026 : du 2 au 9 ao\u00fbt) ORGANISATION DU FESTIVAL AU PAYS DE FAYENCE CET \u00c9T\u00c9.du 29 juillet\u2026","rel":"","context":"Article similaire","block_context":{"text":"Article similaire","link":""},"img":{"alt_text":"","src":"https:\/\/i0.wp.com\/www.musique-cordiale.com\/wp-content\/uploads\/2023\/08\/Musique-Cordiale-Seillans-120823-38-scaled.jpg?fit=1200%2C624&ssl=1&resize=350%2C200","width":350,"height":200,"srcset":"https:\/\/i0.wp.com\/www.musique-cordiale.com\/wp-content\/uploads\/2023\/08\/Musique-Cordiale-Seillans-120823-38-scaled.jpg?fit=1200%2C624&ssl=1&resize=350%2C200 1x, https:\/\/i0.wp.com\/www.musique-cordiale.com\/wp-content\/uploads\/2023\/08\/Musique-Cordiale-Seillans-120823-38-scaled.jpg?fit=1200%2C624&ssl=1&resize=525%2C300 1.5x, https:\/\/i0.wp.com\/www.musique-cordiale.com\/wp-content\/uploads\/2023\/08\/Musique-Cordiale-Seillans-120823-38-scaled.jpg?fit=1200%2C624&ssl=1&resize=700%2C400 2x, https:\/\/i0.wp.com\/www.musique-cordiale.com\/wp-content\/uploads\/2023\/08\/Musique-Cordiale-Seillans-120823-38-scaled.jpg?fit=1200%2C624&ssl=1&resize=1050%2C600 3x"},"classes":[]},{"id":37469,"url":"https:\/\/www.musique-cordiale.com\/fr\/le-choeur-du-festival-et-lacademie-choral-2023\/","url_meta":{"origin":14857,"position":2},"title":"Le choeur du Festival et L&rsquo;acad\u00e9mie choral 2023 &#8211; en France encore!","author":"Jonathan Barker","date":"27\/12\/2022","format":false,"excerpt":"Il y aura une nouvelle sous-page sous l'onglet CHOEUR \u00e0 partir de 13 juin 2023 avec les derni\u00e8res informations sur le choeur, y compris les horaires d\u00e9taill\u00e9s et toutes les mises \u00e0 jour ou changements quotidiens avant et pendant le festival lui-m\u00eame. MUSIQUE CORDIALE \u00c9T\u00c9 2023 : Ch\u0153ur du Festival\u2026","rel":"","context":"Article similaire","block_context":{"text":"Article similaire","link":""},"img":{"alt_text":"","src":"https:\/\/i0.wp.com\/www.musique-cordiale.com\/wp-content\/uploads\/2021\/01\/20190814_100257-scaled.jpg?fit=1200%2C583&ssl=1&resize=350%2C200","width":350,"height":200,"srcset":"https:\/\/i0.wp.com\/www.musique-cordiale.com\/wp-content\/uploads\/2021\/01\/20190814_100257-scaled.jpg?fit=1200%2C583&ssl=1&resize=350%2C200 1x, https:\/\/i0.wp.com\/www.musique-cordiale.com\/wp-content\/uploads\/2021\/01\/20190814_100257-scaled.jpg?fit=1200%2C583&ssl=1&resize=525%2C300 1.5x, https:\/\/i0.wp.com\/www.musique-cordiale.com\/wp-content\/uploads\/2021\/01\/20190814_100257-scaled.jpg?fit=1200%2C583&ssl=1&resize=700%2C400 2x, https:\/\/i0.wp.com\/www.musique-cordiale.com\/wp-content\/uploads\/2021\/01\/20190814_100257-scaled.jpg?fit=1200%2C583&ssl=1&resize=1050%2C600 3x"},"classes":[]},{"id":30560,"url":"https:\/\/www.musique-cordiale.com\/fr\/rejoignez-le-choeur-du-festival-2020\/","url_meta":{"origin":14857,"position":3},"title":"Rejoignez le choeur du Festival 2020","author":"Jonathan Barker","date":"16\/12\/2019","format":false,"excerpt":"Le version fran\u00e7aise de cette page et des formulaires sont dispo nibles ici. An English version of this page can be found HERE\u00a0 INSCRIPTION EN LE CHOEUR 2023, 4-13 ao\u00fbt 2023 Pour rejoignez le Choeur du Festival en Pays de Fayence, France, \u00e9t\u00e9 2023: cliquez ICI Festival d'\u00e9t\u00e9 - Atelier\u2026","rel":"","context":"Article similaire","block_context":{"text":"Article similaire","link":""},"img":{"alt_text":"","src":"https:\/\/i0.wp.com\/www.musique-cordiale.com\/wp-content\/uploads\/2019\/12\/WhatsApp-Image-2019-12-17-at-14.34.43.jpeg?fit=1200%2C583&ssl=1&resize=350%2C200","width":350,"height":200,"srcset":"https:\/\/i0.wp.com\/www.musique-cordiale.com\/wp-content\/uploads\/2019\/12\/WhatsApp-Image-2019-12-17-at-14.34.43.jpeg?fit=1200%2C583&ssl=1&resize=350%2C200 1x, https:\/\/i0.wp.com\/www.musique-cordiale.com\/wp-content\/uploads\/2019\/12\/WhatsApp-Image-2019-12-17-at-14.34.43.jpeg?fit=1200%2C583&ssl=1&resize=525%2C300 1.5x, https:\/\/i0.wp.com\/www.musique-cordiale.com\/wp-content\/uploads\/2019\/12\/WhatsApp-Image-2019-12-17-at-14.34.43.jpeg?fit=1200%2C583&ssl=1&resize=700%2C400 2x, https:\/\/i0.wp.com\/www.musique-cordiale.com\/wp-content\/uploads\/2019\/12\/WhatsApp-Image-2019-12-17-at-14.34.43.jpeg?fit=1200%2C583&ssl=1&resize=1050%2C600 3x"},"classes":[]},{"id":37648,"url":"https:\/\/www.musique-cordiale.com\/fr\/formulaire-dinscription-pour-le-choeur-musique-cordiale-dete-2023\/","url_meta":{"origin":14857,"position":4},"title":"Formulaire d&rsquo;inscription pour le CHOEUR Musique-Cordiale d&rsquo;\u00e9t\u00e9 2023","author":"Jonathan Barker","date":"02\/01\/2023","format":false,"excerpt":"Inscrivez-vous d\u00e8s maintenant pour le Ch\u0153ur du Festival 2023 Inscriptions \u00e0 partir du 1er janvier (ouvert jusqu\u2019\u00e0 d\u00e9but mars ou jusqu\u2019\u00e0 \u00e9puisement des places pour toutes les voix). Le meilleur h\u00e9bergement passe en premier, alors r\u00e9servez t\u00f4t ! FERMETURE BIENT\u00d4T ! Formulaire d'inscription pour le Ch\u0153ur d'\u00e9t\u00e9 2023 - VERSION\u2026","rel":"","context":"Article similaire","block_context":{"text":"Article similaire","link":""},"img":{"alt_text":"","src":"","width":0,"height":0},"classes":[]},{"id":44398,"url":"https:\/\/www.musique-cordiale.com\/fr\/inscription-au-choeur-dy-festival-ete-2024\/","url_meta":{"origin":14857,"position":5},"title":"Inscription au Ch\u0153ur du Festival &#8211; \u00e9t\u00e9 2024","author":"Jonathan Barker","date":"30\/12\/2023","format":false,"excerpt":"CLIQUEZ ICI pour revenir \u00e0 la page d'information : Rejoignez le ch\u0153ur du festival, \u00e9t\u00e9 2024 CLIQUEZ ICI pour revenir \u00e0 la page d'information : Rejoignez le ch\u0153ur du festival, \u00e9t\u00e9 2024 Avez-vous rempli le formulaire d'inscription ci-dessus\u00a0?D\u00e9sormais, en fonction de l'action de suivi que vous avez choisie, vous pouvez\u00a0:\u2026","rel":"","context":"Article similaire","block_context":{"text":"Article similaire","link":""},"img":{"alt_text":"","src":"","width":0,"height":0},"classes":[]}],"jetpack_shortlink":"https:\/\/wp.me\/PaEPkm-3RD","_links":{"self":[{"href":"https:\/\/www.musique-cordiale.com\/fr\/wp-json\/wp\/v2\/pages\/14857","targetHints":{"allow":["GET"]}}],"collection":[{"href":"https:\/\/www.musique-cordiale.com\/fr\/wp-json\/wp\/v2\/pages"}],"about":[{"href":"https:\/\/www.musique-cordiale.com\/fr\/wp-json\/wp\/v2\/types\/page"}],"author":[{"embeddable":true,"href":"https:\/\/www.musique-cordiale.com\/fr\/wp-json\/wp\/v2\/users\/3"}],"replies":[{"embeddable":true,"href":"https:\/\/www.musique-cordiale.com\/fr\/wp-json\/wp\/v2\/comments?post=14857"}],"version-history":[{"count":1,"href":"https:\/\/www.musique-cordiale.com\/fr\/wp-json\/wp\/v2\/pages\/14857\/revisions"}],"predecessor-version":[{"id":45803,"href":"https:\/\/www.musique-cordiale.com\/fr\/wp-json\/wp\/v2\/pages\/14857\/revisions\/45803"}],"wp:attachment":[{"href":"https:\/\/www.musique-cordiale.com\/fr\/wp-json\/wp\/v2\/media?parent=14857"}],"curies":[{"name":"wp","href":"https:\/\/api.w.org\/{rel}","templated":true}]}}