{"id":16291,"date":"2017-04-11T13:24:28","date_gmt":"2017-04-11T13:24:28","guid":{"rendered":"https:\/\/www.musique-cordiale.com\/?page_id=16291\/"},"modified":"2026-02-25T11:23:20","modified_gmt":"2026-02-25T11:23:20","slug":"adherents-amis-mecenes","status":"publish","type":"page","link":"https:\/\/www.musique-cordiale.com\/fr\/soutenez-nous\/adherents-amis-mecenes\/","title":{"rendered":"Adh\u00e9rents, Amis &#038; M\u00e9c\u00e8nes"},"content":{"rendered":"\n<h2 class=\"wp-block-heading\">Pr\u00e9visions pour le Festival 2026: il fera CHAUD avec de bonnes ventes de billets\u2026 concerts merveilleux mais manque probable &#8211; <br>et une chance de faire des dons?<\/h2>\n\n\n<div data-block-name=\"woocommerce\/product-category\" data-categories=\"[127]\" data-content-visibility=\"{&quot;image&quot;:true,&quot;title&quot;:true,&quot;price&quot;:true,&quot;rating&quot;:false,&quot;button&quot;:false}\" data-orderby=\"price_asc\" class=\"wc-block-grid wp-block-product-category wp-block-woocommerce-product-category wc-block-product-category has-3-columns has-multiple-rows\"><ul class=\"wc-block-grid__products\"><li class=\"wc-block-grid__product\">\n\t\t\t\t<a href=\"https:\/\/www.musique-cordiale.com\/fr\/boutique-billetterie\/soutenez-lequipe-tous-les-montants-sont-apprecies\/\" class=\"wc-block-grid__product-link\">\n\t\t\t\t\t\n\t\t\t\t\t<div class=\"wc-block-grid__product-image\"><img loading=\"lazy\" decoding=\"async\" width=\"600\" height=\"600\" src=\"https:\/\/i0.wp.com\/www.musique-cordiale.com\/wp-content\/uploads\/2023\/04\/MC-Team-2023-04-05-at-21.31.04.jpg?resize=600%2C600&amp;ssl=1\" class=\"attachment-woocommerce_thumbnail size-woocommerce_thumbnail\" alt=\"Soutenez l&#039;\u00e9quipe ! (tous les montants sont appr\u00e9ci\u00e9s)\u00a0!\" srcset=\"https:\/\/i0.wp.com\/www.musique-cordiale.com\/wp-content\/uploads\/2023\/04\/MC-Team-2023-04-05-at-21.31.04.jpg?resize=600%2C600&amp;ssl=1 600w, https:\/\/i0.wp.com\/www.musique-cordiale.com\/wp-content\/uploads\/2023\/04\/MC-Team-2023-04-05-at-21.31.04.jpg?resize=100%2C100&amp;ssl=1 100w, https:\/\/i0.wp.com\/www.musique-cordiale.com\/wp-content\/uploads\/2023\/04\/MC-Team-2023-04-05-at-21.31.04.jpg?resize=150%2C150&amp;ssl=1 150w, https:\/\/i0.wp.com\/www.musique-cordiale.com\/wp-content\/uploads\/2023\/04\/MC-Team-2023-04-05-at-21.31.04.jpg?resize=500%2C500&amp;ssl=1 500w, https:\/\/i0.wp.com\/www.musique-cordiale.com\/wp-content\/uploads\/2023\/04\/MC-Team-2023-04-05-at-21.31.04.jpg?resize=32%2C32&amp;ssl=1 32w, https:\/\/i0.wp.com\/www.musique-cordiale.com\/wp-content\/uploads\/2023\/04\/MC-Team-2023-04-05-at-21.31.04.jpg?resize=350%2C350&amp;ssl=1 350w, https:\/\/i0.wp.com\/www.musique-cordiale.com\/wp-content\/uploads\/2023\/04\/MC-Team-2023-04-05-at-21.31.04.jpg?resize=750%2C750&amp;ssl=1 750w, https:\/\/i0.wp.com\/www.musique-cordiale.com\/wp-content\/uploads\/2023\/04\/MC-Team-2023-04-05-at-21.31.04.jpg?zoom=2&amp;resize=600%2C600&amp;ssl=1 1200w, https:\/\/i0.wp.com\/www.musique-cordiale.com\/wp-content\/uploads\/2023\/04\/MC-Team-2023-04-05-at-21.31.04.jpg?zoom=3&amp;resize=600%2C600&amp;ssl=1 1800w\" sizes=\"auto, (max-width: 600px) 100vw, 600px\" data-attachment-id=\"38429\" data-permalink=\"https:\/\/www.musique-cordiale.com\/fr\/about\/mc-team-2023-04-05-at-21-31-04\/\" data-orig-file=\"https:\/\/i0.wp.com\/www.musique-cordiale.com\/wp-content\/uploads\/2023\/04\/MC-Team-2023-04-05-at-21.31.04.jpg?fit=2048%2C1574&amp;ssl=1\" data-orig-size=\"2048,1574\" data-comments-opened=\"0\" data-image-meta=\"{&quot;aperture&quot;:&quot;0&quot;,&quot;credit&quot;:&quot;&quot;,&quot;camera&quot;:&quot;&quot;,&quot;caption&quot;:&quot;&quot;,&quot;created_timestamp&quot;:&quot;0&quot;,&quot;copyright&quot;:&quot;&quot;,&quot;focal_length&quot;:&quot;0&quot;,&quot;iso&quot;:&quot;0&quot;,&quot;shutter_speed&quot;:&quot;0&quot;,&quot;title&quot;:&quot;&quot;,&quot;orientation&quot;:&quot;0&quot;}\" data-image-title=\"MC Team 2023-04-05 at 21.31.04\" data-image-description=\"\" data-image-caption=\"\" data-large-file=\"https:\/\/i0.wp.com\/www.musique-cordiale.com\/wp-content\/uploads\/2023\/04\/MC-Team-2023-04-05-at-21.31.04.jpg?fit=455%2C350&amp;ssl=1\" \/><\/div>\n\t\t\t\t\t<div class=\"wc-block-grid__product-title\">Soutenez l&rsquo;\u00e9quipe ! (tous les montants sont appr\u00e9ci\u00e9s)\u00a0!<\/div>\n\t\t\t\t<\/a>\n\t\t\t\t<div class=\"wc-block-grid__product-price price\"><span class=\"woocommerce-Price-amount amount\">5.00&nbsp;<span class=\"woocommerce-Price-currencySymbol\">&euro;<\/span><\/span><\/div>\n\t\t\t\t\n\t\t\t\t\n\t\t\t<\/li><li class=\"wc-block-grid__product\">\n\t\t\t\t<a href=\"https:\/\/www.musique-cordiale.com\/fr\/boutique-billetterie\/adherent-2018\/\" class=\"wc-block-grid__product-link\">\n\t\t\t\t\t\n\t\t\t\t\t<div class=\"wc-block-grid__product-image\"><img loading=\"lazy\" decoding=\"async\" width=\"600\" height=\"600\" src=\"https:\/\/i0.wp.com\/www.musique-cordiale.com\/wp-content\/uploads\/2018\/12\/WhatsApp-Image-2018-12-05-at-11.56.062.jpeg?resize=600%2C600&amp;ssl=1\" class=\"attachment-woocommerce_thumbnail size-woocommerce_thumbnail\" alt=\"Adh\u00e9rent 2025-26\" srcset=\"https:\/\/i0.wp.com\/www.musique-cordiale.com\/wp-content\/uploads\/2018\/12\/WhatsApp-Image-2018-12-05-at-11.56.062.jpeg?resize=600%2C600&amp;ssl=1 600w, https:\/\/i0.wp.com\/www.musique-cordiale.com\/wp-content\/uploads\/2018\/12\/WhatsApp-Image-2018-12-05-at-11.56.062.jpeg?resize=100%2C100&amp;ssl=1 100w, https:\/\/i0.wp.com\/www.musique-cordiale.com\/wp-content\/uploads\/2018\/12\/WhatsApp-Image-2018-12-05-at-11.56.062.jpeg?resize=150%2C150&amp;ssl=1 150w\" sizes=\"auto, (max-width: 600px) 100vw, 600px\" data-attachment-id=\"22738\" data-permalink=\"https:\/\/www.musique-cordiale.com\/fr\/whatsapp-image-2018-12-05-at-11-56-062-2\/\" data-orig-file=\"https:\/\/i0.wp.com\/www.musique-cordiale.com\/wp-content\/uploads\/2018\/12\/WhatsApp-Image-2018-12-05-at-11.56.062.jpeg?fit=777%2C1600&amp;ssl=1\" data-orig-size=\"777,1600\" data-comments-opened=\"0\" data-image-meta=\"{&quot;aperture&quot;:&quot;0&quot;,&quot;credit&quot;:&quot;&quot;,&quot;camera&quot;:&quot;&quot;,&quot;caption&quot;:&quot;&quot;,&quot;created_timestamp&quot;:&quot;0&quot;,&quot;copyright&quot;:&quot;&quot;,&quot;focal_length&quot;:&quot;0&quot;,&quot;iso&quot;:&quot;0&quot;,&quot;shutter_speed&quot;:&quot;0&quot;,&quot;title&quot;:&quot;&quot;,&quot;orientation&quot;:&quot;0&quot;}\" data-image-title=\"WhatsApp Image 2018-12-05 at 11.56.06(2)\" data-image-description=\"\" data-image-caption=\"\" data-large-file=\"https:\/\/i0.wp.com\/www.musique-cordiale.com\/wp-content\/uploads\/2018\/12\/WhatsApp-Image-2018-12-05-at-11.56.062.jpeg?fit=170%2C350&amp;ssl=1\" \/><\/div>\n\t\t\t\t\t<div class=\"wc-block-grid__product-title\">Adh\u00e9rent 2025-26<\/div>\n\t\t\t\t<\/a>\n\t\t\t\t<div class=\"wc-block-grid__product-price price\"><span class=\"woocommerce-Price-amount amount\">35.00&nbsp;<span class=\"woocommerce-Price-currencySymbol\">&euro;<\/span><\/span><\/div>\n\t\t\t\t\n\t\t\t\t\n\t\t\t<\/li><li class=\"wc-block-grid__product\">\n\t\t\t\t<a href=\"https:\/\/www.musique-cordiale.com\/fr\/boutique-billetterie\/ami-individuel-2017\/\" class=\"wc-block-grid__product-link\">\n\t\t\t\t\t\n\t\t\t\t\t<div class=\"wc-block-grid__product-image\"><img loading=\"lazy\" decoding=\"async\" width=\"600\" height=\"600\" src=\"https:\/\/i0.wp.com\/www.musique-cordiale.com\/wp-content\/uploads\/2020\/02\/49516531626_35da227075_o-1-scaled.jpg?resize=600%2C600&amp;ssl=1\" class=\"attachment-woocommerce_thumbnail size-woocommerce_thumbnail\" alt=\"Ami Individuel 2025-26 (valable 1 an \u00e0 compter de l&#039;achat)\" srcset=\"https:\/\/i0.wp.com\/www.musique-cordiale.com\/wp-content\/uploads\/2020\/02\/49516531626_35da227075_o-1-scaled.jpg?resize=600%2C600&amp;ssl=1 600w, https:\/\/i0.wp.com\/www.musique-cordiale.com\/wp-content\/uploads\/2020\/02\/49516531626_35da227075_o-1-scaled.jpg?resize=100%2C100&amp;ssl=1 100w, https:\/\/i0.wp.com\/www.musique-cordiale.com\/wp-content\/uploads\/2020\/02\/49516531626_35da227075_o-1-scaled.jpg?resize=150%2C150&amp;ssl=1 150w, https:\/\/i0.wp.com\/www.musique-cordiale.com\/wp-content\/uploads\/2020\/02\/49516531626_35da227075_o-1-scaled.jpg?resize=300%2C300&amp;ssl=1 300w, https:\/\/i0.wp.com\/www.musique-cordiale.com\/wp-content\/uploads\/2020\/02\/49516531626_35da227075_o-1-scaled.jpg?resize=32%2C32&amp;ssl=1 32w, https:\/\/i0.wp.com\/www.musique-cordiale.com\/wp-content\/uploads\/2020\/02\/49516531626_35da227075_o-1-scaled.jpg?zoom=2&amp;resize=600%2C600&amp;ssl=1 1200w\" sizes=\"auto, (max-width: 600px) 100vw, 600px\" data-attachment-id=\"32594\" data-permalink=\"https:\/\/www.musique-cordiale.com\/fr\/a-propos\/49516531626_35da227075_o\/\" data-orig-file=\"https:\/\/i0.wp.com\/www.musique-cordiale.com\/wp-content\/uploads\/2020\/02\/49516531626_35da227075_o-1-scaled.jpg?fit=1244%2C2560&amp;ssl=1\" data-orig-size=\"1244,2560\" data-comments-opened=\"0\" data-image-meta=\"{&quot;aperture&quot;:&quot;0&quot;,&quot;credit&quot;:&quot;&quot;,&quot;camera&quot;:&quot;&quot;,&quot;caption&quot;:&quot;&quot;,&quot;created_timestamp&quot;:&quot;0&quot;,&quot;copyright&quot;:&quot;&quot;,&quot;focal_length&quot;:&quot;0&quot;,&quot;iso&quot;:&quot;0&quot;,&quot;shutter_speed&quot;:&quot;0&quot;,&quot;title&quot;:&quot;&quot;,&quot;orientation&quot;:&quot;0&quot;}\" data-image-title=\"49516531626_35da227075_o\" data-image-description=\"\" data-image-caption=\"\" data-large-file=\"https:\/\/i0.wp.com\/www.musique-cordiale.com\/wp-content\/uploads\/2020\/02\/49516531626_35da227075_o-1-scaled.jpg?fit=170%2C350&amp;ssl=1\" \/><\/div>\n\t\t\t\t\t<div class=\"wc-block-grid__product-title\">Ami Individuel 2025-26 (valable 1 an \u00e0 compter de l&rsquo;achat)<\/div>\n\t\t\t\t<\/a>\n\t\t\t\t<div class=\"wc-block-grid__product-price price\"><span class=\"woocommerce-Price-amount amount\">180.00&nbsp;<span class=\"woocommerce-Price-currencySymbol\">&euro;<\/span><\/span><\/div>\n\t\t\t\t\n\t\t\t\t\n\t\t\t<\/li><li class=\"wc-block-grid__product\">\n\t\t\t\t<a href=\"https:\/\/www.musique-cordiale.com\/fr\/boutique-billetterie\/ami-couple-2017\/\" class=\"wc-block-grid__product-link\">\n\t\t\t\t\t\n\t\t\t\t\t<div class=\"wc-block-grid__product-image\"><img loading=\"lazy\" decoding=\"async\" width=\"600\" height=\"600\" src=\"https:\/\/i0.wp.com\/www.musique-cordiale.com\/wp-content\/uploads\/2015\/09\/Jacques-Pippa-2015-e1442911940613.jpg?resize=600%2C600&amp;ssl=1\" class=\"attachment-woocommerce_thumbnail size-woocommerce_thumbnail\" alt=\"Ami Couple 2024-25 (valable 1 an \u00e0 compter de l&#039;achat)\" srcset=\"https:\/\/i0.wp.com\/www.musique-cordiale.com\/wp-content\/uploads\/2015\/09\/Jacques-Pippa-2015-e1442911940613.jpg?resize=600%2C600&amp;ssl=1 600w, https:\/\/i0.wp.com\/www.musique-cordiale.com\/wp-content\/uploads\/2015\/09\/Jacques-Pippa-2015-e1442911940613.jpg?resize=100%2C100&amp;ssl=1 100w, https:\/\/i0.wp.com\/www.musique-cordiale.com\/wp-content\/uploads\/2015\/09\/Jacques-Pippa-2015-e1442911940613.jpg?resize=150%2C150&amp;ssl=1 150w\" sizes=\"auto, (max-width: 600px) 100vw, 600px\" data-attachment-id=\"15711\" data-permalink=\"https:\/\/www.musique-cordiale.com\/fr\/?attachment_id=15711\" data-orig-file=\"https:\/\/i0.wp.com\/www.musique-cordiale.com\/wp-content\/uploads\/2015\/09\/Jacques-Pippa-2015-e1442911940613.jpg?fit=806%2C710&amp;ssl=1\" data-orig-size=\"806,710\" data-comments-opened=\"0\" data-image-meta=\"{&quot;aperture&quot;:&quot;0&quot;,&quot;credit&quot;:&quot;&quot;,&quot;camera&quot;:&quot;&quot;,&quot;caption&quot;:&quot;&quot;,&quot;created_timestamp&quot;:&quot;0&quot;,&quot;copyright&quot;:&quot;&quot;,&quot;focal_length&quot;:&quot;0&quot;,&quot;iso&quot;:&quot;0&quot;,&quot;shutter_speed&quot;:&quot;0&quot;,&quot;title&quot;:&quot;&quot;,&quot;orientation&quot;:&quot;0&quot;}\" data-image-title=\"Jacques &#038; Pippa 2015\" data-image-description=\"\" data-image-caption=\"\" data-large-file=\"https:\/\/i0.wp.com\/www.musique-cordiale.com\/wp-content\/uploads\/2015\/09\/Jacques-Pippa-2015-e1442911940613.jpg?fit=397%2C350&amp;ssl=1\" \/><\/div>\n\t\t\t\t\t<div class=\"wc-block-grid__product-title\">Ami Couple 2024-25 (valable 1 an \u00e0 compter de l&rsquo;achat)<\/div>\n\t\t\t\t<\/a>\n\t\t\t\t<div class=\"wc-block-grid__product-price price\"><span class=\"woocommerce-Price-amount amount\">325.00&nbsp;<span class=\"woocommerce-Price-currencySymbol\">&euro;<\/span><\/span><\/div>\n\t\t\t\t\n\t\t\t\t\n\t\t\t<\/li><li class=\"wc-block-grid__product\">\n\t\t\t\t<a href=\"https:\/\/www.musique-cordiale.com\/fr\/boutique-billetterie\/mecene-argent-2017\/\" class=\"wc-block-grid__product-link\">\n\t\t\t\t\t\n\t\t\t\t\t<div class=\"wc-block-grid__product-image\"><img loading=\"lazy\" decoding=\"async\" width=\"600\" height=\"600\" src=\"https:\/\/i0.wp.com\/www.musique-cordiale.com\/wp-content\/uploads\/2014\/04\/CQ4A4112-e1475585516735.jpg?resize=600%2C600&amp;ssl=1\" class=\"attachment-woocommerce_thumbnail size-woocommerce_thumbnail\" alt=\"Donateur d&#039;argent 2024-25\" srcset=\"https:\/\/i0.wp.com\/www.musique-cordiale.com\/wp-content\/uploads\/2014\/04\/CQ4A4112-e1475585516735.jpg?resize=600%2C600&amp;ssl=1 600w, https:\/\/i0.wp.com\/www.musique-cordiale.com\/wp-content\/uploads\/2014\/04\/CQ4A4112-e1475585516735.jpg?resize=100%2C100&amp;ssl=1 100w, https:\/\/i0.wp.com\/www.musique-cordiale.com\/wp-content\/uploads\/2014\/04\/CQ4A4112-e1475585516735.jpg?resize=150%2C150&amp;ssl=1 150w, https:\/\/i0.wp.com\/www.musique-cordiale.com\/wp-content\/uploads\/2014\/04\/CQ4A4112-e1475585516735.jpg?zoom=2&amp;resize=600%2C600&amp;ssl=1 1200w, https:\/\/i0.wp.com\/www.musique-cordiale.com\/wp-content\/uploads\/2014\/04\/CQ4A4112-e1475585516735.jpg?zoom=3&amp;resize=600%2C600&amp;ssl=1 1800w\" sizes=\"auto, (max-width: 600px) 100vw, 600px\" data-attachment-id=\"15839\" data-permalink=\"https:\/\/www.musique-cordiale.com\/fr\/cq4a4112-2\/\" data-orig-file=\"https:\/\/i0.wp.com\/www.musique-cordiale.com\/wp-content\/uploads\/2014\/04\/CQ4A4112-e1475585516735.jpg?fit=2000%2C1906&amp;ssl=1\" data-orig-size=\"2000,1906\" data-comments-opened=\"0\" data-image-meta=\"{&quot;aperture&quot;:&quot;9&quot;,&quot;credit&quot;:&quot;&quot;,&quot;camera&quot;:&quot;Canon EOS 5D Mark III&quot;,&quot;caption&quot;:&quot;&quot;,&quot;created_timestamp&quot;:&quot;1470396386&quot;,&quot;copyright&quot;:&quot;&quot;,&quot;focal_length&quot;:&quot;70&quot;,&quot;iso&quot;:&quot;400&quot;,&quot;shutter_speed&quot;:&quot;0.0125&quot;,&quot;title&quot;:&quot;&quot;,&quot;orientation&quot;:&quot;0&quot;}\" data-image-title=\"Academy 2016\" data-image-description=\"\" data-image-caption=\"\" data-large-file=\"https:\/\/i0.wp.com\/www.musique-cordiale.com\/wp-content\/uploads\/2014\/04\/CQ4A4112-e1475585516735.jpg?fit=367%2C350&amp;ssl=1\" \/><\/div>\n\t\t\t\t\t<div class=\"wc-block-grid__product-title\">Donateur d&rsquo;argent 2024-25<\/div>\n\t\t\t\t<\/a>\n\t\t\t\t<div class=\"wc-block-grid__product-price price\"><span class=\"woocommerce-Price-amount amount\">625.00&nbsp;<span class=\"woocommerce-Price-currencySymbol\">&euro;<\/span><\/span><\/div>\n\t\t\t\t\n\t\t\t\t\n\t\t\t<\/li><li class=\"wc-block-grid__product\">\n\t\t\t\t<a href=\"https:\/\/www.musique-cordiale.com\/fr\/boutique-billetterie\/mecene-or-2017\/\" class=\"wc-block-grid__product-link\">\n\t\t\t\t\t\n\t\t\t\t\t<div class=\"wc-block-grid__product-image\"><img loading=\"lazy\" decoding=\"async\" width=\"600\" height=\"600\" src=\"https:\/\/i0.wp.com\/www.musique-cordiale.com\/wp-content\/uploads\/2016\/09\/CQ4A3932-scaled.jpg?resize=600%2C600&amp;ssl=1\" class=\"attachment-woocommerce_thumbnail size-woocommerce_thumbnail\" alt=\"M\u00e9c\u00e8ne Or 2024-25\" srcset=\"https:\/\/i0.wp.com\/www.musique-cordiale.com\/wp-content\/uploads\/2016\/09\/CQ4A3932-scaled.jpg?resize=600%2C600&amp;ssl=1 600w, https:\/\/i0.wp.com\/www.musique-cordiale.com\/wp-content\/uploads\/2016\/09\/CQ4A3932-scaled.jpg?resize=100%2C100&amp;ssl=1 100w, https:\/\/i0.wp.com\/www.musique-cordiale.com\/wp-content\/uploads\/2016\/09\/CQ4A3932-scaled.jpg?resize=150%2C150&amp;ssl=1 150w, https:\/\/i0.wp.com\/www.musique-cordiale.com\/wp-content\/uploads\/2016\/09\/CQ4A3932-scaled.jpg?zoom=2&amp;resize=600%2C600&amp;ssl=1 1200w, https:\/\/i0.wp.com\/www.musique-cordiale.com\/wp-content\/uploads\/2016\/09\/CQ4A3932-scaled.jpg?zoom=3&amp;resize=600%2C600&amp;ssl=1 1800w\" sizes=\"auto, (max-width: 600px) 100vw, 600px\" data-attachment-id=\"15834\" data-permalink=\"https:\/\/www.musique-cordiale.com\/fr\/cq4a3932\/\" data-orig-file=\"https:\/\/i0.wp.com\/www.musique-cordiale.com\/wp-content\/uploads\/2016\/09\/CQ4A3932-scaled.jpg?fit=2560%2C1707&amp;ssl=1\" data-orig-size=\"2560,1707\" data-comments-opened=\"0\" data-image-meta=\"{&quot;aperture&quot;:&quot;0&quot;,&quot;credit&quot;:&quot;&quot;,&quot;camera&quot;:&quot;&quot;,&quot;caption&quot;:&quot;&quot;,&quot;created_timestamp&quot;:&quot;0&quot;,&quot;copyright&quot;:&quot;&quot;,&quot;focal_length&quot;:&quot;0&quot;,&quot;iso&quot;:&quot;0&quot;,&quot;shutter_speed&quot;:&quot;0&quot;,&quot;title&quot;:&quot;&quot;,&quot;orientation&quot;:&quot;0&quot;}\" data-image-title=\"Bargeman 2016\" data-image-description=\"\" data-image-caption=\"\" data-large-file=\"https:\/\/i0.wp.com\/www.musique-cordiale.com\/wp-content\/uploads\/2016\/09\/CQ4A3932-scaled.jpg?fit=525%2C350&amp;ssl=1\" \/><\/div>\n\t\t\t\t\t<div class=\"wc-block-grid__product-title\">M\u00e9c\u00e8ne Or 2024-25<\/div>\n\t\t\t\t<\/a>\n\t\t\t\t<div class=\"wc-block-grid__product-price price\"><span class=\"woocommerce-Price-amount amount\">1.250.00&nbsp;<span class=\"woocommerce-Price-currencySymbol\">&euro;<\/span><\/span><\/div>\n\t\t\t\t\n\t\t\t\t\n\t\t\t<\/li><\/ul><\/div>\n\n\n<p><\/p>\n\n\n\n<h3 class=\"wp-block-heading\">Devenez membre, ami ou donateur en 2025-26<\/h3>\n\n\n<div class=\"wp-block-image\">\n<figure class=\"alignleft\"><img data-recalc-dims=\"1\" loading=\"lazy\" decoding=\"async\" width=\"136\" height=\"193\" data-attachment-id=\"27671\" data-permalink=\"https:\/\/www.musique-cordiale.com\/fr\/soutenez-nous\/adherents-amis-mecenes\/musique-cordiale-website-banner-no-year-mc-ribbon-2\/\" data-orig-file=\"https:\/\/i0.wp.com\/www.musique-cordiale.com\/wp-content\/uploads\/2019\/09\/musique-cordiale-website-banner-no-year-MC-ribbon.jpg?fit=136%2C193&amp;ssl=1\" data-orig-size=\"136,193\" data-comments-opened=\"0\" data-image-meta=\"{&quot;aperture&quot;:&quot;0&quot;,&quot;credit&quot;:&quot;&quot;,&quot;camera&quot;:&quot;&quot;,&quot;caption&quot;:&quot;&quot;,&quot;created_timestamp&quot;:&quot;0&quot;,&quot;copyright&quot;:&quot;&quot;,&quot;focal_length&quot;:&quot;0&quot;,&quot;iso&quot;:&quot;0&quot;,&quot;shutter_speed&quot;:&quot;0&quot;,&quot;title&quot;:&quot;&quot;,&quot;orientation&quot;:&quot;0&quot;}\" data-image-title=\"musique-cordiale-website-banner no year &#8211; MC ribbon\" data-image-description=\"\" data-image-caption=\"\" data-large-file=\"https:\/\/i0.wp.com\/www.musique-cordiale.com\/wp-content\/uploads\/2019\/09\/musique-cordiale-website-banner-no-year-MC-ribbon.jpg?fit=136%2C193&amp;ssl=1\" src=\"https:\/\/i0.wp.com\/www.musique-cordiale.com\/wp-content\/uploads\/2019\/09\/musique-cordiale-website-banner-no-year-MC-ribbon.jpg?resize=136%2C193&#038;ssl=1\" alt=\"\" class=\"wp-image-27671\"\/><\/figure><\/div>\n\n\n<p><strong>Faire un don \u00e0 Musique Cordiale en Euros:&nbsp;<\/strong><br><br><a class=\"dbox-donation-button\" style=\"background: #2d81c5 url('https:\/\/d1iczxrky3cnb2.cloudfront.net\/red_logo.png') no-repeat 37px center; color: #fff; text-decoration: none; font-family: Verdana,sans-serif; display: inline-block; font-size: 16px; padding: 15px 38px 15px 75px; -webkit-border-radius: 2px; -moz-border-radius: 2px; border-radius: 2px; box-shadow: 0 1px 0 0 #1f5a89; text-shadow: 0 1px rgba(0, 0, 0, 0.3);\" href=\"https:\/\/donorbox.org\/musique-cordiale-collecte-de-fonds-2019-20?amount=100&amp;hide_donation_meter=true\">Donate &#8211; Faire un DON: choisissez n&rsquo;importe quel montant<\/a><br><strong>MERCI BEAUCOUP!&nbsp;<\/strong> <em>Si vous \u00eates un contribuable britannique, veuillez remplir une d\u00e9claration <strong>GiftAid<\/strong>. Si vous \u00eates un contribuable fran\u00e7ais, demandez un <strong>certificat du don<\/strong>.<\/em><\/p>\n\n\n\n<p>****<strong>Assembl\u00e9e G\u00e9n\u00e9rale Annuelle 202<\/strong>6. L\u2019assembl\u00e9e g\u00e9n\u00e9rale annuelle de l\u2019association Musique Cordiale, organisatrice du festival, s\u2019est tenue le 12 janvier 2026 sur Zoom (notre association compte des membres du monde entier). Nous avions invit\u00e9 tous les membres. N\u2019h\u00e9sitez pas \u00e0 adh\u00e9rer ou \u00e0 renouveler votre adh\u00e9sion d\u00e8s maintenant pour participer aux \u00e9v\u00e9nements futurs et contribuer \u00e0 l\u2019avenir du festival et de l\u2019association\u00a0! Si vous \u00eates d\u00e9j\u00e0 membre ou souhaitez le devenir, veuillez nous contacter pour conna\u00eetre les dates des prochaines r\u00e9unions virtuelles. : <span \n                data-original-string='mHrwWEz66g+kjtf+S4uRTA==b08lNj93Kzj3oKqPvsQD+FedeSO6rb9yF\/SKOAOb+n+JAI='\n                class='apbct-email-encoder'\n                title='This contact has been encoded by Anti-Spam by CleanTalk. Click to decode. To finish the decoding make sure that JavaScript is enabled in your browser.'>in<span class=\"apbct-blur\">**<\/span>@<span class=\"apbct-blur\">**************<\/span>le.com<\/span><\/p>\n\n\n\n<hr class=\"wp-block-separator has-alpha-channel-opacity\"\/>\n\n\n\n<p>* Votre contribution est partag\u00e9e entre un paiement d\u2019adh\u00e9sion \u00e0 l\u2019association fran\u00e7aise (\u20ac30\/\u00a330 par personne) et un don. Tous les paiements d\u2019adh\u00e9sion seront transf\u00e9r\u00e9s directement \u00e0 l\u2019association fran\u00e7aise. Gift Aid \/ r\u00e9duction d\u2019imp\u00f4ts n\u2019est pas possible sur la partie adh\u00e9sion. <strong>Nous appr\u00e9cions et appr\u00e9cions nos donateurs, quelle que soit leur contribution. Nous vous remercions!<\/strong><\/p>\n\n\n\n<p>Votre souscription est valable au fin du prochain festival d&rsquo;\u00e9t\u00e9.<\/p>\n\n\n\n<p>Autrement <a href=\"mailto:ha****@**************le.com\" data-original-string=\"\/z+zAAsdWO1c6bXKvbsbdQ==b08XZWSNjUEipDRCtl739dhsIi9BRNydP3F\/Y0rBjYpeMc=\" title=\"This contact has been encoded by Anti-Spam by CleanTalk. Click to decode. To finish the decoding make sure that JavaScript is enabled in your browser.\">envoyez-nous un e-mail<\/a> ou remplir <a href=\"https:\/\/www.musique-cordiale.com\/wp-content\/uploads\/2016\/12\/MC-Bulletin-dadh%C3%A9sion-2017-1.pdf\" target=\"_blank\" rel=\"noopener noreferrer\">le bulletin d\u2019adh\u00e9sion<\/a>&nbsp;et payer par virement bancaire avec les coordonn\u00e9es ci-dessous<\/p>\n\n\n\n<p><strong>En livres sterling \u00a3:<\/strong><br>Titulaire \/&nbsp;Recipient: The Musique-Cordiale Trust, Norfolk Cottage, Newnham, ME9 0LL, GB<br>Recipient Bank: CAF <em>(Charities Aid Foundation)<\/em> Bank<br>Sort code:&nbsp;40-52-40<br>Account number:&nbsp;00029785<br>(ou IBAN: GB98CAFB40524000029785)<br>Reference: <em>Votre nom et pr\u00e9nom<\/em><\/p>\n\n\n\n<p><strong>En euros \u20ac&nbsp;<\/strong><br>Titulaire: Musique Cordiale Services Ltd<br>Banque: Wise<br>IBAN: BE68 9670 1962 9934<br>BIC: TRWIBE1XXX<br>r\u00e9f\u00e9rence: Adh\u00e9sion MC<\/p>\n\n\n\n<p><em>(Veuillez NE PAS verser de fonds sur notre ancien compte chez HSBC)<\/em><\/p>\n\n\n\n<h6 class=\"wp-block-heading\"><strong>Confidentialit\u00e9<\/strong>:&nbsp;Musique Cordiale respecte votre confidentialit\u00e9 et prot\u00e8ge vos informations.&nbsp;Nous ne conservons pas les donn\u00e9es relatives aux cartes bancaires de nos clients \u00e0 la suite du paiement.<\/h6>\n\n\n\n<h2 class=\"wp-block-heading has-text-align-center\">Faire un don ou et de devenir membre ou Ami !<\/h2>\n\n\n\n<script src=\"https:\/\/donorbox.org\/widget.js\" paypalExpress=\"true\"><\/script><iframe loading=\"lazy\" src=\"https:\/\/donorbox.org\/embed\/musique-cordiale-2024-25?language=en-us\" name=\"donorbox\" allowpaymentrequest=\"allowpaymentrequest\" seamless=\"seamless\" frameborder=\"0\" scrolling=\"no\" height=\"900px\" width=\"100%\" style=\"max-width: 500px; min-width: 250px; max-height:none!important\" allow=\"payment\"><\/iframe>\n","protected":false},"excerpt":{"rendered":"<p>Pr\u00e9visions pour le Festival 2026: il fera CHAUD avec de bonnes ventes de billets\u2026 concerts merveilleux mais manque probable &#8211; et une chance de faire des dons? Devenez membre, ami ou donateur en 2025-26 Faire un don \u00e0 Musique Cordiale en Euros:&nbsp; Donate &#8211; Faire un DON: choisissez n&rsquo;importe quel montantMERCI BEAUCOUP!&nbsp; Si vous \u00eates [&hellip;]<\/p>\n","protected":false},"author":15,"featured_media":27671,"parent":14836,"menu_order":0,"comment_status":"closed","ping_status":"closed","template":"","meta":{"_acf_changed":false,"_monsterinsights_skip_tracking":false,"_monsterinsights_sitenote_active":false,"_monsterinsights_sitenote_note":"","_monsterinsights_sitenote_category":0,"_uf_show_specific_survey":0,"_uf_disable_surveys":false,"advanced_seo_description":"","jetpack_seo_html_title":"","jetpack_seo_noindex":false,"footnotes":""},"class_list":["post-16291","page","type-page","status-publish","has-post-thumbnail","hentry"],"acf":[],"jetpack_sharing_enabled":true,"jetpack-related-posts":[{"id":14836,"url":"https:\/\/www.musique-cordiale.com\/fr\/soutenez-nous\/","url_meta":{"origin":16291,"position":0},"title":"Soutenez-nous!","author":"Pippa","date":"28\/01\/2013","format":false,"excerpt":"Pensez \u00e0 devenir membre, Ami du Festival (voir ci-dessous) ou \u00e0 parrainer un \u00e9v\u00e9nement ou un musicien \u2013 ou encore \u00e0 faire un don \u00e0 Musique Cordiale ! Nous acceptons les dons de n\u2019importe quel montant \u00e0 tout moment. Le plus simple \u00e0 faire si vous vous sentez G\u00c9N\u00c9REUX &\u2026","rel":"","context":"Article similaire","block_context":{"text":"Article similaire","link":""},"img":{"alt_text":"","src":"https:\/\/i0.wp.com\/www.musique-cordiale.com\/wp-content\/uploads\/2013\/01\/MC-DVDs-CDs-a-vendre.jpg?fit=972%2C1200&ssl=1&resize=350%2C200","width":350,"height":200,"srcset":"https:\/\/i0.wp.com\/www.musique-cordiale.com\/wp-content\/uploads\/2013\/01\/MC-DVDs-CDs-a-vendre.jpg?fit=972%2C1200&ssl=1&resize=350%2C200 1x, https:\/\/i0.wp.com\/www.musique-cordiale.com\/wp-content\/uploads\/2013\/01\/MC-DVDs-CDs-a-vendre.jpg?fit=972%2C1200&ssl=1&resize=525%2C300 1.5x, https:\/\/i0.wp.com\/www.musique-cordiale.com\/wp-content\/uploads\/2013\/01\/MC-DVDs-CDs-a-vendre.jpg?fit=972%2C1200&ssl=1&resize=700%2C400 2x"},"classes":[]},{"id":14909,"url":"https:\/\/www.musique-cordiale.com\/fr\/devenez-membre-ou-ami-payez-en-euros-2\/","url_meta":{"origin":16291,"position":1},"title":"Devenez membre ou ami &#8211; payez en euros","author":"Jonathan Barker","date":"09\/12\/2015","format":false,"excerpt":"Devenez adh\u00e9rent ou ami: paiement\u00a0euros Merci de remplir le formulaire ci-dessous pour payer votre adh\u00e9sion en Euros. (Pour payer en livres GBP, merci de cliquer ici) Si vous pr\u00e9f\u00e9rez payer par par virement bancaire, veuillez t\u00e9l\u00e9charger le bulletin d\u2019adh\u00e9sion en cliquant ici\u00a0ou envoyez-nous un e-mail\u00a0avec les d\u00e9tails. Et pour consulter\u2026","rel":"","context":"Article similaire","block_context":{"text":"Article similaire","link":""},"img":{"alt_text":"Jacques & Pippa 2015","src":"https:\/\/i0.wp.com\/www.musique-cordiale.com\/wp-content\/uploads\/2015\/09\/Jacques-Pippa-2015-e1442911940613-300x264.jpg?resize=350%2C200","width":350,"height":200},"classes":[]},{"id":14905,"url":"https:\/\/www.musique-cordiale.com\/fr\/soutenez-nous\/devenez-adherent-ami-ou-mecene-paiement-en-livres-sterling\/","url_meta":{"origin":16291,"position":2},"title":"Devenez adh\u00e9rent, ami ou m\u00e9c\u00e8ne: paiement en livres sterling \u00a3","author":"Jonathan Barker","date":"22\/09\/2015","format":false,"excerpt":"Devenez Adh\u00e9rent, Ami ou M\u00e9c\u00e8ne - paiement en livres sterling Merci de remplir le formulaire s\u00e9curis\u00e9 ci-dessous pour payer votre adh\u00e9sion en livres sterling\u00a0(s\u00e9lectionnez la cat\u00e9gorie dans le menu d\u00e9roulant sous 'Payment Amount'). Pour payer en euros, merci de cliquer ici Si vous pr\u00e9f\u00e9rez payer par ch\u00e8que ou par virement\u2026","rel":"","context":"Article similaire","block_context":{"text":"Article similaire","link":""},"img":{"alt_text":"Jacques & Pippa 2015","src":"https:\/\/i0.wp.com\/www.musique-cordiale.com\/wp-content\/uploads\/2015\/09\/Jacques-Pippa-2015-e1442911940613-300x264.jpg?resize=350%2C200","width":350,"height":200},"classes":[]},{"id":44264,"url":"https:\/\/www.musique-cordiale.com\/fr\/rejoignez-le-choeur-du-festival-ete-2024\/","url_meta":{"origin":16291,"position":3},"title":"Rejoignez le ch\u0153ur du festival, \u00e9t\u00e9 2026","author":"Jonathan Barker","date":"26\/12\/2023","format":false,"excerpt":"22e \u00e9dition annuelle du Festival International MUSIQUE CORDIALE Les informations concernant le choeur du festival 2026seront bient\u00f4t disponibles\u00a0ici!Dates du festival international : du 29 juillet au 8 ao\u00fbt 2025 (Dates du ch\u0153ur 2026 : du 2 au 9 ao\u00fbt) ORGANISATION DU FESTIVAL AU PAYS DE FAYENCE CET \u00c9T\u00c9.du 29 juillet\u2026","rel":"","context":"Article similaire","block_context":{"text":"Article similaire","link":""},"img":{"alt_text":"","src":"https:\/\/i0.wp.com\/www.musique-cordiale.com\/wp-content\/uploads\/2023\/08\/Musique-Cordiale-Seillans-120823-38-scaled.jpg?fit=1200%2C624&ssl=1&resize=350%2C200","width":350,"height":200,"srcset":"https:\/\/i0.wp.com\/www.musique-cordiale.com\/wp-content\/uploads\/2023\/08\/Musique-Cordiale-Seillans-120823-38-scaled.jpg?fit=1200%2C624&ssl=1&resize=350%2C200 1x, https:\/\/i0.wp.com\/www.musique-cordiale.com\/wp-content\/uploads\/2023\/08\/Musique-Cordiale-Seillans-120823-38-scaled.jpg?fit=1200%2C624&ssl=1&resize=525%2C300 1.5x, https:\/\/i0.wp.com\/www.musique-cordiale.com\/wp-content\/uploads\/2023\/08\/Musique-Cordiale-Seillans-120823-38-scaled.jpg?fit=1200%2C624&ssl=1&resize=700%2C400 2x, https:\/\/i0.wp.com\/www.musique-cordiale.com\/wp-content\/uploads\/2023\/08\/Musique-Cordiale-Seillans-120823-38-scaled.jpg?fit=1200%2C624&ssl=1&resize=1050%2C600 3x"},"classes":[]},{"id":43182,"url":"https:\/\/www.musique-cordiale.com\/fr\/rejoignez-la-chorale-automne-dans-le-kent-2023\/","url_meta":{"origin":16291,"position":4},"title":"Rejoignez le choeur\u00a0:  l&rsquo;automne dans le Kent 2023","author":"Jonathan Barker","date":"28\/08\/2023","format":false,"excerpt":"9-12 Novembre 2023 ** INFORMATIONS PROJET ACTUALIS\u00c9ES uniquement ** \u00c0 tous les amis joueurs et chanteurs : toutes les informations seront bient\u00f4t disponibles ! Vous \u00eates peut-\u00eatre \u00e9puis\u00e9. MAIS s'il vous pla\u00eet, pensez \u00e0 nous rejoindre pour davantage de cr\u00e9ation musicale dans le Kent, du 9 au 12 novembre. Les\u2026","rel":"","context":"Article similaire","block_context":{"text":"Article similaire","link":""},"img":{"alt_text":"","src":"https:\/\/i0.wp.com\/www.musique-cordiale.com\/wp-content\/uploads\/2023\/08\/Musique-Cordiale-Seillans-120823-33-scaled.jpg?resize=350%2C200","width":350,"height":200,"srcset":"https:\/\/i0.wp.com\/www.musique-cordiale.com\/wp-content\/uploads\/2023\/08\/Musique-Cordiale-Seillans-120823-33-scaled.jpg?resize=350%2C200 1x, https:\/\/i0.wp.com\/www.musique-cordiale.com\/wp-content\/uploads\/2023\/08\/Musique-Cordiale-Seillans-120823-33-scaled.jpg?resize=525%2C300 1.5x, https:\/\/i0.wp.com\/www.musique-cordiale.com\/wp-content\/uploads\/2023\/08\/Musique-Cordiale-Seillans-120823-33-scaled.jpg?resize=700%2C400 2x, https:\/\/i0.wp.com\/www.musique-cordiale.com\/wp-content\/uploads\/2023\/08\/Musique-Cordiale-Seillans-120823-33-scaled.jpg?resize=1050%2C600 3x, https:\/\/i0.wp.com\/www.musique-cordiale.com\/wp-content\/uploads\/2023\/08\/Musique-Cordiale-Seillans-120823-33-scaled.jpg?resize=1400%2C800 4x"},"classes":[]},{"id":37469,"url":"https:\/\/www.musique-cordiale.com\/fr\/le-choeur-du-festival-et-lacademie-choral-2023\/","url_meta":{"origin":16291,"position":5},"title":"Le choeur du Festival et L&rsquo;acad\u00e9mie choral 2023 &#8211; en France encore!","author":"Jonathan Barker","date":"27\/12\/2022","format":false,"excerpt":"Il y aura une nouvelle sous-page sous l'onglet CHOEUR \u00e0 partir de 13 juin 2023 avec les derni\u00e8res informations sur le choeur, y compris les horaires d\u00e9taill\u00e9s et toutes les mises \u00e0 jour ou changements quotidiens avant et pendant le festival lui-m\u00eame. MUSIQUE CORDIALE \u00c9T\u00c9 2023 : Ch\u0153ur du Festival\u2026","rel":"","context":"Article similaire","block_context":{"text":"Article similaire","link":""},"img":{"alt_text":"","src":"https:\/\/i0.wp.com\/www.musique-cordiale.com\/wp-content\/uploads\/2021\/01\/20190814_100257-scaled.jpg?fit=1200%2C583&ssl=1&resize=350%2C200","width":350,"height":200,"srcset":"https:\/\/i0.wp.com\/www.musique-cordiale.com\/wp-content\/uploads\/2021\/01\/20190814_100257-scaled.jpg?fit=1200%2C583&ssl=1&resize=350%2C200 1x, https:\/\/i0.wp.com\/www.musique-cordiale.com\/wp-content\/uploads\/2021\/01\/20190814_100257-scaled.jpg?fit=1200%2C583&ssl=1&resize=525%2C300 1.5x, https:\/\/i0.wp.com\/www.musique-cordiale.com\/wp-content\/uploads\/2021\/01\/20190814_100257-scaled.jpg?fit=1200%2C583&ssl=1&resize=700%2C400 2x, https:\/\/i0.wp.com\/www.musique-cordiale.com\/wp-content\/uploads\/2021\/01\/20190814_100257-scaled.jpg?fit=1200%2C583&ssl=1&resize=1050%2C600 3x"},"classes":[]}],"jetpack_shortlink":"https:\/\/wp.me\/PaEPkm-4eL","_links":{"self":[{"href":"https:\/\/www.musique-cordiale.com\/fr\/wp-json\/wp\/v2\/pages\/16291","targetHints":{"allow":["GET"]}}],"collection":[{"href":"https:\/\/www.musique-cordiale.com\/fr\/wp-json\/wp\/v2\/pages"}],"about":[{"href":"https:\/\/www.musique-cordiale.com\/fr\/wp-json\/wp\/v2\/types\/page"}],"author":[{"embeddable":true,"href":"https:\/\/www.musique-cordiale.com\/fr\/wp-json\/wp\/v2\/users\/15"}],"replies":[{"embeddable":true,"href":"https:\/\/www.musique-cordiale.com\/fr\/wp-json\/wp\/v2\/comments?post=16291"}],"version-history":[{"count":3,"href":"https:\/\/www.musique-cordiale.com\/fr\/wp-json\/wp\/v2\/pages\/16291\/revisions"}],"predecessor-version":[{"id":51044,"href":"https:\/\/www.musique-cordiale.com\/fr\/wp-json\/wp\/v2\/pages\/16291\/revisions\/51044"}],"up":[{"embeddable":true,"href":"https:\/\/www.musique-cordiale.com\/fr\/wp-json\/wp\/v2\/pages\/14836"}],"wp:featuredmedia":[{"embeddable":true,"href":"https:\/\/www.musique-cordiale.com\/fr\/wp-json\/wp\/v2\/media\/27671"}],"wp:attachment":[{"href":"https:\/\/www.musique-cordiale.com\/fr\/wp-json\/wp\/v2\/media?parent=16291"}],"curies":[{"name":"wp","href":"https:\/\/api.w.org\/{rel}","templated":true}]}}