{"id":21321,"date":"2018-06-28T21:56:28","date_gmt":"2018-06-28T21:56:28","guid":{"rendered":"https:\/\/www.musique-cordiale.com\/dinners-for-choir-orchestra-volunteer-team-guests-members-festival-2018\/"},"modified":"2019-06-29T20:46:49","modified_gmt":"2019-06-29T20:46:49","slug":"dinners-for-choir-orchestra-volunteer-team-guests-members-festival-2018","status":"publish","type":"page","link":"https:\/\/www.musique-cordiale.com\/fr\/dinners-for-choir-orchestra-volunteer-team-guests-members-festival-2018\/","title":{"rendered":"D\u00eeners pour musiciens, choeur et des membres et pour leurs invit\u00e9s, Festival 2019"},"content":{"rendered":"<p><strong>Des concerts sur quelques soirs proposent \u00e9galement de la nourriture<\/strong> (voir programme). La plupart des autres soir\u00e9es, des d\u00eeners sont pr\u00e9vus pour les chanteurs et les musiciens de la chorale ou de l\u2019orchestre du Festival et pour leurs invit\u00e9s, pour les membres de l\u2019\u00e9quipe de b\u00e9n\u00e9voles qui g\u00e8rent le festival et pour les membres du public. Ces repas du soir sont fournis pendant le festival du 9 au 17 ao\u00fbt apr\u00e8s le concert du soir (normalement autour de 21h30). Ils se d\u00e9roulent principalement \u00e0 Seillans, en dehors de la Salle Polyvalente (avec des bons dans certains restaurants de Bargemon le 9 ao\u00fbt), mais certains sont propos\u00e9s ailleurs.<\/p>\n<p><strong>Les tickets de d\u00eener peuvent \u00eatre achet\u00e9s individuellement (30 \u20ac). <\/strong><\/p>\n<p><strong>Les places sont limit\u00e9es: veuillez r\u00e9server \u00e0 l\u2019avance<\/strong>. Ils sont en vente SEULEMENT aux membres (y compris les Amis) de L\u2019association Musique Cordiale. Si vous n\u2019\u00eates pas encore membre ou ami,\u00a0<a href=\"https:\/\/www.musique-cordiale.com\/fr\/soutenez-nous\/adherents-amis-mecenes\/\" target=\"_blank\" rel=\"noopener noreferrer\"><strong><em>veuillez vous inscrire et acheter votre adh\u00e9sion<\/em><\/strong><em><strong>ICI<\/strong><\/em><\/a>\u00a0en premier.<\/p>\n<h6>(Les membres du CHOEUR peuvent \u00e9galement acheter un\u00a0<strong>forfait de 8 d\u00eeners \u2013 pour 180 \u20ac.\u00a0<\/strong>Le forfait couvre 8 repas pendant que la chorale r\u00e9p\u00e8te et joue, ne comprenant que des soir\u00e9es s\u00e9lectionn\u00e9es du 9 ao\u00fbt au 17 ao\u00fbt.<\/h6>\n<form autocomplete=\"off\" name=\"wpv-filter-21316\" action=\"\/fr\/wp-json\/wp\/v2\/pages\/21321?wpv_view_count=21316\" method=\"get\" class=\"wpv-filter-form js-wpv-filter-form js-wpv-filter-form-21316 js-wpv-form-full\" data-viewnumber=\"21316\" data-viewid=\"21316\" data-viewhash=\"eyJuYW1lIjoiZGlubmVyLXRpY2tldHMifQ==\" data-viewwidgetid=\"0\" data-orderby=\"\" data-order=\"\" data-orderbyas=\"\" data-orderbysecond=\"\" data-ordersecond=\"\" data-parametric=\"{&quot;query&quot;:&quot;normal&quot;,&quot;id&quot;:21316,&quot;view_id&quot;:21316,&quot;widget_id&quot;:0,&quot;view_hash&quot;:&quot;21316&quot;,&quot;action&quot;:&quot;\\\/fr\\\/wp-json\\\/wp\\\/v2\\\/pages\\\/21321?wpv_view_count=21316&quot;,&quot;sort&quot;:{&quot;orderby&quot;:&quot;&quot;,&quot;order&quot;:&quot;&quot;,&quot;orderby_as&quot;:&quot;&quot;,&quot;orderby_second&quot;:&quot;&quot;,&quot;order_second&quot;:&quot;&quot;},&quot;orderby&quot;:&quot;&quot;,&quot;order&quot;:&quot;&quot;,&quot;orderby_as&quot;:&quot;&quot;,&quot;orderby_second&quot;:&quot;&quot;,&quot;order_second&quot;:&quot;&quot;,&quot;ajax_form&quot;:&quot;&quot;,&quot;ajax_results&quot;:&quot;&quot;,&quot;effect&quot;:&quot;fade&quot;,&quot;prebefore&quot;:&quot;&quot;,&quot;before&quot;:&quot;&quot;,&quot;after&quot;:&quot;&quot;,&quot;attributes&quot;:[],&quot;environment&quot;:{&quot;current_post_id&quot;:21321,&quot;parent_post_id&quot;:21321,&quot;parent_term_id&quot;:0,&quot;parent_user_id&quot;:0,&quot;archive&quot;:{&quot;type&quot;:&quot;&quot;,&quot;name&quot;:&quot;&quot;,&quot;data&quot;:[]}},&quot;loop&quot;:{&quot;type&quot;:&quot;&quot;,&quot;name&quot;:&quot;&quot;,&quot;data&quot;:[],&quot;id&quot;:0}}\" data-attributes=\"[]\" data-environment=\"{&quot;current_post_id&quot;:21321,&quot;parent_post_id&quot;:21321,&quot;parent_term_id&quot;:0,&quot;parent_user_id&quot;:0,&quot;archive&quot;:{&quot;type&quot;:&quot;&quot;,&quot;name&quot;:&quot;&quot;,&quot;data&quot;:[]}}\"><input type=\"hidden\" class=\"js-wpv-dps-filter-data js-wpv-filter-data-for-this-form\" data-action=\"\/fr\/wp-json\/wp\/v2\/pages\/21321?wpv_view_count=21316\" data-page=\"1\" data-ajax=\"disable\" data-effect=\"fade\" data-maxpages=\"0\" data-ajaxprebefore=\"\" data-ajaxbefore=\"\" data-ajaxafter=\"\" \/><input class=\"wpv_view_count wpv_view_count-21316\" type=\"hidden\" name=\"wpv_view_count\" value=\"21316\" \/>\n\n<\/form>\n<div id=\"wpv-view-layout-21316\" class=\"js-wpv-view-layout js-wpv-layout-responsive js-wpv-view-layout-21316\" data-viewnumber=\"21316\" data-pagination=\"{&quot;id&quot;:21316,&quot;query&quot;:&quot;normal&quot;,&quot;type&quot;:&quot;disabled&quot;,&quot;effect&quot;:&quot;fade&quot;,&quot;duration&quot;:500,&quot;speed&quot;:5,&quot;pause_on_hover&quot;:&quot;disabled&quot;,&quot;stop_rollover&quot;:&quot;false&quot;,&quot;cache_pages&quot;:&quot;enabled&quot;,&quot;preload_images&quot;:&quot;enabled&quot;,&quot;preload_pages&quot;:&quot;enabled&quot;,&quot;preload_reach&quot;:1,&quot;spinner&quot;:&quot;builtin&quot;,&quot;spinner_image&quot;:&quot;https:\/\/www.musique-cordiale.com\/wp-content\/plugins\/wp-views\/embedded\/res\/img\/ajax-loader.gif&quot;,&quot;callback_next&quot;:&quot;&quot;,&quot;manage_history&quot;:&quot;enabled&quot;,&quot;has_controls_in_form&quot;:&quot;disabled&quot;,&quot;infinite_tolerance&quot;:&quot;0&quot;,&quot;max_pages&quot;:0,&quot;page&quot;:1,&quot;base_permalink&quot;:&quot;\/fr\/wp-json\/wp\/v2\/pages\/21321?wpv_view_count=21316&amp;wpv_paged=WPV_PAGE_NUM&quot;,&quot;loop&quot;:{&quot;type&quot;:&quot;&quot;,&quot;name&quot;:&quot;&quot;,&quot;data&quot;:[],&quot;id&quot;:0}}\" data-permalink=\"\/fr\/wp-json\/wp\/v2\/pages\/21321?wpv_view_count=21316\">\n\n\t\n\t\n\t<table width=\"100%\">\n\t\t<tbody class=\"wpv-loop js-wpv-loop\">\n\t\t\n\t\t\t<tr>\n\t\t\t\t<td>BILLET D\u00eener individuel 9 ao\u00fbt 2019 (veuillez vous inscrire comme membre en premier)<\/td>\n<td><p class=\"price wooviews-product-price\"><span class=\"woocommerce-Price-amount amount\"><bdi>30.00&nbsp;<span class=\"woocommerce-Price-currencySymbol\">&euro;<\/span><\/bdi><\/span><\/p><\/td>\n<td><a href=\"https:\/\/www.musique-cordiale.com\/fr\/boutique-billetterie\/billet-diner-individuel-11-aout-2018-veuillez-vous-inscrire-comme-membre-en-premier-copy\/\" aria-describedby=\"woocommerce_loop_add_to_cart_link_describedby_24060\" data-quantity=\"1\" class=\"button product_type_simple\" data-product_id=\"24060\" data-product_sku=\"\" aria-label=\"En savoir plus sur &ldquo;BILLET D\u00eener individuel 9 ao\u00fbt 2019 (veuillez vous inscrire comme membre en premier)&rdquo;\" rel=\"nofollow\" data-success_message=\"\">Add to cart<\/a>\t<span id=\"woocommerce_loop_add_to_cart_link_describedby_24060\" class=\"screen-reader-text\">\n\t\t\t<\/span>\n<\/td>\n\t\t\t<\/tr>\n\t\t\n\t\t\t<tr>\n\t\t\t\t<td>FORFAIT CHOEUR: 8 billets des D\u00eener 9-17 ao\u00fbt 2019 (pour CHOEUR seulement)<\/td>\n<td><p class=\"price wooviews-product-price\"><span class=\"woocommerce-Price-amount amount\"><bdi>180.00&nbsp;<span class=\"woocommerce-Price-currencySymbol\">&euro;<\/span><\/bdi><\/span><\/p><\/td>\n<td><a href=\"https:\/\/www.musique-cordiale.com\/fr\/boutique-billetterie\/forfait-choeur-8-billets-des-diner-3-11-aout-2018-pour-choeur-seulement-copy\/\" aria-describedby=\"woocommerce_loop_add_to_cart_link_describedby_24062\" data-quantity=\"1\" class=\"button product_type_simple\" data-product_id=\"24062\" data-product_sku=\"\" aria-label=\"En savoir plus sur &ldquo;FORFAIT CHOEUR: 8 billets des D\u00eener 9-17 ao\u00fbt 2019 (pour CHOEUR seulement)&rdquo;\" rel=\"nofollow\" data-success_message=\"\">Add to cart<\/a>\t<span id=\"woocommerce_loop_add_to_cart_link_describedby_24062\" class=\"screen-reader-text\">\n\t\t\t<\/span>\n<\/td>\n\t\t\t<\/tr>\n\t\t\n\t\t\t<tr>\n\t\t\t\t<td>BILLET D\u00eener individuel 16 ao\u00fbt 2019 (veuillez vous inscrire comme membre en premier)<\/td>\n<td><p class=\"price wooviews-product-price\"><span class=\"woocommerce-Price-amount amount\"><bdi>30.00&nbsp;<span class=\"woocommerce-Price-currencySymbol\">&euro;<\/span><\/bdi><\/span><\/p><\/td>\n<td><a href=\"https:\/\/www.musique-cordiale.com\/fr\/boutique-billetterie\/billet-diner-individuel-17-aout-2019-veuillez-vous-inscrire-comme-membre-en-premier-copy\/\" aria-describedby=\"woocommerce_loop_add_to_cart_link_describedby_24068\" data-quantity=\"1\" class=\"button product_type_simple\" data-product_id=\"24068\" data-product_sku=\"\" aria-label=\"En savoir plus sur &ldquo;BILLET D\u00eener individuel 16 ao\u00fbt 2019 (veuillez vous inscrire comme membre en premier)&rdquo;\" rel=\"nofollow\" data-success_message=\"\">Add to cart<\/a>\t<span id=\"woocommerce_loop_add_to_cart_link_describedby_24068\" class=\"screen-reader-text\">\n\t\t\t<\/span>\n<\/td>\n\t\t\t<\/tr>\n\t\t\n\t\t\t<tr>\n\t\t\t\t<td>BILLET D\u00eener individuel 17 ao\u00fbt 2019 (veuillez vous inscrire comme membre en premier)<\/td>\n<td><p class=\"price wooviews-product-price\"><span class=\"woocommerce-Price-amount amount\"><bdi>30.00&nbsp;<span class=\"woocommerce-Price-currencySymbol\">&euro;<\/span><\/bdi><\/span><\/p><\/td>\n<td><a href=\"https:\/\/www.musique-cordiale.com\/fr\/boutique-billetterie\/billet-diner-individuel-9-aout-2019-veuillez-vous-inscrire-comme-membre-en-premier-copy\/\" aria-describedby=\"woocommerce_loop_add_to_cart_link_describedby_24066\" data-quantity=\"1\" class=\"button product_type_simple\" data-product_id=\"24066\" data-product_sku=\"\" aria-label=\"En savoir plus sur &ldquo;BILLET D\u00eener individuel 17 ao\u00fbt 2019 (veuillez vous inscrire comme membre en premier)&rdquo;\" rel=\"nofollow\" data-success_message=\"\">Add to cart<\/a>\t<span id=\"woocommerce_loop_add_to_cart_link_describedby_24066\" class=\"screen-reader-text\">\n\t\t\t<\/span>\n<\/td>\n\t\t\t<\/tr>\n\t\t\n\t\t\t<tr>\n\t\t\t\t<td>30 juillet 2024, 19h: Concert et &lsquo;SOIR\u00c9E MUSICALE&rsquo; pour lancer le Festival Musique-Cordiale 2024: Musique, Vin et d\u00e9licieux ap\u00e9ritif dinatoire<\/td>\n<td><p class=\"price wooviews-product-price\"><span class=\"woocommerce-Price-amount amount\"><bdi>99.00&nbsp;<span class=\"woocommerce-Price-currencySymbol\">&euro;<\/span><\/bdi><\/span><\/p><\/td>\n<td><a href=\"https:\/\/www.musique-cordiale.com\/fr\/boutique-billetterie\/concert-fund-raiser-to-launch-the-2024-festival\/\" aria-describedby=\"woocommerce_loop_add_to_cart_link_describedby_44911\" data-quantity=\"1\" class=\"button product_type_variable\" data-product_id=\"44911\" data-product_sku=\"\" aria-label=\"S\u00e9lectionner les options pour &ldquo;30 juillet 2024, 19h: Concert et &#039;SOIR\u00c9E MUSICALE&#039; pour lancer le Festival Musique-Cordiale 2024: Musique, Vin et d\u00e9licieux ap\u00e9ritif dinatoire&rdquo;\" rel=\"nofollow\">Lire la suite<\/a>\t<span id=\"woocommerce_loop_add_to_cart_link_describedby_44911\" class=\"screen-reader-text\">\n\t\t\t<\/span>\n<\/td>\n\t\t\t<\/tr>\n\t\t\n\t\t\t<tr>\n\t\t\t\t<td>\u00c9v\u00e9nement sp\u00e9cial pr\u00e9-festival : SOIR\u00c9E DE GALA &#8211; d\u00eener de collecte de fonds exaltant et convivial avec musique et boissons &#8211; au Mas des Romarins, dans la vall\u00e9e en contrebas de Fayence, le 29 juillet 2025 : **EVENEMENT COMPLET : PLUS DE R\u00c9SERVATIONS S&rsquo;IL VOUS PLA\u00ceT<\/td>\n<td><p class=\"price wooviews-product-price\"><span class=\"woocommerce-Price-amount amount\" aria-hidden=\"true\"><bdi>60.00&nbsp;<span class=\"woocommerce-Price-currencySymbol\">&euro;<\/span><\/bdi><\/span> <span aria-hidden=\"true\">\u00a0\u2013\u00a0<\/span> <span class=\"woocommerce-Price-amount amount\" aria-hidden=\"true\"><bdi>750.00&nbsp;<span class=\"woocommerce-Price-currencySymbol\">&euro;<\/span><\/bdi><\/span><span class=\"screen-reader-text\">Plage de prix\u00a0: 60.00&nbsp;&euro; \u00e0 750.00&nbsp;&euro;<\/span><\/p><\/td>\n<td><a href=\"https:\/\/www.musique-cordiale.com\/fr\/boutique-billetterie\/evenement-special-pre-festival-diner-de-collecte-de-fonds-exaltant-et-convivial-avec-musique-et-boissons-au-mas-des-romarins-dans-la-vallee-en-contrebas-de-fayence-le-29-juillet-2025\/\" aria-describedby=\"woocommerce_loop_add_to_cart_link_describedby_48426\" data-quantity=\"1\" class=\"button product_type_variable\" data-product_id=\"48426\" data-product_sku=\"\" aria-label=\"S\u00e9lectionner les options pour &ldquo;\u00c9v\u00e9nement sp\u00e9cial pr\u00e9-festival : SOIR\u00c9E DE GALA - d\u00eener de collecte de fonds exaltant et convivial avec musique et boissons - au Mas des Romarins, dans la vall\u00e9e en contrebas de Fayence, le 29 juillet 2025 : **EVENEMENT COMPLET : PLUS DE R\u00c9SERVATIONS S&#039;IL VOUS PLA\u00ceT&rdquo;\" rel=\"nofollow\">Choix des options<\/a>\t<span id=\"woocommerce_loop_add_to_cart_link_describedby_48426\" class=\"screen-reader-text\">\n\t\tCe produit a plusieurs variations. Les options peuvent \u00eatre choisies sur la page du produit\t<\/span>\n<\/td>\n\t\t\t<\/tr>\n\t\t\n\t\t<\/tbody>\n\t<\/table>\n\t\n\t\n\t\n<\/div>\n\n","protected":false},"excerpt":{"rendered":"<p>Des concerts sur quelques soirs proposent \u00e9galement de la nourriture (voir programme). La plupart des autres soir\u00e9es, des d\u00eeners sont pr\u00e9vus pour les chanteurs et les musiciens de la chorale ou de l\u2019orchestre du Festival et pour leurs invit\u00e9s, pour les membres de l\u2019\u00e9quipe de b\u00e9n\u00e9voles qui g\u00e8rent le festival et pour les membres du [&hellip;]<\/p>\n","protected":false},"author":4,"featured_media":0,"parent":0,"menu_order":0,"comment_status":"closed","ping_status":"closed","template":"","meta":{"_acf_changed":false,"_monsterinsights_skip_tracking":false,"_monsterinsights_sitenote_active":false,"_monsterinsights_sitenote_note":"","_monsterinsights_sitenote_category":0,"_uf_show_specific_survey":0,"_uf_disable_surveys":false,"advanced_seo_description":"","jetpack_seo_html_title":"","jetpack_seo_noindex":false,"footnotes":""},"class_list":["post-21321","page","type-page","status-publish","hentry"],"acf":[],"jetpack_sharing_enabled":true,"jetpack-related-posts":[{"id":14840,"url":"https:\/\/www.musique-cordiale.com\/fr\/soutenez-nous\/assemblee-generale-rapport-annuel-et-comptes\/","url_meta":{"origin":21321,"position":0},"title":"Assembl\u00e9e g\u00e9n\u00e9rale, rapport annuel et comptes, Direction","author":"Jonathan Barker","date":"08\/09\/2013","format":false,"excerpt":"Rapports annuels et comptes 2023 - 2025 et l'avenir... Chaque ann\u00e9e, le rapport et les comptes sont mis en ligne apr\u00e8s approbation du Conseil d\u2019administration au d\u00e9but de l\u2019ann\u00e9e suivant la cl\u00f4ture des comptes. Ils sont mis \u00e0 la disposition des membres dans la perspective de l'Assembl\u00e9e g\u00e9n\u00e9rale annuelle (ouverts\u2026","rel":"","context":"Article similaire","block_context":{"text":"Article similaire","link":""},"img":{"alt_text":"","src":"","width":0,"height":0},"classes":[]},{"id":45397,"url":"https:\/\/www.musique-cordiale.com\/fr\/mises-a-jour-pour-le-choeur-dete-2024\/","url_meta":{"origin":21321,"position":1},"title":"MISES \u00c0 JOUR pour le choeur d&rsquo;\u00e9t\u00e9","author":"Jonathan Barker","date":"28\/04\/2024","format":false,"excerpt":"INFORMATIONS pour le choeur avant, pendant et APR\u00c8S le festivalPLUS \u00e0 venir bient\u00f4t\u2026.. (et veuillez v\u00e9rifier ici souvent pour les mises \u00e0 jour) ** NOUVEAUX ARTICLES CI-DESSOUS concernant le code vestimentaire, horaires, votre h\u00e9bergement et vos repas y compris l'EAU, LES D\u00ceNERS, LES HORAIRES ET LE VIN. C'est ici que\u2026","rel":"","context":"Article similaire","block_context":{"text":"Article similaire","link":""},"img":{"alt_text":"","src":"","width":0,"height":0},"classes":[]},{"id":36130,"url":"https:\/\/www.musique-cordiale.com\/fr\/choeur-de-musique-cordiale\/join-the-2022-choir-in-kent\/","url_meta":{"origin":21321,"position":2},"title":"Rejoignez le choeur de 2022 dans le Kent","author":"Jonathan Barker","date":"16\/03\/2022","format":false,"excerpt":"(Les derni\u00e8res informations et les formulaires d'inscription (en anglais) pour le choeur 2022 sont ICI Latest information & enrolment forms for the 2022 choir) Les informations initiales sur le choeur l'\u00e9t\u00e9 2022 en anglais sont ICI Initial choir information for summer 2022 in English) Cet \u00e9t\u00e9, notre 18\u00e8me ann\u00e9e, Musique\u2026","rel":"","context":"Article similaire","block_context":{"text":"Article similaire","link":""},"img":{"alt_text":"","src":"https:\/\/i0.wp.com\/www.musique-cordiale.com\/wp-content\/uploads\/2022\/03\/WhatsApp-Image-2022-02-27-at-22.08.31-300x135.jpeg?resize=350%2C200&ssl=1","width":350,"height":200},"classes":[]},{"id":40797,"url":"https:\/\/www.musique-cordiale.com\/fr\/le-choeur-du-festival-et-lacademie-choral-2023\/updates-for-choir-singers-2023\/","url_meta":{"origin":21321,"position":3},"title":"Mises \u00e0 jour pour les chanteurs 2023","author":"Jonathan Barker","date":"12\/06\/2023","format":false,"excerpt":"choir-singer INFO UPDATES 2023","rel":"","context":"Article similaire","block_context":{"text":"Article similaire","link":""},"img":{"alt_text":"","src":"https:\/\/i0.wp.com\/www.musique-cordiale.com\/wp-content\/uploads\/2023\/07\/Bruit.jpg?resize=350%2C200&ssl=1","width":350,"height":200,"srcset":"https:\/\/i0.wp.com\/www.musique-cordiale.com\/wp-content\/uploads\/2023\/07\/Bruit.jpg?resize=350%2C200&ssl=1 1x, https:\/\/i0.wp.com\/www.musique-cordiale.com\/wp-content\/uploads\/2023\/07\/Bruit.jpg?resize=525%2C300&ssl=1 1.5x, https:\/\/i0.wp.com\/www.musique-cordiale.com\/wp-content\/uploads\/2023\/07\/Bruit.jpg?resize=700%2C400&ssl=1 2x, https:\/\/i0.wp.com\/www.musique-cordiale.com\/wp-content\/uploads\/2023\/07\/Bruit.jpg?resize=1050%2C600&ssl=1 3x"},"classes":[]},{"id":37469,"url":"https:\/\/www.musique-cordiale.com\/fr\/le-choeur-du-festival-et-lacademie-choral-2023\/","url_meta":{"origin":21321,"position":4},"title":"Le choeur du Festival et L&rsquo;acad\u00e9mie choral 2023 &#8211; en France encore!","author":"Jonathan Barker","date":"27\/12\/2022","format":false,"excerpt":"Il y aura une nouvelle sous-page sous l'onglet CHOEUR \u00e0 partir de 13 juin 2023 avec les derni\u00e8res informations sur le choeur, y compris les horaires d\u00e9taill\u00e9s et toutes les mises \u00e0 jour ou changements quotidiens avant et pendant le festival lui-m\u00eame. MUSIQUE CORDIALE \u00c9T\u00c9 2023 : Ch\u0153ur du Festival\u2026","rel":"","context":"Article similaire","block_context":{"text":"Article similaire","link":""},"img":{"alt_text":"","src":"https:\/\/i0.wp.com\/www.musique-cordiale.com\/wp-content\/uploads\/2021\/01\/20190814_100257-scaled.jpg?fit=1200%2C583&ssl=1&resize=350%2C200","width":350,"height":200,"srcset":"https:\/\/i0.wp.com\/www.musique-cordiale.com\/wp-content\/uploads\/2021\/01\/20190814_100257-scaled.jpg?fit=1200%2C583&ssl=1&resize=350%2C200 1x, https:\/\/i0.wp.com\/www.musique-cordiale.com\/wp-content\/uploads\/2021\/01\/20190814_100257-scaled.jpg?fit=1200%2C583&ssl=1&resize=525%2C300 1.5x, https:\/\/i0.wp.com\/www.musique-cordiale.com\/wp-content\/uploads\/2021\/01\/20190814_100257-scaled.jpg?fit=1200%2C583&ssl=1&resize=700%2C400 2x, https:\/\/i0.wp.com\/www.musique-cordiale.com\/wp-content\/uploads\/2021\/01\/20190814_100257-scaled.jpg?fit=1200%2C583&ssl=1&resize=1050%2C600 3x"},"classes":[]},{"id":30560,"url":"https:\/\/www.musique-cordiale.com\/fr\/rejoignez-le-choeur-du-festival-2020\/","url_meta":{"origin":21321,"position":5},"title":"Rejoignez le choeur du Festival 2020","author":"Jonathan Barker","date":"16\/12\/2019","format":false,"excerpt":"Le version fran\u00e7aise de cette page et des formulaires sont dispo nibles ici. An English version of this page can be found HERE\u00a0 INSCRIPTION EN LE CHOEUR 2023, 4-13 ao\u00fbt 2023 Pour rejoignez le Choeur du Festival en Pays de Fayence, France, \u00e9t\u00e9 2023: cliquez ICI Festival d'\u00e9t\u00e9 - Atelier\u2026","rel":"","context":"Article similaire","block_context":{"text":"Article similaire","link":""},"img":{"alt_text":"","src":"https:\/\/i0.wp.com\/www.musique-cordiale.com\/wp-content\/uploads\/2019\/12\/WhatsApp-Image-2019-12-17-at-14.34.43.jpeg?fit=1200%2C583&ssl=1&resize=350%2C200","width":350,"height":200,"srcset":"https:\/\/i0.wp.com\/www.musique-cordiale.com\/wp-content\/uploads\/2019\/12\/WhatsApp-Image-2019-12-17-at-14.34.43.jpeg?fit=1200%2C583&ssl=1&resize=350%2C200 1x, https:\/\/i0.wp.com\/www.musique-cordiale.com\/wp-content\/uploads\/2019\/12\/WhatsApp-Image-2019-12-17-at-14.34.43.jpeg?fit=1200%2C583&ssl=1&resize=525%2C300 1.5x, https:\/\/i0.wp.com\/www.musique-cordiale.com\/wp-content\/uploads\/2019\/12\/WhatsApp-Image-2019-12-17-at-14.34.43.jpeg?fit=1200%2C583&ssl=1&resize=700%2C400 2x, https:\/\/i0.wp.com\/www.musique-cordiale.com\/wp-content\/uploads\/2019\/12\/WhatsApp-Image-2019-12-17-at-14.34.43.jpeg?fit=1200%2C583&ssl=1&resize=1050%2C600 3x"},"classes":[]}],"jetpack_shortlink":"https:\/\/wp.me\/PaEPkm-5xT","_links":{"self":[{"href":"https:\/\/www.musique-cordiale.com\/fr\/wp-json\/wp\/v2\/pages\/21321","targetHints":{"allow":["GET"]}}],"collection":[{"href":"https:\/\/www.musique-cordiale.com\/fr\/wp-json\/wp\/v2\/pages"}],"about":[{"href":"https:\/\/www.musique-cordiale.com\/fr\/wp-json\/wp\/v2\/types\/page"}],"author":[{"embeddable":true,"href":"https:\/\/www.musique-cordiale.com\/fr\/wp-json\/wp\/v2\/users\/4"}],"replies":[{"embeddable":true,"href":"https:\/\/www.musique-cordiale.com\/fr\/wp-json\/wp\/v2\/comments?post=21321"}],"version-history":[{"count":0,"href":"https:\/\/www.musique-cordiale.com\/fr\/wp-json\/wp\/v2\/pages\/21321\/revisions"}],"wp:attachment":[{"href":"https:\/\/www.musique-cordiale.com\/fr\/wp-json\/wp\/v2\/media?parent=21321"}],"curies":[{"name":"wp","href":"https:\/\/api.w.org\/{rel}","templated":true}]}}