{"id":40598,"date":"2023-06-08T06:56:37","date_gmt":"2023-06-08T06:56:37","guid":{"rendered":"https:\/\/www.musique-cordiale.com\/concerts-2023\/"},"modified":"2023-08-06T09:10:40","modified_gmt":"2023-08-06T09:10:40","slug":"concerts-2023","status":"publish","type":"page","link":"https:\/\/www.musique-cordiale.com\/fr\/concerts-2023\/","title":{"rendered":"Concerts d&rsquo;\u00e9t\u00e9 2023"},"content":{"rendered":"\n<h5 class=\"wp-block-heading\">BILLETS ET HEURES DE D\u00c9PART<\/h5>\n\n\n\n<div class=\"wp-block-group is-nowrap is-layout-flex wp-container-core-group-is-layout-ad2f72ca wp-block-group-is-layout-flex\">\n<figure class=\"wp-block-image size-full is-resized\"><a href=\"https:\/\/www.musique-cordiale.com\/wp-content\/uploads\/2023\/06\/MC2023-06-affiche-2.pdf\" target=\"_blank\" rel=\"noreferrer noopener\"><img data-recalc-dims=\"1\" loading=\"lazy\" decoding=\"async\" data-attachment-id=\"40411\" data-permalink=\"https:\/\/www.musique-cordiale.com\/fr\/festival-international-musique-cordiale\/affiche-juin-2023-musique-cordiale-copyright-2\/\" data-orig-file=\"https:\/\/i0.wp.com\/www.musique-cordiale.com\/wp-content\/uploads\/2023\/06\/Affiche-juin-2023-Musique-Cordiale-copyright.jpg?fit=903%2C1281&amp;ssl=1\" data-orig-size=\"903,1281\" data-comments-opened=\"0\" data-image-meta=\"{&quot;aperture&quot;:&quot;0&quot;,&quot;credit&quot;:&quot;&quot;,&quot;camera&quot;:&quot;&quot;,&quot;caption&quot;:&quot;&quot;,&quot;created_timestamp&quot;:&quot;0&quot;,&quot;copyright&quot;:&quot;&quot;,&quot;focal_length&quot;:&quot;0&quot;,&quot;iso&quot;:&quot;0&quot;,&quot;shutter_speed&quot;:&quot;0&quot;,&quot;title&quot;:&quot;&quot;,&quot;orientation&quot;:&quot;0&quot;}\" data-image-title=\"Affiche juin 2023 &#8211; Musique-Cordiale copyright\" data-image-description=\"\" data-image-caption=\"\" data-large-file=\"https:\/\/i0.wp.com\/www.musique-cordiale.com\/wp-content\/uploads\/2023\/06\/Affiche-juin-2023-Musique-Cordiale-copyright.jpg?fit=247%2C350&amp;ssl=1\" src=\"https:\/\/i0.wp.com\/www.musique-cordiale.com\/wp-content\/uploads\/2023\/06\/Affiche-juin-2023-Musique-Cordiale-copyright.jpg?resize=265%2C375&#038;ssl=1\" alt=\"\" class=\"wp-image-40411\" width=\"265\" height=\"375\" srcset=\"https:\/\/i0.wp.com\/www.musique-cordiale.com\/wp-content\/uploads\/2023\/06\/Affiche-juin-2023-Musique-Cordiale-copyright.jpg?w=903&amp;ssl=1 903w, https:\/\/i0.wp.com\/www.musique-cordiale.com\/wp-content\/uploads\/2023\/06\/Affiche-juin-2023-Musique-Cordiale-copyright.jpg?resize=768%2C1089&amp;ssl=1 768w, https:\/\/i0.wp.com\/www.musique-cordiale.com\/wp-content\/uploads\/2023\/06\/Affiche-juin-2023-Musique-Cordiale-copyright.jpg?resize=750%2C1064&amp;ssl=1 750w\" sizes=\"auto, (max-width: 265px) 100vw, 265px\" \/><\/a><\/figure>\n\n\n\n<p class=\"has-text-align-justify\"><br><strong><a href=\"https:\/\/www.musique-cordiale.com\/fr\/programme-billets\/\">Tickets<\/a> are required for entry to Evening concerts<br>Vous aurez besoin d&rsquo;un <a href=\"https:\/\/www.musique-cordiale.com\/fr\/programme-billets\/\">billet <\/a>pour les concerts du soir<\/strong><br><em>Les billets sont en vente en ligne (\u00e0 l&rsquo;avance) jusqu&rsquo;\u00e0 15h le jour du concert<br>&#8211; puis une billetterie locale ouvre \u00e0 la porte 60 min avant le concert<\/em><br><br><strong>Heures de d\u00e9but des concerts du soir&nbsp;:<\/strong><br><strong>20h<\/strong> pour tous les concerts en salle et<br><strong>21h<\/strong> pour les concerts en ext\u00e9rieur<br><em>(Le concert du 3 ao\u00fbt d\u00e9bute \u00e0 20h mais les boissons et collations de bienvenue sont \u00e0 partir de 19h.<\/em><br><em>Les portes ouvrent 30 minutes avant le d\u00e9but des concerts<\/em>).<br><br>Les d\u00e9tenteurs de billets pour le Soir\u00e9e musicale pr\u00e9-festival &amp; D\u00eener de gala du 26 juillet<br>sont invit\u00e9s \u00e0 arriver \u00e0 partir de 19h30<\/p>\n<\/div>\n\n\n\n<h4 class=\"wp-block-heading\">Voir ou t\u00e9l\u00e9charger le<strong> programme complet du festival 2023 imprim\u00e9<\/strong> <em><a href=\"https:\/\/www.musique-cordiale.com\/fr\/festival-programme-2023\/\" data-type=\"post\" data-id=\"40666\">ICI<\/a><\/em><\/h4>\n\n\n\n<hr class=\"wp-block-separator has-alpha-channel-opacity\"\/>\n\n\n\n<h5 class=\"wp-block-heading\">R\u00c9SUM\u00c9 DES PROGRAMMES, CONCERTS du SOIR <em>(pour les concerts GRATUITS du midi, voir ci-dessous)<\/em><\/h5>\n\n\n\n<p class=\"has-text-align-left\"><strong>jeudi 3 ao\u00fbt<\/strong><br>Chapelle Saint-Donat, CALLIAN (au pied de CALLIAN),<br>Retour de Musique Cordiale \u2013 \u201cJeudi \u00e0 Callian\u201d <br><a href=\"https:\/\/www.musique-cordiale.com\/my-account\/\"><\/a><a href=\"https:\/\/www.musique-cordiale.com\/my-account\/orders\/\"><\/a><a href=\"https:\/\/www.musique-cordiale.com\/my-account\/downloads\/\"><\/a><a href=\"https:\/\/www.musique-cordiale.com\/my-account\/edit-address-addresse\/\"><\/a><a href=\"https:\/\/www.musique-cordiale.com\/my-account\/payment-methods\/\"><\/a><a href=\"https:\/\/www.musique-cordiale.com\/my-account\/edit-account-compte\/\"><\/a><a href=\"https:\/\/www.musique-cordiale.com\/my-account\/customer-logout\/?_wpnonce=dfe0aa8e9b\"><\/a><strong>Return of Musique Cordiale \u2013 Exciting Opening Concert, 8PM Thursday 3 August + 7PM welcome event<\/strong><br>&#8211;  au pied de CALLIAN, looking up at Callian &amp; Montauroux from this lovely recently-restored de-consecrated chapel in the valley beneath<\/p>\n\n\n\n<p class=\"has-text-align-left\"><strong>19h COLLATION d\u2019ACCUEIL<\/strong> (light aperitifs) <em>\u00e0 l\u2019occasion de l\u2019ouverture du Festival, offerte par l\u2019Office de Tourisme d\u2019Intercommunal du Pays de Fayence. <\/em><br><em>Join us to enjoy the atmosphere of this romantic place at the foot of Callian!<\/em><br><strong>20h CONCERT OUVERTURE<\/strong><\/p>\n\n\n\n<ul class=\"wp-block-list\">\n<li><strong>R\u00e9cital de chansons et de musique de chambre<\/strong><br><em>pr\u00e9sent\u00e9 par <\/em><br><em>Aidan Coburn, t\u00e9nor<\/em><br><em>Rebecca Taylor, piano<\/em><br><em>Ruth Harrison, flute<\/em><br><em>Sophie Haynes, violoncelle<\/em> <br><em><strong>Direction<\/strong>: Graham Ross<\/em><\/li>\n<\/ul>\n\n\n\n<ul class=\"wp-block-list\">\n<li><strong>Accents de Norv\u00e8ge et du Br\u00e9sil<\/strong> <br><em>Gabriela Garrubo, voix<\/em><br>P<em>eter Dybvig S\u00f8reide, guitar<\/em><\/li>\n<\/ul>\n\n\n\n<p class=\"has-text-align-left\">\u20ac20 Billets en vente sur place \u00e0 partir de 18h             <div class=\"tickera\">\n                                    <table class=\"event_tickets tickera\">\n                        <tr>\n                                                        <th>Ticket Type<\/th>\n                                        <th>Tickets left<\/th>\n                                    <th>Price<\/th>\n                                                                                                                <th>Cart<\/th>\n                        <\/tr>\n                                                            <tr>\n                                                                        <td data-column=\"Ticket Type\">Return of Musique Cordiale - Exciting Opening Concert, 8PM Thursday 3 August + 7PM welcome event<\/td>\n                                                <td>92<\/td>\n                                            <td data-column=\"Price\"><span class=\"woocommerce-Price-amount amount\" aria-hidden=\"true\"><bdi>0.00&nbsp;<span class=\"woocommerce-Price-currencySymbol\">&euro;<\/span><\/bdi><\/span> <span aria-hidden=\"true\">\u00a0\u2013\u00a0<\/span> <span class=\"woocommerce-Price-amount amount\" aria-hidden=\"true\"><bdi>20.00&nbsp;<span class=\"woocommerce-Price-currencySymbol\">&euro;<\/span><\/bdi><\/span><span class=\"screen-reader-text\">Plage de prix\u00a0: 0.00&nbsp;&euro; \u00e0 20.00&nbsp;&euro;<\/span><\/td>\n                                                                                                            <td data-column=\"Cart\">\n                                        <p class=\"product woocommerce add_to_cart_inline tc-wb-add-to-cart\" style=\"\"><a href=\"https:\/\/www.musique-cordiale.com\/programme-tickets\/return-of-musique-cordiale-opening-concert\/\" aria-describedby=\"woocommerce_loop_add_to_cart_link_describedby_39090\" data-quantity=\"1\" class=\"button product_type_variable\" data-product_id=\"39090\" data-product_sku=\"\" aria-label=\"S\u00e9lectionner les options pour &ldquo;Return of Musique Cordiale - Exciting Opening Concert, 8PM Thursday 3 August + 7PM welcome event&rdquo;\" rel=\"nofollow\">Lire la suite<\/a>\t<span id=\"woocommerce_loop_add_to_cart_link_describedby_39090\" class=\"screen-reader-text\">\n\t\t\t<\/span>\n<\/p>                                    <\/td>\n                                    <\/tr>                                    <tr>\n                                                                        <td data-column=\"Ticket Type\">CONCERT d'OUVERTURE passionnant! Retour de Musique Cordiale \u2013 \u201cJeudi \u00e0 Callian\u201d: 19h collation d'acceuil - puis  20h Concert d'Ouverture<\/td>\n                                                <td>92<\/td>\n                                            <td data-column=\"Price\"><span class=\"woocommerce-Price-amount amount\" aria-hidden=\"true\"><bdi>0.00&nbsp;<span class=\"woocommerce-Price-currencySymbol\">&euro;<\/span><\/bdi><\/span> <span aria-hidden=\"true\">\u00a0\u2013\u00a0<\/span> <span class=\"woocommerce-Price-amount amount\" aria-hidden=\"true\"><bdi>20.00&nbsp;<span class=\"woocommerce-Price-currencySymbol\">&euro;<\/span><\/bdi><\/span><span class=\"screen-reader-text\">Plage de prix\u00a0: 0.00&nbsp;&euro; \u00e0 20.00&nbsp;&euro;<\/span><\/td>\n                                                                                                            <td data-column=\"Cart\">\n                                        <p class=\"product woocommerce add_to_cart_inline tc-wb-add-to-cart\" style=\"\"><a href=\"https:\/\/www.musique-cordiale.com\/fr\/boutique-billetterie\/return-of-musique-cordiale-opening-concert\/\" aria-describedby=\"woocommerce_loop_add_to_cart_link_describedby_39343\" data-quantity=\"1\" class=\"button product_type_variable\" data-product_id=\"39343\" data-product_sku=\"\" aria-label=\"S\u00e9lectionner les options pour &ldquo;CONCERT d&#039;OUVERTURE passionnant! Retour de Musique Cordiale \u2013 \u201cJeudi \u00e0 Callian\u201d: 19h collation d&#039;acceuil - puis  20h Concert d&#039;Ouverture&rdquo;\" rel=\"nofollow\">Lire la suite<\/a>\t<span id=\"woocommerce_loop_add_to_cart_link_describedby_39343\" class=\"screen-reader-text\">\n\t\t\t<\/span>\n<\/p>                                    <\/td>\n                                    <\/tr>                    <\/table>\n                            <\/div><!-- tickera -->\n            <\/p>\n\n\n\n<p><strong>vendredi 4 ao\u00fbt<\/strong><br>\u00c9glise Saint-L\u00e9ger, SEILLANS: <strong>20h<\/strong><br><strong>CONCERT \u201cBonsoir Seillans\u201c<\/strong><\/p>\n\n\n\n<ul class=\"wp-block-list\">\n<li>Graham ROSS Fanfare pour Musique-Cordiale<\/li>\n\n\n\n<li>HAYDN Symphonie n\u00b0 6, \u201cLe Matin\u201d<\/li>\n\n\n\n<li>BRITTEN S\u00e9r\u00e9nade pour t\u00e9nor, cor et cordes<\/li>\n\n\n\n<li><em>Aidan Coburn, tenor, Peter Ryan, cor<\/em><\/li>\n\n\n\n<li>MOZART Symphonie n\u00b0 29<\/li>\n<\/ul>\n\n\n\n<p><em><strong>Direction<\/strong>: Graham Ross<\/em><br><strong>\u20ac25 \/35\u20ac<\/strong>             <div class=\"tickera\">\n                                    <table class=\"event_tickets tickera\">\n                        <tr>\n                                                        <th>Ticket Type<\/th>\n                                        <th>Tickets left<\/th>\n                                    <th>Price<\/th>\n                                                                                                                <th>Cart<\/th>\n                        <\/tr>\n                                                            <tr>\n                                                                        <td data-column=\"Ticket Type\">Orchestral CONCERT: Haydn, Britten & Mozart -  \"Bonsoir Seillans!\" 4 August 2023, 20h<\/td>\n                                                <td><\/td>\n                                            <td data-column=\"Price\"><span class=\"woocommerce-Price-amount amount\" aria-hidden=\"true\"><bdi>0.00&nbsp;<span class=\"woocommerce-Price-currencySymbol\">&euro;<\/span><\/bdi><\/span> <span aria-hidden=\"true\">\u00a0\u2013\u00a0<\/span> <span class=\"woocommerce-Price-amount amount\" aria-hidden=\"true\"><bdi>35.00&nbsp;<span class=\"woocommerce-Price-currencySymbol\">&euro;<\/span><\/bdi><\/span><span class=\"screen-reader-text\">Plage de prix\u00a0: 0.00&nbsp;&euro; \u00e0 35.00&nbsp;&euro;<\/span><\/td>\n                                                                                                            <td data-column=\"Cart\">\n                                        <p class=\"product woocommerce add_to_cart_inline tc-wb-add-to-cart\" style=\"\"><a href=\"https:\/\/www.musique-cordiale.com\/programme-tickets\/4-august-2023-concert-good-evening-seillans\/\" aria-describedby=\"woocommerce_loop_add_to_cart_link_describedby_39122\" data-quantity=\"1\" class=\"button product_type_variable\" data-product_id=\"39122\" data-product_sku=\"\" aria-label=\"S\u00e9lectionner les options pour &ldquo;Orchestral CONCERT: Haydn, Britten &amp; Mozart -  &quot;Bonsoir Seillans!&quot; 4 August 2023, 20h&rdquo;\" rel=\"nofollow\">Lire la suite<\/a>\t<span id=\"woocommerce_loop_add_to_cart_link_describedby_39122\" class=\"screen-reader-text\">\n\t\t\t<\/span>\n<\/p>                                    <\/td>\n                                    <\/tr>                                    <tr>\n                                                                        <td data-column=\"Ticket Type\">CONCERT ORCHESTRE \"Bonsoir Seillans!\" Haydn, Britten & Mozart, vendredi 4 ao\u00fbt 2023: 20h<\/td>\n                                                <td><\/td>\n                                            <td data-column=\"Price\"><span class=\"woocommerce-Price-amount amount\" aria-hidden=\"true\"><bdi>0.00&nbsp;<span class=\"woocommerce-Price-currencySymbol\">&euro;<\/span><\/bdi><\/span> <span aria-hidden=\"true\">\u00a0\u2013\u00a0<\/span> <span class=\"woocommerce-Price-amount amount\" aria-hidden=\"true\"><bdi>35.00&nbsp;<span class=\"woocommerce-Price-currencySymbol\">&euro;<\/span><\/bdi><\/span><span class=\"screen-reader-text\">Plage de prix\u00a0: 0.00&nbsp;&euro; \u00e0 35.00&nbsp;&euro;<\/span><\/td>\n                                                                                                            <td data-column=\"Cart\">\n                                        <p class=\"product woocommerce add_to_cart_inline tc-wb-add-to-cart\" style=\"\"><a href=\"https:\/\/www.musique-cordiale.com\/fr\/boutique-billetterie\/4-august-2023-concert-good-evening-seillans\/\" aria-describedby=\"woocommerce_loop_add_to_cart_link_describedby_39375\" data-quantity=\"1\" class=\"button product_type_variable\" data-product_id=\"39375\" data-product_sku=\"\" aria-label=\"S\u00e9lectionner les options pour &ldquo;CONCERT ORCHESTRE &quot;Bonsoir Seillans!&quot; Haydn, Britten &amp; Mozart, vendredi 4 ao\u00fbt 2023: 20h&rdquo;\" rel=\"nofollow\">Lire la suite<\/a>\t<span id=\"woocommerce_loop_add_to_cart_link_describedby_39375\" class=\"screen-reader-text\">\n\t\t\t<\/span>\n<\/p>                                    <\/td>\n                                    <\/tr>                    <\/table>\n                            <\/div><!-- tickera -->\n            <\/p>\n\n\n\n<p><strong><br>samedi 5 ao\u00fbt<\/strong><br>\u00c9glise Saint-Antonin, BAGNOLS-en-FOR\u00caT: <strong>20h<\/strong><br><strong>MUSIQUE DE CHAMBRE POUR LES VENTS ET LES CORDES<\/strong><\/p>\n\n\n\n<ul class=\"wp-block-list\">\n<li>HOFFMAN S\u00e9r\u00e9nade pour fl\u00fbte et cordes<\/li>\n\n\n\n<li>POULENC Sonate pour fl\u00fbte et piano <br><em>Ruth Harrison, fl\u00fbte<\/em><br><em>Rebecca Taylor, piano<\/em><\/li>\n\n\n\n<li>BEETHOVEN Septuor pour vents et cordes<\/li>\n<\/ul>\n\n\n\n<p><strong>\u20ac20<\/strong>             <div class=\"tickera\">\n                                    <table class=\"event_tickets tickera\">\n                        <tr>\n                                                        <th>Ticket Type<\/th>\n                                        <th>Tickets left<\/th>\n                                    <th>Price<\/th>\n                                                                                                                <th>Cart<\/th>\n                        <\/tr>\n                                                            <tr>\n                                                                        <td data-column=\"Ticket Type\">TICKET - Saturday 5 August 2023: E\u0301glise Saint-Antonin, BAGNOLS-en-FOR\u00caT: 9PM  MUSIQUE DE CHAMBRE POUR LES VENTS ET LES CORDES<\/td>\n                                                <td><\/td>\n                                            <td data-column=\"Price\"><\/td>\n                                                                                                            <td data-column=\"Cart\">\n                                        <p class=\"product woocommerce add_to_cart_inline tc-wb-add-to-cart\" style=\"\"><a href=\"https:\/\/www.musique-cordiale.com\/programme-tickets\/ticket-saturday-5-august-2023-eglise-saint-antonin-bagnols-en-foret-9pm-musique-de-chambre-pour-les-vents-et-les-cordes\/\" aria-describedby=\"woocommerce_loop_add_to_cart_link_describedby_39229\" data-quantity=\"1\" class=\"button product_type_variable\" data-product_id=\"39229\" data-product_sku=\"\" aria-label=\"S\u00e9lectionner les options pour &ldquo;TICKET - Saturday 5 August 2023: E\u0301glise Saint-Antonin, BAGNOLS-en-FOR\u00caT: 9PM  MUSIQUE DE CHAMBRE POUR LES VENTS ET LES CORDES&rdquo;\" rel=\"nofollow\">Lire la suite<\/a>\t<span id=\"woocommerce_loop_add_to_cart_link_describedby_39229\" class=\"screen-reader-text\">\n\t\t\t<\/span>\n<\/p>                                    <\/td>\n                                    <\/tr>                                    <tr>\n                                                                        <td data-column=\"Ticket Type\">CONCERT in BAGNOLS-en-FOR\u00caT: a delightful evening of chamber music for winds and Strings!  20h15<\/td>\n                                                <td><\/td>\n                                            <td data-column=\"Price\"><span class=\"woocommerce-Price-amount amount\" aria-hidden=\"true\"><bdi>0.00&nbsp;<span class=\"woocommerce-Price-currencySymbol\">&euro;<\/span><\/bdi><\/span> <span aria-hidden=\"true\">\u00a0\u2013\u00a0<\/span> <span class=\"woocommerce-Price-amount amount\" aria-hidden=\"true\"><bdi>20.00&nbsp;<span class=\"woocommerce-Price-currencySymbol\">&euro;<\/span><\/bdi><\/span><span class=\"screen-reader-text\">Plage de prix\u00a0: 0.00&nbsp;&euro; \u00e0 20.00&nbsp;&euro;<\/span><\/td>\n                                                                                                            <td data-column=\"Cart\">\n                                        <p class=\"product woocommerce add_to_cart_inline tc-wb-add-to-cart\" style=\"\"><a href=\"https:\/\/www.musique-cordiale.com\/programme-tickets\/5-august-2023-musique-de-chambre-pour-les-vents-et-les-cordes\/\" aria-describedby=\"woocommerce_loop_add_to_cart_link_describedby_39240\" data-quantity=\"1\" class=\"button product_type_variable\" data-product_id=\"39240\" data-product_sku=\"\" aria-label=\"S\u00e9lectionner les options pour &ldquo;CONCERT in BAGNOLS-en-FOR\u00caT: a delightful evening of chamber music for winds and Strings!  20h15&rdquo;\" rel=\"nofollow\">Lire la suite<\/a>\t<span id=\"woocommerce_loop_add_to_cart_link_describedby_39240\" class=\"screen-reader-text\">\n\t\t\t<\/span>\n<\/p>                                    <\/td>\n                                    <\/tr>                                    <tr>\n                                                                        <td data-column=\"Ticket Type\">Une soir\u00e9e de musique de chambre d\u00e9licieuse pour les Vents et les Cordes,  20h15<\/td>\n                                                <td><\/td>\n                                            <td data-column=\"Price\"><span class=\"woocommerce-Price-amount amount\" aria-hidden=\"true\"><bdi>0.00&nbsp;<span class=\"woocommerce-Price-currencySymbol\">&euro;<\/span><\/bdi><\/span> <span aria-hidden=\"true\">\u00a0\u2013\u00a0<\/span> <span class=\"woocommerce-Price-amount amount\" aria-hidden=\"true\"><bdi>20.00&nbsp;<span class=\"woocommerce-Price-currencySymbol\">&euro;<\/span><\/bdi><\/span><span class=\"screen-reader-text\">Plage de prix\u00a0: 0.00&nbsp;&euro; \u00e0 20.00&nbsp;&euro;<\/span><\/td>\n                                                                                                            <td data-column=\"Cart\">\n                                        <p class=\"product woocommerce add_to_cart_inline tc-wb-add-to-cart\" style=\"\"><a href=\"https:\/\/www.musique-cordiale.com\/fr\/boutique-billetterie\/5-august-2023-musique-de-chambre-pour-les-vents-et-les-cordes\/\" aria-describedby=\"woocommerce_loop_add_to_cart_link_describedby_39351\" data-quantity=\"1\" class=\"button product_type_variable\" data-product_id=\"39351\" data-product_sku=\"\" aria-label=\"S\u00e9lectionner les options pour &ldquo;Une soir\u00e9e de musique de chambre d\u00e9licieuse pour les Vents et les Cordes,  20h15&rdquo;\" rel=\"nofollow\">Lire la suite<\/a>\t<span id=\"woocommerce_loop_add_to_cart_link_describedby_39351\" class=\"screen-reader-text\">\n\t\t\t<\/span>\n<\/p>                                    <\/td>\n                                    <\/tr>                    <\/table>\n                            <\/div><!-- tickera -->\n            <\/p>\n\n\n\n<p><br><strong>dimanche 6 ao\u00fbt<\/strong><br>\u00c9glise Saint-L\u00e9ger, SEILLANS: <strong>20h<\/strong><br><strong>CONCERT D&rsquo;ORCHESTRE: MOZART &amp; MAHLER<\/strong><\/p>\n\n\n\n<ul class=\"wp-block-list\">\n<li>MOZART Concerto pour hautbois en Do Majeur <br><em>David Hedley, hautbois<\/em><\/li>\n\n\n\n<li>SIBELIUS Valse Triste <\/li>\n\n\n\n<li>MAHLER (arr. K. SIMON) Symphony No. 4<br><em>Lucy Farrimond, soprano<\/em><\/li>\n<\/ul>\n\n\n\n<p><em><strong>Direction<\/strong>: Graham Ross<\/em><br><strong>\u20ac25\/\u20ac35<\/strong>             <div class=\"tickera\">\n                                    <table class=\"event_tickets tickera\">\n                        <tr>\n                                                        <th>Ticket Type<\/th>\n                                        <th>Tickets left<\/th>\n                                    <th>Price<\/th>\n                                                                                                                <th>Cart<\/th>\n                        <\/tr>\n                                                            <tr>\n                                                                        <td data-column=\"Ticket Type\">Orchestral Concert in Seillans: Mozart & Mahler symphonies with an interlude from Sibelius, 20h<\/td>\n                                                <td><\/td>\n                                            <td data-column=\"Price\"><span class=\"woocommerce-Price-amount amount\" aria-hidden=\"true\"><bdi>0.00&nbsp;<span class=\"woocommerce-Price-currencySymbol\">&euro;<\/span><\/bdi><\/span> <span aria-hidden=\"true\">\u00a0\u2013\u00a0<\/span> <span class=\"woocommerce-Price-amount amount\" aria-hidden=\"true\"><bdi>35.00&nbsp;<span class=\"woocommerce-Price-currencySymbol\">&euro;<\/span><\/bdi><\/span><span class=\"screen-reader-text\">Plage de prix\u00a0: 0.00&nbsp;&euro; \u00e0 35.00&nbsp;&euro;<\/span><\/td>\n                                                                                                            <td data-column=\"Cart\">\n                                        <p class=\"product woocommerce add_to_cart_inline tc-wb-add-to-cart\" style=\"\"><a href=\"https:\/\/www.musique-cordiale.com\/programme-tickets\/6-august-2023-orchestral-concert\/\" aria-describedby=\"woocommerce_loop_add_to_cart_link_describedby_39144\" data-quantity=\"1\" class=\"button product_type_variable\" data-product_id=\"39144\" data-product_sku=\"\" aria-label=\"S\u00e9lectionner les options pour &ldquo;Orchestral Concert in Seillans: Mozart &amp; Mahler symphonies with an interlude from Sibelius, 20h&rdquo;\" rel=\"nofollow\">Lire la suite<\/a>\t<span id=\"woocommerce_loop_add_to_cart_link_describedby_39144\" class=\"screen-reader-text\">\n\t\t\t<\/span>\n<\/p>                                    <\/td>\n                                    <\/tr>                                    <tr>\n                                                                        <td data-column=\"Ticket Type\">Concert d'orchestre : Symphonies de Mozart & Mahler, 20h<\/td>\n                                                <td><\/td>\n                                            <td data-column=\"Price\"><span class=\"woocommerce-Price-amount amount\" aria-hidden=\"true\"><bdi>0.00&nbsp;<span class=\"woocommerce-Price-currencySymbol\">&euro;<\/span><\/bdi><\/span> <span aria-hidden=\"true\">\u00a0\u2013\u00a0<\/span> <span class=\"woocommerce-Price-amount amount\" aria-hidden=\"true\"><bdi>35.00&nbsp;<span class=\"woocommerce-Price-currencySymbol\">&euro;<\/span><\/bdi><\/span><span class=\"screen-reader-text\">Plage de prix\u00a0: 0.00&nbsp;&euro; \u00e0 35.00&nbsp;&euro;<\/span><\/td>\n                                                                                                            <td data-column=\"Cart\">\n                                        <p class=\"product woocommerce add_to_cart_inline tc-wb-add-to-cart\" style=\"\"><a href=\"https:\/\/www.musique-cordiale.com\/fr\/boutique-billetterie\/6-august-2023-orchestral-concert\/\" aria-describedby=\"woocommerce_loop_add_to_cart_link_describedby_39362\" data-quantity=\"1\" class=\"button product_type_variable\" data-product_id=\"39362\" data-product_sku=\"\" aria-label=\"S\u00e9lectionner les options pour &ldquo;Concert d&#039;orchestre : Symphonies de Mozart &amp; Mahler, 20h&rdquo;\" rel=\"nofollow\">Lire la suite<\/a>\t<span id=\"woocommerce_loop_add_to_cart_link_describedby_39362\" class=\"screen-reader-text\">\n\t\t\t<\/span>\n<\/p>                                    <\/td>\n                                    <\/tr>                    <\/table>\n                            <\/div><!-- tickera -->\n            <strong><br><\/strong><\/p>\n\n\n\n<p><strong>lundi 7 ao\u00fbt<\/strong><br>PLACE DU VALAT, SEILLANS: <strong>21h<\/strong><br><strong>\u201cSailing by&#8230;\u201d Folk, Jazz et la vie Baroque<\/strong><br><strong><em>Une s\u00e9lection de d\u00e9lices musicaux dans un cadre de concert anim\u00e9 et informel,<\/em> <em>y compris des performances classiques, folk et jazz, y compris de musiciens du festival: europ\u00e9en, anglais, norv\u00e9gien et br\u00e9silien.<\/em> <\/strong><\/p>\n\n\n\n<div class=\"wp-block-columns is-layout-flex wp-container-core-columns-is-layout-9d6595d7 wp-block-columns-is-layout-flex\">\n<div class=\"wp-block-column is-layout-flow wp-block-column-is-layout-flow\" style=\"flex-basis:50%\">\n<ul class=\"wp-block-list\">\n<li>Dans la premi\u00e8re partie du concert, certains de nos solistes classiques interpr\u00e8tent un m\u00e9lange de diff\u00e9rents types de musique &#8211; y compris le jazz, le folk et la musique du monde. Parmi ceux-ci, un quatuor \u00e0 cordes dirig\u00e9 par <em>Emma Purslow, violon<\/em>, interpr\u00e9tera &lsquo;Viaggio in Italia&rsquo; de Giovanni Sollima et d&rsquo;autres \u0153uvres. (Giovanni Sollima (n\u00e9 le 24 octobre 1962 en Sicile) est un compositeur italien).<\/li>\n\n\n\n<li>PLUS Torelli (1658 &#8211; 1709 de l&rsquo;\u00e8re baroque moyenne): Concerto pour trompette avec <em>Kayleigh Neff, trompette<\/em>.  <em>suivi apr\u00e8s l&rsquo;intervalle par :<\/em><\/li>\n<\/ul>\n<\/div>\n\n\n\n<div class=\"wp-block-column is-layout-flow wp-block-column-is-layout-flow\" style=\"flex-basis:50%\">\n<ul class=\"wp-block-list\">\n<li><strong>Jazz fusion d&rsquo;ambiance scandinave\/br\u00e9silienne par Gabriela Garrubo, voix et guitare Peter S\u00f8reide<\/strong><br><em>Gabriela Garrubo<\/em> est une chanteuse de jazz norv\u00e9gienne-br\u00e9silienne qui a \u00e9tudi\u00e9 \u00e0 l&rsquo;Acad\u00e9mie Grieg de Bergen. En mai 2023, elle a sorti son premier album \u00ab\u00a0Rodando\u00a0\u00bb. Avec le <em>guitariste de jazz Peter Dybvig S\u00f8reide<\/em>, elle interpr\u00e9tera la musique de son album et vous d\u00e9couvrirez un \u00e9quilibre entre les sons modernes et r\u00e9tro, m\u00ealant le jazz scandinave aux influences de la musique br\u00e9silienne des ann\u00e9es 60 et 80. Les paroles, chant\u00e9es en anglais et en portugais, explorent les th\u00e8mes de la d\u00e9couverte de soi et de la force dans un monde beau, mais chaotique et souvent injuste. Le duo interpr\u00e9tera \u00e9galement de la musique br\u00e9silienne classique de compositeurs tels que Tom Jobim et Joao Gilberto.<\/li>\n<\/ul>\n<\/div>\n<\/div>\n\n\n\n<p>\u20ac20             <div class=\"tickera\">\n                                    <table class=\"event_tickets tickera\">\n                        <tr>\n                                                        <th>Ticket Type<\/th>\n                                        <th>Tickets left<\/th>\n                                    <th>Price<\/th>\n                                                                                                                <th>Cart<\/th>\n                        <\/tr>\n                                                            <tr>\n                                                                        <td data-column=\"Ticket Type\">Open-Air CONCERT in Seillans - \u201cSailing by...\u201d Folk, Jazz et la vie Baroque: crossing musical cultures, 21h<\/td>\n                                                <td>137<\/td>\n                                            <td data-column=\"Price\"><span class=\"woocommerce-Price-amount amount\" aria-hidden=\"true\"><bdi>0.00&nbsp;<span class=\"woocommerce-Price-currencySymbol\">&euro;<\/span><\/bdi><\/span> <span aria-hidden=\"true\">\u00a0\u2013\u00a0<\/span> <span class=\"woocommerce-Price-amount amount\" aria-hidden=\"true\"><bdi>20.00&nbsp;<span class=\"woocommerce-Price-currencySymbol\">&euro;<\/span><\/bdi><\/span><span class=\"screen-reader-text\">Plage de prix\u00a0: 0.00&nbsp;&euro; \u00e0 20.00&nbsp;&euro;<\/span><\/td>\n                                                                                                            <td data-column=\"Cart\">\n                                        <p class=\"product woocommerce add_to_cart_inline tc-wb-add-to-cart\" style=\"\"><a href=\"https:\/\/www.musique-cordiale.com\/programme-tickets\/7-august-2023-sailing-by-folk-jazz-et-la-vie-brandebourgeois\/\" aria-describedby=\"woocommerce_loop_add_to_cart_link_describedby_39256\" data-quantity=\"1\" class=\"button product_type_variable\" data-product_id=\"39256\" data-product_sku=\"\" aria-label=\"S\u00e9lectionner les options pour &ldquo;Open-Air CONCERT in Seillans - \u201cSailing by...\u201d Folk, Jazz et la vie Baroque: crossing musical cultures, 21h&rdquo;\" rel=\"nofollow\">Lire la suite<\/a>\t<span id=\"woocommerce_loop_add_to_cart_link_describedby_39256\" class=\"screen-reader-text\">\n\t\t\t<\/span>\n<\/p>                                    <\/td>\n                                    <\/tr>                                    <tr>\n                                                                        <td data-column=\"Ticket Type\">Concert en plein air : Traverser les cultures musicales - \u201cSailing by...\u201d Folk, Jazz et la vie Baroque,  21h<\/td>\n                                                <td>137<\/td>\n                                            <td data-column=\"Price\"><span class=\"woocommerce-Price-amount amount\" aria-hidden=\"true\"><bdi>0.00&nbsp;<span class=\"woocommerce-Price-currencySymbol\">&euro;<\/span><\/bdi><\/span> <span aria-hidden=\"true\">\u00a0\u2013\u00a0<\/span> <span class=\"woocommerce-Price-amount amount\" aria-hidden=\"true\"><bdi>20.00&nbsp;<span class=\"woocommerce-Price-currencySymbol\">&euro;<\/span><\/bdi><\/span><span class=\"screen-reader-text\">Plage de prix\u00a0: 0.00&nbsp;&euro; \u00e0 20.00&nbsp;&euro;<\/span><\/td>\n                                                                                                            <td data-column=\"Cart\">\n                                        <p class=\"product woocommerce add_to_cart_inline tc-wb-add-to-cart\" style=\"\"><a href=\"https:\/\/www.musique-cordiale.com\/fr\/boutique-billetterie\/7-august-2023-sailing-by-folk-jazz-et-la-vie-brandebourgeois\/\" aria-describedby=\"woocommerce_loop_add_to_cart_link_describedby_39386\" data-quantity=\"1\" class=\"button product_type_variable\" data-product_id=\"39386\" data-product_sku=\"\" aria-label=\"S\u00e9lectionner les options pour &ldquo;Concert en plein air : Traverser les cultures musicales - \u201cSailing by...\u201d Folk, Jazz et la vie Baroque,  21h&rdquo;\" rel=\"nofollow\">Lire la suite<\/a>\t<span id=\"woocommerce_loop_add_to_cart_link_describedby_39386\" class=\"screen-reader-text\">\n\t\t\t<\/span>\n<\/p>                                    <\/td>\n                                    <\/tr>                    <\/table>\n                            <\/div><!-- tickera -->\n            <br><strong><br>mardi 8 ao\u00fbt<\/strong><br>Th\u00e9\u00e2tre de Verdure, FAYENCE:<strong> 21h<\/strong><br><strong>VIVALDI &amp; PIAZZOLLA: QUATRE SAISONS,<\/strong> <strong>une soir\u00e9e de contrastes au coucher du soleil<\/strong><br>Les c\u00e9l\u00e8bres Quatre Saisons de d&rsquo;Antonio Vivaldi, <em>interpr\u00e9t\u00e9es par Oliver Cave<\/em>&#8230;. Et la remarquable version alternative de d&rsquo;Astor Piazzola, le roi argentin du tango, <em>interpr\u00e9t\u00e9e par Emma Purslow<\/em>. une soir\u00e9e de musique virtuose pour cordes explorant le printemps, l&rsquo;\u00e9t\u00e9, l&rsquo;automne et l&rsquo;hiver \u00e0 travers les perspectives contrast\u00e9es Vivaldi et Piazzolla.<\/p>\n\n\n\n<ul class=\"wp-block-list\">\n<li>VIVALDI Sinfonia en Re Majeur<\/li>\n\n\n\n<li>PIAZZOLLA Les Quatre Saisons de Buenos Aires<br><em>Emma Purslow, violon<\/em><\/li>\n\n\n\n<li>VIVALDI Les Quatre Saisons<br><em>Oliver Cave, violon<\/em><\/li>\n<\/ul>\n\n\n\n<p>\u20ac20\/\u20ac30<br>            <div class=\"tickera\">\n                                    <table class=\"event_tickets tickera\">\n                        <tr>\n                                                        <th>Ticket Type<\/th>\n                                        <th>Tickets left<\/th>\n                                    <th>Price<\/th>\n                                                                                                                <th>Cart<\/th>\n                        <\/tr>\n                                                            <tr>\n                                                                        <td data-column=\"Ticket Type\">Concert in the amphitheatre - VIVALDI & PIAZZOLLA - FOUR SEASONS, an evening of contrasts as the sun sets over the nearby hills, 21h<\/td>\n                                                <td>230<\/td>\n                                            <td data-column=\"Price\"><span class=\"woocommerce-Price-amount amount\" aria-hidden=\"true\"><bdi>0.00&nbsp;<span class=\"woocommerce-Price-currencySymbol\">&euro;<\/span><\/bdi><\/span> <span aria-hidden=\"true\">\u00a0\u2013\u00a0<\/span> <span class=\"woocommerce-Price-amount amount\" aria-hidden=\"true\"><bdi>30.00&nbsp;<span class=\"woocommerce-Price-currencySymbol\">&euro;<\/span><\/bdi><\/span><span class=\"screen-reader-text\">Plage de prix\u00a0: 0.00&nbsp;&euro; \u00e0 30.00&nbsp;&euro;<\/span><\/td>\n                                                                                                            <td data-column=\"Cart\">\n                                        <p class=\"product woocommerce add_to_cart_inline tc-wb-add-to-cart\" style=\"\"><a href=\"https:\/\/www.musique-cordiale.com\/programme-tickets\/8-august-2023-vivaldi-piazzolla-quatre-saisons-une-soiree-de-contrastes-au-coucher-du-soleil\/\" aria-describedby=\"woocommerce_loop_add_to_cart_link_describedby_39216\" data-quantity=\"1\" class=\"button product_type_variable\" data-product_id=\"39216\" data-product_sku=\"\" aria-label=\"S\u00e9lectionner les options pour &ldquo;Concert in the amphitheatre - VIVALDI &amp; PIAZZOLLA - FOUR SEASONS, an evening of contrasts as the sun sets over the nearby hills, 21h&rdquo;\" rel=\"nofollow\">Lire la suite<\/a>\t<span id=\"woocommerce_loop_add_to_cart_link_describedby_39216\" class=\"screen-reader-text\">\n\t\t\t<\/span>\n<\/p>                                    <\/td>\n                                    <\/tr>                                    <tr>\n                                                                        <td data-column=\"Ticket Type\">VIVALDI & PIAZZOLLA - QUATRE SAISONS, une soir\u00e9e de contrastes au coucher du soleil sur l'amphith\u00e9\u00e2tre et les collines voisines, 2023<\/td>\n                                                <td>230<\/td>\n                                            <td data-column=\"Price\"><span class=\"woocommerce-Price-amount amount\" aria-hidden=\"true\"><bdi>0.00&nbsp;<span class=\"woocommerce-Price-currencySymbol\">&euro;<\/span><\/bdi><\/span> <span aria-hidden=\"true\">\u00a0\u2013\u00a0<\/span> <span class=\"woocommerce-Price-amount amount\" aria-hidden=\"true\"><bdi>30.00&nbsp;<span class=\"woocommerce-Price-currencySymbol\">&euro;<\/span><\/bdi><\/span><span class=\"screen-reader-text\">Plage de prix\u00a0: 0.00&nbsp;&euro; \u00e0 30.00&nbsp;&euro;<\/span><\/td>\n                                                                                                            <td data-column=\"Cart\">\n                                        <p class=\"product woocommerce add_to_cart_inline tc-wb-add-to-cart\" style=\"\"><a href=\"https:\/\/www.musique-cordiale.com\/fr\/boutique-billetterie\/8-august-2023-vivaldi-piazzolla-quatre-saisons-une-soiree-de-contrastes-au-coucher-du-soleil\/\" aria-describedby=\"woocommerce_loop_add_to_cart_link_describedby_39398\" data-quantity=\"1\" class=\"button product_type_variable\" data-product_id=\"39398\" data-product_sku=\"\" aria-label=\"S\u00e9lectionner les options pour &ldquo;VIVALDI &amp; PIAZZOLLA - QUATRE SAISONS, une soir\u00e9e de contrastes au coucher du soleil sur l&#039;amphith\u00e9\u00e2tre et les collines voisines, 2023&rdquo;\" rel=\"nofollow\">Lire la suite<\/a>\t<span id=\"woocommerce_loop_add_to_cart_link_describedby_39398\" class=\"screen-reader-text\">\n\t\t\t<\/span>\n<\/p>                                    <\/td>\n                                    <\/tr>                    <\/table>\n                            <\/div><!-- tickera -->\n            <br><strong><br>mercredi 9 ao\u00fbt<\/strong><br>Domaine Val-d\u2019Iris, SEILLANS: <strong>21h<\/strong>  <\/p>\n\n\n<div class=\"wp-block-image\">\n<figure class=\"alignleft size-full\"><img data-recalc-dims=\"1\" loading=\"lazy\" decoding=\"async\" width=\"209\" height=\"170\" data-attachment-id=\"41865\" data-permalink=\"https:\/\/www.musique-cordiale.com\/fr\/concerts-2023\/image\/\" data-orig-file=\"https:\/\/i0.wp.com\/www.musique-cordiale.com\/wp-content\/uploads\/2023\/07\/image.png?fit=209%2C170&amp;ssl=1\" data-orig-size=\"209,170\" data-comments-opened=\"0\" data-image-meta=\"{&quot;aperture&quot;:&quot;0&quot;,&quot;credit&quot;:&quot;&quot;,&quot;camera&quot;:&quot;&quot;,&quot;caption&quot;:&quot;&quot;,&quot;created_timestamp&quot;:&quot;0&quot;,&quot;copyright&quot;:&quot;&quot;,&quot;focal_length&quot;:&quot;0&quot;,&quot;iso&quot;:&quot;0&quot;,&quot;shutter_speed&quot;:&quot;0&quot;,&quot;title&quot;:&quot;&quot;,&quot;orientation&quot;:&quot;0&quot;}\" data-image-title=\"image\" data-image-description=\"\" data-image-caption=\"\" data-large-file=\"https:\/\/i0.wp.com\/www.musique-cordiale.com\/wp-content\/uploads\/2023\/07\/image.png?fit=209%2C170&amp;ssl=1\" src=\"https:\/\/i0.wp.com\/www.musique-cordiale.com\/wp-content\/uploads\/2023\/07\/image.png?resize=209%2C170&#038;ssl=1\" alt=\"\" class=\"wp-image-41865\"\/><\/figure><\/div>\n\n\n<p><br><strong>SOIR\u00c9E OP\u00c9RA<br>MUSIQUE &amp; VIN AU DOMAINE VITICOLE<\/strong><br><em>Aidan Coburn, tenor, Lucy Farrimond, soprano, Charlotte King, mezzo, James Hall, contra-t\u00e9nor<\/em><br><em> &amp; Sam Pantcheff&nbsp;, bariton interpr\u00e8tent des airs semi-sc\u00e9niques d&rsquo;op\u00e9ras tr\u00e8s appr\u00e9ci\u00e9s dans le cadre ext\u00e9rieur pittoresque du Domaine Viticole Val D&rsquo;Iris,<\/em><br><em>accompagn\u00e9s de la pianiste<\/em> <em>Rebecca Taylor<\/em><br>\u20ac40 uniquement (y compris vin) sur r\u00e9servation             <div class=\"tickera\">\n                                    <table class=\"event_tickets tickera\">\n                        <tr>\n                                                        <th>Ticket Type<\/th>\n                                        <th>Tickets left<\/th>\n                                    <th>Price<\/th>\n                                                                                                                <th>Cart<\/th>\n                        <\/tr>\n                                                            <tr>\n                                                                        <td data-column=\"Ticket Type\">MUSIC & WINE at the vineyard: SOIR\u00c9E OP\u00c9RA MUSIQUE & VIN AU DOMAINE VITICOLE, 21h<\/td>\n                                                <td>63<\/td>\n                                            <td data-column=\"Price\"><span class=\"woocommerce-Price-amount amount\" aria-hidden=\"true\"><bdi>20.00&nbsp;<span class=\"woocommerce-Price-currencySymbol\">&euro;<\/span><\/bdi><\/span> <span aria-hidden=\"true\">\u00a0\u2013\u00a0<\/span> <span class=\"woocommerce-Price-amount amount\" aria-hidden=\"true\"><bdi>40.00&nbsp;<span class=\"woocommerce-Price-currencySymbol\">&euro;<\/span><\/bdi><\/span><span class=\"screen-reader-text\">Plage de prix\u00a0: 20.00&nbsp;&euro; \u00e0 40.00&nbsp;&euro;<\/span><\/td>\n                                                                                                            <td data-column=\"Cart\">\n                                        <p class=\"product woocommerce add_to_cart_inline tc-wb-add-to-cart\" style=\"\"><a href=\"https:\/\/www.musique-cordiale.com\/programme-tickets\/9-august-2023-soiree-opera-musique-vin-au-domaine-viticole\/\" aria-describedby=\"woocommerce_loop_add_to_cart_link_describedby_39199\" data-quantity=\"1\" class=\"button product_type_variable\" data-product_id=\"39199\" data-product_sku=\"\" aria-label=\"S\u00e9lectionner les options pour &ldquo;MUSIC &amp; WINE at the vineyard: SOIR\u00c9E OP\u00c9RA MUSIQUE &amp; VIN AU DOMAINE VITICOLE, 21h&rdquo;\" rel=\"nofollow\">Lire la suite<\/a>\t<span id=\"woocommerce_loop_add_to_cart_link_describedby_39199\" class=\"screen-reader-text\">\n\t\t\t<\/span>\n<\/p>                                    <\/td>\n                                    <\/tr>                                    <tr>\n                                                                        <td data-column=\"Ticket Type\">SOIR\u00c9E OP\u00c9RA MUSIQUE & VIN AU DOMAINE VITICOLE, Domaine Val-d\u2019Iris, 21h<\/td>\n                                                <td>63<\/td>\n                                            <td data-column=\"Price\"><span class=\"woocommerce-Price-amount amount\" aria-hidden=\"true\"><bdi>20.00&nbsp;<span class=\"woocommerce-Price-currencySymbol\">&euro;<\/span><\/bdi><\/span> <span aria-hidden=\"true\">\u00a0\u2013\u00a0<\/span> <span class=\"woocommerce-Price-amount amount\" aria-hidden=\"true\"><bdi>40.00&nbsp;<span class=\"woocommerce-Price-currencySymbol\">&euro;<\/span><\/bdi><\/span><span class=\"screen-reader-text\">Plage de prix\u00a0: 20.00&nbsp;&euro; \u00e0 40.00&nbsp;&euro;<\/span><\/td>\n                                                                                                            <td data-column=\"Cart\">\n                                        <p class=\"product woocommerce add_to_cart_inline tc-wb-add-to-cart\" style=\"\"><a href=\"https:\/\/www.musique-cordiale.com\/fr\/boutique-billetterie\/9-august-2023-soiree-opera-musique-vin-au-domaine-viticole\/\" aria-describedby=\"woocommerce_loop_add_to_cart_link_describedby_39412\" data-quantity=\"1\" class=\"button product_type_variable\" data-product_id=\"39412\" data-product_sku=\"\" aria-label=\"S\u00e9lectionner les options pour &ldquo;SOIR\u00c9E OP\u00c9RA MUSIQUE &amp; VIN AU DOMAINE VITICOLE, Domaine Val-d\u2019Iris, 21h&rdquo;\" rel=\"nofollow\">Lire la suite<\/a>\t<span id=\"woocommerce_loop_add_to_cart_link_describedby_39412\" class=\"screen-reader-text\">\n\t\t\t<\/span>\n<\/p>                                    <\/td>\n                                    <\/tr>                    <\/table>\n                            <\/div><!-- tickera -->\n            <br><br><strong>Jeudi 10 ao\u00fbt<\/strong><br>\u00c9glise Notre-Dame de L\u2019Assomption CALLIAN:<br><strong>20h \u2013 \u201cJeudi \u00e0 Callian\u201d<br>Oratorio  HYMNSE de HAENDEL &amp; MOZART<br>MOZART: MESSE DU COURONNEMENT<\/strong><br>(premi\u00e8re repr\u00e9sentation)<br><strong>Graham Ross dirige le Ch\u0153ur et l\u2019Orchestre du Festival <\/strong><em>dans une interpr\u00e9tation de la Messe du Couronnement de Mozart en clin d\u2019\u0153il au roi Charles III r\u00e9cemment couronn\u00e9 en Grande-Bretagne. Comprend \u00e9galement les hymnes du couronnement de Haendel et Ode pour l\u2019anniversaire de la reine Anne.<\/em> <br>Lucy Farrimond <em>soprano<\/em><br>Charlotte King <em>mezzo-soprano<br><\/em>Aidan Coburn <em>t\u00e9nor<\/em><br>Sam Pantcheff&nbsp;&nbsp;<em>baritone<\/em><\/p>\n\n\n\n<ul class=\"wp-block-list\">\n<li>HAENDEL Hymnes du couronnement<\/li>\n\n\n\n<li>HAENDEL Ode pour l\u2019anniversaire de la reine Anne<\/li>\n\n\n\n<li>MOZART Messe du couronnement<\/li>\n<\/ul>\n\n\n\n<p><strong>20\u20ac &#8211; 35\u20ac<\/strong>            <div class=\"tickera\">\n                                    <table class=\"event_tickets tickera\">\n                        <tr>\n                                                        <th>Ticket Type<\/th>\n                                        <th>Tickets left<\/th>\n                                    <th>Price<\/th>\n                                                                                                                <th>Cart<\/th>\n                        <\/tr>\n                                                            <tr>\n                                                                        <td data-column=\"Ticket Type\">CONCERT - Handel Anthems & Mozart Coronation Mass, with choir, orchestra & soloists, 20h<\/td>\n                                                <td><\/td>\n                                            <td data-column=\"Price\"><span class=\"woocommerce-Price-amount amount\" aria-hidden=\"true\"><bdi>0.00&nbsp;<span class=\"woocommerce-Price-currencySymbol\">&euro;<\/span><\/bdi><\/span> <span aria-hidden=\"true\">\u00a0\u2013\u00a0<\/span> <span class=\"woocommerce-Price-amount amount\" aria-hidden=\"true\"><bdi>35.00&nbsp;<span class=\"woocommerce-Price-currencySymbol\">&euro;<\/span><\/bdi><\/span><span class=\"screen-reader-text\">Plage de prix\u00a0: 0.00&nbsp;&euro; \u00e0 35.00&nbsp;&euro;<\/span><\/td>\n                                                                                                            <td data-column=\"Cart\">\n                                        <p class=\"product woocommerce add_to_cart_inline tc-wb-add-to-cart\" style=\"\"><a href=\"https:\/\/www.musique-cordiale.com\/programme-tickets\/10-august-2023-festival-concert-handel-mozart-oratorios-mozart-coronation-mass\/\" aria-describedby=\"woocommerce_loop_add_to_cart_link_describedby_39074\" data-quantity=\"1\" class=\"button product_type_variable\" data-product_id=\"39074\" data-product_sku=\"\" aria-label=\"S\u00e9lectionner les options pour &ldquo;CONCERT - Handel Anthems &amp; Mozart Coronation Mass, with choir, orchestra &amp; soloists, 20h&rdquo;\" rel=\"nofollow\">Lire la suite<\/a>\t<span id=\"woocommerce_loop_add_to_cart_link_describedby_39074\" class=\"screen-reader-text\">\n\t\t\t<\/span>\n<\/p>                                    <\/td>\n                                    <\/tr>                                    <tr>\n                                                                        <td data-column=\"Ticket Type\">CONCERT - premiere des hymns de Haendel et Mozart MESSE DU COURONNEMENT, avec choeur, orchestre et solistes, 20h<\/td>\n                                                <td><\/td>\n                                            <td data-column=\"Price\"><span class=\"woocommerce-Price-amount amount\" aria-hidden=\"true\"><bdi>0.00&nbsp;<span class=\"woocommerce-Price-currencySymbol\">&euro;<\/span><\/bdi><\/span> <span aria-hidden=\"true\">\u00a0\u2013\u00a0<\/span> <span class=\"woocommerce-Price-amount amount\" aria-hidden=\"true\"><bdi>35.00&nbsp;<span class=\"woocommerce-Price-currencySymbol\">&euro;<\/span><\/bdi><\/span><span class=\"screen-reader-text\">Plage de prix\u00a0: 0.00&nbsp;&euro; \u00e0 35.00&nbsp;&euro;<\/span><\/td>\n                                                                                                            <td data-column=\"Cart\">\n                                        <p class=\"product woocommerce add_to_cart_inline tc-wb-add-to-cart\" style=\"\"><a href=\"https:\/\/www.musique-cordiale.com\/fr\/boutique-billetterie\/10-august-2023-festival-concert-handel-mozart-oratorios-mozart-coronation-mass\/\" aria-describedby=\"woocommerce_loop_add_to_cart_link_describedby_39422\" data-quantity=\"1\" class=\"button product_type_variable\" data-product_id=\"39422\" data-product_sku=\"\" aria-label=\"S\u00e9lectionner les options pour &ldquo;CONCERT - premiere des hymns de Haendel et Mozart MESSE DU COURONNEMENT, avec choeur, orchestre et solistes, 20h&rdquo;\" rel=\"nofollow\">Lire la suite<\/a>\t<span id=\"woocommerce_loop_add_to_cart_link_describedby_39422\" class=\"screen-reader-text\">\n\t\t\t<\/span>\n<\/p>                                    <\/td>\n                                    <\/tr>                    <\/table>\n                            <\/div><!-- tickera -->\n            <br><br><strong>vendredi 11 ao\u00fbt<\/strong><br>\u00c9glise de Saint-Andr\u00e9, TOURRETTES: <strong>20h<br>FESTIVAL CHORAL \u00c0 TOURRETTES<\/strong><br>Concert choral a cappella,<strong> dirig\u00e9 par Graham Ross<\/strong> et accompagn\u00e9 par la pianiste Rebecca Taylor avec un<br>interm\u00e8de instrumental solo, comprenant un r\u00e9pertoire de Purcell, Elgar, Schubert, Walton, Harris Rutter et<br>Mozart. Un concert choral avec oeuvres <em>a cappella <\/em>et accompagn\u00e9s par piano. <em>Les V\u00eapres <\/em>de Mozart avec ch\u0153ur et solistes, finissent avec la sublime air <em>Laudate Dominum <\/em>pour soprano solo.<br>Lucy Farrimond <em>soprano<\/em><br>Charlotte King <em>mezzo-soprano<br><\/em>Aidan Coburn <em>t\u00e9nor<\/em><br>Sam Pantcheff&nbsp;&nbsp;<em>baritone<\/em><\/p>\n\n\n\n<ul class=\"wp-block-list\">\n<li>PURCELL I was glad<\/li>\n\n\n\n<li>ELGAR O hearken thou<\/li>\n\n\n\n<li>SCHUBERT Psalm 23<\/li>\n\n\n\n<li>WALTON Set me as a seal<\/li>\n\n\n\n<li>HARRIS Holy is the true light<\/li>\n\n\n\n<li>RUTTER This is the day<\/li>\n\n\n\n<li>MOZART Vesperae solennes de confessore<\/li>\n<\/ul>\n\n\n\n<p><strong>\u20ac20<\/strong>             <div class=\"tickera\">\n                                    <table class=\"event_tickets tickera\">\n                        <tr>\n                                                        <th>Ticket Type<\/th>\n                                        <th>Tickets left<\/th>\n                                    <th>Price<\/th>\n                                                                                                                <th>Cart<\/th>\n                        <\/tr>\n                                                            <tr>\n                                                                        <td data-column=\"Ticket Type\">Evening of choral & instrumental music \"FESTIVAL\u00a0CHORAL\"\u00a0\u00c0 TOURRETTES - a cappella & more! 20h<\/td>\n                                                <td>78<\/td>\n                                            <td data-column=\"Price\"><span class=\"woocommerce-Price-amount amount\" aria-hidden=\"true\"><bdi>0.00&nbsp;<span class=\"woocommerce-Price-currencySymbol\">&euro;<\/span><\/bdi><\/span> <span aria-hidden=\"true\">\u00a0\u2013\u00a0<\/span> <span class=\"woocommerce-Price-amount amount\" aria-hidden=\"true\"><bdi>20.00&nbsp;<span class=\"woocommerce-Price-currencySymbol\">&euro;<\/span><\/bdi><\/span><span class=\"screen-reader-text\">Plage de prix\u00a0: 0.00&nbsp;&euro; \u00e0 20.00&nbsp;&euro;<\/span><\/td>\n                                                                                                            <td data-column=\"Cart\">\n                                        <p class=\"product woocommerce add_to_cart_inline tc-wb-add-to-cart\" style=\"\"><a href=\"https:\/\/www.musique-cordiale.com\/programme-tickets\/11-august-2023festival-choral-a-tourettes-concert-choral-a-cappella\/\" aria-describedby=\"woocommerce_loop_add_to_cart_link_describedby_39252\" data-quantity=\"1\" class=\"button product_type_variable\" data-product_id=\"39252\" data-product_sku=\"\" aria-label=\"S\u00e9lectionner les options pour &ldquo;Evening of choral &amp; instrumental music &quot;FESTIVAL\u00a0CHORAL&quot;\u00a0\u00c0 TOURRETTES - a cappella &amp; more! 20h&rdquo;\" rel=\"nofollow\">Lire la suite<\/a>\t<span id=\"woocommerce_loop_add_to_cart_link_describedby_39252\" class=\"screen-reader-text\">\n\t\t\t<\/span>\n<\/p>                                    <\/td>\n                                    <\/tr>                                    <tr>\n                                                                        <td data-column=\"Ticket Type\">\"FESTIVAL\u00a0CHORAL\u00a0\u00c0 TOURRETTES\" : Concert choral et instrumental - a cappella et plus<\/td>\n                                                <td>78<\/td>\n                                            <td data-column=\"Price\"><span class=\"woocommerce-Price-amount amount\" aria-hidden=\"true\"><bdi>0.00&nbsp;<span class=\"woocommerce-Price-currencySymbol\">&euro;<\/span><\/bdi><\/span> <span aria-hidden=\"true\">\u00a0\u2013\u00a0<\/span> <span class=\"woocommerce-Price-amount amount\" aria-hidden=\"true\"><bdi>20.00&nbsp;<span class=\"woocommerce-Price-currencySymbol\">&euro;<\/span><\/bdi><\/span><span class=\"screen-reader-text\">Plage de prix\u00a0: 0.00&nbsp;&euro; \u00e0 20.00&nbsp;&euro;<\/span><\/td>\n                                                                                                            <td data-column=\"Cart\">\n                                        <p class=\"product woocommerce add_to_cart_inline tc-wb-add-to-cart\" style=\"\"><a href=\"https:\/\/www.musique-cordiale.com\/fr\/boutique-billetterie\/11-august-2023festival-choral-a-tourettes-concert-choral-a-cappella\/\" aria-describedby=\"woocommerce_loop_add_to_cart_link_describedby_39431\" data-quantity=\"1\" class=\"button product_type_variable\" data-product_id=\"39431\" data-product_sku=\"\" aria-label=\"S\u00e9lectionner les options pour &ldquo;&quot;FESTIVAL\u00a0CHORAL\u00a0\u00c0 TOURRETTES&quot; : Concert choral et instrumental - a cappella et plus&rdquo;\" rel=\"nofollow\">Lire la suite<\/a>\t<span id=\"woocommerce_loop_add_to_cart_link_describedby_39431\" class=\"screen-reader-text\">\n\t\t\t<\/span>\n<\/p>                                    <\/td>\n                                    <\/tr>                    <\/table>\n                            <\/div><!-- tickera -->\n            <br><br><strong>samedi 12 ao\u00fbt<\/strong><br>\u00c9glise Saint L\u00e9ger, SEILLANS:<strong> 20h<\/strong><br><strong>CONCERT DE CLOT\u00dbRE<br>Oratorios de HAENDEL &amp; MOZART<br>MOZART: MESSE DU COURONNEMENT<\/strong><br><em>(performance finale)<\/em><br><strong>Graham Ross dirige le Ch\u0153ur et l\u2019Orchestre du Festival<\/strong> <em>dans une interpr\u00e9tation de la Messe du<br>Couronnement de Mozart en clin d\u2019\u0153il au roi Charles III r\u00e9cemment couronn\u00e9 en Grande-Bretagne. Comprend \u00e9galement les hymnes du couronnement de Haendel et Ode pour l\u2019anniversaire de la reine Anne.<\/em><br>Lucy Farrimond <em>soprano<\/em><br>Charlotte King <em>mezzo-soprano<br><\/em>Aidan Coburn <em>t\u00e9nor<\/em><br>Sam Pantcheff&nbsp;&nbsp;<em>baritone<\/em><\/p>\n\n\n\n<ul class=\"wp-block-list\">\n<li>HAENDEL Hymnes du couronnement<\/li>\n\n\n\n<li>HAENDEL Ode pour l\u2019anniversaire de la reine Anne<\/li>\n\n\n\n<li>MOZART Messe du couronnement<\/li>\n<\/ul>\n\n\n\n<p><strong>\u20ac25\/\u20ac35<\/strong>             <div class=\"tickera\">\n                                    <table class=\"event_tickets tickera\">\n                        <tr>\n                                                        <th>Ticket Type<\/th>\n                                        <th>Tickets left<\/th>\n                                    <th>Price<\/th>\n                                                                                                                <th>Cart<\/th>\n                        <\/tr>\n                                                            <tr>\n                                                                        <td data-column=\"Ticket Type\">Closing Festival CONCERT - Handel Anthems & Mozart Coronation Mass - with choir, orchestra & soloists, 20h<\/td>\n                                                <td><\/td>\n                                            <td data-column=\"Price\"><span class=\"woocommerce-Price-amount amount\" aria-hidden=\"true\"><bdi>0.00&nbsp;<span class=\"woocommerce-Price-currencySymbol\">&euro;<\/span><\/bdi><\/span> <span aria-hidden=\"true\">\u00a0\u2013\u00a0<\/span> <span class=\"woocommerce-Price-amount amount\" aria-hidden=\"true\"><bdi>40.00&nbsp;<span class=\"woocommerce-Price-currencySymbol\">&euro;<\/span><\/bdi><\/span><span class=\"screen-reader-text\">Plage de prix\u00a0: 0.00&nbsp;&euro; \u00e0 40.00&nbsp;&euro;<\/span><\/td>\n                                                                                                            <td data-column=\"Cart\">\n                                        <p class=\"product woocommerce add_to_cart_inline tc-wb-add-to-cart\" style=\"\"><a href=\"https:\/\/www.musique-cordiale.com\/programme-tickets\/12-august-2023-closing-festival-concert-handel-mozart-oratorios-mozart-coronation-mass\/\" aria-describedby=\"woocommerce_loop_add_to_cart_link_describedby_39042\" data-quantity=\"1\" class=\"button product_type_variable\" data-product_id=\"39042\" data-product_sku=\"\" aria-label=\"S\u00e9lectionner les options pour &ldquo;Closing Festival CONCERT - Handel Anthems &amp; Mozart Coronation Mass - with choir, orchestra &amp; soloists, 20h&rdquo;\" rel=\"nofollow\">Lire la suite<\/a>\t<span id=\"woocommerce_loop_add_to_cart_link_describedby_39042\" class=\"screen-reader-text\">\n\t\t\t<\/span>\n<\/p>                                    <\/td>\n                                    <\/tr>                                    <tr>\n                                                                        <td data-column=\"Ticket Type\">CONCERT de cl\u00f4ture du festival - Hymnes de Haendel et messe du couronnement de Mozart - avec ch\u0153ur, orchestre et solistes, 20h<\/td>\n                                                <td><\/td>\n                                            <td data-column=\"Price\"><span class=\"woocommerce-Price-amount amount\" aria-hidden=\"true\"><bdi>0.00&nbsp;<span class=\"woocommerce-Price-currencySymbol\">&euro;<\/span><\/bdi><\/span> <span aria-hidden=\"true\">\u00a0\u2013\u00a0<\/span> <span class=\"woocommerce-Price-amount amount\" aria-hidden=\"true\"><bdi>40.00&nbsp;<span class=\"woocommerce-Price-currencySymbol\">&euro;<\/span><\/bdi><\/span><span class=\"screen-reader-text\">Plage de prix\u00a0: 0.00&nbsp;&euro; \u00e0 40.00&nbsp;&euro;<\/span><\/td>\n                                                                                                            <td data-column=\"Cart\">\n                                        <p class=\"product woocommerce add_to_cart_inline tc-wb-add-to-cart\" style=\"\"><a href=\"https:\/\/www.musique-cordiale.com\/fr\/boutique-billetterie\/12-august-2023-closing-festival-concert-handel-mozart-oratorios-mozart-coronation-mass\/\" aria-describedby=\"woocommerce_loop_add_to_cart_link_describedby_39441\" data-quantity=\"1\" class=\"button product_type_variable\" data-product_id=\"39441\" data-product_sku=\"\" aria-label=\"S\u00e9lectionner les options pour &ldquo;CONCERT de cl\u00f4ture du festival - Hymnes de Haendel et messe du couronnement de Mozart - avec ch\u0153ur, orchestre et solistes, 20h&rdquo;\" rel=\"nofollow\">Lire la suite<\/a>\t<span id=\"woocommerce_loop_add_to_cart_link_describedby_39441\" class=\"screen-reader-text\">\n\t\t\t<\/span>\n<\/p>                                    <\/td>\n                                    <\/tr>                    <\/table>\n                            <\/div><!-- tickera -->\n            <\/p>\n\n\n\n<hr class=\"wp-block-separator has-alpha-channel-opacity\"\/>\n\n\n\n<div class=\"wp-block-columns is-layout-flex wp-container-core-columns-is-layout-9d6595d7 wp-block-columns-is-layout-flex\">\n<div class=\"wp-block-column is-layout-flow wp-block-column-is-layout-flow\" style=\"flex-basis:100%\">\n<div class=\"wp-block-group\"><div class=\"wp-block-group__inner-container is-layout-constrained wp-block-group-is-layout-constrained\">\n<h2 class=\"wp-block-heading\">Forfaits Saison 2023 &#8211; season passes<\/h2>\n<\/div><\/div>\n\n\n\n<div class=\"wp-block-columns is-layout-flex wp-container-core-columns-is-layout-9d6595d7 wp-block-columns-is-layout-flex\">\n<div class=\"wp-block-column is-layout-flow wp-block-column-is-layout-flow\">\n<p>Un PASS DE SAISON <strong>standard<\/strong> pour le Festival 2023 donne acc\u00e8s \u00e0 tous les concerts du Festival <em>(SAUF LE concert au Domaine Val d&rsquo;Iris le 9 ao\u00fbt ou la Soir\u00e9e Musicale et Gala Dinner pr\u00e9-festival le 26 juillet, pour lesquels r\u00e9servation s\u00e9par\u00e9e est requis). <\/em>PLACES STANDARD UNIQUEMENT 125&nbsp;\u20ac<\/p>\n<\/div>\n\n\n\n<div class=\"wp-block-column is-layout-flow wp-block-column-is-layout-flow\">\n<p>Un PASSE DE SAISON <strong>premium<\/strong> pour le Festival 2023 offre l&rsquo;entr\u00e9e \u00e0 tous les concerts du Festival <em>(Y COMPRIS le concert au Domaine Val d&rsquo;Iris le 9 ao\u00fbt mais pas la Soir\u00e9e Musicale et D\u00eener de Gala pr\u00e9-festival \/ Collecte de fonds le 26 juillet , pour lesquels une r\u00e9servation s\u00e9par\u00e9e est requise). PLACES PREMIUM r\u00e9serv\u00e9es si disponibles 250 \u20ac ou nommez votre prix (dons appr\u00e9ci\u00e9s&nbsp;!<\/em><\/p>\n<\/div>\n<\/div>\n<\/div>\n<\/div>\n\n\n            <div class=\"tickera\">\n                                    <table class=\"event_tickets tickera\">\n                        <tr>\n                                                        <th>Ticket Type<\/th>\n                                        <th>Tickets left<\/th>\n                                    <th>Price<\/th>\n                                                                                                                <th>Cart<\/th>\n                        <\/tr>\n                                                            <tr>\n                                                                        <td data-column=\"Ticket Type\">SEASON PASS, evening concerts, Festival 2023<\/td>\n                                                <td><\/td>\n                                            <td data-column=\"Price\"><span class=\"woocommerce-Price-amount amount\" aria-hidden=\"true\"><bdi>125.00&nbsp;<span class=\"woocommerce-Price-currencySymbol\">&euro;<\/span><\/bdi><\/span> <span aria-hidden=\"true\">\u00a0\u2013\u00a0<\/span> <span class=\"woocommerce-Price-amount amount\" aria-hidden=\"true\"><bdi>250.00&nbsp;<span class=\"woocommerce-Price-currencySymbol\">&euro;<\/span><\/bdi><\/span><span class=\"screen-reader-text\">Plage de prix\u00a0: 125.00&nbsp;&euro; \u00e0 250.00&nbsp;&euro;<\/span><\/td>\n                                                                                                            <td data-column=\"Cart\">\n                                        <p class=\"product woocommerce add_to_cart_inline tc-wb-add-to-cart\" style=\"\"><a href=\"https:\/\/www.musique-cordiale.com\/programme-tickets\/season-pass-festival-2023standard-excludes-val-diris\/\" aria-describedby=\"woocommerce_loop_add_to_cart_link_describedby_40935\" data-quantity=\"1\" class=\"button product_type_variable\" data-product_id=\"40935\" data-product_sku=\"\" aria-label=\"S\u00e9lectionner les options pour &ldquo;SEASON PASS, evening concerts, Festival 2023&rdquo;\" rel=\"nofollow\">Lire la suite<\/a>\t<span id=\"woocommerce_loop_add_to_cart_link_describedby_40935\" class=\"screen-reader-text\">\n\t\t\t<\/span>\n<\/p>                                    <\/td>\n                                    <\/tr>                                    <tr>\n                                                                        <td data-column=\"Ticket Type\">Forfaits saison, concerts du soir 2023<\/td>\n                                                <td><\/td>\n                                            <td data-column=\"Price\"><span class=\"woocommerce-Price-amount amount\" aria-hidden=\"true\"><bdi>125.00&nbsp;<span class=\"woocommerce-Price-currencySymbol\">&euro;<\/span><\/bdi><\/span> <span aria-hidden=\"true\">\u00a0\u2013\u00a0<\/span> <span class=\"woocommerce-Price-amount amount\" aria-hidden=\"true\"><bdi>250.00&nbsp;<span class=\"woocommerce-Price-currencySymbol\">&euro;<\/span><\/bdi><\/span><span class=\"screen-reader-text\">Plage de prix\u00a0: 125.00&nbsp;&euro; \u00e0 250.00&nbsp;&euro;<\/span><\/td>\n                                                                                                            <td data-column=\"Cart\">\n                                        <p class=\"product woocommerce add_to_cart_inline tc-wb-add-to-cart\" style=\"\"><a href=\"https:\/\/www.musique-cordiale.com\/fr\/boutique-billetterie\/season-pass-festival-2023standard-excludes-val-diris\/\" aria-describedby=\"woocommerce_loop_add_to_cart_link_describedby_40953\" data-quantity=\"1\" class=\"button product_type_variable\" data-product_id=\"40953\" data-product_sku=\"\" aria-label=\"S\u00e9lectionner les options pour &ldquo;Forfaits saison, concerts du soir 2023&rdquo;\" rel=\"nofollow\">Lire la suite<\/a>\t<span id=\"woocommerce_loop_add_to_cart_link_describedby_40953\" class=\"screen-reader-text\">\n\t\t\t<\/span>\n<\/p>                                    <\/td>\n                                    <\/tr>                                    <tr>\n                                                                        <td data-column=\"Ticket Type\">SEASON PASS, Festival 2025 - evening concerts & events (except 29 July, 1 August) - choice of PREMIUM or STANDARD options<\/td>\n                                                <td><\/td>\n                                            <td data-column=\"Price\"><span class=\"woocommerce-Price-amount amount\" aria-hidden=\"true\"><bdi>195.00&nbsp;<span class=\"woocommerce-Price-currencySymbol\">&euro;<\/span><\/bdi><\/span> <span aria-hidden=\"true\">\u00a0\u2013\u00a0<\/span> <span class=\"woocommerce-Price-amount amount\" aria-hidden=\"true\"><bdi>295.00&nbsp;<span class=\"woocommerce-Price-currencySymbol\">&euro;<\/span><\/bdi><\/span><span class=\"screen-reader-text\">Plage de prix\u00a0: 195.00&nbsp;&euro; \u00e0 295.00&nbsp;&euro;<\/span><\/td>\n                                                                                                            <td data-column=\"Cart\">\n                                        <p class=\"product woocommerce add_to_cart_inline tc-wb-add-to-cart\" style=\"\"><a href=\"https:\/\/www.musique-cordiale.com\/programme-tickets\/season-pass-evening-concerts-festival-2024\/\" aria-describedby=\"woocommerce_loop_add_to_cart_link_describedby_44968\" data-quantity=\"1\" class=\"button product_type_variable\" data-product_id=\"44968\" data-product_sku=\"\" aria-label=\"S\u00e9lectionner les options pour &ldquo;SEASON PASS, Festival 2025 - evening concerts &amp; events (except 29 July, 1 August) - choice of PREMIUM or STANDARD options&rdquo;\" rel=\"nofollow\">Lire la suite<\/a>\t<span id=\"woocommerce_loop_add_to_cart_link_describedby_44968\" class=\"screen-reader-text\">\n\t\t\t<\/span>\n<\/p>                                    <\/td>\n                                    <\/tr>                                    <tr>\n                                                                        <td data-column=\"Ticket Type\">PASS SAISON, Festival 2025 - concerts et \u00e9v\u00e9nements en soir\u00e9e (sauf 29 juillet, 1er ao\u00fbt) - choix entre options PREMIUM ou STANDARD<\/td>\n                                                <td><\/td>\n                                            <td data-column=\"Price\"><span class=\"woocommerce-Price-amount amount\" aria-hidden=\"true\"><bdi>195.00&nbsp;<span class=\"woocommerce-Price-currencySymbol\">&euro;<\/span><\/bdi><\/span> <span aria-hidden=\"true\">\u00a0\u2013\u00a0<\/span> <span class=\"woocommerce-Price-amount amount\" aria-hidden=\"true\"><bdi>295.00&nbsp;<span class=\"woocommerce-Price-currencySymbol\">&euro;<\/span><\/bdi><\/span><span class=\"screen-reader-text\">Plage de prix\u00a0: 195.00&nbsp;&euro; \u00e0 295.00&nbsp;&euro;<\/span><\/td>\n                                                                                                            <td data-column=\"Cart\">\n                                        <p class=\"product woocommerce add_to_cart_inline tc-wb-add-to-cart\" style=\"\"><a href=\"https:\/\/www.musique-cordiale.com\/fr\/boutique-billetterie\/forfaits-saison-concerts-du-soir-2023-copy\/\" aria-describedby=\"woocommerce_loop_add_to_cart_link_describedby_44971\" data-quantity=\"1\" class=\"button product_type_variable\" data-product_id=\"44971\" data-product_sku=\"\" aria-label=\"S\u00e9lectionner les options pour &ldquo;PASS SAISON, Festival 2025 - concerts et \u00e9v\u00e9nements en soir\u00e9e (sauf 29 juillet, 1er ao\u00fbt) - choix entre options PREMIUM ou STANDARD&rdquo;\" rel=\"nofollow\">Lire la suite<\/a>\t<span id=\"woocommerce_loop_add_to_cart_link_describedby_44971\" class=\"screen-reader-text\">\n\t\t\t<\/span>\n<\/p>                                    <\/td>\n                                    <\/tr>                    <\/table>\n                            <\/div><!-- tickera -->\n            \n\n\n\n<hr class=\"wp-block-separator has-alpha-channel-opacity\"\/>\n\n\n\n<div class=\"wp-block-group is-nowrap is-layout-flex wp-container-core-group-is-layout-ad2f72ca wp-block-group-is-layout-flex\">\n<figure class=\"wp-block-image size-full is-resized\"><img data-recalc-dims=\"1\" loading=\"lazy\" decoding=\"async\" src=\"https:\/\/i0.wp.com\/www.musique-cordiale.com\/wp-content\/uploads\/2023\/06\/Affiche-juin-2023-Musique-Cordiale-copyright.jpg?resize=274%2C388&#038;ssl=1\" alt=\"\" class=\"wp-image-40410\" width=\"274\" height=\"388\" srcset=\"https:\/\/i0.wp.com\/www.musique-cordiale.com\/wp-content\/uploads\/2023\/06\/Affiche-juin-2023-Musique-Cordiale-copyright.jpg?w=903&amp;ssl=1 903w, https:\/\/i0.wp.com\/www.musique-cordiale.com\/wp-content\/uploads\/2023\/06\/Affiche-juin-2023-Musique-Cordiale-copyright.jpg?resize=768%2C1089&amp;ssl=1 768w, https:\/\/i0.wp.com\/www.musique-cordiale.com\/wp-content\/uploads\/2023\/06\/Affiche-juin-2023-Musique-Cordiale-copyright.jpg?resize=750%2C1064&amp;ssl=1 750w\" sizes=\"auto, (max-width: 274px) 100vw, 274px\" \/><\/figure>\n\n\n\n<h3 class=\"wp-block-heading\">Box Office &amp; <a href=\"https:\/\/www.musique-cordiale.com\/fr\/programme-billets\/\" data-type=\"page\" data-id=\"37830\">Billetterie<\/a><br>Concerts 3 &#8211; 12  ao\u00fbt 2023<\/h3>\n<\/div>\n\n\n\n<h6 class=\"wp-block-heading\">+ <strong>notre <\/strong><a href=\"https:\/\/www.musique-cordiale.com\/fr\/boutique-billetterie\/soiree-musicale-diner-de-gala-pre-festival-collecte-de-fonds\/\">Ev\u00e9nement convivial pour lancer le festival \u2013 Soir\u00e9e Musicale, D\u00eener de gala &amp; Collecte de Fonds pre-festival<\/a>:<br>Rejoignez-nous et d&rsquo;autres supporters lors de cet agr\u00e9able \u00e9v\u00e9nement pr\u00e9-festival: 26 juillet 2023, Seillans<\/h6>\n\n\n\n<hr class=\"wp-block-separator has-alpha-channel-opacity\"\/>\n\n\n\n<h4 class=\"wp-block-heading\"><strong>Concerts de midi, \u00e9t\u00e9 2023<\/strong><\/h4>\n\n\n\n<p><strong>8 Concerts de midi: CONCERTS de MIDI \u00c0 12h<\/strong>30<\/p>\n\n\n\n<div class=\"wp-block-columns is-layout-flex wp-container-core-columns-is-layout-9d6595d7 wp-block-columns-is-layout-flex\">\n<div class=\"wp-block-column is-layout-flow wp-block-column-is-layout-flow\">\n<ul class=\"wp-block-list\">\n<li><strong><u>Vendredi 4 ao\u00fbt<\/u> <\/strong><br><strong>SEILLANS Chapelle Notre-Dame de L\u2019Ormeau&nbsp;: 12h30<\/strong><br>Bienvenue aux concerts de midi&nbsp;!<\/li>\n\n\n\n<li><strong><u>Samedi 5 ao\u00fbt<\/u><\/strong> <strong>MONS, Eglise Notre-Dame de L\u2019Assomption&nbsp;: 12h30 RECITAL de CHANT:<\/strong><br>(Chlo\u00eb Morgan, <em>soprano<\/em>,) <br>Aidan Coburn, <em>tenor<\/em> &amp; Rebecca Taylor, <em>piano<\/em><br>**We regret that Chloe is not well . But the concert goes ahead with a lovely programme of song from Italy, Germany &amp; England**<\/li>\n\n\n\n<li><strong><u>Dimanche 6 ao\u00fbt<\/u><\/strong> <br><strong>SEILLANS Chapelle Notre-Dame de L\u2019Ormeau&nbsp;: 12h30<\/strong><br>Copeland &#8211; Quiet City<br>Schubert &#8211; String Trio in B Maj<br>Mozart Flute Quartet<br>Ibert &#8211; 5 pieces for oboe, clarinet &amp; basson<\/li>\n\n\n\n<li><strong><u>Lundi 7 ao\u00fbt<\/u><\/strong> <strong>MONTAUROUX Chapelle Saint-Barthelemy:<\/strong><br><strong>12h30<\/strong> Bach &amp; Schumann \u00e0 la spectaculaire Chapelle Dior<br>Schumann Dichte liebe : Aidan Coburn, t\u00e9nor, Rebecca Taylor, piano<br>J S Bach : suite pour violoncelle n\u00b0 5 &#8211; Will Harris, violoncelle<br>(Dichterliebe, \u00ab\u00a0A Poet&rsquo;s Love\u00a0\u00bb (compos\u00e9 en 1840), est le cycle de chansons le plus connu de Robert Schumann)<\/li>\n\n\n\n<li><strong><u>Mardi 8 ao\u00fbt<\/u> &nbsp;<\/strong><br><strong>TANNERON Maison du Lac: 12h30<\/strong> <br>Musique idyllique du midi \u00e0 c\u00f4t\u00e9 de La Saint-Cassien<\/li>\n<\/ul>\n<\/div>\n\n\n\n<div class=\"wp-block-column is-layout-flow wp-block-column-is-layout-flow\">\n<ul class=\"wp-block-list\">\n<li><strong><u>Mercredi 9 ao\u00fbt<\/u><\/strong> <strong>Saint-PAUL-EN-FOR\u00caT: 12h30<\/strong><br>Concert pour f\u00eater 200 ans de St Paul-en-For\u00eat<\/li>\n\n\n\n<li><strong><u>Jeudi 10 ao\u00fbt<\/u> &nbsp;\u201cJeudi \u00e0 Callian\u201d<\/strong> <strong>CALLIAN Chapelle des P\u00e9nitents<\/strong><\/li>\n\n\n\n<li><em>&nbsp;&nbsp;&nbsp; <\/em><em>(Vendredi 11 ao\u00fbt: pas de concert de midi)<\/em><\/li>\n\n\n\n<li><strong><u>Samedi 12 ao\u00fbt<\/u><\/strong> <strong>FAYENCE Chapelle des Cypr\u00e8s: 12h30<\/strong><br>Telemann Concerto pour alto et cordes<br>Octuor de Mendelssohn<br><br><br>*<em>Programmes, lieux et d\u00e9tails \u00e0 confirmer<\/em><br><strong>entr\u00e9e gratuite aux concerts de midi<\/strong><br><em>Les dons sont les bienvenus!<\/em><\/li>\n<\/ul>\n<\/div>\n<\/div>\n","protected":false},"excerpt":{"rendered":"<p>BILLETS ET HEURES DE D\u00c9PART Tickets are required for entry to Evening concertsVous aurez besoin d&rsquo;un billet pour les concerts du soirLes billets sont en vente en ligne (\u00e0 l&rsquo;avance) jusqu&rsquo;\u00e0 15h le jour du concert&#8211; puis une billetterie locale ouvre \u00e0 la porte 60 min avant le concert Heures de d\u00e9but des concerts du [&hellip;]<\/p>\n","protected":false},"author":3,"featured_media":40411,"parent":0,"menu_order":0,"comment_status":"closed","ping_status":"closed","template":"","meta":{"_acf_changed":false,"_monsterinsights_skip_tracking":false,"_monsterinsights_sitenote_active":false,"_monsterinsights_sitenote_note":"","_monsterinsights_sitenote_category":0,"_uf_show_specific_survey":0,"_uf_disable_surveys":false,"advanced_seo_description":"","jetpack_seo_html_title":"","jetpack_seo_noindex":false,"footnotes":""},"class_list":["post-40598","page","type-page","status-publish","has-post-thumbnail","hentry"],"acf":[],"jetpack_sharing_enabled":true,"jetpack-related-posts":[{"id":37830,"url":"https:\/\/www.musique-cordiale.com\/fr\/programme-billets\/","url_meta":{"origin":40598,"position":0},"title":"BOX OFFICE: Programme et Billetterie en ligne","author":"Jonathan Barker","date":"24\/01\/2023","format":false,"excerpt":"Le programme pour le festival d'\u00e9t\u00e9 2026 et les nouvelles modalit\u00e9s de billetterieseront annonc\u00e9s apr\u00e8s P\u00e2ques. 22me FESTIVAL de MUSIQUE dans le beau Pays de Fayence, France: Concerts \u00e0 l'heure du d\u00e9jeuner et en soir\u00e9e du 29 juillet au 8 ao\u00fbt 2026 - et cliquez ici pour voir les d\u00e9tails\u2026","rel":"","context":"Article similaire","block_context":{"text":"Article similaire","link":""},"img":{"alt_text":"","src":"https:\/\/i0.wp.com\/www.musique-cordiale.com\/wp-content\/uploads\/2023\/01\/49516009783_28e26a00da_o-scaled.jpg?fit=1200%2C900&ssl=1&resize=350%2C200","width":350,"height":200,"srcset":"https:\/\/i0.wp.com\/www.musique-cordiale.com\/wp-content\/uploads\/2023\/01\/49516009783_28e26a00da_o-scaled.jpg?fit=1200%2C900&ssl=1&resize=350%2C200 1x, https:\/\/i0.wp.com\/www.musique-cordiale.com\/wp-content\/uploads\/2023\/01\/49516009783_28e26a00da_o-scaled.jpg?fit=1200%2C900&ssl=1&resize=525%2C300 1.5x, https:\/\/i0.wp.com\/www.musique-cordiale.com\/wp-content\/uploads\/2023\/01\/49516009783_28e26a00da_o-scaled.jpg?fit=1200%2C900&ssl=1&resize=700%2C400 2x, https:\/\/i0.wp.com\/www.musique-cordiale.com\/wp-content\/uploads\/2023\/01\/49516009783_28e26a00da_o-scaled.jpg?fit=1200%2C900&ssl=1&resize=1050%2C600 3x"},"classes":[]},{"id":14875,"url":"https:\/\/www.musique-cordiale.com\/fr\/paiement-confirmation-de-reservation\/","url_meta":{"origin":40598,"position":1},"title":"Paiement &#8211; Confirmation de r\u00e9servation","author":"David Christie","date":"14\/03\/2015","format":false,"excerpt":"TICKETS\/BILLETS Musique Cordiale 2015 Vous recevrez une confirmation de votre commande par e-mail - merci de v\u00e9rifier dans le dossier \u00ab\u00a0courrier ind\u00e9sirable\u00a0\u00bb (ou spam) de votre bo\u00eete e-mail. Probl\u00e8mes ou questions? Veuillez contacter le tr\u00e9sorier, Musique Cordiale Information on Concerts, Venues & Booking (ENG)\u00a0 \u00a0- \u00a0 Information \u00a0Concerts, Lieux et\u2026","rel":"","context":"Article similaire","block_context":{"text":"Article similaire","link":""},"img":{"alt_text":"euro symbo;","src":"https:\/\/i0.wp.com\/www.musique-cordiale.com\/wp-content\/uploads\/2015\/04\/euro-300x286.jpg?resize=350%2C200","width":350,"height":200},"classes":[]},{"id":14820,"url":"https:\/\/www.musique-cordiale.com\/fr\/informations-billets\/","url_meta":{"origin":40598,"position":2},"title":"Comment r\u00e9server","author":"Webmaster","date":"23\/03\/2011","format":false,"excerpt":"2025 BOX OFFICE \u2013 BILLETTERIE ICI en fran\u00e7ais Vous avez besoin de billets pour les concerts du soir Comment R\u00e9server? Vous pouvez r\u00e9server en ligne sur notre page BOX OFFICE (BILLETTERIE) - en francais ou en anglais. Il est plus facile et plus rapide de r\u00e9server en ligne si vous\u2026","rel":"","context":"Article similaire","block_context":{"text":"Article similaire","link":""},"img":{"alt_text":"","src":"https:\/\/i0.wp.com\/www.musique-cordiale.com\/wp-content\/uploads\/2013\/01\/Membership-friends-and-donors-2.jpg?fit=873%2C873&ssl=1&resize=350%2C200","width":350,"height":200,"srcset":"https:\/\/i0.wp.com\/www.musique-cordiale.com\/wp-content\/uploads\/2013\/01\/Membership-friends-and-donors-2.jpg?fit=873%2C873&ssl=1&resize=350%2C200 1x, https:\/\/i0.wp.com\/www.musique-cordiale.com\/wp-content\/uploads\/2013\/01\/Membership-friends-and-donors-2.jpg?fit=873%2C873&ssl=1&resize=525%2C300 1.5x, https:\/\/i0.wp.com\/www.musique-cordiale.com\/wp-content\/uploads\/2013\/01\/Membership-friends-and-donors-2.jpg?fit=873%2C873&ssl=1&resize=700%2C400 2x"},"classes":[]},{"id":41454,"url":"https:\/\/www.musique-cordiale.com\/fr\/programme-billets\/concerts-de-midi-2023\/","url_meta":{"origin":40598,"position":3},"title":"Concerts de midi 2023","author":"Jonathan Barker","date":"26\/06\/2023","format":false,"excerpt":"Festival International Musique Cordiale CONCERTS de MIDI\u00c0 12h30* Vendredi 4 ao\u00fbtSEILLANS Chapelle Notre-Dame de L\u2019Ormeau\u00a0: 12h30 BBienvenue aux concerts de midi\u00a0!Samedi 5 ao\u00fbtMONS, Eglise Notre-Dame de L\u2019Assomption\u00a0: 12h30 RECITAL de CHANT:Chloe Morgan, soprano, Aidan Coburn, tenor, Rebecca Taylor, pianoNous regrettons que Chlo\u00e9 ne soit pas bien. Mais le concert continue\u2026","rel":"","context":"Article similaire","block_context":{"text":"Article similaire","link":""},"img":{"alt_text":"","src":"https:\/\/i0.wp.com\/www.musique-cordiale.com\/wp-content\/uploads\/2023\/06\/MC-logo-2016-scaled.jpg?resize=350%2C200&ssl=1","width":350,"height":200,"srcset":"https:\/\/i0.wp.com\/www.musique-cordiale.com\/wp-content\/uploads\/2023\/06\/MC-logo-2016-scaled.jpg?resize=350%2C200&ssl=1 1x, https:\/\/i0.wp.com\/www.musique-cordiale.com\/wp-content\/uploads\/2023\/06\/MC-logo-2016-scaled.jpg?resize=525%2C300&ssl=1 1.5x, https:\/\/i0.wp.com\/www.musique-cordiale.com\/wp-content\/uploads\/2023\/06\/MC-logo-2016-scaled.jpg?resize=700%2C400&ssl=1 2x, https:\/\/i0.wp.com\/www.musique-cordiale.com\/wp-content\/uploads\/2023\/06\/MC-logo-2016-scaled.jpg?resize=1050%2C600&ssl=1 3x, https:\/\/i0.wp.com\/www.musique-cordiale.com\/wp-content\/uploads\/2023\/06\/MC-logo-2016-scaled.jpg?resize=1400%2C800&ssl=1 4x"},"classes":[]},{"id":41608,"url":"https:\/\/www.musique-cordiale.com\/fr\/questions-frequemment-posees-faqs\/","url_meta":{"origin":40598,"position":4},"title":"Questions fr\u00e9quemment pos\u00e9es (FAQs)","author":"Jonathan Barker","date":"30\/06\/2023","format":false,"excerpt":"(Page en cours de d\u00e9veloppement\u00a0: veuillez nous indiquer les autres questions que nous devrions ajouter pour vous\u00a0!)VERSION IN ENGLISH is HERE O\u00f9 est le Festival Musique Cordiale 2023 ? Tous les lieux de l'\u00e9v\u00e9nement sont situ\u00e9s dans le Var (D\u00e9partement) en 'Provence' dans le S E de la France (\u00e0\u2026","rel":"","context":"Article similaire","block_context":{"text":"Article similaire","link":""},"img":{"alt_text":"","src":"","width":0,"height":0},"classes":[]},{"id":40797,"url":"https:\/\/www.musique-cordiale.com\/fr\/le-choeur-du-festival-et-lacademie-choral-2023\/updates-for-choir-singers-2023\/","url_meta":{"origin":40598,"position":5},"title":"Mises \u00e0 jour pour les chanteurs 2023","author":"Jonathan Barker","date":"12\/06\/2023","format":false,"excerpt":"choir-singer INFO UPDATES 2023","rel":"","context":"Article similaire","block_context":{"text":"Article similaire","link":""},"img":{"alt_text":"","src":"https:\/\/i0.wp.com\/www.musique-cordiale.com\/wp-content\/uploads\/2023\/07\/Bruit.jpg?resize=350%2C200&ssl=1","width":350,"height":200,"srcset":"https:\/\/i0.wp.com\/www.musique-cordiale.com\/wp-content\/uploads\/2023\/07\/Bruit.jpg?resize=350%2C200&ssl=1 1x, https:\/\/i0.wp.com\/www.musique-cordiale.com\/wp-content\/uploads\/2023\/07\/Bruit.jpg?resize=525%2C300&ssl=1 1.5x, https:\/\/i0.wp.com\/www.musique-cordiale.com\/wp-content\/uploads\/2023\/07\/Bruit.jpg?resize=700%2C400&ssl=1 2x, https:\/\/i0.wp.com\/www.musique-cordiale.com\/wp-content\/uploads\/2023\/07\/Bruit.jpg?resize=1050%2C600&ssl=1 3x"},"classes":[]}],"jetpack_shortlink":"https:\/\/wp.me\/PaEPkm-ayO","_links":{"self":[{"href":"https:\/\/www.musique-cordiale.com\/fr\/wp-json\/wp\/v2\/pages\/40598","targetHints":{"allow":["GET"]}}],"collection":[{"href":"https:\/\/www.musique-cordiale.com\/fr\/wp-json\/wp\/v2\/pages"}],"about":[{"href":"https:\/\/www.musique-cordiale.com\/fr\/wp-json\/wp\/v2\/types\/page"}],"author":[{"embeddable":true,"href":"https:\/\/www.musique-cordiale.com\/fr\/wp-json\/wp\/v2\/users\/3"}],"replies":[{"embeddable":true,"href":"https:\/\/www.musique-cordiale.com\/fr\/wp-json\/wp\/v2\/comments?post=40598"}],"version-history":[{"count":1,"href":"https:\/\/www.musique-cordiale.com\/fr\/wp-json\/wp\/v2\/pages\/40598\/revisions"}],"predecessor-version":[{"id":42719,"href":"https:\/\/www.musique-cordiale.com\/fr\/wp-json\/wp\/v2\/pages\/40598\/revisions\/42719"}],"wp:featuredmedia":[{"embeddable":true,"href":"https:\/\/www.musique-cordiale.com\/fr\/wp-json\/wp\/v2\/media\/40411"}],"wp:attachment":[{"href":"https:\/\/www.musique-cordiale.com\/fr\/wp-json\/wp\/v2\/media?parent=40598"}],"curies":[{"name":"wp","href":"https:\/\/api.w.org\/{rel}","templated":true}]}}