{"id":44398,"date":"2023-12-30T17:25:58","date_gmt":"2023-12-30T17:25:58","guid":{"rendered":"https:\/\/www.musique-cordiale.com\/?page_id=44398"},"modified":"2023-12-30T18:18:47","modified_gmt":"2023-12-30T18:18:47","slug":"inscription-au-choeur-dy-festival-ete-2024","status":"publish","type":"page","link":"https:\/\/www.musique-cordiale.com\/fr\/inscription-au-choeur-dy-festival-ete-2024\/","title":{"rendered":"Inscription au Ch\u0153ur du Festival &#8211; \u00e9t\u00e9 2024"},"content":{"rendered":"\n<p><em><a href=\"https:\/\/www.musique-cordiale.com\/fr\/rejoignez-le-choeur-du-festival-ete-2024\/\" data-type=\"URL\" data-id=\"https:\/\/www.musique-cordiale.com\/fr\/rejoignez-le-choeur-du-festival-ete-2024\/\" target=\"_blank\" rel=\"noreferrer noopener\">CLIQUEZ ICI <\/a><\/em>pour revenir \u00e0 la page d&rsquo;information : Rejoignez le ch\u0153ur du festival, \u00e9t\u00e9 2024<\/p>\n\n\n\n<hr class=\"wp-block-separator has-text-color has-vivid-red-color has-alpha-channel-opacity has-vivid-red-background-color has-background is-style-wide\"\/>\n\n\n\n\n\n<hr class=\"wp-block-separator has-text-color has-vivid-red-color has-alpha-channel-opacity has-vivid-red-background-color has-background is-style-wide\"\/>\n\n\n\n<p><em><a rel=\"noreferrer noopener\" href=\"https:\/\/www.musique-cordiale.com\/fr\/rejoignez-le-choeur-du-festival-ete-2024\/\" data-type=\"URL\" data-id=\"https:\/\/www.musique-cordiale.com\/fr\/rejoignez-le-choeur-du-festival-ete-2024\/\" target=\"_blank\">CLIQUEZ ICI <\/a><\/em>pour revenir \u00e0 la page d&rsquo;information : Rejoignez le ch\u0153ur du festival, \u00e9t\u00e9 2024<\/p>\n\n\n\n<h4 class=\"wp-block-heading\">Avez-vous rempli le formulaire d&rsquo;inscription ci-dessus&nbsp;?<br>D\u00e9sormais, en fonction de l&rsquo;action de suivi que vous avez choisie, vous pouvez&nbsp;:<\/h4>\n\n\n\n<p>effectuez votre paiement initial\/acompte (voir <strong><a href=\"https:\/\/www.musique-cordiale.com\/fr\/payer-musique-cordiale\/\" data-type=\"URL\" data-id=\"https:\/\/www.musique-cordiale.com\/fr\/payer-musique-cordiale\/\">PAYER Musique-Cordiale<em> ICI<\/em><\/a><\/strong><em> )<\/em>: <\/p>\n\n\n\n<ul class=\"wp-block-list\">\n<li>nous privil\u00e9gions les virements bancaires en ligne directement sur notre compte) OU<\/li>\n\n\n\n<li>vous pouvez attendre et payer lorsque vous recevrez bient\u00f4t une facture bas\u00e9e sur votre formulaire d&rsquo;inscription rempli.<\/li>\n<\/ul>\n\n\n\n<p><strong>Merci!<\/strong><\/p>\n\n\n\n<p>(Des questions ? contactez-nous : jonathan@musique-cordi<\/p>\n","protected":false},"excerpt":{"rendered":"<p>CLIQUEZ ICI pour revenir \u00e0 la page d&rsquo;information : Rejoignez le ch\u0153ur du festival, \u00e9t\u00e9 2024 CLIQUEZ ICI pour revenir \u00e0 la page d&rsquo;information : Rejoignez le ch\u0153ur du festival, \u00e9t\u00e9 2024 Avez-vous rempli le formulaire d&rsquo;inscription ci-dessus&nbsp;?D\u00e9sormais, en fonction de l&rsquo;action de suivi que vous avez choisie, vous pouvez&nbsp;: effectuez votre paiement initial\/acompte (voir [&hellip;]<\/p>\n","protected":false},"author":3,"featured_media":0,"parent":0,"menu_order":0,"comment_status":"closed","ping_status":"closed","template":"","meta":{"_acf_changed":false,"_monsterinsights_skip_tracking":false,"_monsterinsights_sitenote_active":false,"_monsterinsights_sitenote_note":"","_monsterinsights_sitenote_category":0,"_uf_show_specific_survey":0,"_uf_disable_surveys":false,"advanced_seo_description":"","jetpack_seo_html_title":"","jetpack_seo_noindex":false,"footnotes":""},"class_list":["post-44398","page","type-page","status-publish","hentry"],"acf":[],"jetpack_sharing_enabled":true,"jetpack-related-posts":[{"id":37648,"url":"https:\/\/www.musique-cordiale.com\/fr\/formulaire-dinscription-pour-le-choeur-musique-cordiale-dete-2023\/","url_meta":{"origin":44398,"position":0},"title":"Formulaire d&rsquo;inscription pour le CHOEUR Musique-Cordiale d&rsquo;\u00e9t\u00e9 2023","author":"Jonathan Barker","date":"02\/01\/2023","format":false,"excerpt":"Inscrivez-vous d\u00e8s maintenant pour le Ch\u0153ur du Festival 2023 Inscriptions \u00e0 partir du 1er janvier (ouvert jusqu\u2019\u00e0 d\u00e9but mars ou jusqu\u2019\u00e0 \u00e9puisement des places pour toutes les voix). Le meilleur h\u00e9bergement passe en premier, alors r\u00e9servez t\u00f4t ! FERMETURE BIENT\u00d4T ! Formulaire d'inscription pour le Ch\u0153ur d'\u00e9t\u00e9 2023 - VERSION\u2026","rel":"","context":"Article similaire","block_context":{"text":"Article similaire","link":""},"img":{"alt_text":"","src":"","width":0,"height":0},"classes":[]},{"id":47913,"url":"https:\/\/www.musique-cordiale.com\/fr\/insciption-au-choeur-2025\/","url_meta":{"origin":44398,"position":1},"title":"Insciption au Choeur 2025","author":"Jonathan Barker","date":"09\/01\/2025","format":false,"excerpt":"Bienvenue au FORMULAIRE D'INSCRIPTION de la Chorale 2025 (version fran\u00e7aise) ! NOTE : Le formulaire d'inscription comporte 5 pages et vous devez les remplir chacune avant de passer \u00e0 la suivante. Vous pouvez sauvegarder et revenir au formulaire \u00e0 tout moment avant de le soumettre. Musique-Cordiale ne recevra rien tant\u2026","rel":"","context":"Article similaire","block_context":{"text":"Article similaire","link":""},"img":{"alt_text":"","src":"https:\/\/i0.wp.com\/www.musique-cordiale.com\/wp-content\/uploads\/2023\/12\/20230812_205239-scaled.jpg?resize=350%2C200&ssl=1","width":350,"height":200,"srcset":"https:\/\/i0.wp.com\/www.musique-cordiale.com\/wp-content\/uploads\/2023\/12\/20230812_205239-scaled.jpg?resize=350%2C200&ssl=1 1x, https:\/\/i0.wp.com\/www.musique-cordiale.com\/wp-content\/uploads\/2023\/12\/20230812_205239-scaled.jpg?resize=525%2C300&ssl=1 1.5x, https:\/\/i0.wp.com\/www.musique-cordiale.com\/wp-content\/uploads\/2023\/12\/20230812_205239-scaled.jpg?resize=700%2C400&ssl=1 2x, https:\/\/i0.wp.com\/www.musique-cordiale.com\/wp-content\/uploads\/2023\/12\/20230812_205239-scaled.jpg?resize=1050%2C600&ssl=1 3x, https:\/\/i0.wp.com\/www.musique-cordiale.com\/wp-content\/uploads\/2023\/12\/20230812_205239-scaled.jpg?resize=1400%2C800&ssl=1 4x"},"classes":[]},{"id":32567,"url":"https:\/\/www.musique-cordiale.com\/fr\/programme-festival-2020-ici-bientot\/","url_meta":{"origin":44398,"position":2},"title":"PROGRAMME du Festival 2025","author":"Jonathan Barker","date":"10\/02\/2020","format":false,"excerpt":"Festival International:\u00a0\u00a0Concerts et \u00e9v\u00e9nements 29 juillet - 9 aout 2025, Pays de Fayence, France Veuillez revenir ici pour plus d'informations! OU? Seillans et Pays de Fayence, Provence: performances musicales magiques dans de belles villes perch\u00e9es parmi les collines entre Grasse et Draguignan derri\u00e8re la M\u00e9diterran\u00e9e dans le sud-est de la\u2026","rel":"","context":"Article similaire","block_context":{"text":"Article similaire","link":""},"img":{"alt_text":"","src":"https:\/\/i0.wp.com\/www.musique-cordiale.com\/wp-content\/uploads\/2020\/02\/49516009783_28e26a00da_o-scaled.jpg?fit=1200%2C900&ssl=1&resize=350%2C200","width":350,"height":200,"srcset":"https:\/\/i0.wp.com\/www.musique-cordiale.com\/wp-content\/uploads\/2020\/02\/49516009783_28e26a00da_o-scaled.jpg?fit=1200%2C900&ssl=1&resize=350%2C200 1x, https:\/\/i0.wp.com\/www.musique-cordiale.com\/wp-content\/uploads\/2020\/02\/49516009783_28e26a00da_o-scaled.jpg?fit=1200%2C900&ssl=1&resize=525%2C300 1.5x, https:\/\/i0.wp.com\/www.musique-cordiale.com\/wp-content\/uploads\/2020\/02\/49516009783_28e26a00da_o-scaled.jpg?fit=1200%2C900&ssl=1&resize=700%2C400 2x, https:\/\/i0.wp.com\/www.musique-cordiale.com\/wp-content\/uploads\/2020\/02\/49516009783_28e26a00da_o-scaled.jpg?fit=1200%2C900&ssl=1&resize=1050%2C600 3x"},"classes":[]},{"id":44264,"url":"https:\/\/www.musique-cordiale.com\/fr\/rejoignez-le-choeur-du-festival-ete-2024\/","url_meta":{"origin":44398,"position":3},"title":"Rejoignez le ch\u0153ur du festival, \u00e9t\u00e9 2026","author":"Jonathan Barker","date":"26\/12\/2023","format":false,"excerpt":"22e \u00e9dition annuelle du Festival International MUSIQUE CORDIALE Les informations concernant le choeur du festival 2026seront bient\u00f4t disponibles\u00a0ici!Dates du festival international : du 29 juillet au 8 ao\u00fbt 2025 (Dates du ch\u0153ur 2026 : du 2 au 9 ao\u00fbt) ORGANISATION DU FESTIVAL AU PAYS DE FAYENCE CET \u00c9T\u00c9.du 29 juillet\u2026","rel":"","context":"Article similaire","block_context":{"text":"Article similaire","link":""},"img":{"alt_text":"","src":"https:\/\/i0.wp.com\/www.musique-cordiale.com\/wp-content\/uploads\/2023\/08\/Musique-Cordiale-Seillans-120823-38-scaled.jpg?fit=1200%2C624&ssl=1&resize=350%2C200","width":350,"height":200,"srcset":"https:\/\/i0.wp.com\/www.musique-cordiale.com\/wp-content\/uploads\/2023\/08\/Musique-Cordiale-Seillans-120823-38-scaled.jpg?fit=1200%2C624&ssl=1&resize=350%2C200 1x, https:\/\/i0.wp.com\/www.musique-cordiale.com\/wp-content\/uploads\/2023\/08\/Musique-Cordiale-Seillans-120823-38-scaled.jpg?fit=1200%2C624&ssl=1&resize=525%2C300 1.5x, https:\/\/i0.wp.com\/www.musique-cordiale.com\/wp-content\/uploads\/2023\/08\/Musique-Cordiale-Seillans-120823-38-scaled.jpg?fit=1200%2C624&ssl=1&resize=700%2C400 2x, https:\/\/i0.wp.com\/www.musique-cordiale.com\/wp-content\/uploads\/2023\/08\/Musique-Cordiale-Seillans-120823-38-scaled.jpg?fit=1200%2C624&ssl=1&resize=1050%2C600 3x"},"classes":[]},{"id":45390,"url":"https:\/\/www.musique-cordiale.com\/fr\/choir-updates-summer-2024\/","url_meta":{"origin":44398,"position":4},"title":"MISES \u00c0 JOUR du CHOEUR \u00c9t\u00e9 2024","author":"Jonathan Barker","date":"28\/04\/2024","format":false,"excerpt":"\u2026. INFORMATION pour la chorale avant, pendant et apr\u00e8s le festivalPLUS \u00e0 venir\u2026.. (et veuillez v\u00e9rifier ici souvent pour les mises \u00e0 jour) ** NOUVEAUX ARTICLES \u00e0 suivre CI-DESSOUS concernant l'EAU, LES D\u00ceNERS, LES HORAIRES ET LE VIN + INFO concernant l'INSCRIPTION \u00c0 LA CHORALE pour la chorale du Festival\u2026","rel":"","context":"Article similaire","block_context":{"text":"Article similaire","link":""},"img":{"alt_text":"","src":"","width":0,"height":0},"classes":[]},{"id":30560,"url":"https:\/\/www.musique-cordiale.com\/fr\/rejoignez-le-choeur-du-festival-2020\/","url_meta":{"origin":44398,"position":5},"title":"Rejoignez le choeur du Festival 2020","author":"Jonathan Barker","date":"16\/12\/2019","format":false,"excerpt":"Le version fran\u00e7aise de cette page et des formulaires sont dispo nibles ici. An English version of this page can be found HERE\u00a0 INSCRIPTION EN LE CHOEUR 2023, 4-13 ao\u00fbt 2023 Pour rejoignez le Choeur du Festival en Pays de Fayence, France, \u00e9t\u00e9 2023: cliquez ICI Festival d'\u00e9t\u00e9 - Atelier\u2026","rel":"","context":"Article similaire","block_context":{"text":"Article similaire","link":""},"img":{"alt_text":"","src":"https:\/\/i0.wp.com\/www.musique-cordiale.com\/wp-content\/uploads\/2019\/12\/WhatsApp-Image-2019-12-17-at-14.34.43.jpeg?fit=1200%2C583&ssl=1&resize=350%2C200","width":350,"height":200,"srcset":"https:\/\/i0.wp.com\/www.musique-cordiale.com\/wp-content\/uploads\/2019\/12\/WhatsApp-Image-2019-12-17-at-14.34.43.jpeg?fit=1200%2C583&ssl=1&resize=350%2C200 1x, https:\/\/i0.wp.com\/www.musique-cordiale.com\/wp-content\/uploads\/2019\/12\/WhatsApp-Image-2019-12-17-at-14.34.43.jpeg?fit=1200%2C583&ssl=1&resize=525%2C300 1.5x, https:\/\/i0.wp.com\/www.musique-cordiale.com\/wp-content\/uploads\/2019\/12\/WhatsApp-Image-2019-12-17-at-14.34.43.jpeg?fit=1200%2C583&ssl=1&resize=700%2C400 2x, https:\/\/i0.wp.com\/www.musique-cordiale.com\/wp-content\/uploads\/2019\/12\/WhatsApp-Image-2019-12-17-at-14.34.43.jpeg?fit=1200%2C583&ssl=1&resize=1050%2C600 3x"},"classes":[]}],"jetpack_shortlink":"https:\/\/wp.me\/PaEPkm-by6","_links":{"self":[{"href":"https:\/\/www.musique-cordiale.com\/fr\/wp-json\/wp\/v2\/pages\/44398","targetHints":{"allow":["GET"]}}],"collection":[{"href":"https:\/\/www.musique-cordiale.com\/fr\/wp-json\/wp\/v2\/pages"}],"about":[{"href":"https:\/\/www.musique-cordiale.com\/fr\/wp-json\/wp\/v2\/types\/page"}],"author":[{"embeddable":true,"href":"https:\/\/www.musique-cordiale.com\/fr\/wp-json\/wp\/v2\/users\/3"}],"replies":[{"embeddable":true,"href":"https:\/\/www.musique-cordiale.com\/fr\/wp-json\/wp\/v2\/comments?post=44398"}],"version-history":[{"count":1,"href":"https:\/\/www.musique-cordiale.com\/fr\/wp-json\/wp\/v2\/pages\/44398\/revisions"}],"predecessor-version":[{"id":44414,"href":"https:\/\/www.musique-cordiale.com\/fr\/wp-json\/wp\/v2\/pages\/44398\/revisions\/44414"}],"wp:attachment":[{"href":"https:\/\/www.musique-cordiale.com\/fr\/wp-json\/wp\/v2\/media?parent=44398"}],"curies":[{"name":"wp","href":"https:\/\/api.w.org\/{rel}","templated":true}]}}