{"id":19792,"date":"2018-03-25T17:53:38","date_gmt":"2018-03-25T20:09:28","guid":{"rendered":"https:\/\/www.musique-cordiale.com\/?post_type=product&#038;p=19792"},"modified":"2019-08-18T10:31:54","modified_gmt":"2019-08-18T10:31:54","slug":"billet-standard-concert-de-cloture-du-festival-les-saisons-de-haydn-en-allemand-samedi-11-aout-2018","status":"publish","type":"product","link":"https:\/\/www.musique-cordiale.com\/fr\/boutique-billetterie\/billet-standard-concert-de-cloture-du-festival-les-saisons-de-haydn-en-allemand-samedi-11-aout-2018\/","title":{"rendered":"Concert de cl\u00f4ture du festival: Oratorio DIE JAHRESZEITEN &#8211; Les Saisons de Haydn (en Allemand)"},"content":{"rendered":"<h6>Haydn : Oratorio avec orchestre et solistes \u201c Les Saisons\u201d (<strong><span class=\"home-page-small\">Die Jahreszeiten<\/span><\/strong><span class=\"home-page-small\">)<\/span><\/h6>\n<h6><span class=\"home-page-small\">Le choeur et l&rsquo;orchestre du Festival Musique Cordiale avec solistes<br \/>\n<\/span><strong>Direction: Graham Ross<\/strong><\/h6>\n<h6>Dima Bawab,\u00a0<i>soprano<br \/>\n<\/i>Julian Gregory,<i>\u00a0t\u00e9nor<br \/>\n<\/i>Tristan Hambleton,<i>\u00a0bass<\/i><\/h6>\n<p>&nbsp;<\/p>\n<p>d\u00eener disponible aux membres apr\u00e9s le concert (<a href=\"https:\/\/www.musique-cordiale.com\/fr\/dinners-for-choir-orchestra-volunteer-team-guests-members-festival-2018\/\" target=\"_blank\" rel=\"noopener\">pour l&rsquo;acheter et r\u00e9server,vois ici<\/a>)<\/p>\n","protected":false},"excerpt":{"rendered":"<h6>Haydn : Oratorio avec orchestre et solistes \u201c Les Saisons\u201d (<strong><span class=\"home-page-small\">Die Jahreszeiten<\/span><\/strong><span class=\"home-page-small\">)<\/span><\/h6>\n<h6><span class=\"home-page-small\">Le choeur et l&rsquo;orchestre du Festival Musique Cordiale avec solistes<br \/>\n<\/span><strong>Direction: Graham Ross<\/strong><\/h6>\n<h6>Dima Bawab,\u00a0<i>soprano<br \/>\n<\/i>Julian Gregory,<i>\u00a0t\u00e9nor<br \/>\n<\/i>Tristan Hambleton,<i>\u00a0bass<\/i><\/h6>\n<p>d\u00eener disponible aux membres apr\u00e9s le concert (<a href=\"https:\/\/www.musique-cordiale.com\/fr\/dinners-for-choir-orchestra-volunteer-team-guests-members-festival-2018\/\" target=\"_blank\" rel=\"noopener\">pour l&rsquo;acheter et r\u00e9server,vois ici<\/a>)<\/p>\n","protected":false},"featured_media":19079,"template":"","meta":{"_acf_changed":false,"_monsterinsights_skip_tracking":false,"_monsterinsights_sitenote_active":false,"_monsterinsights_sitenote_note":"","_monsterinsights_sitenote_category":0,"_uf_show_specific_survey":0,"_uf_disable_surveys":false,"advanced_seo_description":"","jetpack_seo_html_title":"","jetpack_seo_noindex":false},"product_brand":[],"product_cat":[224],"product_tag":[263,219],"venue":[143,244],"class_list":{"0":"post-19792","1":"product","2":"type-product","3":"status-publish","4":"has-post-thumbnail","6":"product_cat-festival-2018-fr","7":"product_tag-apres-diner","8":"product_tag-billet-fr","9":"venue-eglise-saint-jean-baptiste","10":"venue-fayence","12":"first","13":"instock","14":"shipping-taxable","15":"product-type-variable"},"acf":[],"jetpack_sharing_enabled":true,"jetpack-related-posts":[{"id":19777,"url":"https:\/\/www.musique-cordiale.com\/fr\/boutique-billetterie\/oratorio-a-bargemon-les-saisons-de-haydn-en-allemand-jeudi-9-aout-2018\/","url_meta":{"origin":19792,"position":0},"title":"Oratorio \u00e0 Bargemon: &lsquo;DIE JAHRESZEITEN&rsquo; &#8211; Les Saisons de Haydn (en allemand)","author":"Jonathan Barker","date":"17\/02\/2017","format":false,"excerpt":"avec choeur, orchestre & solists Graham Ross, direction Dima Bawab, soprano Julian Gregory, tenor Tristan Hambleton, basse Le Choeur & l'Orchestre du Festival Musique Cordiale","rel":"","context":"Article similaire","block_context":{"text":"Article similaire","link":""},"img":{"alt_text":"","src":"https:\/\/i0.wp.com\/www.musique-cordiale.com\/wp-content\/uploads\/2017\/03\/choir-and-orchestra-with-Graham-Ross.jpg?fit=1200%2C600&ssl=1&resize=350%2C200","width":350,"height":200,"srcset":"https:\/\/i0.wp.com\/www.musique-cordiale.com\/wp-content\/uploads\/2017\/03\/choir-and-orchestra-with-Graham-Ross.jpg?fit=1200%2C600&ssl=1&resize=350%2C200 1x, https:\/\/i0.wp.com\/www.musique-cordiale.com\/wp-content\/uploads\/2017\/03\/choir-and-orchestra-with-Graham-Ross.jpg?fit=1200%2C600&ssl=1&resize=525%2C300 1.5x, https:\/\/i0.wp.com\/www.musique-cordiale.com\/wp-content\/uploads\/2017\/03\/choir-and-orchestra-with-Graham-Ross.jpg?fit=1200%2C600&ssl=1&resize=700%2C400 2x, https:\/\/i0.wp.com\/www.musique-cordiale.com\/wp-content\/uploads\/2017\/03\/choir-and-orchestra-with-Graham-Ross.jpg?fit=1200%2C600&ssl=1&resize=1050%2C600 3x"},"classes":[]},{"id":23151,"url":"https:\/\/www.musique-cordiale.com\/programme-tickets\/final-oratorio-concert-die-jahreszeiten-haydn-the-seasons-in-german\/","url_meta":{"origin":19792,"position":1},"title":"Final Oratorio Concert: &lsquo;DIE JAHRESZEITEN&rsquo; &#8211; Haydn, The Seasons (in German)","author":"Jonathan Barker","date":"26\/03\/2019","format":false,"excerpt":"Festival closing concert: Haydn : Oratorio avec orchestre et solistes \u201c Les Saisons\u201d (Die Jahreszeiten) Soloists with the Musique Cordiale Festival Choir & Orchestra Direction: Graham Ross Dima Bawab,\u00a0soprano Julian Gregory,\u00a0t\u00e9nor Tristan Hambleton,\u00a0bass \u00a0 Dinner is available for purchase by members after the concert (reservation only)","rel":"","context":"Article similaire","block_context":{"text":"Article similaire","link":""},"img":{"alt_text":"","src":"https:\/\/i0.wp.com\/www.musique-cordiale.com\/wp-content\/uploads\/2011\/03\/2016-08-13-22.12.31-1-scaled.jpg?fit=1200%2C675&ssl=1&resize=350%2C200","width":350,"height":200,"srcset":"https:\/\/i0.wp.com\/www.musique-cordiale.com\/wp-content\/uploads\/2011\/03\/2016-08-13-22.12.31-1-scaled.jpg?fit=1200%2C675&ssl=1&resize=350%2C200 1x, https:\/\/i0.wp.com\/www.musique-cordiale.com\/wp-content\/uploads\/2011\/03\/2016-08-13-22.12.31-1-scaled.jpg?fit=1200%2C675&ssl=1&resize=525%2C300 1.5x, https:\/\/i0.wp.com\/www.musique-cordiale.com\/wp-content\/uploads\/2011\/03\/2016-08-13-22.12.31-1-scaled.jpg?fit=1200%2C675&ssl=1&resize=700%2C400 2x, https:\/\/i0.wp.com\/www.musique-cordiale.com\/wp-content\/uploads\/2011\/03\/2016-08-13-22.12.31-1-scaled.jpg?fit=1200%2C675&ssl=1&resize=1050%2C600 3x"},"classes":[]},{"id":23159,"url":"https:\/\/www.musique-cordiale.com\/programme-tickets\/final-oratorio-concert-die-jahreszeiten-haydn-the-seasons-in-german\/","url_meta":{"origin":19792,"position":2},"title":"Final Oratorio Concert: &lsquo;DIE JAHRESZEITEN&rsquo; &#8211; Haydn, The Seasons (in German)","author":"Jonathan Barker","date":"26\/03\/2019","format":false,"excerpt":"Festival closing concert: Haydn : Oratorio avec orchestre et solistes \u201c Les Saisons\u201d (Die Jahreszeiten) Soloists with the Musique Cordiale Festival Choir & Orchestra Direction: Graham Ross Dima Bawab,\u00a0soprano Julian Gregory,\u00a0t\u00e9nor Tristan Hambleton,\u00a0bass \u00a0 Dinner is available for purchase by members after the concert (reservation only)","rel":"","context":"Article similaire","block_context":{"text":"Article similaire","link":""},"img":{"alt_text":"","src":"https:\/\/i0.wp.com\/www.musique-cordiale.com\/wp-content\/uploads\/2011\/03\/2016-08-13-22.12.31-1-scaled.jpg?fit=1200%2C675&ssl=1&resize=350%2C200","width":350,"height":200,"srcset":"https:\/\/i0.wp.com\/www.musique-cordiale.com\/wp-content\/uploads\/2011\/03\/2016-08-13-22.12.31-1-scaled.jpg?fit=1200%2C675&ssl=1&resize=350%2C200 1x, https:\/\/i0.wp.com\/www.musique-cordiale.com\/wp-content\/uploads\/2011\/03\/2016-08-13-22.12.31-1-scaled.jpg?fit=1200%2C675&ssl=1&resize=525%2C300 1.5x, https:\/\/i0.wp.com\/www.musique-cordiale.com\/wp-content\/uploads\/2011\/03\/2016-08-13-22.12.31-1-scaled.jpg?fit=1200%2C675&ssl=1&resize=700%2C400 2x, https:\/\/i0.wp.com\/www.musique-cordiale.com\/wp-content\/uploads\/2011\/03\/2016-08-13-22.12.31-1-scaled.jpg?fit=1200%2C675&ssl=1&resize=1050%2C600 3x"},"classes":[]},{"id":19787,"url":"https:\/\/www.musique-cordiale.com\/programme-tickets\/final-concert-haydn-the-seasons-in-german\/","url_meta":{"origin":19792,"position":3},"title":"Final Oratorio Concert: &lsquo;DIE JAHRESZEITEN&rsquo; &#8211; Haydn, The Seasons (in German)","author":"Jonathan Barker","date":"25\/03\/2018","format":false,"excerpt":"Festival closing concert: Haydn : Oratorio avec orchestre et solistes \u201c Les Saisons\u201d (Die Jahreszeiten) Soloists with the Musique Cordiale Festival Choir & Orchestra Direction: Graham Ross Dima Bawab,\u00a0soprano Julian Gregory,\u00a0t\u00e9nor Tristan Hambleton,\u00a0bass \u00a0 Dinner is available for purchase by members after the concert (reservation only)","rel":"","context":"Article similaire","block_context":{"text":"Article similaire","link":""},"img":{"alt_text":"","src":"https:\/\/i0.wp.com\/www.musique-cordiale.com\/wp-content\/uploads\/2011\/03\/2016-08-13-22.12.31-1-scaled.jpg?fit=1200%2C675&ssl=1&resize=350%2C200","width":350,"height":200,"srcset":"https:\/\/i0.wp.com\/www.musique-cordiale.com\/wp-content\/uploads\/2011\/03\/2016-08-13-22.12.31-1-scaled.jpg?fit=1200%2C675&ssl=1&resize=350%2C200 1x, https:\/\/i0.wp.com\/www.musique-cordiale.com\/wp-content\/uploads\/2011\/03\/2016-08-13-22.12.31-1-scaled.jpg?fit=1200%2C675&ssl=1&resize=525%2C300 1.5x, https:\/\/i0.wp.com\/www.musique-cordiale.com\/wp-content\/uploads\/2011\/03\/2016-08-13-22.12.31-1-scaled.jpg?fit=1200%2C675&ssl=1&resize=700%2C400 2x, https:\/\/i0.wp.com\/www.musique-cordiale.com\/wp-content\/uploads\/2011\/03\/2016-08-13-22.12.31-1-scaled.jpg?fit=1200%2C675&ssl=1&resize=1050%2C600 3x"},"classes":[]},{"id":23261,"url":"https:\/\/www.musique-cordiale.com\/fr\/boutique-billetterie\/concert-de-cloture-du-festival-oratorio-saul\/","url_meta":{"origin":19792,"position":4},"title":"BILLET: Concert de cl\u00f4ture du festival: Oratorio \u00abSAUL\u00bb de Haendel, Seillans, 17 ao\u00fbt 2019","author":"Jonathan Barker","date":"26\/03\/2019","format":false,"excerpt":"Samedi 17 a\u00f4ut 19.00 Eglise de Seillans\u00a0\u00a0\u00a0\u00a0\u00a0 25\u20ac\/ 30\u20ac (balcon) 40\u20ac (premium)\u00a0R\u00e9servez t\u00f4t: disponibilit\u00e9 limit\u00e9e! Concert d\u2019Oratorio \u2013 concert de cloture du festival Ch\u0153ur et l\u2019Orchestre du Festival avec solistes Direction: Graham Ross \u00ab Saul \u00bb de HAENDEL Emily Vine, Dima Bawab \u2013 soprano Julian Gregory, Michael Johnston \u2013\u00a0 tenor\u2026","rel":"","context":"Article similaire","block_context":{"text":"Article similaire","link":""},"img":{"alt_text":"","src":"https:\/\/i0.wp.com\/www.musique-cordiale.com\/wp-content\/uploads\/2011\/03\/2016-08-13-22.12.31-1-scaled.jpg?fit=1200%2C675&ssl=1&resize=350%2C200","width":350,"height":200,"srcset":"https:\/\/i0.wp.com\/www.musique-cordiale.com\/wp-content\/uploads\/2011\/03\/2016-08-13-22.12.31-1-scaled.jpg?fit=1200%2C675&ssl=1&resize=350%2C200 1x, https:\/\/i0.wp.com\/www.musique-cordiale.com\/wp-content\/uploads\/2011\/03\/2016-08-13-22.12.31-1-scaled.jpg?fit=1200%2C675&ssl=1&resize=525%2C300 1.5x, https:\/\/i0.wp.com\/www.musique-cordiale.com\/wp-content\/uploads\/2011\/03\/2016-08-13-22.12.31-1-scaled.jpg?fit=1200%2C675&ssl=1&resize=700%2C400 2x, https:\/\/i0.wp.com\/www.musique-cordiale.com\/wp-content\/uploads\/2011\/03\/2016-08-13-22.12.31-1-scaled.jpg?fit=1200%2C675&ssl=1&resize=1050%2C600 3x"},"classes":[]},{"id":14752,"url":"https:\/\/www.musique-cordiale.com\/programme-tickets\/oratorio-bargemon-2018-08-09\/","url_meta":{"origin":19792,"position":5},"title":"Oratorio in Bargemon: Haydn  &lsquo;DIE JAHRESZEITEN&rsquo; &#8211; The Seasons (in German)","author":"Lyndsey","date":"17\/02\/2017","format":false,"excerpt":"With choir, orchestra & soloists Graham Ross, conductor Dima Bawab, soprano Julian Gregory, tenor Tristan Hambleton, basse Musique Cordiale Festival Choir & Orchestra","rel":"","context":"Article similaire","block_context":{"text":"Article similaire","link":""},"img":{"alt_text":"","src":"https:\/\/i0.wp.com\/www.musique-cordiale.com\/wp-content\/uploads\/2017\/03\/choir-and-orchestra-with-Graham-Ross.jpg?fit=1200%2C600&ssl=1&resize=350%2C200","width":350,"height":200,"srcset":"https:\/\/i0.wp.com\/www.musique-cordiale.com\/wp-content\/uploads\/2017\/03\/choir-and-orchestra-with-Graham-Ross.jpg?fit=1200%2C600&ssl=1&resize=350%2C200 1x, https:\/\/i0.wp.com\/www.musique-cordiale.com\/wp-content\/uploads\/2017\/03\/choir-and-orchestra-with-Graham-Ross.jpg?fit=1200%2C600&ssl=1&resize=525%2C300 1.5x, https:\/\/i0.wp.com\/www.musique-cordiale.com\/wp-content\/uploads\/2017\/03\/choir-and-orchestra-with-Graham-Ross.jpg?fit=1200%2C600&ssl=1&resize=700%2C400 2x, https:\/\/i0.wp.com\/www.musique-cordiale.com\/wp-content\/uploads\/2017\/03\/choir-and-orchestra-with-Graham-Ross.jpg?fit=1200%2C600&ssl=1&resize=1050%2C600 3x"},"classes":[]}],"_links":{"self":[{"href":"https:\/\/www.musique-cordiale.com\/fr\/wp-json\/wp\/v2\/product\/19792","targetHints":{"allow":["GET"]}}],"collection":[{"href":"https:\/\/www.musique-cordiale.com\/fr\/wp-json\/wp\/v2\/product"}],"about":[{"href":"https:\/\/www.musique-cordiale.com\/fr\/wp-json\/wp\/v2\/types\/product"}],"wp:featuredmedia":[{"embeddable":true,"href":"https:\/\/www.musique-cordiale.com\/fr\/wp-json\/wp\/v2\/media\/19079"}],"wp:attachment":[{"href":"https:\/\/www.musique-cordiale.com\/fr\/wp-json\/wp\/v2\/media?parent=19792"}],"wp:term":[{"taxonomy":"product_brand","embeddable":true,"href":"https:\/\/www.musique-cordiale.com\/fr\/wp-json\/wp\/v2\/product_brand?post=19792"},{"taxonomy":"product_cat","embeddable":true,"href":"https:\/\/www.musique-cordiale.com\/fr\/wp-json\/wp\/v2\/product_cat?post=19792"},{"taxonomy":"product_tag","embeddable":true,"href":"https:\/\/www.musique-cordiale.com\/fr\/wp-json\/wp\/v2\/product_tag?post=19792"},{"taxonomy":"venue","embeddable":true,"href":"https:\/\/www.musique-cordiale.com\/fr\/wp-json\/wp\/v2\/venue?post=19792"}],"curies":[{"name":"wp","href":"https:\/\/api.w.org\/{rel}","templated":true}]}}