{"id":20545,"date":"2018-03-25T12:52:20","date_gmt":"2018-04-27T11:29:05","guid":{"rendered":"https:\/\/www.musique-cordiale.com\/?post_type=product&#038;p=20545"},"modified":"2019-08-18T10:31:54","modified_gmt":"2019-08-18T10:31:54","slug":"recital-de-chant-samedi-28-juillet","status":"publish","type":"product","link":"https:\/\/www.musique-cordiale.com\/fr\/boutique-billetterie\/recital-de-chant-samedi-28-juillet\/","title":{"rendered":"Concert d&rsquo;ouverture du festival: R\u00e9cital de chant &#8211; chansons et aires pour une nuit d&rsquo;\u00e9t\u00e9"},"content":{"rendered":"<p><strong>R\u00e9cital de chant<\/strong><\/p>\n<p>Kiera Lyness, soprano <img data-recalc-dims=\"1\" loading=\"lazy\" decoding=\"async\" class=\"alignright size-medium wp-image-21432\" src=\"https:\/\/i0.wp.com\/www.musique-cordiale.com\/wp-content\/uploads\/2018\/07\/p05_Page_1-Kiera-Aidan.jpeg?resize=146%2C300&#038;ssl=1\" alt=\"\" width=\"146\" height=\"300\" srcset=\"https:\/\/i0.wp.com\/www.musique-cordiale.com\/wp-content\/uploads\/2018\/07\/p05_Page_1-Kiera-Aidan.jpeg?resize=146%2C300&amp;ssl=1 146w, https:\/\/i0.wp.com\/www.musique-cordiale.com\/wp-content\/uploads\/2018\/07\/p05_Page_1-Kiera-Aidan.jpeg?resize=170%2C350&amp;ssl=1 170w, https:\/\/i0.wp.com\/www.musique-cordiale.com\/wp-content\/uploads\/2018\/07\/p05_Page_1-Kiera-Aidan.jpeg?w=283&amp;ssl=1 283w\" sizes=\"auto, (max-width: 146px) 100vw, 146px\" \/><br \/>\nAidan Coburn, tenor<br \/>\nRebecca Taylor, piano<\/p>\n<p><strong>Mozart: Dans un bois, Das Veilchen, Ridente la Calma, Oiseaux si tous les ans<\/strong><br \/>\n<strong>Faur\u00e9: Le Papillon et la Fleur, Chanson d\u2019Amour En Pri\u00e8re, Adieu<\/strong><br \/>\n<strong>Schubert: Le P\u00e2tre sur le Rocher\u00a0<\/strong>(Danny Lyness.\u00a0<em>alto<\/em>)\u00a0<strong><br \/>\nDelibes: Les Filles de Cadiz<\/strong><br \/>\n<strong>Gilbert &amp; Sullivan: Poor Wandering One Schumann: In der Nacht<\/strong><br \/>\n<strong>Donizetti: Uno sguardo di nera<br \/>\nVaughan Williams: Silent Noon<br \/>\nVerdi: Lo spazzacamin<\/strong><br \/>\n<strong>Tosti: Ideale, Non t\u2019amo piu<br \/>\nBritten: O Waly, Waly<br \/>\nWatson: The Charmer<\/strong><br \/>\n<strong>Offenbach: Night of stars and Night of Love Ray: The Sunshine Of Your Smile<\/strong><br \/>\n<strong>Sanderson: Until 21.00<\/strong><\/p>\n","protected":false},"excerpt":{"rendered":"<p><strong>R\u00e9cital de chant<\/strong><\/p>\n<p>Kiera Lyness, soprano <img loading=\"lazy\" decoding=\"async\" class=\"alignright size-medium wp-image-21432\" src=\"https:\/\/www.musique-cordiale.com\/wp-content\/uploads\/2018\/07\/p05_Page_1-Kiera-Aidan-146x300.jpeg\" alt=\"\" width=\"146\" height=\"300\" srcset=\"https:\/\/i0.wp.com\/www.musique-cordiale.com\/wp-content\/uploads\/2018\/07\/p05_Page_1-Kiera-Aidan.jpeg?resize=146%2C300&amp;ssl=1 146w, https:\/\/i0.wp.com\/www.musique-cordiale.com\/wp-content\/uploads\/2018\/07\/p05_Page_1-Kiera-Aidan.jpeg?resize=170%2C350&amp;ssl=1 170w, https:\/\/i0.wp.com\/www.musique-cordiale.com\/wp-content\/uploads\/2018\/07\/p05_Page_1-Kiera-Aidan.jpeg?w=283&amp;ssl=1 283w\" sizes=\"auto, (max-width: 146px) 100vw, 146px\" \/><br \/>\nAidan Coburn, tenor<br \/>\nRebecca Taylor, piano<\/p>\n<p><strong>Mozart: Dans un bois, Das Veilchen, Ridente la Calma, Oiseaux si tous les ans<\/strong><br \/>\n<strong>Faur\u00e9: Le Papillon et la Fleur, Chanson d\u2019Amour En Pri\u00e8re, Adieu<\/strong><br \/>\n<strong>Schubert: Le P\u00e2tre sur le Rocher\u00a0<\/strong>(Danny Lyness.\u00a0<em>alto<\/em>)\u00a0<strong><br \/>\nDelibes: Les Filles de Cadiz<\/strong><br \/>\n<strong>Gilbert &amp; Sullivan: Poor Wandering One Schumann: In der Nacht<\/strong><br \/>\n<strong>Donizetti: Uno sguardo di nera<br \/>\nVaughan Williams: Silent Noon<br \/>\nVerdi: Lo spazzacamin<\/strong><br \/>\n<strong>Tosti: Ideale, Non t\u2019amo piu<br \/>\nBritten: O Waly, Waly<br \/>\nWatson: The Charmer<\/strong><br \/>\n<strong>Offenbach: Night of stars and Night of Love Ray: The Sunshine Of Your Smile<\/strong><br \/>\n<strong>Sanderson: Until 21.00<\/strong><\/p>\n","protected":false},"featured_media":16059,"template":"","meta":{"_acf_changed":false,"_monsterinsights_skip_tracking":false,"_monsterinsights_sitenote_active":false,"_monsterinsights_sitenote_note":"","_monsterinsights_sitenote_category":0,"_uf_show_specific_survey":0,"_uf_disable_surveys":false,"advanced_seo_description":"","jetpack_seo_html_title":"","jetpack_seo_noindex":false},"product_brand":[],"product_cat":[224],"product_tag":[219],"venue":[216,215],"class_list":{"0":"post-20545","1":"product","2":"type-product","3":"status-publish","4":"has-post-thumbnail","6":"product_cat-festival-2018-fr","7":"product_tag-billet-fr","8":"venue-eglise-st-pierre-et-st-paul","9":"venue-mons","11":"first","12":"onbackorder","13":"shipping-taxable","14":"product-type-variable"},"acf":[],"jetpack_sharing_enabled":true,"jetpack-related-posts":[{"id":19725,"url":"https:\/\/www.musique-cordiale.com\/programme-tickets\/opening-concert-singing-recital-2018-07-28\/","url_meta":{"origin":20545,"position":0},"title":"Opening Concert and Singing Recital &#8211; songs &amp; arias for a summer night","author":"Jonathan Barker","date":"25\/03\/2018","format":false,"excerpt":"R\u00e9cital de chant Kiera Lyness, soprano\u00a0 Aidan Coburn, tenor Rebecca Taylor, piano Mozart: Dans un bois, Das Veilchen, Ridente la Calma, Oiseaux si tous les ans Faur\u00e9: Le Papillon et la Fleur, Chanson d\u2019Amour En Pri\u00e8re, Adieu Schubert: Le P\u00e2tre sur le Rocher (Danny Lyness.\u00a0alto) Delibes: Les Filles de Cadiz\u2026","rel":"","context":"Article similaire","block_context":{"text":"Article similaire","link":""},"img":{"alt_text":"","src":"https:\/\/i0.wp.com\/www.musique-cordiale.com\/wp-content\/uploads\/2017\/03\/Rebecca-taylor-scaled.jpg?fit=800%2C1200&ssl=1&resize=350%2C200","width":350,"height":200,"srcset":"https:\/\/i0.wp.com\/www.musique-cordiale.com\/wp-content\/uploads\/2017\/03\/Rebecca-taylor-scaled.jpg?fit=800%2C1200&ssl=1&resize=350%2C200 1x, https:\/\/i0.wp.com\/www.musique-cordiale.com\/wp-content\/uploads\/2017\/03\/Rebecca-taylor-scaled.jpg?fit=800%2C1200&ssl=1&resize=525%2C300 1.5x, https:\/\/i0.wp.com\/www.musique-cordiale.com\/wp-content\/uploads\/2017\/03\/Rebecca-taylor-scaled.jpg?fit=800%2C1200&ssl=1&resize=700%2C400 2x"},"classes":[]},{"id":15050,"url":"https:\/\/www.musique-cordiale.com\/fr\/boutique-billetterie\/fayence-verdure-2018-08-07\/","url_meta":{"origin":20545,"position":1},"title":"Musique fabuleuse sous les \u00e9toiles &#8211; aires d&rsquo;op\u00e9ra et symphonie orchestral","author":"Lyndsey","date":"17\/02\/2017","format":false,"excerpt":"Concert avec solistes\u00a0: Concerto pour violon de\u00a0Tchaikovsky\u00a0\u2013 et aires d\u2019Opera Direction: James Lowe Dima Bawab, Kiera Lyness,\u00a0soprano Charlotte King, mezzo-soprano Aidan Coburn, Julian Gregory,\u00a0t\u00e9nor Tristan Hambleton,\u00a0bass Jonathan Martindale,\u00a0violon Tchaikovsky: Concerto pour violon et orchestre","rel":"","context":"Article similaire","block_context":{"text":"Article similaire","link":""},"img":{"alt_text":"","src":"https:\/\/i0.wp.com\/www.musique-cordiale.com\/wp-content\/uploads\/2015\/01\/Fayence-orch-NT-scaled.jpg?fit=1200%2C900&ssl=1&resize=350%2C200","width":350,"height":200,"srcset":"https:\/\/i0.wp.com\/www.musique-cordiale.com\/wp-content\/uploads\/2015\/01\/Fayence-orch-NT-scaled.jpg?fit=1200%2C900&ssl=1&resize=350%2C200 1x, https:\/\/i0.wp.com\/www.musique-cordiale.com\/wp-content\/uploads\/2015\/01\/Fayence-orch-NT-scaled.jpg?fit=1200%2C900&ssl=1&resize=525%2C300 1.5x, https:\/\/i0.wp.com\/www.musique-cordiale.com\/wp-content\/uploads\/2015\/01\/Fayence-orch-NT-scaled.jpg?fit=1200%2C900&ssl=1&resize=700%2C400 2x, https:\/\/i0.wp.com\/www.musique-cordiale.com\/wp-content\/uploads\/2015\/01\/Fayence-orch-NT-scaled.jpg?fit=1200%2C900&ssl=1&resize=1050%2C600 3x"},"classes":[]},{"id":14737,"url":"https:\/\/www.musique-cordiale.com\/programme-tickets\/fayence-verdure-2018-08-07\/","url_meta":{"origin":20545,"position":2},"title":"An orchestral concert with soloists: fabulous music and Opera Arias under the stars","author":"Lyndsey","date":"17\/02\/2017","format":false,"excerpt":"Concert avec solistes\u00a0: Concerto pour violon de\u00a0Tchaikovsky\u00a0\u2013 et aires d\u2019Opera Direction: James Lowe Dima Bawab, Kiera Lyness,\u00a0soprano Charlotte King, mezzo-soprano Aidan Coburn, Julian Gregory,\u00a0t\u00e9nor Tristan Hambleton,\u00a0bass Jonathan Martindale,\u00a0violon Tchaikovsky: Concerto pour violon et orchestre","rel":"","context":"Article similaire","block_context":{"text":"Article similaire","link":""},"img":{"alt_text":"","src":"https:\/\/i0.wp.com\/www.musique-cordiale.com\/wp-content\/uploads\/2015\/01\/Fayence-orch-NT-scaled.jpg?fit=1200%2C900&ssl=1&resize=350%2C200","width":350,"height":200,"srcset":"https:\/\/i0.wp.com\/www.musique-cordiale.com\/wp-content\/uploads\/2015\/01\/Fayence-orch-NT-scaled.jpg?fit=1200%2C900&ssl=1&resize=350%2C200 1x, https:\/\/i0.wp.com\/www.musique-cordiale.com\/wp-content\/uploads\/2015\/01\/Fayence-orch-NT-scaled.jpg?fit=1200%2C900&ssl=1&resize=525%2C300 1.5x, https:\/\/i0.wp.com\/www.musique-cordiale.com\/wp-content\/uploads\/2015\/01\/Fayence-orch-NT-scaled.jpg?fit=1200%2C900&ssl=1&resize=700%2C400 2x, https:\/\/i0.wp.com\/www.musique-cordiale.com\/wp-content\/uploads\/2015\/01\/Fayence-orch-NT-scaled.jpg?fit=1200%2C900&ssl=1&resize=1050%2C600 3x"},"classes":[]},{"id":36659,"url":"https:\/\/www.musique-cordiale.com\/programme-tickets\/tickets-summer-festival-recital-concert-2-30-july-2022-7pm-faversham\/","url_meta":{"origin":20545,"position":3},"title":"TICKETS: Rousing SONG Recital (Summer Festival concert), 30 July 2022, 7PM, Faversham","author":"Jonathan Barker","date":"20\/06\/2022","format":false,"excerpt":"","rel":"","context":"Article similaire","block_context":{"text":"Article similaire","link":""},"img":{"alt_text":"","src":"","width":0,"height":0},"classes":[]},{"id":48464,"url":"https:\/\/www.musique-cordiale.com\/fr\/boutique-billetterie\/une-nuit-a-lopera-la-scene-de-lancienne-gare-de-seillans-en-plein-air-21h-2-aout-2025\/","url_meta":{"origin":20545,"position":4},"title":"\u00ab\u00a0Une nuit \u00e0 l&rsquo;OP\u00c9RA\u00a0\u00bb, la sc\u00e8ne de l&rsquo;ancienne Gare de SEILLANS, en plein air 20h 2 ao\u00fbt 2025","author":"Jonathan Barker","date":"17\/04\/2025","format":false,"excerpt":"PUCCINI, BIZET, MOZART, VERDI-BRITTEN \u00ab\u00a0Une nuit \u00e0 l'OP\u00c9RA\u00a0\u00bb, sc\u00e8ne de l'ancienne Gare de SEILLANS, en plein air \u00e0 20\u00a0h le 2\u00a0ao\u00fbt\u00a02025, ouverture des portes \u00e0 18\u00a0h\u00a030 pour pique-niquer ou boire un verre, avec notre entracte habituel, avec vin et boissons non alcoolis\u00e9es. EXTRAITS D'OP\u00c9RA INTERPR\u00c9T\u00c9S PAR\u00a0: Soprano \u2013 Rebecca Hardwick,\u2026","rel":"","context":"Article similaire","block_context":{"text":"Article similaire","link":""},"img":{"alt_text":"","src":"https:\/\/i0.wp.com\/www.musique-cordiale.com\/wp-content\/uploads\/2025\/04\/IMG-20250417-WA00341-Seillans-Gare-2024-opera.jpg?fit=1200%2C546&ssl=1&resize=350%2C200","width":350,"height":200,"srcset":"https:\/\/i0.wp.com\/www.musique-cordiale.com\/wp-content\/uploads\/2025\/04\/IMG-20250417-WA00341-Seillans-Gare-2024-opera.jpg?fit=1200%2C546&ssl=1&resize=350%2C200 1x, https:\/\/i0.wp.com\/www.musique-cordiale.com\/wp-content\/uploads\/2025\/04\/IMG-20250417-WA00341-Seillans-Gare-2024-opera.jpg?fit=1200%2C546&ssl=1&resize=525%2C300 1.5x, https:\/\/i0.wp.com\/www.musique-cordiale.com\/wp-content\/uploads\/2025\/04\/IMG-20250417-WA00341-Seillans-Gare-2024-opera.jpg?fit=1200%2C546&ssl=1&resize=700%2C400 2x, https:\/\/i0.wp.com\/www.musique-cordiale.com\/wp-content\/uploads\/2025\/04\/IMG-20250417-WA00341-Seillans-Gare-2024-opera.jpg?fit=1200%2C546&ssl=1&resize=1050%2C600 3x"},"classes":[]},{"id":48596,"url":"https:\/\/www.musique-cordiale.com\/fr\/boutique-billetterie\/une-soiree-insolite-a-lopera-dans-un-cadre-magique-au-milieu-des-arbres-et-sous-la-tour-de-lhorloge-et-avec-vue-sur-le-chateau-et-les-collines-du-var-au-loin\/","url_meta":{"origin":20545,"position":5},"title":"\u00ab Une soir\u00e9e insolite \u00e0 l\u2019OP\u00c9RA \u00bb dans un cadre magique au milieu des arbres et sous la tour de l\u2019horloge \u2013 et avec vue sur le ch\u00e2teau et les collines du Var au loin, mercredi 6 ao\u00fbt 2025, 21h, Place de l\u2019Horloge, TOURRETTES","author":"Jonathan Barker","date":"22\/04\/2025","format":false,"excerpt":"Notre incroyable programmation de solistes vocaux\u00a0: Rebecca Hardwick, soprano, Hannah Dienes-Williams, mezzo, Collin Shay, contre-t\u00e9nor, Aidan Coburn, t\u00e9nor, Patrick Alexander Keefe, baryton avec Rebecca Taylor, piano Une soir\u00e9e de grands classiques de l'op\u00e9ra, r\u00e9unis dans cette nouvelle production inventive, pr\u00e9sent\u00e9e en partie \u00e0 Musique-Cordiale","rel":"","context":"Article similaire","block_context":{"text":"Article similaire","link":""},"img":{"alt_text":"","src":"https:\/\/i0.wp.com\/www.musique-cordiale.com\/wp-content\/uploads\/2025\/04\/IMG-20250422-WA00031-Musique-Cordiale-Tourrettes-2025.jpg?fit=1049%2C1200&ssl=1&resize=350%2C200","width":350,"height":200,"srcset":"https:\/\/i0.wp.com\/www.musique-cordiale.com\/wp-content\/uploads\/2025\/04\/IMG-20250422-WA00031-Musique-Cordiale-Tourrettes-2025.jpg?fit=1049%2C1200&ssl=1&resize=350%2C200 1x, https:\/\/i0.wp.com\/www.musique-cordiale.com\/wp-content\/uploads\/2025\/04\/IMG-20250422-WA00031-Musique-Cordiale-Tourrettes-2025.jpg?fit=1049%2C1200&ssl=1&resize=525%2C300 1.5x, https:\/\/i0.wp.com\/www.musique-cordiale.com\/wp-content\/uploads\/2025\/04\/IMG-20250422-WA00031-Musique-Cordiale-Tourrettes-2025.jpg?fit=1049%2C1200&ssl=1&resize=700%2C400 2x"},"classes":[]}],"_links":{"self":[{"href":"https:\/\/www.musique-cordiale.com\/fr\/wp-json\/wp\/v2\/product\/20545","targetHints":{"allow":["GET"]}}],"collection":[{"href":"https:\/\/www.musique-cordiale.com\/fr\/wp-json\/wp\/v2\/product"}],"about":[{"href":"https:\/\/www.musique-cordiale.com\/fr\/wp-json\/wp\/v2\/types\/product"}],"wp:featuredmedia":[{"embeddable":true,"href":"https:\/\/www.musique-cordiale.com\/fr\/wp-json\/wp\/v2\/media\/16059"}],"wp:attachment":[{"href":"https:\/\/www.musique-cordiale.com\/fr\/wp-json\/wp\/v2\/media?parent=20545"}],"wp:term":[{"taxonomy":"product_brand","embeddable":true,"href":"https:\/\/www.musique-cordiale.com\/fr\/wp-json\/wp\/v2\/product_brand?post=20545"},{"taxonomy":"product_cat","embeddable":true,"href":"https:\/\/www.musique-cordiale.com\/fr\/wp-json\/wp\/v2\/product_cat?post=20545"},{"taxonomy":"product_tag","embeddable":true,"href":"https:\/\/www.musique-cordiale.com\/fr\/wp-json\/wp\/v2\/product_tag?post=20545"},{"taxonomy":"venue","embeddable":true,"href":"https:\/\/www.musique-cordiale.com\/fr\/wp-json\/wp\/v2\/venue?post=20545"}],"curies":[{"name":"wp","href":"https:\/\/api.w.org\/{rel}","templated":true}]}}