{"id":21269,"date":"2018-06-04T15:29:50","date_gmt":"2018-06-20T14:57:07","guid":{"rendered":"https:\/\/www.musique-cordiale.com\/?post_type=product&#038;p=21269"},"modified":"2019-08-18T10:28:20","modified_gmt":"2019-08-18T10:28:20","slug":"garden-party-avec-le-vin-des-cineastes","status":"publish","type":"product","link":"https:\/\/www.musique-cordiale.com\/fr\/boutique-billetterie\/garden-party-avec-le-vin-des-cineastes\/","title":{"rendered":"&lsquo;Garden-Party&rsquo; avec le Vin des Cin\u00e9astes &#8211; classique rencontre le jazz"},"content":{"rendered":"<h6><strong>Une Garden-Party avec le vin des cin\u00e9astes: \u00a0buffet l\u00e9ger et ap\u00e9ritifs en d\u00e9but de soir\u00e9e<img data-recalc-dims=\"1\" loading=\"lazy\" decoding=\"async\" class=\"alignright size-medium wp-image-21421\" src=\"https:\/\/i0.wp.com\/www.musique-cordiale.com\/wp-content\/uploads\/2018\/07\/p37_Page_1-Meaulx.jpg?resize=300%2C270&#038;ssl=1\" alt=\"\" width=\"300\" height=\"270\" srcset=\"https:\/\/i0.wp.com\/www.musique-cordiale.com\/wp-content\/uploads\/2018\/07\/p37_Page_1-Meaulx.jpg?resize=300%2C270&amp;ssl=1 300w, https:\/\/i0.wp.com\/www.musique-cordiale.com\/wp-content\/uploads\/2018\/07\/p37_Page_1-Meaulx.jpg?resize=388%2C350&amp;ssl=1 388w, https:\/\/i0.wp.com\/www.musique-cordiale.com\/wp-content\/uploads\/2018\/07\/p37_Page_1-Meaulx.jpg?w=424&amp;ssl=1 424w\" sizes=\"auto, (max-width: 300px) 100vw, 300px\" \/><\/strong><\/h6>\n<p><img data-recalc-dims=\"1\" loading=\"lazy\" decoding=\"async\" class=\" wp-image-20000\" src=\"https:\/\/i0.wp.com\/www.musique-cordiale.com\/wp-content\/uploads\/2018\/03\/MC2018-floris-kappeyne-trio.jpg?resize=225%2C150&#038;ssl=1\" sizes=\"auto, (max-width: 225px) 100vw, 225px\" srcset=\"https:\/\/www.musique-cordiale.com\/wp-content\/uploads\/2018\/03\/MC2018-floris-kappeyne-trio.jpg 300w, https:\/\/www.musique-cordiale.com\/wp-content\/uploads\/2018\/03\/MC2018-floris-kappeyne-trio-768x512.jpg 768w, https:\/\/www.musique-cordiale.com\/wp-content\/uploads\/2018\/03\/MC2018-floris-kappeyne-trio-525x350.jpg 525w, https:\/\/www.musique-cordiale.com\/wp-content\/uploads\/2018\/03\/MC2018-floris-kappeyne-trio-685x460.jpg 685w, https:\/\/www.musique-cordiale.com\/wp-content\/uploads\/2018\/03\/MC2018-floris-kappeyne-trio-600x400.jpg 600w, https:\/\/www.musique-cordiale.com\/wp-content\/uploads\/2018\/03\/MC2018-floris-kappeyne-trio.jpg 1200w\" alt=\"\" width=\"225\" height=\"150\" \/><strong>19.00 CONCERT Classique rencontre jazz intime dans le vignoble<\/strong><\/p>\n<p><strong><em>\u00a0<\/em><\/strong><\/p>\n<h6><strong>apero et apeitifs de 18h\u00a0<\/strong>(parking ouvert de 17:45)<\/h6>\n<h6>Beethoven: Quatuor \u00e0 cordes Op. 18 n\u00b04<br \/>\nMendelssohn Octet, Jonathan Martindale, violon<\/h6>\n<h6>+ Jazz trio: Floris Kappeyne; Tijs Klaassen; Wouter Kuhne<\/h6>\n<h6><strong><em>Admission \u00e0 cet \u00e9v\u00e9nement uniquement sur r\u00e9servation pr\u00e9alable:<br \/>\nR\u00e9servez BIENT\u00d4T: Prix de vente \u00ab\u00a0Early Bird\u00a0\u00bb disponibles pour cet \u00e9v\u00e9nement.\u00a0Les places sont limit\u00e9es.<\/em><\/strong><\/h6>\n","protected":false},"excerpt":{"rendered":"<h6><strong>Une Garden-Party avec le vin des cin\u00e9astes: \u00a0buffet l\u00e9ger et ap\u00e9ritifs en d\u00e9but de soir\u00e9e<\/strong><\/h6>\n<p><img loading=\"lazy\" decoding=\"async\" class=\" wp-image-20000\" src=\"https:\/\/www.musique-cordiale.com\/wp-content\/uploads\/2018\/03\/MC2018-floris-kappeyne-trio-300x200.jpg\" sizes=\"auto, (max-width: 225px) 100vw, 225px\" srcset=\"https:\/\/www.musique-cordiale.com\/wp-content\/uploads\/2018\/03\/MC2018-floris-kappeyne-trio-300x200.jpg 300w, https:\/\/www.musique-cordiale.com\/wp-content\/uploads\/2018\/03\/MC2018-floris-kappeyne-trio-768x512.jpg 768w, https:\/\/www.musique-cordiale.com\/wp-content\/uploads\/2018\/03\/MC2018-floris-kappeyne-trio-525x350.jpg 525w, https:\/\/www.musique-cordiale.com\/wp-content\/uploads\/2018\/03\/MC2018-floris-kappeyne-trio-685x460.jpg 685w, https:\/\/www.musique-cordiale.com\/wp-content\/uploads\/2018\/03\/MC2018-floris-kappeyne-trio-600x400.jpg 600w, https:\/\/www.musique-cordiale.com\/wp-content\/uploads\/2018\/03\/MC2018-floris-kappeyne-trio.jpg 1200w\" alt=\"\" width=\"225\" height=\"150\" \/><strong>19.00 CONCERT Classique rencontre jazz intime dans le vignoble<img loading=\"lazy\" decoding=\"async\" class=\"alignright size-medium wp-image-21421\" src=\"https:\/\/www.musique-cordiale.com\/wp-content\/uploads\/2018\/07\/p37_Page_1-Meaulx-300x270.jpg\" alt=\"\" width=\"300\" height=\"270\" srcset=\"https:\/\/i0.wp.com\/www.musique-cordiale.com\/wp-content\/uploads\/2018\/07\/p37_Page_1-Meaulx.jpg?resize=300%2C270&amp;ssl=1 300w, https:\/\/i0.wp.com\/www.musique-cordiale.com\/wp-content\/uploads\/2018\/07\/p37_Page_1-Meaulx.jpg?resize=388%2C350&amp;ssl=1 388w, https:\/\/i0.wp.com\/www.musique-cordiale.com\/wp-content\/uploads\/2018\/07\/p37_Page_1-Meaulx.jpg?w=424&amp;ssl=1 424w\" sizes=\"auto, (max-width: 300px) 100vw, 300px\" \/><\/strong><\/p>\n<p><strong><em>\u00a0<\/em><\/strong><\/p>\n<h6><strong>apero et apeitifs de 18h\u00a0<\/strong>(parking ouvert de 17:45)<\/h6>\n<h6>Beethoven: Quatuor \u00e0 cordes Op. 18 n\u00b04<br \/>\nMendelssohn Octet, Jonathan Martindale, violon<\/h6>\n<h6>+ Jazz trio: Floris Kappeyne; Tijs Klaassen; Wouter Kuhne<\/h6>\n<h6><strong><em>Admission \u00e0 cet \u00e9v\u00e9nement uniquement sur r\u00e9servation pr\u00e9alable:<br \/>\nR\u00e9servez BIENT\u00d4T: Prix de vente \u00ab\u00a0Early Bird\u00a0\u00bb disponibles pour cet \u00e9v\u00e9nement.\u00a0Les places sont limit\u00e9es.<\/em><\/strong><\/h6>\n","protected":false},"featured_media":19289,"template":"","meta":{"_acf_changed":false,"_monsterinsights_skip_tracking":false,"_monsterinsights_sitenote_active":false,"_monsterinsights_sitenote_note":"","_monsterinsights_sitenote_category":0,"_uf_show_specific_survey":0,"_uf_disable_surveys":false,"advanced_seo_description":"","jetpack_seo_html_title":"","jetpack_seo_noindex":false},"product_brand":[],"product_cat":[224],"product_tag":[219,281],"venue":[239,220],"class_list":{"0":"post-21269","1":"product","2":"type-product","3":"status-publish","4":"has-post-thumbnail","6":"product_cat-festival-2018-fr","7":"product_tag-billet-fr","8":"product_tag-ticket-fr","9":"venue-claviers","10":"venue-domaine-de-meaulx-d5-83830","12":"first","13":"instock","14":"sale","15":"shipping-taxable","16":"purchasable","17":"product-type-variable"},"acf":[],"jetpack_sharing_enabled":true,"jetpack-related-posts":[{"id":19838,"url":"https:\/\/www.musique-cordiale.com\/fr\/boutique-billetterie\/billet-musique-vin-et-dinatoire-classique-rencontre-le-jazz-au-vignoble-domaine-de-meaulx-claviers-lundi-6-aout-2018\/","url_meta":{"origin":21269,"position":0},"title":"Billet BALLON ROUGE: (\u00ab\u00a0Garden-Party\u00a0\u00bb musicale) &#8211; Classique rencontre le jazz au vignoble cin\u00e9astes, domaine de Meaulx, Claviers, lundi 6 ao\u00fbt 2018","author":"Jonathan Barker","date":"26\/03\/2018","format":false,"excerpt":"Collations et vins Parking et portes ouvertes \u00e0 partir de 18h - ap\u00e9ro seulement, pas de d\u00eener -rabais \"early bird\" jusqu'a 30 juin","rel":"","context":"Article similaire","block_context":{"text":"Article similaire","link":""},"img":{"alt_text":"","src":"","width":0,"height":0},"classes":[]},{"id":44911,"url":"https:\/\/www.musique-cordiale.com\/fr\/boutique-billetterie\/concert-fund-raiser-to-launch-the-2024-festival\/","url_meta":{"origin":21269,"position":1},"title":"30 juillet 2024, 19h: Concert et &lsquo;SOIR\u00c9E MUSICALE&rsquo; pour lancer le Festival Musique-Cordiale 2024: Musique, Vin et d\u00e9licieux ap\u00e9ritif dinatoire","author":"Jonathan Barker","date":"31\/03\/2024","format":false,"excerpt":"Rebecca Hardwick, soprano | Aidan Coburn, t\u00e9nor | Rebecca Taylor, piano | Will Harris, violoncelle | James Heathcote, violoncelle | Les musiciens du Festival 2024 |Concert de Gala et D\u00eener dans le cadre champ\u00eatre du Domaine Val d\u2019Iris pour la pr\u00e9sentation de nos merveilleux artistes qui se produiront au cours\u2026","rel":"","context":"Article similaire","block_context":{"text":"Article similaire","link":""},"img":{"alt_text":"","src":"https:\/\/i0.wp.com\/www.musique-cordiale.com\/wp-content\/uploads\/2019\/03\/Van-dIris-concert-20140804_195100-scaled.jpg?fit=1200%2C675&ssl=1&resize=350%2C200","width":350,"height":200,"srcset":"https:\/\/i0.wp.com\/www.musique-cordiale.com\/wp-content\/uploads\/2019\/03\/Van-dIris-concert-20140804_195100-scaled.jpg?fit=1200%2C675&ssl=1&resize=350%2C200 1x, https:\/\/i0.wp.com\/www.musique-cordiale.com\/wp-content\/uploads\/2019\/03\/Van-dIris-concert-20140804_195100-scaled.jpg?fit=1200%2C675&ssl=1&resize=525%2C300 1.5x, https:\/\/i0.wp.com\/www.musique-cordiale.com\/wp-content\/uploads\/2019\/03\/Van-dIris-concert-20140804_195100-scaled.jpg?fit=1200%2C675&ssl=1&resize=700%2C400 2x, https:\/\/i0.wp.com\/www.musique-cordiale.com\/wp-content\/uploads\/2019\/03\/Van-dIris-concert-20140804_195100-scaled.jpg?fit=1200%2C675&ssl=1&resize=1050%2C600 3x"},"classes":[]},{"id":48538,"url":"https:\/\/www.musique-cordiale.com\/fr\/boutique-billetterie\/48538\/","url_meta":{"origin":21269,"position":2},"title":"\u00ab D\u00e9licieux classiques : joyaux du r\u00e9pertoire classique \u00bb dans un cadre vigneron : Domaine Val d&rsquo;Iris, Seillans, 19h, 1er ao\u00fbt 2025 avec petit &lsquo;dinatoire l\u00e9ger&rsquo;","author":"Jonathan Barker","date":"19\/04\/2025","format":false,"excerpt":"\u00ab\u00a0Classiques doux\u00a0\u00bb dans un cadre viticole\u00a0: Domaine Val d'Iris, Seillans, 1er\u00a0ao\u00fbt\u00a02025 \u00e0 19\u00a0h Concert de grands classiques \u00e0 travers les \u00e2ges, avec un dinatoire l\u00e9ger (vin disponible \u00e9galement\u00a0!) Concert de grands classiques \u00e0 travers les \u00e2ges, avec un dinatoire l\u00e9ger (vin disponible \u00e9galement\u00a0!). Les solistes de l'Orchestre du Festival Musique-Cordiale\u2026","rel":"","context":"Article similaire","block_context":{"text":"Article similaire","link":""},"img":{"alt_text":"","src":"https:\/\/i0.wp.com\/www.musique-cordiale.com\/wp-content\/uploads\/2023\/05\/WhatsApp-Image-2023-01-20-at-14.57.35.jpeg?fit=1200%2C583&ssl=1&resize=350%2C200","width":350,"height":200,"srcset":"https:\/\/i0.wp.com\/www.musique-cordiale.com\/wp-content\/uploads\/2023\/05\/WhatsApp-Image-2023-01-20-at-14.57.35.jpeg?fit=1200%2C583&ssl=1&resize=350%2C200 1x, https:\/\/i0.wp.com\/www.musique-cordiale.com\/wp-content\/uploads\/2023\/05\/WhatsApp-Image-2023-01-20-at-14.57.35.jpeg?fit=1200%2C583&ssl=1&resize=525%2C300 1.5x, https:\/\/i0.wp.com\/www.musique-cordiale.com\/wp-content\/uploads\/2023\/05\/WhatsApp-Image-2023-01-20-at-14.57.35.jpeg?fit=1200%2C583&ssl=1&resize=700%2C400 2x, https:\/\/i0.wp.com\/www.musique-cordiale.com\/wp-content\/uploads\/2023\/05\/WhatsApp-Image-2023-01-20-at-14.57.35.jpeg?fit=1200%2C583&ssl=1&resize=1050%2C600 3x"},"classes":[]},{"id":23290,"url":"https:\/\/www.musique-cordiale.com\/fr\/boutique-billetterie\/ticket-soiree-musique-au-vignoble-12-august-2019-domaine-val-diris-seillans\/","url_meta":{"origin":21269,"position":3},"title":"BILLET: Soir\u00e9e Musique au Vignoble, (de 18h pour 19h), 12 ao\u00fbt 2019, Domaine Val d&rsquo;Iris, Seillans","author":"Jonathan Barker","date":"26\/03\/2019","format":false,"excerpt":"Lundi 12 a\u00f4ut 18.00 (pour 19h) Seillans\u00a0 Domaine Val d\u2019Iris\u00a0 \u00a0 \u00a0 \u00a0 \u00a0\u00a0 (y compris ap\u00e9ritifs et petit buffet l\u00e9ger) Soir\u00e9e Musique au Vignoble Toby Hession \u2013 piano, Isabel Pfefferkorn \u2013 voix 30\u20ac(Amis)\u00a0\/ 25\u20ac (choeur suelement)\u00a0 50\u20ac (standard)\u00a0(prix special jusqu'a 30 juillet: 40\u20ac) Des rafra\u00eechissements seront servis dans l'intervalle;\u2026","rel":"","context":"Article similaire","block_context":{"text":"Article similaire","link":""},"img":{"alt_text":"","src":"https:\/\/i0.wp.com\/www.musique-cordiale.com\/wp-content\/uploads\/2019\/03\/Van-dIris-concert-20140804_195100-scaled.jpg?fit=1200%2C675&ssl=1&resize=350%2C200","width":350,"height":200,"srcset":"https:\/\/i0.wp.com\/www.musique-cordiale.com\/wp-content\/uploads\/2019\/03\/Van-dIris-concert-20140804_195100-scaled.jpg?fit=1200%2C675&ssl=1&resize=350%2C200 1x, https:\/\/i0.wp.com\/www.musique-cordiale.com\/wp-content\/uploads\/2019\/03\/Van-dIris-concert-20140804_195100-scaled.jpg?fit=1200%2C675&ssl=1&resize=525%2C300 1.5x, https:\/\/i0.wp.com\/www.musique-cordiale.com\/wp-content\/uploads\/2019\/03\/Van-dIris-concert-20140804_195100-scaled.jpg?fit=1200%2C675&ssl=1&resize=700%2C400 2x, https:\/\/i0.wp.com\/www.musique-cordiale.com\/wp-content\/uploads\/2019\/03\/Van-dIris-concert-20140804_195100-scaled.jpg?fit=1200%2C675&ssl=1&resize=1050%2C600 3x"},"classes":[]},{"id":20225,"url":"https:\/\/www.musique-cordiale.com\/fr\/boutique-billetterie\/billet-pour-un-ami-du-festival-diner-et-vin-soiree-musicale-a-la-gloire-de-mon-pere-mercredi-8-aout-2018-copy\/","url_meta":{"origin":21269,"position":4},"title":"D\u00eener et vin &#8211; soir\u00e9e musicale sous les feuillages de la Place dy Thoron","author":"Jonathan Barker","date":"08\/04\/2018","format":false,"excerpt":"D\u00eener \u00e0 La Gloire de Mon P\u00e8re avec des performances de musiciens et solistes du festival & Jonny du Toit, guitare et voix Uniquement sur r\u00e9servation par 15h le 8 aout SVP.\u00a0 (Veuillez noter que nous regrettons que les commandes tardives (apr\u00e8s le jeudi 3 ao\u00fbt) peuvent devoir \u00eatre annul\u00e9es\u2026","rel":"","context":"Article similaire","block_context":{"text":"Article similaire","link":""},"img":{"alt_text":"","src":"https:\/\/i0.wp.com\/www.musique-cordiale.com\/wp-content\/uploads\/2017\/09\/P8090372-scaled.jpg?fit=1200%2C900&ssl=1&resize=350%2C200","width":350,"height":200,"srcset":"https:\/\/i0.wp.com\/www.musique-cordiale.com\/wp-content\/uploads\/2017\/09\/P8090372-scaled.jpg?fit=1200%2C900&ssl=1&resize=350%2C200 1x, https:\/\/i0.wp.com\/www.musique-cordiale.com\/wp-content\/uploads\/2017\/09\/P8090372-scaled.jpg?fit=1200%2C900&ssl=1&resize=525%2C300 1.5x, https:\/\/i0.wp.com\/www.musique-cordiale.com\/wp-content\/uploads\/2017\/09\/P8090372-scaled.jpg?fit=1200%2C900&ssl=1&resize=700%2C400 2x, https:\/\/i0.wp.com\/www.musique-cordiale.com\/wp-content\/uploads\/2017\/09\/P8090372-scaled.jpg?fit=1200%2C900&ssl=1&resize=1050%2C600 3x"},"classes":[]},{"id":23286,"url":"https:\/\/www.musique-cordiale.com\/programme-tickets\/ticket-soiree-musique-au-vignoble-12-august-2019-domaine-val-diris-seillans\/","url_meta":{"origin":21269,"position":5},"title":"TICKET: Soir\u00e9e Musique au Vignoble, (de 18h pour 19h),12 August 2019, Domaine Val d&rsquo;Iris, Seillans","author":"Jonathan Barker","date":"26\/03\/2019","format":false,"excerpt":"Lundi 12 a\u00f4ut 18.00 (pour 19h) Seillans\u00a0 Domaine Val d\u2019Iris\u00a0 \u00a0 \u00a0 \u00a0 \u00a0\u00a0 (y compris ap\u00e9ritifs et petit buffet l\u00e9ger) Soir\u00e9e Musique au Vignoble Toby Hession \u2013 piano, Isabel Pfefferkorn \u2013 voix 30\u20ac(Amis)\u00a0\/ 25\u20ac (choir only)\u00a0 50\u20ac (standard)\u00a0 special price of 40\u20ac ends 30 July\u00a0\u2013 uniquement sur reservation\u00a0R\u00e9servez t\u00f4t:\u2026","rel":"","context":"Article similaire","block_context":{"text":"Article similaire","link":""},"img":{"alt_text":"","src":"https:\/\/i0.wp.com\/www.musique-cordiale.com\/wp-content\/uploads\/2019\/03\/Van-dIris-concert-20140804_195100-scaled.jpg?fit=1200%2C675&ssl=1&resize=350%2C200","width":350,"height":200,"srcset":"https:\/\/i0.wp.com\/www.musique-cordiale.com\/wp-content\/uploads\/2019\/03\/Van-dIris-concert-20140804_195100-scaled.jpg?fit=1200%2C675&ssl=1&resize=350%2C200 1x, https:\/\/i0.wp.com\/www.musique-cordiale.com\/wp-content\/uploads\/2019\/03\/Van-dIris-concert-20140804_195100-scaled.jpg?fit=1200%2C675&ssl=1&resize=525%2C300 1.5x, https:\/\/i0.wp.com\/www.musique-cordiale.com\/wp-content\/uploads\/2019\/03\/Van-dIris-concert-20140804_195100-scaled.jpg?fit=1200%2C675&ssl=1&resize=700%2C400 2x, https:\/\/i0.wp.com\/www.musique-cordiale.com\/wp-content\/uploads\/2019\/03\/Van-dIris-concert-20140804_195100-scaled.jpg?fit=1200%2C675&ssl=1&resize=1050%2C600 3x"},"classes":[]}],"_links":{"self":[{"href":"https:\/\/www.musique-cordiale.com\/fr\/wp-json\/wp\/v2\/product\/21269","targetHints":{"allow":["GET"]}}],"collection":[{"href":"https:\/\/www.musique-cordiale.com\/fr\/wp-json\/wp\/v2\/product"}],"about":[{"href":"https:\/\/www.musique-cordiale.com\/fr\/wp-json\/wp\/v2\/types\/product"}],"wp:featuredmedia":[{"embeddable":true,"href":"https:\/\/www.musique-cordiale.com\/fr\/wp-json\/wp\/v2\/media\/19289"}],"wp:attachment":[{"href":"https:\/\/www.musique-cordiale.com\/fr\/wp-json\/wp\/v2\/media?parent=21269"}],"wp:term":[{"taxonomy":"product_brand","embeddable":true,"href":"https:\/\/www.musique-cordiale.com\/fr\/wp-json\/wp\/v2\/product_brand?post=21269"},{"taxonomy":"product_cat","embeddable":true,"href":"https:\/\/www.musique-cordiale.com\/fr\/wp-json\/wp\/v2\/product_cat?post=21269"},{"taxonomy":"product_tag","embeddable":true,"href":"https:\/\/www.musique-cordiale.com\/fr\/wp-json\/wp\/v2\/product_tag?post=21269"},{"taxonomy":"venue","embeddable":true,"href":"https:\/\/www.musique-cordiale.com\/fr\/wp-json\/wp\/v2\/venue?post=21269"}],"curies":[{"name":"wp","href":"https:\/\/api.w.org\/{rel}","templated":true}]}}