{"id":23106,"date":"2019-03-25T13:28:14","date_gmt":"2019-03-25T13:34:30","guid":{"rendered":"https:\/\/www.musique-cordiale.com\/?post_type=product&#038;p=23106"},"modified":"2019-08-18T10:09:56","modified_gmt":"2019-08-18T10:09:56","slug":"billet-24-juillet-2018-collecte-de-fonds-annuelle-soiree-musicale-diner-fund-raising-evening","status":"publish","type":"product","link":"https:\/\/www.musique-cordiale.com\/fr\/boutique-billetterie\/billet-24-juillet-2018-collecte-de-fonds-annuelle-soiree-musicale-diner-fund-raising-evening\/","title":{"rendered":"BILLET: 5 ao\u00fbt 2019 &#8211; Collecte de fonds annuelle, Soir\u00e9e Musicale, D\u00eener &#8211; Fund-raising evening"},"content":{"rendered":"<div class=\"tc_the_content_pre\"><span class=\"tc_event_location_title_front\">LE MOULIN DE CAMANDOULE, 83440, FAYENCE<\/span><\/div>\n<p><em><img data-recalc-dims=\"1\" loading=\"lazy\" decoding=\"async\" class=\"size-medium wp-image-11666 alignleft\" src=\"https:\/\/i0.wp.com\/www.musique-cordiale.com\/wp-content\/uploads\/2016\/05\/7675852414.jpg?resize=225%2C300&#038;ssl=1\" alt=\"\" width=\"225\" height=\"300\" srcset=\"https:\/\/i0.wp.com\/www.musique-cordiale.com\/wp-content\/uploads\/2016\/05\/7675852414.jpg?resize=225%2C300&amp;ssl=1 225w, https:\/\/i0.wp.com\/www.musique-cordiale.com\/wp-content\/uploads\/2016\/05\/7675852414.jpg?resize=600%2C801&amp;ssl=1 600w, https:\/\/i0.wp.com\/www.musique-cordiale.com\/wp-content\/uploads\/2016\/05\/7675852414.jpg?resize=262%2C350&amp;ssl=1 262w, https:\/\/i0.wp.com\/www.musique-cordiale.com\/wp-content\/uploads\/2016\/05\/7675852414.jpg?w=673&amp;ssl=1 673w\" sizes=\"auto, (max-width: 225px) 100vw, 225px\" \/><\/em><\/p>\n<h2>19h (7PM), Moulin de la Camandoule, Fayence<br \/>\nun \u00e9v\u00e9nement pr\u00e9-ouverture du Festival 2019<\/h2>\n<h4>Ruth Harrison (fl\u00fbte), Colette Overdijk (violon), Ian Anderson (alto), Sophie Haynes (violoncelle) &amp; Rebecca Taylor (piano)<\/h4>\n<h6><strong><span class=\"has-tip\" title=\"\" data-tooltip=\"jxar54-tooltip\" data-disable-hover=\"false\" aria-describedby=\"5es319-tooltip\" data-yeti-box=\"5es319-tooltip\" data-toggle=\"5es319-tooltip\" data-resize=\"5es319-tooltip\">disponible uniquement sur r\u00e9servation<\/span><\/strong><\/h6>\n<h6><em>\u00a0le Moulin de Camandoule, 83440, Fayence <\/em><em>entre Seillans et Fayence<\/em><\/h6>\n<p><img data-recalc-dims=\"1\" loading=\"lazy\" decoding=\"async\" class=\"alignright size-medium wp-image-11662\" src=\"https:\/\/i0.wp.com\/www.musique-cordiale.com\/wp-content\/uploads\/2016\/05\/0806098746.jpg?resize=300%2C225&#038;ssl=1\" alt=\"\" width=\"300\" height=\"225\" srcset=\"https:\/\/i0.wp.com\/www.musique-cordiale.com\/wp-content\/uploads\/2016\/05\/0806098746.jpg?resize=300%2C225&amp;ssl=1 300w, https:\/\/i0.wp.com\/www.musique-cordiale.com\/wp-content\/uploads\/2016\/05\/0806098746.jpg?resize=750%2C563&amp;ssl=1 750w, https:\/\/i0.wp.com\/www.musique-cordiale.com\/wp-content\/uploads\/2016\/05\/0806098746.jpg?resize=768%2C576&amp;ssl=1 768w, https:\/\/i0.wp.com\/www.musique-cordiale.com\/wp-content\/uploads\/2016\/05\/0806098746.jpg?resize=467%2C350&amp;ssl=1 467w, https:\/\/i0.wp.com\/www.musique-cordiale.com\/wp-content\/uploads\/2016\/05\/0806098746.jpg?resize=600%2C450&amp;ssl=1 600w, https:\/\/i0.wp.com\/www.musique-cordiale.com\/wp-content\/uploads\/2016\/05\/0806098746.jpg?resize=685%2C514&amp;ssl=1 685w, https:\/\/i0.wp.com\/www.musique-cordiale.com\/wp-content\/uploads\/2016\/05\/0806098746.jpg?w=876&amp;ssl=1 876w\" sizes=\"auto, (max-width: 300px) 100vw, 300px\" \/><\/p>\n<p><strong>Veuillez s\u00e9lectionner vos billets ci-desous<\/strong>. Vous pouvez acheter plusieurs billets. Pour chaque billet pour un ami existant, s\u2019il vous pla\u00eet acheter au tarif r\u00e9duit. (vous pouvez \u00e9galement vous inscrire en tant qu\u2019ami et utiliser imm\u00e9diatement le tarif r\u00e9duit: veuillez d\u2019abord consulter notre page\u00a0<a href=\"https:\/\/www.musique-cordiale.com\/fr\/soutenez-nous\/\">SOUTENEZ-NOUS<\/a>).<\/p>\n<p><img data-recalc-dims=\"1\" loading=\"lazy\" decoding=\"async\" class=\"size-medium wp-image-16184 alignright\" src=\"https:\/\/i0.wp.com\/www.musique-cordiale.com\/wp-content\/uploads\/2017\/02\/dinner-and-music-2.jpg?resize=300%2C225&#038;ssl=1\" alt=\"\" width=\"300\" height=\"225\" srcset=\"https:\/\/i0.wp.com\/www.musique-cordiale.com\/wp-content\/uploads\/2017\/02\/dinner-and-music-2.jpg?resize=300%2C225&amp;ssl=1 300w, https:\/\/i0.wp.com\/www.musique-cordiale.com\/wp-content\/uploads\/2017\/02\/dinner-and-music-2.jpg?resize=750%2C563&amp;ssl=1 750w, https:\/\/i0.wp.com\/www.musique-cordiale.com\/wp-content\/uploads\/2017\/02\/dinner-and-music-2.jpg?resize=768%2C576&amp;ssl=1 768w, https:\/\/i0.wp.com\/www.musique-cordiale.com\/wp-content\/uploads\/2017\/02\/dinner-and-music-2.jpg?resize=467%2C350&amp;ssl=1 467w, https:\/\/i0.wp.com\/www.musique-cordiale.com\/wp-content\/uploads\/2017\/02\/dinner-and-music-2.jpg?resize=600%2C450&amp;ssl=1 600w, https:\/\/i0.wp.com\/www.musique-cordiale.com\/wp-content\/uploads\/2017\/02\/dinner-and-music-2.jpg?w=2048&amp;ssl=1 2048w, https:\/\/i0.wp.com\/www.musique-cordiale.com\/wp-content\/uploads\/2017\/02\/dinner-and-music-2.jpg?w=1280&amp;ssl=1 1280w, https:\/\/i0.wp.com\/www.musique-cordiale.com\/wp-content\/uploads\/2017\/02\/dinner-and-music-2.jpg?w=1920&amp;ssl=1 1920w\" sizes=\"auto, (max-width: 300px) 100vw, 300px\" \/><\/p>\n<p><strong>Si vous achetez 8 billets ou plus pour constituer une table, veuillez payer au moins 8 billets et utiliser le prix de la table (par personne &#8211; et veuillez payer avant 30 juin)<\/strong>. Pour les autres billets, s\u2019il vous pla\u00eet payer le plein prix ou le prix uniquement pour nos Amis du Festival (avant 31 juillet).<\/p>\n<h6><strong><span class=\"has-tip\" title=\"\" data-tooltip=\"fkelhu-tooltip\" data-disable-hover=\"false\" aria-describedby=\"b8a2xc-tooltip\" data-yeti-box=\"b8a2xc-tooltip\" data-toggle=\"b8a2xc-tooltip\" data-resize=\"b8a2xc-tooltip\">disponible uniquement sur r\u00e9servation avant 31 juillet\u00a0 <\/span><\/strong><em><span class=\"has-tip\" title=\"\" data-tooltip=\"fkelhu-tooltip\" data-disable-hover=\"false\" aria-describedby=\"b8a2xc-tooltip\" data-yeti-box=\"b8a2xc-tooltip\" data-toggle=\"b8a2xc-tooltip\" data-resize=\"b8a2xc-tooltip\">(si encore disponible)<\/span><\/em><strong><span class=\"has-tip\" title=\"\" data-tooltip=\"fkelhu-tooltip\" data-disable-hover=\"false\" aria-describedby=\"b8a2xc-tooltip\" data-yeti-box=\"b8a2xc-tooltip\" data-toggle=\"b8a2xc-tooltip\" data-resize=\"b8a2xc-tooltip\"><br \/>\n(date limite de r\u00e9servation et paiement pour les tables enti\u00e8res: 30 juin 2019).<br \/>\n<\/span><\/strong><\/h6>\n<h6>Merci Beaucoup!<\/h6>\n<h6>Nous appr\u00e9cions (et avons besoin) de soutien et de fonds pour organiser les \u00e9v\u00e9nements qu\u2019offre Musique Cordiale. En plus d\u2019acheter des billets et d\u2019assister \u00e0 nos concerts, nous accueillons des sympathisants qui peuvent contribuer davantage en<a href=\"https:\/\/www.musique-cordiale.com\/fr\/soutenez-nous\/adherents-amis-mecenes\/\">\u00a0faisant des dons, en devenant des Amis du Festival<\/a>, en offrant un h\u00e9bergement ou de l\u2019aide. Chaque \u00e9t\u00e9, l\u2019association qui organise le festival d\u2019\u00e9t\u00e9 organise \u00e9galement un d\u00eener de bonne nourriture, de vin et de divertissement musical. S\u2019il vous pla\u00eet envisager de nous rejoindre \u00e0 cet \u00e9v\u00e9nement enrichissant! (D\u2019autres \u00e9v\u00e9nements du festival d\u2019\u00e9t\u00e9 peuvent \u00eatre r\u00e9serv\u00e9s sur notre page\u00a0<a href=\"https:\/\/www.musique-cordiale.com\/fr\/programme\/\">Programme 2018<\/a>)<\/h6>\n<h6><\/h6>\n<p>Pour les donateurs fran\u00e7ais a l\u2019association Musique Cordiale qui g\u00e8re le festival, nous d\u00e9livrons des certificats permettant une r\u00e9duction d\u2019imp\u00f4ts. Pour les donateurs britanniques, nous sommes soutenus par The Musique-Cordiale Trust, une fondation caritative enregistr\u00e9e en Angleterre (no. 1167732), qui permet aux contribuables britanniques de b\u00e9n\u00e9ficier des avantages de\u00a0<em>Gift Aid<\/em>, ce qui permet de majorer de 25 pour cent les dons effectu\u00e9s au profit de Musique Cordiale. La fondation nous aide, par exemple, en accordant des bourses aux jeunes musiciens qui souhaitent participer \u00e0 l\u2019Acad\u00e9mie, en invitant des professeurs et des chefs d\u2019orchestre exceptionnels \u00e0 participer au Festival, ou en contribuant \u00e0 un \u00e9v\u00e9nement particulier du Festival.<img data-recalc-dims=\"1\" loading=\"lazy\" decoding=\"async\" data-attachment-id=\"23587\" data-permalink=\"https:\/\/www.musique-cordiale.com\/fr\/?attachment_id=23587\" data-orig-file=\"https:\/\/i0.wp.com\/www.musique-cordiale.com\/wp-content\/uploads\/2019\/03\/CQ4A3762-scaled.jpg?fit=2560%2C1707&amp;ssl=1\" data-orig-size=\"2560,1707\" data-comments-opened=\"0\" data-image-meta=\"{&quot;aperture&quot;:&quot;0&quot;,&quot;credit&quot;:&quot;&quot;,&quot;camera&quot;:&quot;&quot;,&quot;caption&quot;:&quot;&quot;,&quot;created_timestamp&quot;:&quot;0&quot;,&quot;copyright&quot;:&quot;&quot;,&quot;focal_length&quot;:&quot;0&quot;,&quot;iso&quot;:&quot;0&quot;,&quot;shutter_speed&quot;:&quot;0&quot;,&quot;title&quot;:&quot;&quot;,&quot;orientation&quot;:&quot;0&quot;}\" data-image-title=\"CQ4A3762\" data-image-description=\"\" data-image-caption=\"\" data-large-file=\"https:\/\/i0.wp.com\/www.musique-cordiale.com\/wp-content\/uploads\/2019\/03\/CQ4A3762-scaled.jpg?fit=525%2C350&amp;ssl=1\" class=\"size-medium wp-image-23587 alignleft\" src=\"https:\/\/i0.wp.com\/www.musique-cordiale.com\/wp-content\/uploads\/2019\/03\/CQ4A3762.jpg?resize=300%2C200&#038;ssl=1\" alt=\"\" width=\"300\" height=\"200\" srcset=\"https:\/\/i0.wp.com\/www.musique-cordiale.com\/wp-content\/uploads\/2019\/03\/CQ4A3762-scaled.jpg?resize=300%2C200&amp;ssl=1 300w, https:\/\/i0.wp.com\/www.musique-cordiale.com\/wp-content\/uploads\/2019\/03\/CQ4A3762-scaled.jpg?resize=750%2C500&amp;ssl=1 750w, https:\/\/i0.wp.com\/www.musique-cordiale.com\/wp-content\/uploads\/2019\/03\/CQ4A3762-scaled.jpg?resize=768%2C512&amp;ssl=1 768w, https:\/\/i0.wp.com\/www.musique-cordiale.com\/wp-content\/uploads\/2019\/03\/CQ4A3762-scaled.jpg?resize=525%2C350&amp;ssl=1 525w, https:\/\/i0.wp.com\/www.musique-cordiale.com\/wp-content\/uploads\/2019\/03\/CQ4A3762-scaled.jpg?resize=685%2C460&amp;ssl=1 685w, https:\/\/i0.wp.com\/www.musique-cordiale.com\/wp-content\/uploads\/2019\/03\/CQ4A3762-scaled.jpg?resize=600%2C400&amp;ssl=1 600w, https:\/\/i0.wp.com\/www.musique-cordiale.com\/wp-content\/uploads\/2019\/03\/CQ4A3762-scaled.jpg?w=1280&amp;ssl=1 1280w, https:\/\/i0.wp.com\/www.musique-cordiale.com\/wp-content\/uploads\/2019\/03\/CQ4A3762-scaled.jpg?w=1920&amp;ssl=1 1920w\" sizes=\"auto, (max-width: 300px) 100vw, 300px\" \/><\/p>\n<h4><span class=\"home-page-medium\"><img data-recalc-dims=\"1\" loading=\"lazy\" decoding=\"async\" class=\"alignright size-medium wp-image-23104\" src=\"https:\/\/i0.wp.com\/www.musique-cordiale.com\/wp-content\/uploads\/2019\/03\/rebecca-Taylor-piano-300x288-1-300x288.jpg?resize=300%2C288&#038;ssl=1\" alt=\"\" width=\"300\" height=\"288\" \/>Confidentialit\u00e9<\/span><\/h4>\n<h6><em><span class=\"home-page-small\">Musique Cordiale respecte votre confidentialit\u00e9 et prot\u00e8ge vos informations personnelles.\u00a0Nous ne conservons pas les donn\u00e9es relatives aux cartes bancaires de nos clients \u00e0 la suite de paiement. Nous ne vendons pas votre coordonn\u00e9es personnelles. Seulement Musique Cordiale peut acc\u00e9der ces informations afin de communiquer avec vous.<\/span><\/em><\/h6>\n<h6><strong><span class=\"has-tip\" title=\"\" data-tooltip=\"t895tw-tooltip\" data-disable-hover=\"false\" aria-describedby=\"8066g5-tooltip\" data-yeti-box=\"8066g5-tooltip\" data-toggle=\"8066g5-tooltip\" data-resize=\"8066g5-tooltip\">disponible uniquement sur r\u00e9servation.\u00a0<img data-recalc-dims=\"1\" loading=\"lazy\" decoding=\"async\" class=\"alignright size-medium wp-image-23104\" src=\"https:\/\/i0.wp.com\/www.musique-cordiale.com\/wp-content\/uploads\/2019\/03\/rebecca-Taylor-piano-300x288-1-300x288.jpg?resize=300%2C288&#038;ssl=1\" alt=\"\" width=\"300\" height=\"288\" \/><\/span><\/strong><\/h6>\n","protected":false},"excerpt":{"rendered":"<p><em><img loading=\"lazy\" decoding=\"async\" class=\"size-medium wp-image-11666 alignleft\" src=\"https:\/\/www.musique-cordiale.com\/wp-content\/uploads\/2016\/05\/7675852414-225x300.jpg\" alt=\"\" width=\"225\" height=\"300\" srcset=\"https:\/\/i0.wp.com\/www.musique-cordiale.com\/wp-content\/uploads\/2016\/05\/7675852414.jpg?resize=225%2C300&amp;ssl=1 225w, https:\/\/i0.wp.com\/www.musique-cordiale.com\/wp-content\/uploads\/2016\/05\/7675852414.jpg?resize=600%2C801&amp;ssl=1 600w, https:\/\/i0.wp.com\/www.musique-cordiale.com\/wp-content\/uploads\/2016\/05\/7675852414.jpg?resize=262%2C350&amp;ssl=1 262w, https:\/\/i0.wp.com\/www.musique-cordiale.com\/wp-content\/uploads\/2016\/05\/7675852414.jpg?w=673&amp;ssl=1 673w\" sizes=\"auto, (max-width: 225px) 100vw, 225px\" \/><\/em><\/p>\n<h2>19h (7PM), Moulin de la Camandoule, Fayence<br \/>\nun \u00e9v\u00e9nement pr\u00e9-ouverture du Festival 2019<\/h2>\n<h4>Ruth Harrison (fl\u00fbte), Colette Overdijk (violon), Ian Anderson (alto), Sophie Haynes (violoncelle) &amp; Rebecca Taylor (piano)<\/h4>\n<h6><strong><span class=\"has-tip\" title=\"\" data-tooltip=\"jxar54-tooltip\" data-disable-hover=\"false\" aria-describedby=\"5es319-tooltip\" data-yeti-box=\"5es319-tooltip\" data-toggle=\"5es319-tooltip\" data-resize=\"5es319-tooltip\">disponible uniquement sur r\u00e9servation<\/span><\/strong><\/h6>\n<h6><em>\u00a0le Moulin de Camandoule, 83440, Fayence <\/em><em>entre Seillans et Fayence<\/em><\/h6>\n","protected":false},"featured_media":15777,"template":"","meta":{"_acf_changed":false,"_monsterinsights_skip_tracking":false,"_monsterinsights_sitenote_active":false,"_monsterinsights_sitenote_note":"","_monsterinsights_sitenote_category":0,"_uf_show_specific_survey":0,"_uf_disable_surveys":false,"advanced_seo_description":"","jetpack_seo_html_title":"","jetpack_seo_noindex":false},"product_brand":[],"product_cat":[275,276],"product_tag":[219,281],"venue":[159],"class_list":{"0":"post-23106","1":"product","2":"type-product","3":"status-publish","4":"has-post-thumbnail","6":"product_cat-billet-varies-fr","7":"product_cat-festival-2019-fr","8":"product_tag-billet-fr","9":"product_tag-ticket-fr","10":"venue-le-moulin-de-la-camandoule","12":"first","13":"outofstock","14":"shipping-taxable","15":"product-type-variable"},"acf":[],"jetpack_sharing_enabled":true,"jetpack-related-posts":[{"id":38737,"url":"https:\/\/www.musique-cordiale.com\/programme-tickets\/ticket-monday-5-august-2019-soiree-musicale-gala-dinner-pre-festival-fundraising-evening-2\/","url_meta":{"origin":23106,"position":0},"title":"TICKET: Monday 5 August 2019 &#8211; Soir\u00e9e Musicale, Gala Dinner &amp; pre-festival Fundraising evening","author":"Jonathan Barker","date":"17\/05\/2023","format":false,"excerpt":"19h (7 PM), Le Moulin de la Camandoule, Fayence a pre-Festival event 2019 Ruth Harrison (flute), Colette Overdijk (violin), Ian Anderson (viola), Sophie Haynes (cello) & Rebecca Taylor (piano) (entre Seillans et Fayence)","rel":"","context":"Article similaire","block_context":{"text":"Article similaire","link":""},"img":{"alt_text":"","src":"https:\/\/i0.wp.com\/www.musique-cordiale.com\/wp-content\/uploads\/2016\/05\/0242631178.jpg?fit=876%2C657&ssl=1&resize=350%2C200","width":350,"height":200,"srcset":"https:\/\/i0.wp.com\/www.musique-cordiale.com\/wp-content\/uploads\/2016\/05\/0242631178.jpg?fit=876%2C657&ssl=1&resize=350%2C200 1x, https:\/\/i0.wp.com\/www.musique-cordiale.com\/wp-content\/uploads\/2016\/05\/0242631178.jpg?fit=876%2C657&ssl=1&resize=525%2C300 1.5x, https:\/\/i0.wp.com\/www.musique-cordiale.com\/wp-content\/uploads\/2016\/05\/0242631178.jpg?fit=876%2C657&ssl=1&resize=700%2C400 2x"},"classes":[]},{"id":23100,"url":"https:\/\/www.musique-cordiale.com\/programme-tickets\/ticket-monday-5-august-2019-soiree-musicale-gala-dinner-pre-festival-fundraising-evening\/","url_meta":{"origin":23106,"position":1},"title":"TICKET: Monday 5 August 2019 &#8211; Soir\u00e9e Musicale, Gala Dinner &amp; pre-festival Fundraising evening","author":"Jonathan Barker","date":"25\/03\/2019","format":false,"excerpt":"19h (7 PM), Le Moulin de la Camandoule, Fayence a pre-Festival event 2019 Ruth Harrison (flute), Colette Overdijk (violin), Ian Anderson (viola), Sophie Haynes (cello) & Rebecca Taylor (piano) (entre Seillans et Fayence)","rel":"","context":"Article similaire","block_context":{"text":"Article similaire","link":""},"img":{"alt_text":"","src":"https:\/\/i0.wp.com\/www.musique-cordiale.com\/wp-content\/uploads\/2016\/05\/0242631178.jpg?fit=876%2C657&ssl=1&resize=350%2C200","width":350,"height":200,"srcset":"https:\/\/i0.wp.com\/www.musique-cordiale.com\/wp-content\/uploads\/2016\/05\/0242631178.jpg?fit=876%2C657&ssl=1&resize=350%2C200 1x, https:\/\/i0.wp.com\/www.musique-cordiale.com\/wp-content\/uploads\/2016\/05\/0242631178.jpg?fit=876%2C657&ssl=1&resize=525%2C300 1.5x, https:\/\/i0.wp.com\/www.musique-cordiale.com\/wp-content\/uploads\/2016\/05\/0242631178.jpg?fit=876%2C657&ssl=1&resize=700%2C400 2x"},"classes":[]},{"id":39090,"url":"https:\/\/www.musique-cordiale.com\/programme-tickets\/return-of-musique-cordiale-opening-concert\/","url_meta":{"origin":23106,"position":2},"title":"Return of Musique Cordiale &#8211; Exciting Opening Concert, 8PM Thursday 3 August + 7PM welcome event","author":"Jonathan Barker","date":"24\/05\/2023","format":false,"excerpt":"jeudi 3 ao\u00fbt \/ Thursday 3 August Chapelle Saint-Donat, CALLIAN (au pied de village) CONCERT d'OUVERTURE passionnant! Retour de Musique Cordiale \u2013 \u201cJeudi \u00e0 Callian\u201d Return of Musique Cordiale \u2013 Exciting Opening Concert, 8PM Thursday 3 August + 7PM welcome event 19h COLLATION d\u2019ACCUEIL (light aperitifs)|20h CONCERT d\u2019OUVERTURE R\u00e9cital de\u2026","rel":"","context":"Article similaire","block_context":{"text":"Article similaire","link":""},"img":{"alt_text":"","src":"https:\/\/i0.wp.com\/www.musique-cordiale.com\/wp-content\/uploads\/2023\/06\/Affiche-juin-2023-Musique-Cordiale-copyright.jpg?fit=846%2C1200&ssl=1&resize=350%2C200","width":350,"height":200,"srcset":"https:\/\/i0.wp.com\/www.musique-cordiale.com\/wp-content\/uploads\/2023\/06\/Affiche-juin-2023-Musique-Cordiale-copyright.jpg?fit=846%2C1200&ssl=1&resize=350%2C200 1x, https:\/\/i0.wp.com\/www.musique-cordiale.com\/wp-content\/uploads\/2023\/06\/Affiche-juin-2023-Musique-Cordiale-copyright.jpg?fit=846%2C1200&ssl=1&resize=525%2C300 1.5x, https:\/\/i0.wp.com\/www.musique-cordiale.com\/wp-content\/uploads\/2023\/06\/Affiche-juin-2023-Musique-Cordiale-copyright.jpg?fit=846%2C1200&ssl=1&resize=700%2C400 2x"},"classes":[]},{"id":39343,"url":"https:\/\/www.musique-cordiale.com\/fr\/boutique-billetterie\/return-of-musique-cordiale-opening-concert\/","url_meta":{"origin":23106,"position":3},"title":"CONCERT d&rsquo;OUVERTURE passionnant! Retour de Musique Cordiale \u2013 \u201cJeudi \u00e0 Callian\u201d: 19h collation d&rsquo;acceuil &#8211; puis  20h Concert d&rsquo;Ouverture","author":"Jonathan Barker","date":"24\/05\/2023","format":false,"excerpt":"jeudi 3 ao\u00fbt \/ Thursday 3 August Chapelle Saint-Donat, CALLIAN (au pied de village) CONCERT d'OUVERTURE passionnant! Retour de Musique Cordiale \u2013 \u201cJeudi \u00e0 Callian\u201d Return of Musique Cordiale \u2013 Exciting Opening Concert, 8PM Thursday 3 August + 7PM welcome event 19h COLLATION d\u2019ACCUEIL (light aperitifs)|20h CONCERT d\u2019OUVERTURE R\u00e9cital de\u2026","rel":"","context":"Article similaire","block_context":{"text":"Article similaire","link":""},"img":{"alt_text":"","src":"https:\/\/i0.wp.com\/www.musique-cordiale.com\/wp-content\/uploads\/2023\/06\/Affiche-juin-2023-Musique-Cordiale-copyright.jpg?fit=846%2C1200&ssl=1&resize=350%2C200","width":350,"height":200,"srcset":"https:\/\/i0.wp.com\/www.musique-cordiale.com\/wp-content\/uploads\/2023\/06\/Affiche-juin-2023-Musique-Cordiale-copyright.jpg?fit=846%2C1200&ssl=1&resize=350%2C200 1x, https:\/\/i0.wp.com\/www.musique-cordiale.com\/wp-content\/uploads\/2023\/06\/Affiche-juin-2023-Musique-Cordiale-copyright.jpg?fit=846%2C1200&ssl=1&resize=525%2C300 1.5x, https:\/\/i0.wp.com\/www.musique-cordiale.com\/wp-content\/uploads\/2023\/06\/Affiche-juin-2023-Musique-Cordiale-copyright.jpg?fit=846%2C1200&ssl=1&resize=700%2C400 2x"},"classes":[]},{"id":48346,"url":"https:\/\/www.musique-cordiale.com\/fr\/boutique-billetterie\/concert-orchestral-au-coucher-du-soleil-a-fayence-theatre-verdure-21h-5-aout-2025\/","url_meta":{"origin":23106,"position":4},"title":"\u00ab\u00a0S\u00e9r\u00e9nades d&rsquo;Amour\u00a0\u00bb\u00a0: Concert orchestral &#8211; avec airs &#8211; au coucher du soleil \u00e0 Fayence\u00a0: Th\u00e9\u00e2tre Verdure, 21\u00a0h, 5\u00a0ao\u00fbt\u00a02025","author":"Jonathan Barker","date":"10\/04\/2025","format":false,"excerpt":"\u00ab\u00a0S\u00e9r\u00e9nades d'amour\u00a0\u00bb \u2013\u00a0au lever de la lune dans le romantique amphith\u00e9\u00e2tre de Fayence\u00a0: Brahms, Elgar, Mendelssohn... et plus encore... 21h, Th\u00e9\u00e2tre de Verdure de Fayence Le grand concert orchestral du Festival dans le magnifique amphith\u00e9\u00e2tre en plein air de Fayence Mendelssohn \u2013 Ouverture des H\u00e9brides Elgar \u2013 S\u00e9r\u00e9nade pour cordes\u2026","rel":"","context":"Article similaire","block_context":{"text":"Article similaire","link":""},"img":{"alt_text":"","src":"https:\/\/i0.wp.com\/www.musique-cordiale.com\/wp-content\/uploads\/2023\/05\/Fayence-Verdure-concert-2019.jpg?fit=1200%2C583&ssl=1&resize=350%2C200","width":350,"height":200,"srcset":"https:\/\/i0.wp.com\/www.musique-cordiale.com\/wp-content\/uploads\/2023\/05\/Fayence-Verdure-concert-2019.jpg?fit=1200%2C583&ssl=1&resize=350%2C200 1x, https:\/\/i0.wp.com\/www.musique-cordiale.com\/wp-content\/uploads\/2023\/05\/Fayence-Verdure-concert-2019.jpg?fit=1200%2C583&ssl=1&resize=525%2C300 1.5x, https:\/\/i0.wp.com\/www.musique-cordiale.com\/wp-content\/uploads\/2023\/05\/Fayence-Verdure-concert-2019.jpg?fit=1200%2C583&ssl=1&resize=700%2C400 2x, https:\/\/i0.wp.com\/www.musique-cordiale.com\/wp-content\/uploads\/2023\/05\/Fayence-Verdure-concert-2019.jpg?fit=1200%2C583&ssl=1&resize=1050%2C600 3x"},"classes":[]},{"id":23326,"url":"https:\/\/www.musique-cordiale.com\/programme-tickets\/symphonie-sous-les-etoiles-13-aout-2019\/","url_meta":{"origin":23106,"position":5},"title":"TICKET: Concert Symphonique sous les etoiles, 9PM, Tuesday 13 August 2019, Fayence, Th\u00e9atre Verdure","author":"Jonathan Barker","date":"26\/03\/2019","format":false,"excerpt":"Mardi 13\u00a0ao\u00fbt, 21h 00 Fayence Theatre de Verdure\u00a0\u00a0\u00a0\u00a0\u00a0\u00a0\u00a0 20\u20ac \/ 30\u20ac(premium) Concert Symphonique sous les etoiles L\u2019Orchestre du Festival avec solistes Direction: James Lowe MENDELSOHN Ouverture \u00ab Les H\u00e9brides \u00bb MENDELSOHN Concerto pour Violon (Judith de Haas \u2013 violon) BEETHOVEN Sinfonie No\u00a06 \u00ab Pastorale \u00bb","rel":"","context":"Article similaire","block_context":{"text":"Article similaire","link":""},"img":{"alt_text":"","src":"https:\/\/i0.wp.com\/www.musique-cordiale.com\/wp-content\/uploads\/2015\/01\/Fayence-audience-scaled.jpg?fit=1200%2C900&ssl=1&resize=350%2C200","width":350,"height":200,"srcset":"https:\/\/i0.wp.com\/www.musique-cordiale.com\/wp-content\/uploads\/2015\/01\/Fayence-audience-scaled.jpg?fit=1200%2C900&ssl=1&resize=350%2C200 1x, https:\/\/i0.wp.com\/www.musique-cordiale.com\/wp-content\/uploads\/2015\/01\/Fayence-audience-scaled.jpg?fit=1200%2C900&ssl=1&resize=525%2C300 1.5x, https:\/\/i0.wp.com\/www.musique-cordiale.com\/wp-content\/uploads\/2015\/01\/Fayence-audience-scaled.jpg?fit=1200%2C900&ssl=1&resize=700%2C400 2x, https:\/\/i0.wp.com\/www.musique-cordiale.com\/wp-content\/uploads\/2015\/01\/Fayence-audience-scaled.jpg?fit=1200%2C900&ssl=1&resize=1050%2C600 3x"},"classes":[]}],"_links":{"self":[{"href":"https:\/\/www.musique-cordiale.com\/fr\/wp-json\/wp\/v2\/product\/23106","targetHints":{"allow":["GET"]}}],"collection":[{"href":"https:\/\/www.musique-cordiale.com\/fr\/wp-json\/wp\/v2\/product"}],"about":[{"href":"https:\/\/www.musique-cordiale.com\/fr\/wp-json\/wp\/v2\/types\/product"}],"wp:featuredmedia":[{"embeddable":true,"href":"https:\/\/www.musique-cordiale.com\/fr\/wp-json\/wp\/v2\/media\/15777"}],"wp:attachment":[{"href":"https:\/\/www.musique-cordiale.com\/fr\/wp-json\/wp\/v2\/media?parent=23106"}],"wp:term":[{"taxonomy":"product_brand","embeddable":true,"href":"https:\/\/www.musique-cordiale.com\/fr\/wp-json\/wp\/v2\/product_brand?post=23106"},{"taxonomy":"product_cat","embeddable":true,"href":"https:\/\/www.musique-cordiale.com\/fr\/wp-json\/wp\/v2\/product_cat?post=23106"},{"taxonomy":"product_tag","embeddable":true,"href":"https:\/\/www.musique-cordiale.com\/fr\/wp-json\/wp\/v2\/product_tag?post=23106"},{"taxonomy":"venue","embeddable":true,"href":"https:\/\/www.musique-cordiale.com\/fr\/wp-json\/wp\/v2\/venue?post=23106"}],"curies":[{"name":"wp","href":"https:\/\/api.w.org\/{rel}","templated":true}]}}