{"id":23290,"date":"2019-03-26T13:48:46","date_gmt":"2019-03-26T13:48:46","guid":{"rendered":"https:\/\/www.musique-cordiale.com\/shop-box-office\/non%20class\u00e9\/ticket-soiree-musique-au-vignoble-12-august-2019-domaine-val-diris-seillans\/"},"modified":"2019-08-18T10:15:48","modified_gmt":"2019-08-18T10:15:48","slug":"ticket-soiree-musique-au-vignoble-12-august-2019-domaine-val-diris-seillans","status":"publish","type":"product","link":"https:\/\/www.musique-cordiale.com\/fr\/boutique-billetterie\/ticket-soiree-musique-au-vignoble-12-august-2019-domaine-val-diris-seillans\/","title":{"rendered":"BILLET: Soir\u00e9e Musique au Vignoble, (de 18h pour 19h), 12 ao\u00fbt 2019, Domaine Val d&rsquo;Iris, Seillans"},"content":{"rendered":"<p><b>Lundi 12 a\u00f4ut 18.00 (pour 19h)<br \/>\nSeillans\u00a0 Domaine Val d\u2019Iris\u00a0 \u00a0 \u00a0 \u00a0 \u00a0\u00a0<\/b><b><br \/>\n<\/b><i>(y compris ap\u00e9ritifs et petit buffet l\u00e9ger)<\/i><b><br \/>\n<\/b><b>Soir\u00e9e Musique au Vignoble<\/b><b><i><br \/>\n<\/i><\/b><i>Toby Hession \u2013 piano, Isabel Pfefferkorn \u2013 voix\u00a0<\/i><\/p>\n<h6><b>30\u20ac<\/b><em>(Amis)<\/em>\u00a0<b>\/ 25\u20ac <\/b><em>(choeur seulement)\u00a0 <\/em><b>50<em>\u20ac <\/em><\/b><em>(standard)\u00a0 (prix special jusqu&rsquo;a 30 juillet: 40\u20ac) <\/em><b><em>\u2013 uniquement sur reservation <\/em><\/b><b><\/b><em><i><span style=\"color: #ff0000;\">R\u00e9servez t\u00f4t: disponibilit\u00e9 limit\u00e9e!<\/span><br \/>\nNo child reductions for this event. <span style=\"color: #ff0000;\">Why not become a Friend of the Festival to obtain reduced price tickets for this concert!<\/span><\/i><\/em><\/h6>\n<p>Des rafra\u00eechissements seront servis dans l&rsquo;intervalle; ap\u00e9ritifs servis \u00e0 partir de 18h30<\/p>\n<p>En cas de mauvais temps, cet \u00e9v\u00e9nement sera d\u00e9plac\u00e9 \u00e0 la Salle Polyvalente de Seillans.<\/p>\n<p><img data-recalc-dims=\"1\" loading=\"lazy\" decoding=\"async\" class=\"alignright size-medium wp-image-23644\" src=\"https:\/\/i0.wp.com\/www.musique-cordiale.com\/wp-content\/uploads\/2019\/04\/Van-dIris-concert-20140804_195100-300x169-300x169.jpg?resize=300%2C169&#038;ssl=1\" alt=\"\" width=\"300\" height=\"169\" \/><\/p>\n","protected":false},"excerpt":{"rendered":"<p><b>Lundi 12 a\u00f4ut 18.00 (pour 19h)<br \/>\nSeillans\u00a0 Domaine Val d\u2019Iris\u00a0 \u00a0 \u00a0 \u00a0 \u00a0\u00a0<\/b><b><br \/>\n<\/b><i>(y compris ap\u00e9ritifs et petit buffet l\u00e9ger)<\/i><b><br \/>\n<\/b><b>Soir\u00e9e Musique au Vignoble<\/b><b><i><br \/>\n<\/i><\/b><i>Toby Hession \u2013 piano, Isabel Pfefferkorn \u2013 voix<\/i><\/p>\n<h6><b>30\u20ac<\/b><em>(Amis)<\/em>\u00a0<b>\/ 25\u20ac <\/b><em>(choeur suelement)\u00a0 <\/em><b>50<em>\u20ac <\/em><\/b><em>(standard)\u00a0<\/em><em>(prix special jusqu&rsquo;a 30 juillet: 40\u20ac)<\/em><\/h6>\n<p>Des rafra\u00eechissements seront servis dans l&rsquo;intervalle; ap\u00e9ritifs servis \u00e0 partir de 18h30<br \/>\nEn cas de mauvais temps, cet \u00e9v\u00e9nement sera d\u00e9plac\u00e9 \u00e0 la Salle Polyvalente de Seillans.<\/p>\n<h6><b><em>\u2013 uniquement sur reservation <\/em><\/b><em><i><span style=\"color: #ff0000;\">R\u00e9servez t\u00f4t: disponibilit\u00e9 limit\u00e9e!<\/span><br \/>\nNo child reductions for this event. <span style=\"color: #ff0000;\">Why not become a Friend of the Festival to obtain reduced price tickets for this concert!<\/span><\/i><\/em><\/h6>\n","protected":false},"featured_media":23598,"template":"","meta":{"_acf_changed":false,"_monsterinsights_skip_tracking":false,"_monsterinsights_sitenote_active":false,"_monsterinsights_sitenote_note":"","_monsterinsights_sitenote_category":0,"_uf_show_specific_survey":0,"_uf_disable_surveys":false,"advanced_seo_description":"","jetpack_seo_html_title":"","jetpack_seo_noindex":false},"product_brand":[],"product_cat":[275,276],"product_tag":[219,281],"venue":[279,222],"class_list":{"0":"post-23290","1":"product","2":"type-product","3":"status-publish","4":"has-post-thumbnail","6":"product_cat-billet-varies-fr","7":"product_cat-festival-2019-fr","8":"product_tag-billet-fr","9":"product_tag-ticket-fr","10":"venue-domaine-val-diris","11":"venue-seillans","13":"first","14":"instock","15":"shipping-taxable","16":"product-type-variable"},"acf":[],"jetpack_sharing_enabled":true,"jetpack-related-posts":[{"id":23286,"url":"https:\/\/www.musique-cordiale.com\/programme-tickets\/ticket-soiree-musique-au-vignoble-12-august-2019-domaine-val-diris-seillans\/","url_meta":{"origin":23290,"position":0},"title":"TICKET: Soir\u00e9e Musique au Vignoble, (de 18h pour 19h),12 August 2019, Domaine Val d&rsquo;Iris, Seillans","author":"Jonathan Barker","date":"26\/03\/2019","format":false,"excerpt":"Lundi 12 a\u00f4ut 18.00 (pour 19h) Seillans\u00a0 Domaine Val d\u2019Iris\u00a0 \u00a0 \u00a0 \u00a0 \u00a0\u00a0 (y compris ap\u00e9ritifs et petit buffet l\u00e9ger) Soir\u00e9e Musique au Vignoble Toby Hession \u2013 piano, Isabel Pfefferkorn \u2013 voix 30\u20ac(Amis)\u00a0\/ 25\u20ac (choir only)\u00a0 50\u20ac (standard)\u00a0 special price of 40\u20ac ends 30 July\u00a0\u2013 uniquement sur reservation\u00a0R\u00e9servez t\u00f4t:\u2026","rel":"","context":"Article similaire","block_context":{"text":"Article similaire","link":""},"img":{"alt_text":"","src":"https:\/\/i0.wp.com\/www.musique-cordiale.com\/wp-content\/uploads\/2019\/03\/Van-dIris-concert-20140804_195100-scaled.jpg?fit=1200%2C675&ssl=1&resize=350%2C200","width":350,"height":200,"srcset":"https:\/\/i0.wp.com\/www.musique-cordiale.com\/wp-content\/uploads\/2019\/03\/Van-dIris-concert-20140804_195100-scaled.jpg?fit=1200%2C675&ssl=1&resize=350%2C200 1x, https:\/\/i0.wp.com\/www.musique-cordiale.com\/wp-content\/uploads\/2019\/03\/Van-dIris-concert-20140804_195100-scaled.jpg?fit=1200%2C675&ssl=1&resize=525%2C300 1.5x, https:\/\/i0.wp.com\/www.musique-cordiale.com\/wp-content\/uploads\/2019\/03\/Van-dIris-concert-20140804_195100-scaled.jpg?fit=1200%2C675&ssl=1&resize=700%2C400 2x, https:\/\/i0.wp.com\/www.musique-cordiale.com\/wp-content\/uploads\/2019\/03\/Van-dIris-concert-20140804_195100-scaled.jpg?fit=1200%2C675&ssl=1&resize=1050%2C600 3x"},"classes":[]},{"id":39412,"url":"https:\/\/www.musique-cordiale.com\/fr\/boutique-billetterie\/9-august-2023-soiree-opera-musique-vin-au-domaine-viticole\/","url_meta":{"origin":23290,"position":1},"title":"SOIR\u00c9E OP\u00c9RA MUSIQUE &#038; VIN AU DOMAINE VITICOLE, Domaine Val-d\u2019Iris, 21h","author":"Jonathan Barker","date":"25\/05\/2023","format":false,"excerpt":"SOIR\u00c9E OP\u00c9RA: MUSIQUE & VIN AU DOMAINE VITICOLE | interpr\u00e8tent des airs semi-sc\u00e9niques d'op\u00e9ras tr\u00e8s appr\u00e9ci\u00e9s dans le cadre ext\u00e9rieur pittoresque du Domaine Viticole Val D'Iris","rel":"","context":"Article similaire","block_context":{"text":"Article similaire","link":""},"img":{"alt_text":"","src":"https:\/\/i0.wp.com\/www.musique-cordiale.com\/wp-content\/uploads\/2023\/05\/WhatsApp-Image-2023-01-20-at-14.57.35.jpeg?fit=1200%2C583&ssl=1&resize=350%2C200","width":350,"height":200,"srcset":"https:\/\/i0.wp.com\/www.musique-cordiale.com\/wp-content\/uploads\/2023\/05\/WhatsApp-Image-2023-01-20-at-14.57.35.jpeg?fit=1200%2C583&ssl=1&resize=350%2C200 1x, https:\/\/i0.wp.com\/www.musique-cordiale.com\/wp-content\/uploads\/2023\/05\/WhatsApp-Image-2023-01-20-at-14.57.35.jpeg?fit=1200%2C583&ssl=1&resize=525%2C300 1.5x, https:\/\/i0.wp.com\/www.musique-cordiale.com\/wp-content\/uploads\/2023\/05\/WhatsApp-Image-2023-01-20-at-14.57.35.jpeg?fit=1200%2C583&ssl=1&resize=700%2C400 2x, https:\/\/i0.wp.com\/www.musique-cordiale.com\/wp-content\/uploads\/2023\/05\/WhatsApp-Image-2023-01-20-at-14.57.35.jpeg?fit=1200%2C583&ssl=1&resize=1050%2C600 3x"},"classes":[]},{"id":39199,"url":"https:\/\/www.musique-cordiale.com\/programme-tickets\/9-august-2023-soiree-opera-musique-vin-au-domaine-viticole\/","url_meta":{"origin":23290,"position":2},"title":"MUSIC &#038; WINE at the vineyard: SOIR\u00c9E OP\u00c9RA MUSIQUE &#038; VIN AU DOMAINE VITICOLE, 21h","author":"Jonathan Barker","date":"25\/05\/2023","format":false,"excerpt":"SOIR\u00c9E OP\u00c9RA: MUSIQUE & VIN AU DOMAINE VITICOLE | interpr\u00e8tent des airs semi-sc\u00e9niques d'op\u00e9ras tr\u00e8s appr\u00e9ci\u00e9s dans le cadre ext\u00e9rieur pittoresque du Domaine Viticole Val D'Iris","rel":"","context":"Article similaire","block_context":{"text":"Article similaire","link":""},"img":{"alt_text":"","src":"https:\/\/i0.wp.com\/www.musique-cordiale.com\/wp-content\/uploads\/2023\/05\/WhatsApp-Image-2023-01-20-at-14.57.35.jpeg?fit=1200%2C583&ssl=1&resize=350%2C200","width":350,"height":200,"srcset":"https:\/\/i0.wp.com\/www.musique-cordiale.com\/wp-content\/uploads\/2023\/05\/WhatsApp-Image-2023-01-20-at-14.57.35.jpeg?fit=1200%2C583&ssl=1&resize=350%2C200 1x, https:\/\/i0.wp.com\/www.musique-cordiale.com\/wp-content\/uploads\/2023\/05\/WhatsApp-Image-2023-01-20-at-14.57.35.jpeg?fit=1200%2C583&ssl=1&resize=525%2C300 1.5x, https:\/\/i0.wp.com\/www.musique-cordiale.com\/wp-content\/uploads\/2023\/05\/WhatsApp-Image-2023-01-20-at-14.57.35.jpeg?fit=1200%2C583&ssl=1&resize=700%2C400 2x, https:\/\/i0.wp.com\/www.musique-cordiale.com\/wp-content\/uploads\/2023\/05\/WhatsApp-Image-2023-01-20-at-14.57.35.jpeg?fit=1200%2C583&ssl=1&resize=1050%2C600 3x"},"classes":[]},{"id":48538,"url":"https:\/\/www.musique-cordiale.com\/fr\/boutique-billetterie\/48538\/","url_meta":{"origin":23290,"position":3},"title":"\u00ab D\u00e9licieux classiques : joyaux du r\u00e9pertoire classique \u00bb dans un cadre vigneron : Domaine Val d&rsquo;Iris, Seillans, 19h, 1er ao\u00fbt 2025 avec petit &lsquo;dinatoire l\u00e9ger&rsquo;","author":"Jonathan Barker","date":"19\/04\/2025","format":false,"excerpt":"\u00ab\u00a0Classiques doux\u00a0\u00bb dans un cadre viticole\u00a0: Domaine Val d'Iris, Seillans, 1er\u00a0ao\u00fbt\u00a02025 \u00e0 19\u00a0h Concert de grands classiques \u00e0 travers les \u00e2ges, avec un dinatoire l\u00e9ger (vin disponible \u00e9galement\u00a0!) Concert de grands classiques \u00e0 travers les \u00e2ges, avec un dinatoire l\u00e9ger (vin disponible \u00e9galement\u00a0!). Les solistes de l'Orchestre du Festival Musique-Cordiale\u2026","rel":"","context":"Article similaire","block_context":{"text":"Article similaire","link":""},"img":{"alt_text":"","src":"https:\/\/i0.wp.com\/www.musique-cordiale.com\/wp-content\/uploads\/2023\/05\/WhatsApp-Image-2023-01-20-at-14.57.35.jpeg?fit=1200%2C583&ssl=1&resize=350%2C200","width":350,"height":200,"srcset":"https:\/\/i0.wp.com\/www.musique-cordiale.com\/wp-content\/uploads\/2023\/05\/WhatsApp-Image-2023-01-20-at-14.57.35.jpeg?fit=1200%2C583&ssl=1&resize=350%2C200 1x, https:\/\/i0.wp.com\/www.musique-cordiale.com\/wp-content\/uploads\/2023\/05\/WhatsApp-Image-2023-01-20-at-14.57.35.jpeg?fit=1200%2C583&ssl=1&resize=525%2C300 1.5x, https:\/\/i0.wp.com\/www.musique-cordiale.com\/wp-content\/uploads\/2023\/05\/WhatsApp-Image-2023-01-20-at-14.57.35.jpeg?fit=1200%2C583&ssl=1&resize=700%2C400 2x, https:\/\/i0.wp.com\/www.musique-cordiale.com\/wp-content\/uploads\/2023\/05\/WhatsApp-Image-2023-01-20-at-14.57.35.jpeg?fit=1200%2C583&ssl=1&resize=1050%2C600 3x"},"classes":[]},{"id":20415,"url":"https:\/\/www.musique-cordiale.com\/fr\/boutique-billetterie\/billet-y-compris-diner-vin-et-musique-en-pleine-aire-chapelle-des-selves-seillans-lundi-30-juillet-2018-copy-2\/","url_meta":{"origin":23290,"position":4},"title":"Soir\u00e9e Musique, D\u00eener et Vin, en pleine aire","author":"Jonathan Barker","date":"20\/04\/2018","format":false,"excerpt":"Charlotte King, voix Rebecca Taylor, piano Martin Ludenbach, contrebasse Stephen Spender,\u00a0 singer-song-writer,\u00a0guitare et voix vin de Domaine Val d'Iris, Domaine de Meaulx et Domaine Grande Bastide Exclusivement sur r\u00e9servation pr\u00e9alable. PRIX REDUIT POUR LES AMIS DU FESTIVAL (r\u00e9servez avant le 10 juillet pour r\u00e9duction suppl\u00e9mentaire)","rel":"","context":"Article similaire","block_context":{"text":"Article similaire","link":""},"img":{"alt_text":"","src":"https:\/\/i0.wp.com\/www.musique-cordiale.com\/wp-content\/uploads\/2017\/09\/CQ4A0467-scaled.jpg?fit=1200%2C800&ssl=1&resize=350%2C200","width":350,"height":200,"srcset":"https:\/\/i0.wp.com\/www.musique-cordiale.com\/wp-content\/uploads\/2017\/09\/CQ4A0467-scaled.jpg?fit=1200%2C800&ssl=1&resize=350%2C200 1x, https:\/\/i0.wp.com\/www.musique-cordiale.com\/wp-content\/uploads\/2017\/09\/CQ4A0467-scaled.jpg?fit=1200%2C800&ssl=1&resize=525%2C300 1.5x, https:\/\/i0.wp.com\/www.musique-cordiale.com\/wp-content\/uploads\/2017\/09\/CQ4A0467-scaled.jpg?fit=1200%2C800&ssl=1&resize=700%2C400 2x, https:\/\/i0.wp.com\/www.musique-cordiale.com\/wp-content\/uploads\/2017\/09\/CQ4A0467-scaled.jpg?fit=1200%2C800&ssl=1&resize=1050%2C600 3x"},"classes":[]},{"id":40953,"url":"https:\/\/www.musique-cordiale.com\/fr\/boutique-billetterie\/season-pass-festival-2023standard-excludes-val-diris\/","url_meta":{"origin":23290,"position":5},"title":"Forfaits saison, concerts du soir 2023","author":"Jonathan Barker","date":"13\/06\/2023","format":false,"excerpt":"A standard SEASON PASS\u00a0 for the 2023 Festival offers entry to all Festival concerts (EXCEPT THE concert at the Domaine Val d'Iris on 9 August or the pre-festival Soir\u00e9e Musicale et Gala Dinner \/ Fund-raiser on 26 July, for which separate reservation is required). STANDARD SEATING ONLY\u00a0 \u20ac125 | A\u2026","rel":"","context":"Article similaire","block_context":{"text":"Article similaire","link":""},"img":{"alt_text":"","src":"https:\/\/i0.wp.com\/www.musique-cordiale.com\/wp-content\/uploads\/2023\/05\/WhatsApp-Image-2022-02-27-at-14.50.10.jpeg?fit=1200%2C675&ssl=1&resize=350%2C200","width":350,"height":200,"srcset":"https:\/\/i0.wp.com\/www.musique-cordiale.com\/wp-content\/uploads\/2023\/05\/WhatsApp-Image-2022-02-27-at-14.50.10.jpeg?fit=1200%2C675&ssl=1&resize=350%2C200 1x, https:\/\/i0.wp.com\/www.musique-cordiale.com\/wp-content\/uploads\/2023\/05\/WhatsApp-Image-2022-02-27-at-14.50.10.jpeg?fit=1200%2C675&ssl=1&resize=525%2C300 1.5x, https:\/\/i0.wp.com\/www.musique-cordiale.com\/wp-content\/uploads\/2023\/05\/WhatsApp-Image-2022-02-27-at-14.50.10.jpeg?fit=1200%2C675&ssl=1&resize=700%2C400 2x, https:\/\/i0.wp.com\/www.musique-cordiale.com\/wp-content\/uploads\/2023\/05\/WhatsApp-Image-2022-02-27-at-14.50.10.jpeg?fit=1200%2C675&ssl=1&resize=1050%2C600 3x"},"classes":[]}],"_links":{"self":[{"href":"https:\/\/www.musique-cordiale.com\/fr\/wp-json\/wp\/v2\/product\/23290","targetHints":{"allow":["GET"]}}],"collection":[{"href":"https:\/\/www.musique-cordiale.com\/fr\/wp-json\/wp\/v2\/product"}],"about":[{"href":"https:\/\/www.musique-cordiale.com\/fr\/wp-json\/wp\/v2\/types\/product"}],"wp:featuredmedia":[{"embeddable":true,"href":"https:\/\/www.musique-cordiale.com\/fr\/wp-json\/wp\/v2\/media\/23598"}],"wp:attachment":[{"href":"https:\/\/www.musique-cordiale.com\/fr\/wp-json\/wp\/v2\/media?parent=23290"}],"wp:term":[{"taxonomy":"product_brand","embeddable":true,"href":"https:\/\/www.musique-cordiale.com\/fr\/wp-json\/wp\/v2\/product_brand?post=23290"},{"taxonomy":"product_cat","embeddable":true,"href":"https:\/\/www.musique-cordiale.com\/fr\/wp-json\/wp\/v2\/product_cat?post=23290"},{"taxonomy":"product_tag","embeddable":true,"href":"https:\/\/www.musique-cordiale.com\/fr\/wp-json\/wp\/v2\/product_tag?post=23290"},{"taxonomy":"venue","embeddable":true,"href":"https:\/\/www.musique-cordiale.com\/fr\/wp-json\/wp\/v2\/venue?post=23290"}],"curies":[{"name":"wp","href":"https:\/\/api.w.org\/{rel}","templated":true}]}}