{"id":23316,"date":"2019-03-26T18:07:01","date_gmt":"2019-03-26T18:07:01","guid":{"rendered":"https:\/\/www.musique-cordiale.com\/shop-box-office\/non%20class\u00e9\/ticket-dimanche-11-aout-2019-concert-des-bijoux-baroques-seillans\/"},"modified":"2019-08-18T10:18:51","modified_gmt":"2019-08-18T10:18:51","slug":"ticket-dimanche-11-aout-2019-concert-des-bijoux-baroques-seillans","status":"publish","type":"product","link":"https:\/\/www.musique-cordiale.com\/fr\/boutique-billetterie\/ticket-dimanche-11-aout-2019-concert-des-bijoux-baroques-seillans\/","title":{"rendered":"BILLET: dimanche 11 ao\u00fbt 2019 &#8211; Concert des Bijoux Baroques, Seillans"},"content":{"rendered":"<p><b><em>Dimanche 11\u00a0<strong>ao\u00fbt<\/strong>\u00a019.00<\/em><br \/>\nEglise de Seillans\u00a0\u00a0\u00a0\u00a0\u00a0\u00a0\u00a0\u00a0\u00a0 20\u20ac \/ 30\u20ac<\/b><em>(premium)<\/em><b><br \/>\nConcert des Bijoux Baroques<br \/>\n<\/b>L\u2019Orchestre du Festival avec solistes<b><br \/>\n<\/b><i>Direction: Graham Ross<br \/>\n<\/i>HAENDEL Concerto Grosso Opus 6<br \/>\nMARCELLO Concert pour hautbois en re mineur (<i>James Hulme &#8211; hautbois)<br \/>\n<\/i>MOZART \u00ab\u00a0Voi averte un cor fedele\u00a0\u00bb <i>(Dima Bawab &#8211; soprano)<\/i><br \/>\nPERGOLESI Stabat Mater<br \/>\n(<i>Ad\u00e8le Pons soprano, Jessica Hopkins alto)<\/i><\/p>\n","protected":false},"excerpt":{"rendered":"<p><b><em>Dimanche 11\u00a0<strong>ao\u00fbt<\/strong>\u00a019.00<\/em><br \/>\nEglise de Seillans\u00a0\u00a0\u00a0\u00a0\u00a0\u00a0\u00a0\u00a0\u00a0 20\u20ac \/ 30\u20ac<\/b><em>(premium)<\/em><b><br \/>\nConcert des Bijoux Baroques<br \/>\n<\/b>L\u2019Orchestre du Festival avec solistes<b><br \/>\n<\/b><i>Direction: Graham Ross<br \/>\n<\/i>HAENDEL Concerto Grosso Opus 6<br \/>\nMARCELLO Concert pour hautbois en re mineur (<i>James Hulme &#8211; hautbois)<br \/>\n<\/i>MOZART \u00ab\u00a0Voi averte un cor fedele\u00a0\u00bb <i>(Dima Bawab &#8211; soprano)<\/i><br \/>\nPERGOLESI Stabat Mater<br \/>\n(<i>Ad\u00e8le Pons soprano, Jessica Hopkins alto)<\/i><\/p>\n","protected":false},"featured_media":0,"template":"","meta":{"_acf_changed":false,"_monsterinsights_skip_tracking":false,"_monsterinsights_sitenote_active":false,"_monsterinsights_sitenote_note":"","_monsterinsights_sitenote_category":0,"_uf_show_specific_survey":0,"_uf_disable_surveys":false,"advanced_seo_description":"","jetpack_seo_html_title":"","jetpack_seo_noindex":false},"product_brand":[],"product_cat":[275,276],"product_tag":[219,281],"venue":[145],"class_list":{"0":"post-23316","1":"product","2":"type-product","3":"status-publish","5":"product_cat-billet-varies-fr","6":"product_cat-festival-2019-fr","7":"product_tag-billet-fr","8":"product_tag-ticket-fr","9":"venue-eglise-saint-leger","11":"first","12":"instock","13":"shipping-taxable","14":"product-type-variable"},"acf":[],"jetpack_sharing_enabled":true,"jetpack-related-posts":[{"id":23311,"url":"https:\/\/www.musique-cordiale.com\/programme-tickets\/ticket-dimanche-11-aout-2019-concert-des-bijoux-baroques-seillans\/","url_meta":{"origin":23316,"position":0},"title":"TICKET: Sunday 11 August 2019 &#8211; Concert des Bijoux Baroques, Seillans","author":"Jonathan Barker","date":"26\/03\/2019","format":false,"excerpt":"Dimanche 11\u00a0ao\u00fbt\u00a019.00 Eglise de Seillans\u00a0\u00a0\u00a0\u00a0\u00a0\u00a0\u00a0\u00a0\u00a0 20\u20ac \/ 30\u20ac(premium) Concert des Bijoux Baroques L\u2019Orchestre du Festival avec solistes Direction: Graham Ross HAENDEL Concerto Grosso Opus 6 MARCELLO Concert pour hautbois en re mineur (James Hulme - hautbois) MOZART \"Voi averte un cor fedele\" (Dima Bawab - soprano) PERGOLESI Stabat Mater (Ad\u00e8le\u2026","rel":"","context":"Article similaire","block_context":{"text":"Article similaire","link":""},"img":{"alt_text":"","src":"","width":0,"height":0},"classes":[]},{"id":23261,"url":"https:\/\/www.musique-cordiale.com\/fr\/boutique-billetterie\/concert-de-cloture-du-festival-oratorio-saul\/","url_meta":{"origin":23316,"position":1},"title":"BILLET: Concert de cl\u00f4ture du festival: Oratorio \u00abSAUL\u00bb de Haendel, Seillans, 17 ao\u00fbt 2019","author":"Jonathan Barker","date":"26\/03\/2019","format":false,"excerpt":"Samedi 17 a\u00f4ut 19.00 Eglise de Seillans\u00a0\u00a0\u00a0\u00a0\u00a0 25\u20ac\/ 30\u20ac (balcon) 40\u20ac (premium)\u00a0R\u00e9servez t\u00f4t: disponibilit\u00e9 limit\u00e9e! Concert d\u2019Oratorio \u2013 concert de cloture du festival Ch\u0153ur et l\u2019Orchestre du Festival avec solistes Direction: Graham Ross \u00ab Saul \u00bb de HAENDEL Emily Vine, Dima Bawab \u2013 soprano Julian Gregory, Michael Johnston \u2013\u00a0 tenor\u2026","rel":"","context":"Article similaire","block_context":{"text":"Article similaire","link":""},"img":{"alt_text":"","src":"https:\/\/i0.wp.com\/www.musique-cordiale.com\/wp-content\/uploads\/2011\/03\/2016-08-13-22.12.31-1-scaled.jpg?fit=1200%2C675&ssl=1&resize=350%2C200","width":350,"height":200,"srcset":"https:\/\/i0.wp.com\/www.musique-cordiale.com\/wp-content\/uploads\/2011\/03\/2016-08-13-22.12.31-1-scaled.jpg?fit=1200%2C675&ssl=1&resize=350%2C200 1x, https:\/\/i0.wp.com\/www.musique-cordiale.com\/wp-content\/uploads\/2011\/03\/2016-08-13-22.12.31-1-scaled.jpg?fit=1200%2C675&ssl=1&resize=525%2C300 1.5x, https:\/\/i0.wp.com\/www.musique-cordiale.com\/wp-content\/uploads\/2011\/03\/2016-08-13-22.12.31-1-scaled.jpg?fit=1200%2C675&ssl=1&resize=700%2C400 2x, https:\/\/i0.wp.com\/www.musique-cordiale.com\/wp-content\/uploads\/2011\/03\/2016-08-13-22.12.31-1-scaled.jpg?fit=1200%2C675&ssl=1&resize=1050%2C600 3x"},"classes":[]},{"id":23354,"url":"https:\/\/www.musique-cordiale.com\/fr\/boutique-billetterie\/billet-concert-de-cloture-du-festival-oratorio-saul-de-haendel-seillans-17-aout-2019-copy\/","url_meta":{"origin":23316,"position":2},"title":"BILLET: premi\u00e8re performance de l&rsquo;Oratorio \u00abSAUL\u00bb de Haendel, (PAS Callian: d\u00e9plac\u00e9 \u00e0 l&rsquo;\u00e9glise de SEILLANS), jeudi 15 ao\u00fbt 2019","author":"Jonathan Barker","date":"27\/03\/2019","format":false,"excerpt":"Jeudi 15\u00a0ao\u00fbt 19.15 S'IL VOUS PLA\u00ceT NOTEZ: d\u00e9plac\u00e9 \u00e0 l'\u00e9glise de SEILLANS, commencant 15 mins plus tard\u00a0 \u00a0 \u00a0 \u00a0 \u00a0 25\u20ac \/ 35\u20ac(premium) Concert d\u2019Oratorio:\u00a0\u00ab Saul \u00bb de HAENDEL Ch\u0153ur et l\u2019Orchestre du Festival avec solistes Direction: Graham Ross Emily Vine, Dima Bawab \u2013 soprano Julian Gregory, Michael Johnston\u2026","rel":"","context":"Article similaire","block_context":{"text":"Article similaire","link":""},"img":{"alt_text":"","src":"https:\/\/i0.wp.com\/www.musique-cordiale.com\/wp-content\/uploads\/2011\/03\/2016-08-13-22.12.31-1-scaled.jpg?fit=1200%2C675&ssl=1&resize=350%2C200","width":350,"height":200,"srcset":"https:\/\/i0.wp.com\/www.musique-cordiale.com\/wp-content\/uploads\/2011\/03\/2016-08-13-22.12.31-1-scaled.jpg?fit=1200%2C675&ssl=1&resize=350%2C200 1x, https:\/\/i0.wp.com\/www.musique-cordiale.com\/wp-content\/uploads\/2011\/03\/2016-08-13-22.12.31-1-scaled.jpg?fit=1200%2C675&ssl=1&resize=525%2C300 1.5x, https:\/\/i0.wp.com\/www.musique-cordiale.com\/wp-content\/uploads\/2011\/03\/2016-08-13-22.12.31-1-scaled.jpg?fit=1200%2C675&ssl=1&resize=700%2C400 2x, https:\/\/i0.wp.com\/www.musique-cordiale.com\/wp-content\/uploads\/2011\/03\/2016-08-13-22.12.31-1-scaled.jpg?fit=1200%2C675&ssl=1&resize=1050%2C600 3x"},"classes":[]},{"id":23257,"url":"https:\/\/www.musique-cordiale.com\/programme-tickets\/final-oratorio-concert-saul-17-aug-2019\/","url_meta":{"origin":23316,"position":3},"title":"TICKET: Final Oratorio Concert: Handel&rsquo;s \u00ab\u00a0SAUL\u00a0\u00bb &#8211; Seillans, Saturday 17 August 2019 &#8211; concert de cl\u00f4ture du Festival","author":"Jonathan Barker","date":"26\/03\/2019","format":false,"excerpt":"Samedi 17 a\u00f4ut 19.00 Eglise de Seillans\u00a0\u00a0\u00a0\u00a0\u00a0 25\u20ac\/ 30\u20ac\/ 40\u20ac\u00a0(premium)\u00a0R\u00e9servez t\u00f4t: disponibilit\u00e9 limit\u00e9e! Concert d\u2019Oratorio \u2013 concert de cloture du festival Ch\u0153ur et l\u2019Orchestre du Festival avec solistes Direction: Graham Ross Emily Vine, Dima Bawab - soprano, Isabel Pfefferkorn (mezzo-soprano) Julian Gregory, Michael Johnston -\u00a0 tenor Frederick Long - basse\u2026","rel":"","context":"Article similaire","block_context":{"text":"Article similaire","link":""},"img":{"alt_text":"","src":"https:\/\/i0.wp.com\/www.musique-cordiale.com\/wp-content\/uploads\/2011\/03\/2016-08-13-22.12.31-1-scaled.jpg?fit=1200%2C675&ssl=1&resize=350%2C200","width":350,"height":200,"srcset":"https:\/\/i0.wp.com\/www.musique-cordiale.com\/wp-content\/uploads\/2011\/03\/2016-08-13-22.12.31-1-scaled.jpg?fit=1200%2C675&ssl=1&resize=350%2C200 1x, https:\/\/i0.wp.com\/www.musique-cordiale.com\/wp-content\/uploads\/2011\/03\/2016-08-13-22.12.31-1-scaled.jpg?fit=1200%2C675&ssl=1&resize=525%2C300 1.5x, https:\/\/i0.wp.com\/www.musique-cordiale.com\/wp-content\/uploads\/2011\/03\/2016-08-13-22.12.31-1-scaled.jpg?fit=1200%2C675&ssl=1&resize=700%2C400 2x, https:\/\/i0.wp.com\/www.musique-cordiale.com\/wp-content\/uploads\/2011\/03\/2016-08-13-22.12.31-1-scaled.jpg?fit=1200%2C675&ssl=1&resize=1050%2C600 3x"},"classes":[]},{"id":23350,"url":"https:\/\/www.musique-cordiale.com\/programme-tickets\/ticket-first-oratorio-concert-handels-saul-callian-thursday-15-august-2019\/","url_meta":{"origin":23316,"position":4},"title":"TICKET: First Oratorio Concert: Handel&rsquo;s \u00ab\u00a0SAUL\u00a0\u00bb &#8211; (NOT Callian &#8211; relocated to SEILLANS), Thursday 15 August 2019","author":"Jonathan Barker","date":"27\/03\/2019","format":false,"excerpt":"Jeudi 15\u00a0ao\u00fbt 19.15 S'IL VOUS PLA\u00ceT NOTEZ: d\u00e9plac\u00e9 \u00e0 l'\u00e9glise de SEILLANS (re-located to Seillans, starting 15 mins later)\u00a0 \u00a0 \u00a0 \u00a025\u20ac \/ 35\u20ac(premium) Concert d\u2019Oratorio:\u00a0\u00ab Saul \u00bb de HAENDEL Ch\u0153ur et l\u2019Orchestre du Festival avec solistes Direction: Graham Ross Emily Vine, Dima Bawab \u2013 soprano Julian Gregory, Michael Johnston\u2026","rel":"","context":"Article similaire","block_context":{"text":"Article similaire","link":""},"img":{"alt_text":"","src":"https:\/\/i0.wp.com\/www.musique-cordiale.com\/wp-content\/uploads\/2011\/03\/2016-08-13-22.12.31-1-scaled.jpg?fit=1200%2C675&ssl=1&resize=350%2C200","width":350,"height":200,"srcset":"https:\/\/i0.wp.com\/www.musique-cordiale.com\/wp-content\/uploads\/2011\/03\/2016-08-13-22.12.31-1-scaled.jpg?fit=1200%2C675&ssl=1&resize=350%2C200 1x, https:\/\/i0.wp.com\/www.musique-cordiale.com\/wp-content\/uploads\/2011\/03\/2016-08-13-22.12.31-1-scaled.jpg?fit=1200%2C675&ssl=1&resize=525%2C300 1.5x, https:\/\/i0.wp.com\/www.musique-cordiale.com\/wp-content\/uploads\/2011\/03\/2016-08-13-22.12.31-1-scaled.jpg?fit=1200%2C675&ssl=1&resize=700%2C400 2x, https:\/\/i0.wp.com\/www.musique-cordiale.com\/wp-content\/uploads\/2011\/03\/2016-08-13-22.12.31-1-scaled.jpg?fit=1200%2C675&ssl=1&resize=1050%2C600 3x"},"classes":[]},{"id":39144,"url":"https:\/\/www.musique-cordiale.com\/programme-tickets\/6-august-2023-orchestral-concert\/","url_meta":{"origin":23316,"position":5},"title":"Orchestral Concert in Seillans: Mozart &#038; Mahler symphonies with an interlude from Sibelius, 20h","author":"Jonathan Barker","date":"24\/05\/2023","format":false,"excerpt":"MOZART: Concerto pour hautbois en Do Mejeur, David Hedley, hautbois | SIBELIUS: Valse Triste | MAHLER (arr. K. SIMON): Symphony No. 4, Chlo\u00eb Morgan, soprano | Direction: Graham Ross","rel":"","context":"Article similaire","block_context":{"text":"Article similaire","link":""},"img":{"alt_text":"","src":"https:\/\/i0.wp.com\/www.musique-cordiale.com\/wp-content\/uploads\/2019\/12\/WhatsApp-Image-2019-12-17-at-15.29.28.jpeg?fit=1200%2C583&ssl=1&resize=350%2C200","width":350,"height":200,"srcset":"https:\/\/i0.wp.com\/www.musique-cordiale.com\/wp-content\/uploads\/2019\/12\/WhatsApp-Image-2019-12-17-at-15.29.28.jpeg?fit=1200%2C583&ssl=1&resize=350%2C200 1x, https:\/\/i0.wp.com\/www.musique-cordiale.com\/wp-content\/uploads\/2019\/12\/WhatsApp-Image-2019-12-17-at-15.29.28.jpeg?fit=1200%2C583&ssl=1&resize=525%2C300 1.5x, https:\/\/i0.wp.com\/www.musique-cordiale.com\/wp-content\/uploads\/2019\/12\/WhatsApp-Image-2019-12-17-at-15.29.28.jpeg?fit=1200%2C583&ssl=1&resize=700%2C400 2x, https:\/\/i0.wp.com\/www.musique-cordiale.com\/wp-content\/uploads\/2019\/12\/WhatsApp-Image-2019-12-17-at-15.29.28.jpeg?fit=1200%2C583&ssl=1&resize=1050%2C600 3x"},"classes":[]}],"_links":{"self":[{"href":"https:\/\/www.musique-cordiale.com\/fr\/wp-json\/wp\/v2\/product\/23316","targetHints":{"allow":["GET"]}}],"collection":[{"href":"https:\/\/www.musique-cordiale.com\/fr\/wp-json\/wp\/v2\/product"}],"about":[{"href":"https:\/\/www.musique-cordiale.com\/fr\/wp-json\/wp\/v2\/types\/product"}],"wp:attachment":[{"href":"https:\/\/www.musique-cordiale.com\/fr\/wp-json\/wp\/v2\/media?parent=23316"}],"wp:term":[{"taxonomy":"product_brand","embeddable":true,"href":"https:\/\/www.musique-cordiale.com\/fr\/wp-json\/wp\/v2\/product_brand?post=23316"},{"taxonomy":"product_cat","embeddable":true,"href":"https:\/\/www.musique-cordiale.com\/fr\/wp-json\/wp\/v2\/product_cat?post=23316"},{"taxonomy":"product_tag","embeddable":true,"href":"https:\/\/www.musique-cordiale.com\/fr\/wp-json\/wp\/v2\/product_tag?post=23316"},{"taxonomy":"venue","embeddable":true,"href":"https:\/\/www.musique-cordiale.com\/fr\/wp-json\/wp\/v2\/venue?post=23316"}],"curies":[{"name":"wp","href":"https:\/\/api.w.org\/{rel}","templated":true}]}}