{"id":23332,"date":"2019-03-26T18:56:24","date_gmt":"2019-03-26T18:56:24","guid":{"rendered":"https:\/\/www.musique-cordiale.com\/shop-box-office\/non%20class\u00e9\/symphonie-sous-les-etoiles-12-aout-2019\/"},"modified":"2019-08-18T10:24:40","modified_gmt":"2019-08-18T10:24:40","slug":"symphonie-sous-les-etoiles-12-aout-2019","status":"publish","type":"product","link":"https:\/\/www.musique-cordiale.com\/fr\/boutique-billetterie\/symphonie-sous-les-etoiles-12-aout-2019\/","title":{"rendered":"BILLET: Concert Symphonique sous les etoiles, 21h, mardi 13 ao\u00fbt 2019, Fayence, Th\u00e9atre Verdure"},"content":{"rendered":"<p><b>Mardi 13\u00a0<strong>ao\u00fbt<\/strong>\u00a021.00<br \/>\nFayence Theatre de Verdure\u00a0\u00a0\u00a0\u00a0\u00a0\u00a0\u00a0 20\u20ac \/ 30\u20ac <\/b><em>(premium)<\/em><b><br \/>\n<\/b><b>Concert Symphonique sous les etoiles<br \/>\n<\/b>L\u2019Orchestre du Festival avec solistes<b><br \/>\n<\/b><i>Direction: James Lowe<\/i><br \/>\nMENDELSOHN Ouverture \u00ab Les H\u00e9brides \u00bb<br \/>\nMENDELSOHN Concerto pour Violon<br \/>\n(<i>Judith de Haas \u2013 violon)<\/i><br \/>\nBEETHOVEN Sinfonie N<sup>o\u00a0<\/sup>6 \u00ab Pastorale \u00bb<\/p>\n","protected":false},"excerpt":{"rendered":"<p><b>Mardi 13\u00a0<strong>ao\u00fbt<\/strong>\u00a021.00<br \/>\nFayence Theatre de Verdure\u00a0\u00a0\u00a0\u00a0\u00a0\u00a0\u00a0 20\u20ac \/ 30\u20ac<\/b><em>(premium)<\/em><b><br \/>\n<\/b><b>Concert Symphonique sous les etoiles<br \/>\n<\/b>L\u2019Orchestre du Festival avec solistes<b><br \/>\n<\/b><i>Direction: James Lowe<\/i><br \/>\nMENDELSOHN Ouverture \u00ab Les H\u00e9brides \u00bb<br \/>\nMENDELSOHN Concerto pour Violon<br \/>\n(<i>Judith de Haas \u2013 violon)<\/i><br \/>\nBEETHOVEN Sinfonie N<sup>o\u00a0<\/sup>6 \u00ab Pastorale \u00bb<\/p>\n<p><img loading=\"lazy\" decoding=\"async\" class=\"size-medium wp-image-23601 alignleft\" src=\"https:\/\/www.musique-cordiale.com\/wp-content\/uploads\/2019\/03\/MC-2017-08-08-Lowe-Theatre-Verdure-Fayence-300x169.jpg\" alt=\"\" width=\"300\" height=\"169\" srcset=\"https:\/\/i0.wp.com\/www.musique-cordiale.com\/wp-content\/uploads\/2019\/03\/MC-2017-08-08-Lowe-Theatre-Verdure-Fayence.jpg?resize=300%2C169&amp;ssl=1 300w, https:\/\/i0.wp.com\/www.musique-cordiale.com\/wp-content\/uploads\/2019\/03\/MC-2017-08-08-Lowe-Theatre-Verdure-Fayence.jpg?resize=750%2C422&amp;ssl=1 750w, https:\/\/i0.wp.com\/www.musique-cordiale.com\/wp-content\/uploads\/2019\/03\/MC-2017-08-08-Lowe-Theatre-Verdure-Fayence.jpg?resize=768%2C432&amp;ssl=1 768w, https:\/\/i0.wp.com\/www.musique-cordiale.com\/wp-content\/uploads\/2019\/03\/MC-2017-08-08-Lowe-Theatre-Verdure-Fayence.jpg?resize=622%2C350&amp;ssl=1 622w, https:\/\/i0.wp.com\/www.musique-cordiale.com\/wp-content\/uploads\/2019\/03\/MC-2017-08-08-Lowe-Theatre-Verdure-Fayence.jpg?resize=600%2C338&amp;ssl=1 600w, https:\/\/i0.wp.com\/www.musique-cordiale.com\/wp-content\/uploads\/2019\/03\/MC-2017-08-08-Lowe-Theatre-Verdure-Fayence.jpg?w=2015&amp;ssl=1 2015w, https:\/\/i0.wp.com\/www.musique-cordiale.com\/wp-content\/uploads\/2019\/03\/MC-2017-08-08-Lowe-Theatre-Verdure-Fayence.jpg?w=1280&amp;ssl=1 1280w, https:\/\/i0.wp.com\/www.musique-cordiale.com\/wp-content\/uploads\/2019\/03\/MC-2017-08-08-Lowe-Theatre-Verdure-Fayence.jpg?w=1920&amp;ssl=1 1920w\" sizes=\"auto, (max-width: 300px) 100vw, 300px\" \/><\/p>\n","protected":false},"featured_media":15693,"template":"","meta":{"_acf_changed":false,"_monsterinsights_skip_tracking":false,"_monsterinsights_sitenote_active":false,"_monsterinsights_sitenote_note":"","_monsterinsights_sitenote_category":0,"_uf_show_specific_survey":0,"_uf_disable_surveys":false,"advanced_seo_description":"","jetpack_seo_html_title":"","jetpack_seo_noindex":false},"product_brand":[],"product_cat":[275,276],"product_tag":[219,281],"venue":[149],"class_list":{"0":"post-23332","1":"product","2":"type-product","3":"status-publish","4":"has-post-thumbnail","6":"product_cat-billet-varies-fr","7":"product_cat-festival-2019-fr","8":"product_tag-billet-fr","9":"product_tag-ticket-fr","10":"venue-theatre-de-verdure","12":"first","13":"instock","14":"shipping-taxable","15":"product-type-variable"},"acf":[],"jetpack_sharing_enabled":true,"jetpack-related-posts":[{"id":23326,"url":"https:\/\/www.musique-cordiale.com\/programme-tickets\/symphonie-sous-les-etoiles-13-aout-2019\/","url_meta":{"origin":23332,"position":0},"title":"TICKET: Concert Symphonique sous les etoiles, 9PM, Tuesday 13 August 2019, Fayence, Th\u00e9atre Verdure","author":"Jonathan Barker","date":"26\/03\/2019","format":false,"excerpt":"Mardi 13\u00a0ao\u00fbt, 21h 00 Fayence Theatre de Verdure\u00a0\u00a0\u00a0\u00a0\u00a0\u00a0\u00a0 20\u20ac \/ 30\u20ac(premium) Concert Symphonique sous les etoiles L\u2019Orchestre du Festival avec solistes Direction: James Lowe MENDELSOHN Ouverture \u00ab Les H\u00e9brides \u00bb MENDELSOHN Concerto pour Violon (Judith de Haas \u2013 violon) BEETHOVEN Sinfonie No\u00a06 \u00ab Pastorale \u00bb","rel":"","context":"Article similaire","block_context":{"text":"Article similaire","link":""},"img":{"alt_text":"","src":"https:\/\/i0.wp.com\/www.musique-cordiale.com\/wp-content\/uploads\/2015\/01\/Fayence-audience-scaled.jpg?fit=1200%2C900&ssl=1&resize=350%2C200","width":350,"height":200,"srcset":"https:\/\/i0.wp.com\/www.musique-cordiale.com\/wp-content\/uploads\/2015\/01\/Fayence-audience-scaled.jpg?fit=1200%2C900&ssl=1&resize=350%2C200 1x, https:\/\/i0.wp.com\/www.musique-cordiale.com\/wp-content\/uploads\/2015\/01\/Fayence-audience-scaled.jpg?fit=1200%2C900&ssl=1&resize=525%2C300 1.5x, https:\/\/i0.wp.com\/www.musique-cordiale.com\/wp-content\/uploads\/2015\/01\/Fayence-audience-scaled.jpg?fit=1200%2C900&ssl=1&resize=700%2C400 2x, https:\/\/i0.wp.com\/www.musique-cordiale.com\/wp-content\/uploads\/2015\/01\/Fayence-audience-scaled.jpg?fit=1200%2C900&ssl=1&resize=1050%2C600 3x"},"classes":[]},{"id":48346,"url":"https:\/\/www.musique-cordiale.com\/fr\/boutique-billetterie\/concert-orchestral-au-coucher-du-soleil-a-fayence-theatre-verdure-21h-5-aout-2025\/","url_meta":{"origin":23332,"position":1},"title":"\u00ab\u00a0S\u00e9r\u00e9nades d&rsquo;Amour\u00a0\u00bb\u00a0: Concert orchestral &#8211; avec airs &#8211; au coucher du soleil \u00e0 Fayence\u00a0: Th\u00e9\u00e2tre Verdure, 21\u00a0h, 5\u00a0ao\u00fbt\u00a02025","author":"Jonathan Barker","date":"10\/04\/2025","format":false,"excerpt":"\u00ab\u00a0S\u00e9r\u00e9nades d'amour\u00a0\u00bb \u2013\u00a0au lever de la lune dans le romantique amphith\u00e9\u00e2tre de Fayence\u00a0: Brahms, Elgar, Mendelssohn... et plus encore... 21h, Th\u00e9\u00e2tre de Verdure de Fayence Le grand concert orchestral du Festival dans le magnifique amphith\u00e9\u00e2tre en plein air de Fayence Mendelssohn \u2013 Ouverture des H\u00e9brides Elgar \u2013 S\u00e9r\u00e9nade pour cordes\u2026","rel":"","context":"Article similaire","block_context":{"text":"Article similaire","link":""},"img":{"alt_text":"","src":"https:\/\/i0.wp.com\/www.musique-cordiale.com\/wp-content\/uploads\/2023\/05\/Fayence-Verdure-concert-2019.jpg?fit=1200%2C583&ssl=1&resize=350%2C200","width":350,"height":200,"srcset":"https:\/\/i0.wp.com\/www.musique-cordiale.com\/wp-content\/uploads\/2023\/05\/Fayence-Verdure-concert-2019.jpg?fit=1200%2C583&ssl=1&resize=350%2C200 1x, https:\/\/i0.wp.com\/www.musique-cordiale.com\/wp-content\/uploads\/2023\/05\/Fayence-Verdure-concert-2019.jpg?fit=1200%2C583&ssl=1&resize=525%2C300 1.5x, https:\/\/i0.wp.com\/www.musique-cordiale.com\/wp-content\/uploads\/2023\/05\/Fayence-Verdure-concert-2019.jpg?fit=1200%2C583&ssl=1&resize=700%2C400 2x, https:\/\/i0.wp.com\/www.musique-cordiale.com\/wp-content\/uploads\/2023\/05\/Fayence-Verdure-concert-2019.jpg?fit=1200%2C583&ssl=1&resize=1050%2C600 3x"},"classes":[]},{"id":15050,"url":"https:\/\/www.musique-cordiale.com\/fr\/boutique-billetterie\/fayence-verdure-2018-08-07\/","url_meta":{"origin":23332,"position":2},"title":"Musique fabuleuse sous les \u00e9toiles &#8211; aires d&rsquo;op\u00e9ra et symphonie orchestral","author":"Lyndsey","date":"17\/02\/2017","format":false,"excerpt":"Concert avec solistes\u00a0: Concerto pour violon de\u00a0Tchaikovsky\u00a0\u2013 et aires d\u2019Opera Direction: James Lowe Dima Bawab, Kiera Lyness,\u00a0soprano Charlotte King, mezzo-soprano Aidan Coburn, Julian Gregory,\u00a0t\u00e9nor Tristan Hambleton,\u00a0bass Jonathan Martindale,\u00a0violon Tchaikovsky: Concerto pour violon et orchestre","rel":"","context":"Article similaire","block_context":{"text":"Article similaire","link":""},"img":{"alt_text":"","src":"https:\/\/i0.wp.com\/www.musique-cordiale.com\/wp-content\/uploads\/2015\/01\/Fayence-orch-NT-scaled.jpg?fit=1200%2C900&ssl=1&resize=350%2C200","width":350,"height":200,"srcset":"https:\/\/i0.wp.com\/www.musique-cordiale.com\/wp-content\/uploads\/2015\/01\/Fayence-orch-NT-scaled.jpg?fit=1200%2C900&ssl=1&resize=350%2C200 1x, https:\/\/i0.wp.com\/www.musique-cordiale.com\/wp-content\/uploads\/2015\/01\/Fayence-orch-NT-scaled.jpg?fit=1200%2C900&ssl=1&resize=525%2C300 1.5x, https:\/\/i0.wp.com\/www.musique-cordiale.com\/wp-content\/uploads\/2015\/01\/Fayence-orch-NT-scaled.jpg?fit=1200%2C900&ssl=1&resize=700%2C400 2x, https:\/\/i0.wp.com\/www.musique-cordiale.com\/wp-content\/uploads\/2015\/01\/Fayence-orch-NT-scaled.jpg?fit=1200%2C900&ssl=1&resize=1050%2C600 3x"},"classes":[]},{"id":14737,"url":"https:\/\/www.musique-cordiale.com\/programme-tickets\/fayence-verdure-2018-08-07\/","url_meta":{"origin":23332,"position":3},"title":"An orchestral concert with soloists: fabulous music and Opera Arias under the stars","author":"Lyndsey","date":"17\/02\/2017","format":false,"excerpt":"Concert avec solistes\u00a0: Concerto pour violon de\u00a0Tchaikovsky\u00a0\u2013 et aires d\u2019Opera Direction: James Lowe Dima Bawab, Kiera Lyness,\u00a0soprano Charlotte King, mezzo-soprano Aidan Coburn, Julian Gregory,\u00a0t\u00e9nor Tristan Hambleton,\u00a0bass Jonathan Martindale,\u00a0violon Tchaikovsky: Concerto pour violon et orchestre","rel":"","context":"Article similaire","block_context":{"text":"Article similaire","link":""},"img":{"alt_text":"","src":"https:\/\/i0.wp.com\/www.musique-cordiale.com\/wp-content\/uploads\/2015\/01\/Fayence-orch-NT-scaled.jpg?fit=1200%2C900&ssl=1&resize=350%2C200","width":350,"height":200,"srcset":"https:\/\/i0.wp.com\/www.musique-cordiale.com\/wp-content\/uploads\/2015\/01\/Fayence-orch-NT-scaled.jpg?fit=1200%2C900&ssl=1&resize=350%2C200 1x, https:\/\/i0.wp.com\/www.musique-cordiale.com\/wp-content\/uploads\/2015\/01\/Fayence-orch-NT-scaled.jpg?fit=1200%2C900&ssl=1&resize=525%2C300 1.5x, https:\/\/i0.wp.com\/www.musique-cordiale.com\/wp-content\/uploads\/2015\/01\/Fayence-orch-NT-scaled.jpg?fit=1200%2C900&ssl=1&resize=700%2C400 2x, https:\/\/i0.wp.com\/www.musique-cordiale.com\/wp-content\/uploads\/2015\/01\/Fayence-orch-NT-scaled.jpg?fit=1200%2C900&ssl=1&resize=1050%2C600 3x"},"classes":[]},{"id":48340,"url":"https:\/\/www.musique-cordiale.com\/programme-tickets\/orchestral-concert-at-sundown-in-fayence-theatre-verdure-9pm-5-august-2025\/","url_meta":{"origin":23332,"position":4},"title":"\u00ab\u00a0Serenades of Love\u00a0\u00bb: Orchestral Concert &#8211; with Arias &#8211; at sundown in Fayence: Th\u00e9\u00e2tre Verdure, 9PM, 5 August 2025","author":"Jonathan Barker","date":"10\/04\/2025","format":false,"excerpt":"\"Serenades of Love\" \u2013\u00a0 to a rising moon in the romantic Fayence amphitheatre:\u00a0 Brahms, Elgar, Mendelssohn... and more... 9pm FAYENCE Theatre de Verdure The Festival\u2019s big orchestral concert in the stunning outdoor amphitheatre in Fayence Mendelssohn \u2013 Hebrides overture Elgar \u2013 Serenade for Strings Arias\/duets (to include\u2026) Puccini - O\u2026","rel":"","context":"Article similaire","block_context":{"text":"Article similaire","link":""},"img":{"alt_text":"","src":"https:\/\/i0.wp.com\/www.musique-cordiale.com\/wp-content\/uploads\/2023\/05\/Fayence-Verdure-concert-2019.jpg?fit=1200%2C583&ssl=1&resize=350%2C200","width":350,"height":200,"srcset":"https:\/\/i0.wp.com\/www.musique-cordiale.com\/wp-content\/uploads\/2023\/05\/Fayence-Verdure-concert-2019.jpg?fit=1200%2C583&ssl=1&resize=350%2C200 1x, https:\/\/i0.wp.com\/www.musique-cordiale.com\/wp-content\/uploads\/2023\/05\/Fayence-Verdure-concert-2019.jpg?fit=1200%2C583&ssl=1&resize=525%2C300 1.5x, https:\/\/i0.wp.com\/www.musique-cordiale.com\/wp-content\/uploads\/2023\/05\/Fayence-Verdure-concert-2019.jpg?fit=1200%2C583&ssl=1&resize=700%2C400 2x, https:\/\/i0.wp.com\/www.musique-cordiale.com\/wp-content\/uploads\/2023\/05\/Fayence-Verdure-concert-2019.jpg?fit=1200%2C583&ssl=1&resize=1050%2C600 3x"},"classes":[]},{"id":23049,"url":"https:\/\/www.musique-cordiale.com\/fr\/boutique-billetterie\/ticket-sympony-concert-9-august-2019-opening-concert-festival-2019\/","url_meta":{"origin":23332,"position":5},"title":"Billet &#8211;  Concert Symphonique, vendredi 9 a\u00f4ut 2019 &#8211; concert d&rsquo;ouverture, Festival 2019","author":"Jonathan Barker","date":"18\/03\/2019","format":false,"excerpt":"Vendredi 9 ao\u00fbt 19.00 Eglise de Seillans\u00a0 \u00a0 \u00a0 \u00a0 \u00a0 \u00a0\u00a0 Concert Symphonique\u00a0 - concert d\u2019ouverture du festival L\u2019Orchestre du Festival avec solistes Direction: James Lowe MOZART Sinfonia Concertante (Colette Overdijk\u00a0 - violon, Ian Anderson - alto) SCHOENBERG\u00a0 \u00ab La nuit transfigur\u00e9e \u00bb SCHUBERT Symphonie No 5, D485 en\u2026","rel":"","context":"Article similaire","block_context":{"text":"Article similaire","link":""},"img":{"alt_text":"","src":"https:\/\/i0.wp.com\/www.musique-cordiale.com\/wp-content\/uploads\/2018\/01\/MCAcademy2016-reh-with-orchestra-James-Lowe-scaled.jpg?fit=1200%2C533&ssl=1&resize=350%2C200","width":350,"height":200,"srcset":"https:\/\/i0.wp.com\/www.musique-cordiale.com\/wp-content\/uploads\/2018\/01\/MCAcademy2016-reh-with-orchestra-James-Lowe-scaled.jpg?fit=1200%2C533&ssl=1&resize=350%2C200 1x, https:\/\/i0.wp.com\/www.musique-cordiale.com\/wp-content\/uploads\/2018\/01\/MCAcademy2016-reh-with-orchestra-James-Lowe-scaled.jpg?fit=1200%2C533&ssl=1&resize=525%2C300 1.5x, https:\/\/i0.wp.com\/www.musique-cordiale.com\/wp-content\/uploads\/2018\/01\/MCAcademy2016-reh-with-orchestra-James-Lowe-scaled.jpg?fit=1200%2C533&ssl=1&resize=700%2C400 2x, https:\/\/i0.wp.com\/www.musique-cordiale.com\/wp-content\/uploads\/2018\/01\/MCAcademy2016-reh-with-orchestra-James-Lowe-scaled.jpg?fit=1200%2C533&ssl=1&resize=1050%2C600 3x"},"classes":[]}],"_links":{"self":[{"href":"https:\/\/www.musique-cordiale.com\/fr\/wp-json\/wp\/v2\/product\/23332","targetHints":{"allow":["GET"]}}],"collection":[{"href":"https:\/\/www.musique-cordiale.com\/fr\/wp-json\/wp\/v2\/product"}],"about":[{"href":"https:\/\/www.musique-cordiale.com\/fr\/wp-json\/wp\/v2\/types\/product"}],"wp:featuredmedia":[{"embeddable":true,"href":"https:\/\/www.musique-cordiale.com\/fr\/wp-json\/wp\/v2\/media\/15693"}],"wp:attachment":[{"href":"https:\/\/www.musique-cordiale.com\/fr\/wp-json\/wp\/v2\/media?parent=23332"}],"wp:term":[{"taxonomy":"product_brand","embeddable":true,"href":"https:\/\/www.musique-cordiale.com\/fr\/wp-json\/wp\/v2\/product_brand?post=23332"},{"taxonomy":"product_cat","embeddable":true,"href":"https:\/\/www.musique-cordiale.com\/fr\/wp-json\/wp\/v2\/product_cat?post=23332"},{"taxonomy":"product_tag","embeddable":true,"href":"https:\/\/www.musique-cordiale.com\/fr\/wp-json\/wp\/v2\/product_tag?post=23332"},{"taxonomy":"venue","embeddable":true,"href":"https:\/\/www.musique-cordiale.com\/fr\/wp-json\/wp\/v2\/venue?post=23332"}],"curies":[{"name":"wp","href":"https:\/\/api.w.org\/{rel}","templated":true}]}}