{"id":23354,"date":"2019-03-27T12:30:07","date_gmt":"2019-03-27T12:30:09","guid":{"rendered":"https:\/\/www.musique-cordiale.com\/?post_type=product&#038;p=23354"},"modified":"2019-08-18T10:24:03","modified_gmt":"2019-08-18T10:24:03","slug":"billet-concert-de-cloture-du-festival-oratorio-saul-de-haendel-seillans-17-aout-2019-copy","status":"publish","type":"product","link":"https:\/\/www.musique-cordiale.com\/fr\/boutique-billetterie\/billet-concert-de-cloture-du-festival-oratorio-saul-de-haendel-seillans-17-aout-2019-copy\/","title":{"rendered":"BILLET: premi\u00e8re performance de l&rsquo;Oratorio \u00abSAUL\u00bb de Haendel, (PAS Callian: d\u00e9plac\u00e9 \u00e0 l&rsquo;\u00e9glise de SEILLANS), jeudi 15 ao\u00fbt 2019"},"content":{"rendered":"<h6><b>Jeudi 15\u00a0<strong>ao\u00fbt<\/strong> 19.15<br \/>\nS&rsquo;IL VOUS PLA\u00ceT NOTEZ: d\u00e9plac\u00e9 \u00e0 l&rsquo;\u00e9glise de SEILLANS, commencant 15 mins plus tard<\/b><\/h6>\n<h6><b> \u00a0 \u00a0 \u00a0 \u00a0 25\u20ac \/ 35\u20ac<\/b><em>(premium)<\/em><b><br \/>\n<\/b><b>Concert d\u2019Oratorio:\u00a0<\/b><strong>\u00ab Saul \u00bb de HAENDEL<\/strong><b><br \/>\n<\/b>Ch\u0153ur et l\u2019Orchestre du Festival avec solistes<b><br \/>\n<\/b><i>Direction: Graham Ross<br \/>\n<\/i><i>Emily Vine, Dima Bawab &#8211; soprano, Isabel Pfefferkorn (mezzo-soprano)<br \/>\nJulian Gregory, Michael Johnston &#8211; tenor<\/i><i><br \/>\n<\/i><i>Frederick Long &#8211; basse<\/i><\/h6>\n","protected":false},"excerpt":{"rendered":"<h6><b>Jeudi 15\u00a0<strong>ao\u00fbt<\/strong> 19.15<br \/>\nS&rsquo;IL VOUS PLA\u00ceT NOTEZ: d\u00e9plac\u00e9 \u00e0 l&rsquo;\u00e9glise de SEILLANS, commencant 15 mins plus tard\u00a0 \u00a0 \u00a0 \u00a0 \u00a0 25\u20ac \/ 35\u20ac<\/b><em>(premium)<\/em><b><br \/>\n<\/b><b>Concert d\u2019Oratorio:\u00a0<\/b><strong>\u00ab Saul \u00bb de HAENDEL<\/strong><b><br \/>\n<\/b>Ch\u0153ur et l\u2019Orchestre du Festival avec solistes<b><br \/>\n<\/b><i>Direction: Graham Ross<br \/>\n<\/i><i>Emily Vine, Dima Bawab \u2013 soprano<br \/>\nJulian Gregory, Michael Johnston \u2013 tenor<\/i><i><br \/>\n<\/i><i>Frederick Long \u2013 basse<\/i><\/h6>\n","protected":false},"featured_media":19079,"template":"","meta":{"_acf_changed":false,"_monsterinsights_skip_tracking":false,"_monsterinsights_sitenote_active":false,"_monsterinsights_sitenote_note":"","_monsterinsights_sitenote_category":0,"_uf_show_specific_survey":0,"_uf_disable_surveys":false,"advanced_seo_description":"","jetpack_seo_html_title":"","jetpack_seo_noindex":false},"product_brand":[],"product_cat":[275,276],"product_tag":[219],"venue":[145],"class_list":{"0":"post-23354","1":"product","2":"type-product","3":"status-publish","4":"has-post-thumbnail","6":"product_cat-billet-varies-fr","7":"product_cat-festival-2019-fr","8":"product_tag-billet-fr","9":"venue-eglise-saint-leger","11":"first","12":"instock","13":"shipping-taxable","14":"product-type-variable"},"acf":[],"jetpack_sharing_enabled":true,"jetpack-related-posts":[{"id":23350,"url":"https:\/\/www.musique-cordiale.com\/programme-tickets\/ticket-first-oratorio-concert-handels-saul-callian-thursday-15-august-2019\/","url_meta":{"origin":23354,"position":0},"title":"TICKET: First Oratorio Concert: Handel&rsquo;s \u00ab\u00a0SAUL\u00a0\u00bb &#8211; (NOT Callian &#8211; relocated to SEILLANS), Thursday 15 August 2019","author":"Jonathan Barker","date":"27\/03\/2019","format":false,"excerpt":"Jeudi 15\u00a0ao\u00fbt 19.15 S'IL VOUS PLA\u00ceT NOTEZ: d\u00e9plac\u00e9 \u00e0 l'\u00e9glise de SEILLANS (re-located to Seillans, starting 15 mins later)\u00a0 \u00a0 \u00a0 \u00a025\u20ac \/ 35\u20ac(premium) Concert d\u2019Oratorio:\u00a0\u00ab Saul \u00bb de HAENDEL Ch\u0153ur et l\u2019Orchestre du Festival avec solistes Direction: Graham Ross Emily Vine, Dima Bawab \u2013 soprano Julian Gregory, Michael Johnston\u2026","rel":"","context":"Article similaire","block_context":{"text":"Article similaire","link":""},"img":{"alt_text":"","src":"https:\/\/i0.wp.com\/www.musique-cordiale.com\/wp-content\/uploads\/2011\/03\/2016-08-13-22.12.31-1-scaled.jpg?fit=1200%2C675&ssl=1&resize=350%2C200","width":350,"height":200,"srcset":"https:\/\/i0.wp.com\/www.musique-cordiale.com\/wp-content\/uploads\/2011\/03\/2016-08-13-22.12.31-1-scaled.jpg?fit=1200%2C675&ssl=1&resize=350%2C200 1x, https:\/\/i0.wp.com\/www.musique-cordiale.com\/wp-content\/uploads\/2011\/03\/2016-08-13-22.12.31-1-scaled.jpg?fit=1200%2C675&ssl=1&resize=525%2C300 1.5x, https:\/\/i0.wp.com\/www.musique-cordiale.com\/wp-content\/uploads\/2011\/03\/2016-08-13-22.12.31-1-scaled.jpg?fit=1200%2C675&ssl=1&resize=700%2C400 2x, https:\/\/i0.wp.com\/www.musique-cordiale.com\/wp-content\/uploads\/2011\/03\/2016-08-13-22.12.31-1-scaled.jpg?fit=1200%2C675&ssl=1&resize=1050%2C600 3x"},"classes":[]},{"id":23261,"url":"https:\/\/www.musique-cordiale.com\/fr\/boutique-billetterie\/concert-de-cloture-du-festival-oratorio-saul\/","url_meta":{"origin":23354,"position":1},"title":"BILLET: Concert de cl\u00f4ture du festival: Oratorio \u00abSAUL\u00bb de Haendel, Seillans, 17 ao\u00fbt 2019","author":"Jonathan Barker","date":"26\/03\/2019","format":false,"excerpt":"Samedi 17 a\u00f4ut 19.00 Eglise de Seillans\u00a0\u00a0\u00a0\u00a0\u00a0 25\u20ac\/ 30\u20ac (balcon) 40\u20ac (premium)\u00a0R\u00e9servez t\u00f4t: disponibilit\u00e9 limit\u00e9e! Concert d\u2019Oratorio \u2013 concert de cloture du festival Ch\u0153ur et l\u2019Orchestre du Festival avec solistes Direction: Graham Ross \u00ab Saul \u00bb de HAENDEL Emily Vine, Dima Bawab \u2013 soprano Julian Gregory, Michael Johnston \u2013\u00a0 tenor\u2026","rel":"","context":"Article similaire","block_context":{"text":"Article similaire","link":""},"img":{"alt_text":"","src":"https:\/\/i0.wp.com\/www.musique-cordiale.com\/wp-content\/uploads\/2011\/03\/2016-08-13-22.12.31-1-scaled.jpg?fit=1200%2C675&ssl=1&resize=350%2C200","width":350,"height":200,"srcset":"https:\/\/i0.wp.com\/www.musique-cordiale.com\/wp-content\/uploads\/2011\/03\/2016-08-13-22.12.31-1-scaled.jpg?fit=1200%2C675&ssl=1&resize=350%2C200 1x, https:\/\/i0.wp.com\/www.musique-cordiale.com\/wp-content\/uploads\/2011\/03\/2016-08-13-22.12.31-1-scaled.jpg?fit=1200%2C675&ssl=1&resize=525%2C300 1.5x, https:\/\/i0.wp.com\/www.musique-cordiale.com\/wp-content\/uploads\/2011\/03\/2016-08-13-22.12.31-1-scaled.jpg?fit=1200%2C675&ssl=1&resize=700%2C400 2x, https:\/\/i0.wp.com\/www.musique-cordiale.com\/wp-content\/uploads\/2011\/03\/2016-08-13-22.12.31-1-scaled.jpg?fit=1200%2C675&ssl=1&resize=1050%2C600 3x"},"classes":[]},{"id":23257,"url":"https:\/\/www.musique-cordiale.com\/programme-tickets\/final-oratorio-concert-saul-17-aug-2019\/","url_meta":{"origin":23354,"position":2},"title":"TICKET: Final Oratorio Concert: Handel&rsquo;s \u00ab\u00a0SAUL\u00a0\u00bb &#8211; Seillans, Saturday 17 August 2019 &#8211; concert de cl\u00f4ture du Festival","author":"Jonathan Barker","date":"26\/03\/2019","format":false,"excerpt":"Samedi 17 a\u00f4ut 19.00 Eglise de Seillans\u00a0\u00a0\u00a0\u00a0\u00a0 25\u20ac\/ 30\u20ac\/ 40\u20ac\u00a0(premium)\u00a0R\u00e9servez t\u00f4t: disponibilit\u00e9 limit\u00e9e! Concert d\u2019Oratorio \u2013 concert de cloture du festival Ch\u0153ur et l\u2019Orchestre du Festival avec solistes Direction: Graham Ross Emily Vine, Dima Bawab - soprano, Isabel Pfefferkorn (mezzo-soprano) Julian Gregory, Michael Johnston -\u00a0 tenor Frederick Long - basse\u2026","rel":"","context":"Article similaire","block_context":{"text":"Article similaire","link":""},"img":{"alt_text":"","src":"https:\/\/i0.wp.com\/www.musique-cordiale.com\/wp-content\/uploads\/2011\/03\/2016-08-13-22.12.31-1-scaled.jpg?fit=1200%2C675&ssl=1&resize=350%2C200","width":350,"height":200,"srcset":"https:\/\/i0.wp.com\/www.musique-cordiale.com\/wp-content\/uploads\/2011\/03\/2016-08-13-22.12.31-1-scaled.jpg?fit=1200%2C675&ssl=1&resize=350%2C200 1x, https:\/\/i0.wp.com\/www.musique-cordiale.com\/wp-content\/uploads\/2011\/03\/2016-08-13-22.12.31-1-scaled.jpg?fit=1200%2C675&ssl=1&resize=525%2C300 1.5x, https:\/\/i0.wp.com\/www.musique-cordiale.com\/wp-content\/uploads\/2011\/03\/2016-08-13-22.12.31-1-scaled.jpg?fit=1200%2C675&ssl=1&resize=700%2C400 2x, https:\/\/i0.wp.com\/www.musique-cordiale.com\/wp-content\/uploads\/2011\/03\/2016-08-13-22.12.31-1-scaled.jpg?fit=1200%2C675&ssl=1&resize=1050%2C600 3x"},"classes":[]},{"id":19777,"url":"https:\/\/www.musique-cordiale.com\/fr\/boutique-billetterie\/oratorio-a-bargemon-les-saisons-de-haydn-en-allemand-jeudi-9-aout-2018\/","url_meta":{"origin":23354,"position":3},"title":"Oratorio \u00e0 Bargemon: &lsquo;DIE JAHRESZEITEN&rsquo; &#8211; Les Saisons de Haydn (en allemand)","author":"Jonathan Barker","date":"17\/02\/2017","format":false,"excerpt":"avec choeur, orchestre & solists Graham Ross, direction Dima Bawab, soprano Julian Gregory, tenor Tristan Hambleton, basse Le Choeur & l'Orchestre du Festival Musique Cordiale","rel":"","context":"Article similaire","block_context":{"text":"Article similaire","link":""},"img":{"alt_text":"","src":"https:\/\/i0.wp.com\/www.musique-cordiale.com\/wp-content\/uploads\/2017\/03\/choir-and-orchestra-with-Graham-Ross.jpg?fit=1200%2C600&ssl=1&resize=350%2C200","width":350,"height":200,"srcset":"https:\/\/i0.wp.com\/www.musique-cordiale.com\/wp-content\/uploads\/2017\/03\/choir-and-orchestra-with-Graham-Ross.jpg?fit=1200%2C600&ssl=1&resize=350%2C200 1x, https:\/\/i0.wp.com\/www.musique-cordiale.com\/wp-content\/uploads\/2017\/03\/choir-and-orchestra-with-Graham-Ross.jpg?fit=1200%2C600&ssl=1&resize=525%2C300 1.5x, https:\/\/i0.wp.com\/www.musique-cordiale.com\/wp-content\/uploads\/2017\/03\/choir-and-orchestra-with-Graham-Ross.jpg?fit=1200%2C600&ssl=1&resize=700%2C400 2x, https:\/\/i0.wp.com\/www.musique-cordiale.com\/wp-content\/uploads\/2017\/03\/choir-and-orchestra-with-Graham-Ross.jpg?fit=1200%2C600&ssl=1&resize=1050%2C600 3x"},"classes":[]},{"id":19792,"url":"https:\/\/www.musique-cordiale.com\/fr\/boutique-billetterie\/billet-standard-concert-de-cloture-du-festival-les-saisons-de-haydn-en-allemand-samedi-11-aout-2018\/","url_meta":{"origin":23354,"position":4},"title":"Concert de cl\u00f4ture du festival: Oratorio DIE JAHRESZEITEN &#8211; Les Saisons de Haydn (en Allemand)","author":"Jonathan Barker","date":"25\/03\/2018","format":false,"excerpt":"Haydn : Oratorio avec orchestre et solistes \u201c Les Saisons\u201d (Die Jahreszeiten) Le choeur et l'orchestre du Festival Musique Cordiale avec solistes Direction: Graham Ross Dima Bawab,\u00a0soprano Julian Gregory,\u00a0t\u00e9nor Tristan Hambleton,\u00a0bass d\u00eener disponible aux membres apr\u00e9s le concert (pour l'acheter et r\u00e9server,vois ici)","rel":"","context":"Article similaire","block_context":{"text":"Article similaire","link":""},"img":{"alt_text":"","src":"https:\/\/i0.wp.com\/www.musique-cordiale.com\/wp-content\/uploads\/2011\/03\/2016-08-13-22.12.31-1-scaled.jpg?fit=1200%2C675&ssl=1&resize=350%2C200","width":350,"height":200,"srcset":"https:\/\/i0.wp.com\/www.musique-cordiale.com\/wp-content\/uploads\/2011\/03\/2016-08-13-22.12.31-1-scaled.jpg?fit=1200%2C675&ssl=1&resize=350%2C200 1x, https:\/\/i0.wp.com\/www.musique-cordiale.com\/wp-content\/uploads\/2011\/03\/2016-08-13-22.12.31-1-scaled.jpg?fit=1200%2C675&ssl=1&resize=525%2C300 1.5x, https:\/\/i0.wp.com\/www.musique-cordiale.com\/wp-content\/uploads\/2011\/03\/2016-08-13-22.12.31-1-scaled.jpg?fit=1200%2C675&ssl=1&resize=700%2C400 2x, https:\/\/i0.wp.com\/www.musique-cordiale.com\/wp-content\/uploads\/2011\/03\/2016-08-13-22.12.31-1-scaled.jpg?fit=1200%2C675&ssl=1&resize=1050%2C600 3x"},"classes":[]},{"id":23316,"url":"https:\/\/www.musique-cordiale.com\/fr\/boutique-billetterie\/ticket-dimanche-11-aout-2019-concert-des-bijoux-baroques-seillans\/","url_meta":{"origin":23354,"position":5},"title":"BILLET: dimanche 11 ao\u00fbt 2019 &#8211; Concert des Bijoux Baroques, Seillans","author":"Jonathan Barker","date":"26\/03\/2019","format":false,"excerpt":"Dimanche 11\u00a0ao\u00fbt\u00a019.00 Eglise de Seillans\u00a0\u00a0\u00a0\u00a0\u00a0\u00a0\u00a0\u00a0\u00a0 20\u20ac \/ 30\u20ac(premium) Concert des Bijoux Baroques L\u2019Orchestre du Festival avec solistes Direction: Graham Ross HAENDEL Concerto Grosso Opus 6 MARCELLO Concert pour hautbois en re mineur (James Hulme - hautbois) MOZART \"Voi averte un cor fedele\" (Dima Bawab - soprano) PERGOLESI Stabat Mater (Ad\u00e8le\u2026","rel":"","context":"Article similaire","block_context":{"text":"Article similaire","link":""},"img":{"alt_text":"","src":"","width":0,"height":0},"classes":[]}],"_links":{"self":[{"href":"https:\/\/www.musique-cordiale.com\/fr\/wp-json\/wp\/v2\/product\/23354","targetHints":{"allow":["GET"]}}],"collection":[{"href":"https:\/\/www.musique-cordiale.com\/fr\/wp-json\/wp\/v2\/product"}],"about":[{"href":"https:\/\/www.musique-cordiale.com\/fr\/wp-json\/wp\/v2\/types\/product"}],"wp:featuredmedia":[{"embeddable":true,"href":"https:\/\/www.musique-cordiale.com\/fr\/wp-json\/wp\/v2\/media\/19079"}],"wp:attachment":[{"href":"https:\/\/www.musique-cordiale.com\/fr\/wp-json\/wp\/v2\/media?parent=23354"}],"wp:term":[{"taxonomy":"product_brand","embeddable":true,"href":"https:\/\/www.musique-cordiale.com\/fr\/wp-json\/wp\/v2\/product_brand?post=23354"},{"taxonomy":"product_cat","embeddable":true,"href":"https:\/\/www.musique-cordiale.com\/fr\/wp-json\/wp\/v2\/product_cat?post=23354"},{"taxonomy":"product_tag","embeddable":true,"href":"https:\/\/www.musique-cordiale.com\/fr\/wp-json\/wp\/v2\/product_tag?post=23354"},{"taxonomy":"venue","embeddable":true,"href":"https:\/\/www.musique-cordiale.com\/fr\/wp-json\/wp\/v2\/venue?post=23354"}],"curies":[{"name":"wp","href":"https:\/\/api.w.org\/{rel}","templated":true}]}}