{"id":38914,"date":"2023-05-17T18:38:44","date_gmt":"2023-05-17T18:38:44","guid":{"rendered":"https:\/\/www.musique-cordiale.com\/programme-tickets\/38785\/"},"modified":"2024-02-08T13:26:58","modified_gmt":"2024-02-08T13:26:58","slug":"soiree-musicale-diner-de-gala-pre-festival-collecte-de-fonds","status":"publish","type":"product","link":"https:\/\/www.musique-cordiale.com\/fr\/boutique-billetterie\/soiree-musicale-diner-de-gala-pre-festival-collecte-de-fonds\/","title":{"rendered":"Ev\u00e9nement convivial pour lancer le festival 2023 &#8211; Soir\u00e9e Musicale, D\u00eener de gala &amp; Collecte de Fonds pre-festival &#8211; MAINTENANT FERM\u00c9"},"content":{"rendered":"<p>REJOIGNEZ-NOUS pour cet \u00e9v\u00e9nement annuel populaire et convivial pour LANCER LE FESTIVAL 2023 alors qu&rsquo;il revient au Pays de Fayence cet \u00e9t\u00e9 pour sa 19e \u00e9dition annuelle. La musique sera le clou de la soir\u00e9e. Ap\u00e9ritifs et canap\u00e9s seront servis \u00e0 partir de 19h30, le d\u00eener sera servi \u00e0 partir de 20h30 environ et la musique sera de mise entre les plats\u00a0!<\/p>\n<p>Nous appr\u00e9cions votre g\u00e9n\u00e9rosit\u00e9 et vous passerez une excellente soir\u00e9e si vous venez accueillir Musique Cordiale en France cet \u00e9t\u00e9. Musique m\u00e9morable. Bonne nourriture et boisson! Ap\u00e9ritifs p\u00e9tillants avant le d\u00eener.\u00a0Nous appr\u00e9cions (et avons besoin) de soutien et de fonds pour organiser les \u00e9v\u00e9nements propos\u00e9s par Musique Cordiale. En plus d&rsquo;acheter des billets et de venir \u00e0 nos concerts, nous accueillons les supporters qui peuvent contribuer davantage en faisant des dons, en devenant Amis du Festival, en proposant un h\u00e9bergement ou une aide. Chaque \u00e9t\u00e9, l&rsquo;association qui g\u00e8re le festival d&rsquo;\u00e9t\u00e9 organise \u00e9galement un d\u00eener B\u00c9N\u00c9FICE de bonne ch\u00e8re, de vins et d&rsquo;animations musicales. N&rsquo;h\u00e9sitez pas \u00e0 vous joindre \u00e0 nous lors de cet \u00e9v\u00e9nement enrichissant\u00a0!<\/p>\n<p>Vous pouvez acheter un billet standard OU vous pouvez acheter plusieurs billets pour le d\u00eener de gala et la soir\u00e9e musicale pr\u00e9-festival de cette ann\u00e9e. Pour chaque billet pour un ami existant, veuillez acheter au tarif ami r\u00e9duit. (Vous pouvez \u00e9galement vous inscrire en tant qu&rsquo;ami et utiliser imm\u00e9diatement le tarif r\u00e9duit\u00a0: veuillez d&rsquo;abord vous rendre sur notre page SOUTENEZ-NOUS). Ou, si vous vous sentez g\u00e9n\u00e9reux, nous vous invitons \u00e0 choisir votre propre prix ! Si vous achetez 8 billets ou plus pour constituer une table, veuillez payer au moins 8 billets et utiliser le prix Table (par personne) (Veuillez r\u00e9server le plus t\u00f4t possible &#8211; et de pr\u00e9f\u00e9rence avant le 30 juin). Pour les R\u00c9SERVATIONS DE TABLE ENTI\u00c8RE, veuillez payer le prix total par personne d\u00e8s que possible ou au moins avant le 20 JUILLET. Pour les R\u00c9SERVATIONS INDIVIDUELLES, merci de r\u00e9gler au plus tard le 24 juillet. Merci.<\/p>\n<h3>Disponible uniquement sur r\u00e9servation avant le 24\u00a0juillet\u00a02023\u00a0(sous r\u00e9serve de disponibilit\u00e9).<br \/>\nDate limite de r\u00e9servation et de paiement des tables enti\u00e8res : 20 juillet 2023<\/h3>\n<h4>D&rsquo;autres \u00e9v\u00e9nements du festival d&rsquo;\u00e9t\u00e9 peuvent \u00eatre r\u00e9serv\u00e9s sur notre page\u00a0Programme et billets du FESTIVAL &#8211; BILLETTERIE\u00a0o\u00f9 vous pouvez \u00e9galement acheter des billets\u00a0pour tous les concerts \u00e0 partir du 1er\u00a0juin.<\/h4>\n<p>Les donateurs fran\u00e7ais de l&rsquo;association Musique Cordiale (FR), qui g\u00e8re le festival, peuvent obtenir un Certificat du Don \u00e0 d\u00e9duire de l&rsquo;imp\u00f4t. Pour nos donateurs britanniques, nous sommes soutenus par The Musique-Cordiale Trust, une organisation caritative ind\u00e9pendante enregistr\u00e9e en Angleterre (n\u00b0 1167732), permettant aux contribuables britanniques d&rsquo;ajouter\u00a0Gift Aid\u00a0(25\u00a0%) \u00e0 leurs contributions\u00a0en tant que donateurs ou amis (en livres GB). , ce qui signifie que nous recevons le don et r\u00e9cup\u00e9rons \u00e9galement l&rsquo;imp\u00f4t pay\u00e9 sur le revenu qui l&rsquo;a pay\u00e9. La Fiducie nous aide, par exemple, \u00e0 attribuer des bourses \u00e0 de jeunes musiciens postulant pour rejoindre l&rsquo;Acad\u00e9mie, \u00e0 inviter des professeurs et chefs d&rsquo;orchestre exceptionnels \u00e0 diriger les ensembles ou \u00e0 soutenir un \u00e9v\u00e9nement ou une activit\u00e9 particuli\u00e8re pendant le Festival en Provence. Nous avons \u00e9galement d\u00fb maintenir nos op\u00e9rations et nos co\u00fbts permanents pendant la p\u00e9riode de pand\u00e9mie lorsque nous ne pouvions organiser des concerts et soutenir nos musiciens et notre chorale qu&rsquo;en Angleterre. Nous sommes ravis d&rsquo;\u00eatre de retour chez nous dans le Var en ao\u00fbt 2023 pour une nouvelle s\u00e9rie de concerts passionnants. Les fonds amass\u00e9s aident \u00e9galement \u00e0 supporter les \u00e9normes co\u00fbts annuels &#8211; et tout le travail n\u00e9cessaire tout au long de l&rsquo;ann\u00e9e &#8211; pour vous offrir la musique de haute qualit\u00e9 qu&rsquo;offre Musique Cordiale. Veuillez nous contacter ou vous rendre sur www.musique-cordiale.org pour plus d&rsquo;informations et pour soutenir\u00a0The Musique-Cordiale Trust.<\/p>\n<h5>Confidentialit\u00e9<\/h5>\n<p>Musique Cordiale respecte votre confidentialit\u00e9 et prot\u00e8ge vos informations personnelles. Nous ne conservons jamais les d\u00e9tails de vos cartes bancaires de d\u00e9bit ou de cr\u00e9dit apr\u00e8s avoir re\u00e7u les paiements de nos membres, donateurs, clients ou sympathisants. Nous ne vendons pas votre nom, votre adresse e-mail, votre adresse ou vos coordonn\u00e9es t\u00e9l\u00e9phoniques. Seule Musique Cordiale a acc\u00e8s \u00e0 ces informations pour communiquer avec vous et nous ne les partageons qu&rsquo;avec nos agents et uniquement dans le but de contacter nos supporters, clients, donateurs, personnel ou fournisseurs en notre nom. Nous essayons d&rsquo;\u00eatre conformes au RGPD de l&rsquo;UE et nous conservons les donn\u00e9es uniquement \u00e0 des fins de conformit\u00e9 ou pour maintenir nos listes actuelles et nos communications avec les membres, chanteurs, joueurs, supporters et amis. Nous ne conservons aucune information sur les visiteurs de notre site Web.<\/p>\n<p>Attention : les places pour cet \u00e9v\u00e9nement populaire ne sont disponibles que sur r\u00e9servation<\/p>\n<p>Les prix apparaissent en euros ou dans votre devise locale<\/p>\n<h6><\/h6>\n","protected":false},"excerpt":{"rendered":"<p>19h30 (7:30 PM)<\/p>\n<p>Aidan Coburn (t\u00e9nor) Will Harris (violoncelle) &amp; Rebecca Taylor (piano)<\/p>\n<p>ap\u00e9ritifs de 19h30 D\u00eener 20h<\/p>\n<p>REJOIGNEZ-NOUS pour cet \u00e9v\u00e9nement annuel populaire et m\u00e9morable pour LANCER LE FESTIVAL 2023 alors qu&rsquo;il revient au Pays de Fayence cet \u00e9t\u00e9 pour sa 19\u00e8me \u00e9dition annuelle !<\/p>\n<p>les prix apparaissent dans votre devise locale<\/p>\n<h6><\/h6>\n","protected":false},"featured_media":16185,"template":"","meta":{"_acf_changed":false,"_monsterinsights_skip_tracking":false,"_monsterinsights_sitenote_active":false,"_monsterinsights_sitenote_note":"","_monsterinsights_sitenote_category":0,"_uf_show_specific_survey":0,"_uf_disable_surveys":false,"advanced_seo_description":"","jetpack_seo_html_title":"","jetpack_seo_noindex":false},"product_brand":[],"product_cat":[390,391],"product_tag":[],"venue":[223,238,222],"class_list":{"0":"post-38914","1":"product","2":"type-product","3":"status-publish","4":"has-post-thumbnail","6":"product_cat-festival-2023-fr","7":"product_cat-pre-festival","8":"venue-salle-polyvalente","9":"venue-salle-polyvalente-2","10":"venue-seillans","12":"first","13":"instock","14":"featured","15":"shipping-taxable","16":"product-type-variable","17":"has-default-attributes"},"acf":[],"jetpack_sharing_enabled":true,"jetpack-related-posts":[{"id":44911,"url":"https:\/\/www.musique-cordiale.com\/fr\/boutique-billetterie\/concert-fund-raiser-to-launch-the-2024-festival\/","url_meta":{"origin":38914,"position":0},"title":"30 juillet 2024, 19h: Concert et &lsquo;SOIR\u00c9E MUSICALE&rsquo; pour lancer le Festival Musique-Cordiale 2024: Musique, Vin et d\u00e9licieux ap\u00e9ritif dinatoire","author":"Jonathan Barker","date":"31\/03\/2024","format":false,"excerpt":"Rebecca Hardwick, soprano | Aidan Coburn, t\u00e9nor | Rebecca Taylor, piano | Will Harris, violoncelle | James Heathcote, violoncelle | Les musiciens du Festival 2024 |Concert de Gala et D\u00eener dans le cadre champ\u00eatre du Domaine Val d\u2019Iris pour la pr\u00e9sentation de nos merveilleux artistes qui se produiront au cours\u2026","rel":"","context":"Article similaire","block_context":{"text":"Article similaire","link":""},"img":{"alt_text":"","src":"https:\/\/i0.wp.com\/www.musique-cordiale.com\/wp-content\/uploads\/2019\/03\/Van-dIris-concert-20140804_195100-scaled.jpg?fit=1200%2C675&ssl=1&resize=350%2C200","width":350,"height":200,"srcset":"https:\/\/i0.wp.com\/www.musique-cordiale.com\/wp-content\/uploads\/2019\/03\/Van-dIris-concert-20140804_195100-scaled.jpg?fit=1200%2C675&ssl=1&resize=350%2C200 1x, https:\/\/i0.wp.com\/www.musique-cordiale.com\/wp-content\/uploads\/2019\/03\/Van-dIris-concert-20140804_195100-scaled.jpg?fit=1200%2C675&ssl=1&resize=525%2C300 1.5x, https:\/\/i0.wp.com\/www.musique-cordiale.com\/wp-content\/uploads\/2019\/03\/Van-dIris-concert-20140804_195100-scaled.jpg?fit=1200%2C675&ssl=1&resize=700%2C400 2x, https:\/\/i0.wp.com\/www.musique-cordiale.com\/wp-content\/uploads\/2019\/03\/Van-dIris-concert-20140804_195100-scaled.jpg?fit=1200%2C675&ssl=1&resize=1050%2C600 3x"},"classes":[]},{"id":48426,"url":"https:\/\/www.musique-cordiale.com\/fr\/boutique-billetterie\/evenement-special-pre-festival-diner-de-collecte-de-fonds-exaltant-et-convivial-avec-musique-et-boissons-au-mas-des-romarins-dans-la-vallee-en-contrebas-de-fayence-le-29-juillet-2025\/","url_meta":{"origin":38914,"position":1},"title":"\u00c9v\u00e9nement sp\u00e9cial pr\u00e9-festival : SOIR\u00c9E DE GALA &#8211; d\u00eener de collecte de fonds exaltant et convivial avec musique et boissons &#8211; au Mas des Romarins, dans la vall\u00e9e en contrebas de Fayence, le 29 juillet 2025 : **EVENEMENT COMPLET : PLUS DE R\u00c9SERVATIONS S&rsquo;IL VOUS PLA\u00ceT","author":"Jonathan Barker","date":"17\/04\/2025","format":false,"excerpt":"***Maintenant COMPLET PLUS DE NOUVELLES R\u00c9SERVATIONS s'il vous pla\u00eet (mais les commandes en souffrance peuvent \u00eatre possibles plus pr\u00e8s de la date - UNIQUEMENT si nous avons des annulations ??) : VEUILLEZ PAYER SI VOUS AVEZ R\u00c9SERV\u00c9 !*** *** SOIR\u00c9E DE GALA AU PROFIT DE MUSIQUE-CORDIALE Voir PLUS DE D\u00c9TAILS\u2026","rel":"","context":"Article similaire","block_context":{"text":"Article similaire","link":""},"img":{"alt_text":"","src":"https:\/\/i0.wp.com\/www.musique-cordiale.com\/wp-content\/uploads\/2025\/04\/Image-2025-04-17-at-12.49.46_b5130be5-Mas-de-Romarins-2024.jpg?fit=1200%2C676&ssl=1&resize=350%2C200","width":350,"height":200,"srcset":"https:\/\/i0.wp.com\/www.musique-cordiale.com\/wp-content\/uploads\/2025\/04\/Image-2025-04-17-at-12.49.46_b5130be5-Mas-de-Romarins-2024.jpg?fit=1200%2C676&ssl=1&resize=350%2C200 1x, https:\/\/i0.wp.com\/www.musique-cordiale.com\/wp-content\/uploads\/2025\/04\/Image-2025-04-17-at-12.49.46_b5130be5-Mas-de-Romarins-2024.jpg?fit=1200%2C676&ssl=1&resize=525%2C300 1.5x, https:\/\/i0.wp.com\/www.musique-cordiale.com\/wp-content\/uploads\/2025\/04\/Image-2025-04-17-at-12.49.46_b5130be5-Mas-de-Romarins-2024.jpg?fit=1200%2C676&ssl=1&resize=700%2C400 2x, https:\/\/i0.wp.com\/www.musique-cordiale.com\/wp-content\/uploads\/2025\/04\/Image-2025-04-17-at-12.49.46_b5130be5-Mas-de-Romarins-2024.jpg?fit=1200%2C676&ssl=1&resize=1050%2C600 3x"},"classes":[]},{"id":23106,"url":"https:\/\/www.musique-cordiale.com\/fr\/boutique-billetterie\/billet-24-juillet-2018-collecte-de-fonds-annuelle-soiree-musicale-diner-fund-raising-evening\/","url_meta":{"origin":38914,"position":2},"title":"BILLET: 5 ao\u00fbt 2019 &#8211; Collecte de fonds annuelle, Soir\u00e9e Musicale, D\u00eener &#8211; Fund-raising evening","author":"Jonathan Barker","date":"25\/03\/2019","format":false,"excerpt":"19h (7PM), Moulin de la Camandoule, Fayence un \u00e9v\u00e9nement pr\u00e9-ouverture du Festival 2019 Ruth Harrison (fl\u00fbte), Colette Overdijk (violon), Ian Anderson (alto), Sophie Haynes (violoncelle) & Rebecca Taylor (piano) disponible uniquement sur r\u00e9servation \u00a0le Moulin de Camandoule, 83440, Fayence entre Seillans et Fayence","rel":"","context":"Article similaire","block_context":{"text":"Article similaire","link":""},"img":{"alt_text":"","src":"https:\/\/i0.wp.com\/www.musique-cordiale.com\/wp-content\/uploads\/2016\/05\/0242631178.jpg?fit=876%2C657&ssl=1&resize=350%2C200","width":350,"height":200,"srcset":"https:\/\/i0.wp.com\/www.musique-cordiale.com\/wp-content\/uploads\/2016\/05\/0242631178.jpg?fit=876%2C657&ssl=1&resize=350%2C200 1x, https:\/\/i0.wp.com\/www.musique-cordiale.com\/wp-content\/uploads\/2016\/05\/0242631178.jpg?fit=876%2C657&ssl=1&resize=525%2C300 1.5x, https:\/\/i0.wp.com\/www.musique-cordiale.com\/wp-content\/uploads\/2016\/05\/0242631178.jpg?fit=876%2C657&ssl=1&resize=700%2C400 2x"},"classes":[]},{"id":23290,"url":"https:\/\/www.musique-cordiale.com\/fr\/boutique-billetterie\/ticket-soiree-musique-au-vignoble-12-august-2019-domaine-val-diris-seillans\/","url_meta":{"origin":38914,"position":3},"title":"BILLET: Soir\u00e9e Musique au Vignoble, (de 18h pour 19h), 12 ao\u00fbt 2019, Domaine Val d&rsquo;Iris, Seillans","author":"Jonathan Barker","date":"26\/03\/2019","format":false,"excerpt":"Lundi 12 a\u00f4ut 18.00 (pour 19h) Seillans\u00a0 Domaine Val d\u2019Iris\u00a0 \u00a0 \u00a0 \u00a0 \u00a0\u00a0 (y compris ap\u00e9ritifs et petit buffet l\u00e9ger) Soir\u00e9e Musique au Vignoble Toby Hession \u2013 piano, Isabel Pfefferkorn \u2013 voix 30\u20ac(Amis)\u00a0\/ 25\u20ac (choeur suelement)\u00a0 50\u20ac (standard)\u00a0(prix special jusqu'a 30 juillet: 40\u20ac) Des rafra\u00eechissements seront servis dans l'intervalle;\u2026","rel":"","context":"Article similaire","block_context":{"text":"Article similaire","link":""},"img":{"alt_text":"","src":"https:\/\/i0.wp.com\/www.musique-cordiale.com\/wp-content\/uploads\/2019\/03\/Van-dIris-concert-20140804_195100-scaled.jpg?fit=1200%2C675&ssl=1&resize=350%2C200","width":350,"height":200,"srcset":"https:\/\/i0.wp.com\/www.musique-cordiale.com\/wp-content\/uploads\/2019\/03\/Van-dIris-concert-20140804_195100-scaled.jpg?fit=1200%2C675&ssl=1&resize=350%2C200 1x, https:\/\/i0.wp.com\/www.musique-cordiale.com\/wp-content\/uploads\/2019\/03\/Van-dIris-concert-20140804_195100-scaled.jpg?fit=1200%2C675&ssl=1&resize=525%2C300 1.5x, https:\/\/i0.wp.com\/www.musique-cordiale.com\/wp-content\/uploads\/2019\/03\/Van-dIris-concert-20140804_195100-scaled.jpg?fit=1200%2C675&ssl=1&resize=700%2C400 2x, https:\/\/i0.wp.com\/www.musique-cordiale.com\/wp-content\/uploads\/2019\/03\/Van-dIris-concert-20140804_195100-scaled.jpg?fit=1200%2C675&ssl=1&resize=1050%2C600 3x"},"classes":[]},{"id":20580,"url":"https:\/\/www.musique-cordiale.com\/fr\/boutique-billetterie\/forfait-8-billets-des-diner-veuillez-vous-inscrire-comme-membre-en-premier\/","url_meta":{"origin":38914,"position":4},"title":"FORFAIT CHOEUR: 8 billets des D\u00eener 3-11 ao\u00fbt 2018 (pour CHOEUR seulement)","author":"Jonathan Barker","date":"28\/04\/2018","format":false,"excerpt":"Des d\u00eeners sont pr\u00e9vus pour les chanteurs et les joueurs de la chorale ou de l'orchestre du Festival et pour leurs invit\u00e9s, pour les membres de l'\u00e9quipe de b\u00e9n\u00e9voles qui g\u00e8rent le festival et pour les membres du public qui souhaitent les rejoindre pour le d\u00eener. Ces repas du soir\u2026","rel":"","context":"Article similaire","block_context":{"text":"Article similaire","link":""},"img":{"alt_text":"","src":"","width":0,"height":0},"classes":[]},{"id":24062,"url":"https:\/\/www.musique-cordiale.com\/fr\/boutique-billetterie\/forfait-choeur-8-billets-des-diner-3-11-aout-2018-pour-choeur-seulement-copy\/","url_meta":{"origin":38914,"position":5},"title":"FORFAIT CHOEUR: 8 billets des D\u00eener 9-17 ao\u00fbt 2019 (pour CHOEUR seulement)","author":"Jonathan Barker","date":"29\/06\/2019","format":false,"excerpt":"Des d\u00eeners sont pr\u00e9vus pour les chanteurs et les joueurs de la chorale ou de l'orchestre du Festival et pour leurs invit\u00e9s, pour les membres de l'\u00e9quipe de b\u00e9n\u00e9voles qui g\u00e8rent le festival et pour les membres du public qui souhaitent les rejoindre pour le d\u00eener. Ces repas du soir\u2026","rel":"","context":"Article similaire","block_context":{"text":"Article similaire","link":""},"img":{"alt_text":"","src":"","width":0,"height":0},"classes":[]}],"_links":{"self":[{"href":"https:\/\/www.musique-cordiale.com\/fr\/wp-json\/wp\/v2\/product\/38914","targetHints":{"allow":["GET"]}}],"collection":[{"href":"https:\/\/www.musique-cordiale.com\/fr\/wp-json\/wp\/v2\/product"}],"about":[{"href":"https:\/\/www.musique-cordiale.com\/fr\/wp-json\/wp\/v2\/types\/product"}],"wp:featuredmedia":[{"embeddable":true,"href":"https:\/\/www.musique-cordiale.com\/fr\/wp-json\/wp\/v2\/media\/16185"}],"wp:attachment":[{"href":"https:\/\/www.musique-cordiale.com\/fr\/wp-json\/wp\/v2\/media?parent=38914"}],"wp:term":[{"taxonomy":"product_brand","embeddable":true,"href":"https:\/\/www.musique-cordiale.com\/fr\/wp-json\/wp\/v2\/product_brand?post=38914"},{"taxonomy":"product_cat","embeddable":true,"href":"https:\/\/www.musique-cordiale.com\/fr\/wp-json\/wp\/v2\/product_cat?post=38914"},{"taxonomy":"product_tag","embeddable":true,"href":"https:\/\/www.musique-cordiale.com\/fr\/wp-json\/wp\/v2\/product_tag?post=38914"},{"taxonomy":"venue","embeddable":true,"href":"https:\/\/www.musique-cordiale.com\/fr\/wp-json\/wp\/v2\/venue?post=38914"}],"curies":[{"name":"wp","href":"https:\/\/api.w.org\/{rel}","templated":true}]}}