{"id":39343,"date":"2023-05-24T13:23:13","date_gmt":"2023-05-24T13:23:13","guid":{"rendered":"https:\/\/dev3.musique-cordiale.com\/programme-tickets\/return-of-musique-cordiale-opening-concert\/"},"modified":"2023-08-03T13:56:51","modified_gmt":"2023-08-03T13:56:51","slug":"return-of-musique-cordiale-opening-concert","status":"publish","type":"product","link":"https:\/\/www.musique-cordiale.com\/fr\/boutique-billetterie\/return-of-musique-cordiale-opening-concert\/","title":{"rendered":"CONCERT d&rsquo;OUVERTURE passionnant! Retour de Musique Cordiale \u2013 \u201cJeudi \u00e0 Callian\u201d: 19h collation d&rsquo;acceuil &#8211; puis  20h Concert d&rsquo;Ouverture"},"content":{"rendered":"<p>jeudi 3 ao\u00fbt<br \/>\n<strong>Chapelle Saint-Donat au pied de CALLIAN<\/strong><\/p>\n<h6><img data-recalc-dims=\"1\" loading=\"lazy\" decoding=\"async\" class=\"wp-image-40363 alignleft\" src=\"https:\/\/i0.wp.com\/www.musique-cordiale.com\/wp-content\/uploads\/2023\/05\/St-Donat-Callian.jpg?resize=179%2C83&#038;ssl=1\" alt=\"\" width=\"179\" height=\"83\" srcset=\"https:\/\/i0.wp.com\/www.musique-cordiale.com\/wp-content\/uploads\/2023\/05\/St-Donat-Callian.jpg?w=2000&amp;ssl=1 2000w, https:\/\/i0.wp.com\/www.musique-cordiale.com\/wp-content\/uploads\/2023\/05\/St-Donat-Callian.jpg?resize=768%2C355&amp;ssl=1 768w, https:\/\/i0.wp.com\/www.musique-cordiale.com\/wp-content\/uploads\/2023\/05\/St-Donat-Callian.jpg?resize=1536%2C710&amp;ssl=1 1536w, https:\/\/i0.wp.com\/www.musique-cordiale.com\/wp-content\/uploads\/2023\/05\/St-Donat-Callian.jpg?resize=750%2C347&amp;ssl=1 750w, https:\/\/i0.wp.com\/www.musique-cordiale.com\/wp-content\/uploads\/2023\/05\/St-Donat-Callian.jpg?w=1280&amp;ssl=1 1280w, https:\/\/i0.wp.com\/www.musique-cordiale.com\/wp-content\/uploads\/2023\/05\/St-Donat-Callian.jpg?w=1920&amp;ssl=1 1920w\" sizes=\"auto, (max-width: 179px) 100vw, 179px\" \/><\/h6>\n<h6>looking up at Callian &amp; Montauroux from this lovely recently-restored de-consecrated chapel in the valley beneath:<\/h6>\n<h3><span style=\"color: #800000;\">Retour de Musique Cordiale\u00a0 \u2013 \u00a0\u00a0\u201cJeudi \u00e0 Callian\u201d<\/span><\/h3>\n<p><strong>19h Collation\/aperitifs d\u2019accueil<\/strong><br \/>\n\u00e0 l\u2019occasion de l\u2019ouverture du Festival, offerte par l\u2019Office de Tourisme d\u2019Intercommunal du Pays de Fayence.<br \/>\nRejoignez-nous pour profiter de l\u2019ambiance de ce lieu romantique au pied de Callian!<\/p>\n<p><strong>20h CONCERT OUVERTURE<\/strong><br \/>\n<span style=\"color: #0000ff;\">R\u00e9cital de chansons et de musique de chambre<\/span><img data-recalc-dims=\"1\" loading=\"lazy\" decoding=\"async\" class=\"wp-image-38429 alignleft\" src=\"https:\/\/i0.wp.com\/www.musique-cordiale.com\/wp-content\/uploads\/2023\/04\/MC-Team-2023-04-05-at-21.31.04.jpg?resize=252%2C194&#038;ssl=1\" alt=\"\" width=\"252\" height=\"194\" srcset=\"https:\/\/i0.wp.com\/www.musique-cordiale.com\/wp-content\/uploads\/2023\/04\/MC-Team-2023-04-05-at-21.31.04.jpg?resize=300%2C231&amp;ssl=1 300w, https:\/\/i0.wp.com\/www.musique-cordiale.com\/wp-content\/uploads\/2023\/04\/MC-Team-2023-04-05-at-21.31.04.jpg?resize=750%2C576&amp;ssl=1 750w, https:\/\/i0.wp.com\/www.musique-cordiale.com\/wp-content\/uploads\/2023\/04\/MC-Team-2023-04-05-at-21.31.04.jpg?resize=455%2C350&amp;ssl=1 455w, https:\/\/i0.wp.com\/www.musique-cordiale.com\/wp-content\/uploads\/2023\/04\/MC-Team-2023-04-05-at-21.31.04.jpg?resize=768%2C590&amp;ssl=1 768w, https:\/\/i0.wp.com\/www.musique-cordiale.com\/wp-content\/uploads\/2023\/04\/MC-Team-2023-04-05-at-21.31.04.jpg?resize=1536%2C1181&amp;ssl=1 1536w, https:\/\/i0.wp.com\/www.musique-cordiale.com\/wp-content\/uploads\/2023\/04\/MC-Team-2023-04-05-at-21.31.04.jpg?w=2048&amp;ssl=1 2048w, https:\/\/i0.wp.com\/www.musique-cordiale.com\/wp-content\/uploads\/2023\/04\/MC-Team-2023-04-05-at-21.31.04.jpg?w=1280&amp;ssl=1 1280w, https:\/\/i0.wp.com\/www.musique-cordiale.com\/wp-content\/uploads\/2023\/04\/MC-Team-2023-04-05-at-21.31.04.jpg?w=1920&amp;ssl=1 1920w\" sizes=\"auto, (max-width: 252px) 100vw, 252px\" \/><br \/>\n<img data-recalc-dims=\"1\" loading=\"lazy\" decoding=\"async\" class=\" wp-image-39536 alignleft\" src=\"https:\/\/i0.wp.com\/www.musique-cordiale.com\/wp-content\/uploads\/2023\/05\/rebecca-Taylor-piano-300x288-2.jpg?resize=123%2C118&#038;ssl=1\" alt=\"\" width=\"123\" height=\"118\" \/>Aidan Coburn, t\u00e9nor<br \/>\nRebecca Taylor, piano<br \/>\nRuth Harrison, flute<br \/>\nSophie Haynes, violoncelle<br \/>\nDirection: Graham Ross<\/p>\n<p><span style=\"color: #0000ff;\">Accents de Norv\u00e8ge et du Br\u00e9sil<\/span><br \/>\nGabriela Garrubo, voix<br \/>\nPeter Dybvig S\u00f8reide, guitar<\/p>\n<p><strong>\u20ac20<\/strong><\/p>\n<p>Billets en vente en ligne ou sur place \u00e0 partir de 18h<\/p>\n","protected":false},"excerpt":{"rendered":"<p><strong>jeudi 3 ao\u00fbt<\/strong><strong> \/ Thursday 3 August <\/strong><br \/>\nChapelle Saint-Donat, CALLIAN (au pied de village)<br \/>\nCONCERT d&rsquo;OUVERTURE passionnant!<br \/>\nRetour de Musique Cordiale \u2013 \u201cJeudi \u00e0 Callian\u201d<br \/>\n<strong>Return of Musique Cordiale \u2013 Exciting Opening Concert, 8PM Thursday 3 August + 7PM welcome event<\/strong><br \/>\n<strong>19h COLLATION d\u2019ACCUEIL<\/strong> (light aperitifs)<em>|<\/em><strong>20h CONCERT d\u2019OUVERTURE<\/strong><\/p>\n<ul>\n<li><strong>R\u00e9cital de chansons et de musique de chambre<\/strong>. <em>pr\u00e9sent\u00e9 par<\/em>:<br \/>\n<em>Aidan Coburn, t\u00e9nor<\/em><br \/>\n<em>Rebecca Taylor, piano<\/em><br \/>\n<em>Ruth Harrison, flute<\/em><br \/>\n<em>Sophie Haynes, violoncelle<\/em><br \/>\n<strong><em>Direction<\/em><\/strong><em>: Graham Ross<\/em><\/li>\n<\/ul>\n<ul>\n<li><strong>Accents de Norv\u00e8ge et du Br\u00e9sil<\/strong><br \/>\n<em>Gabriela Garrubo, voix<\/em><br \/>\n<em>Peter Dybvig S\u00f8reide, guitar<\/em><\/li>\n<\/ul>\n<p>20\u20ac<\/p>\n<p>&nbsp;<\/p>\n","protected":false},"featured_media":40411,"template":"","meta":{"_acf_changed":false,"_monsterinsights_skip_tracking":false,"_monsterinsights_sitenote_active":false,"_monsterinsights_sitenote_note":"","_monsterinsights_sitenote_category":0,"_uf_show_specific_survey":0,"_uf_disable_surveys":false,"advanced_seo_description":"","jetpack_seo_html_title":"","jetpack_seo_noindex":false},"product_brand":[],"product_cat":[393,394,390],"product_tag":[219,395,281],"venue":[404,254,392],"class_list":{"0":"post-39343","1":"product","2":"type-product","3":"status-publish","4":"has-post-thumbnail","6":"product_cat-billet-enfant-fr","7":"product_cat-billet-standard-fr","8":"product_cat-festival-2023-fr","9":"product_tag-billet-fr","10":"product_tag-concert-fr","11":"product_tag-ticket-fr","12":"venue-au-pied-de-callian","13":"venue-callian","14":"venue-chapelle-saint-donat","16":"first","17":"instock","18":"shipping-taxable","19":"product-type-variable"},"acf":[],"jetpack_sharing_enabled":true,"jetpack-related-posts":[{"id":39090,"url":"https:\/\/www.musique-cordiale.com\/programme-tickets\/return-of-musique-cordiale-opening-concert\/","url_meta":{"origin":39343,"position":0},"title":"Return of Musique Cordiale &#8211; Exciting Opening Concert, 8PM Thursday 3 August + 7PM welcome event","author":"Jonathan Barker","date":"24\/05\/2023","format":false,"excerpt":"jeudi 3 ao\u00fbt \/ Thursday 3 August Chapelle Saint-Donat, CALLIAN (au pied de village) CONCERT d'OUVERTURE passionnant! Retour de Musique Cordiale \u2013 \u201cJeudi \u00e0 Callian\u201d Return of Musique Cordiale \u2013 Exciting Opening Concert, 8PM Thursday 3 August + 7PM welcome event 19h COLLATION d\u2019ACCUEIL (light aperitifs)|20h CONCERT d\u2019OUVERTURE R\u00e9cital de\u2026","rel":"","context":"Article similaire","block_context":{"text":"Article similaire","link":""},"img":{"alt_text":"","src":"https:\/\/i0.wp.com\/www.musique-cordiale.com\/wp-content\/uploads\/2023\/06\/Affiche-juin-2023-Musique-Cordiale-copyright.jpg?fit=846%2C1200&ssl=1&resize=350%2C200","width":350,"height":200,"srcset":"https:\/\/i0.wp.com\/www.musique-cordiale.com\/wp-content\/uploads\/2023\/06\/Affiche-juin-2023-Musique-Cordiale-copyright.jpg?fit=846%2C1200&ssl=1&resize=350%2C200 1x, https:\/\/i0.wp.com\/www.musique-cordiale.com\/wp-content\/uploads\/2023\/06\/Affiche-juin-2023-Musique-Cordiale-copyright.jpg?fit=846%2C1200&ssl=1&resize=525%2C300 1.5x, https:\/\/i0.wp.com\/www.musique-cordiale.com\/wp-content\/uploads\/2023\/06\/Affiche-juin-2023-Musique-Cordiale-copyright.jpg?fit=846%2C1200&ssl=1&resize=700%2C400 2x"},"classes":[]},{"id":48773,"url":"https:\/\/www.musique-cordiale.com\/fr\/boutique-billetterie\/6-heures-le-6-concert-gratuit-en-debut-de-soiree-amsterdam-jazz-dans-la-fraicheur-de-la-chapelle-saint-donat-en-contrebas-de-callian-mercredi-6-aout-18h\/","url_meta":{"origin":39343,"position":1},"title":"FREE &#038; FUN! CONCERT GRATUIT ET AMUSANT en d\u00e9but de soir\u00e9e : Amsterdam Jazz, dans la fra\u00eecheur de la Chapelle Saint-Donat, en contrebas de Callian, jeudi 5 ao\u00fbt, 18h","author":"Jonathan Barker","date":"28\/04\/2025","format":false,"excerpt":"Isla Van Hout, \u00e0 la voix suave, et Jetse de Jong, qui font preuve de rapidit\u00e9, de polyvalence et de talent au piano, avec un \u00ab\u00a0EXTRAIT GRATUIT\u00a0\u00bb avant le d\u00eener, avant de d\u00e9couvrir ce qu'elles proposeront \u00e9galement sur une grande sc\u00e8ne le lendemain \u00e0 Seillans. Comme l'ann\u00e9e derni\u00e8re, ce CONCERT\u2026","rel":"","context":"Article similaire","block_context":{"text":"Article similaire","link":""},"img":{"alt_text":"","src":"https:\/\/i0.wp.com\/www.musique-cordiale.com\/wp-content\/uploads\/2025\/04\/WhatsApp-Image-2025-05-06-at-14.30.08_cbd15dc5-Jetse-Isla-2.jpg?fit=1200%2C524&ssl=1&resize=350%2C200","width":350,"height":200,"srcset":"https:\/\/i0.wp.com\/www.musique-cordiale.com\/wp-content\/uploads\/2025\/04\/WhatsApp-Image-2025-05-06-at-14.30.08_cbd15dc5-Jetse-Isla-2.jpg?fit=1200%2C524&ssl=1&resize=350%2C200 1x, https:\/\/i0.wp.com\/www.musique-cordiale.com\/wp-content\/uploads\/2025\/04\/WhatsApp-Image-2025-05-06-at-14.30.08_cbd15dc5-Jetse-Isla-2.jpg?fit=1200%2C524&ssl=1&resize=525%2C300 1.5x, https:\/\/i0.wp.com\/www.musique-cordiale.com\/wp-content\/uploads\/2025\/04\/WhatsApp-Image-2025-05-06-at-14.30.08_cbd15dc5-Jetse-Isla-2.jpg?fit=1200%2C524&ssl=1&resize=700%2C400 2x, https:\/\/i0.wp.com\/www.musique-cordiale.com\/wp-content\/uploads\/2025\/04\/WhatsApp-Image-2025-05-06-at-14.30.08_cbd15dc5-Jetse-Isla-2.jpg?fit=1200%2C524&ssl=1&resize=1050%2C600 3x"},"classes":[]},{"id":23350,"url":"https:\/\/www.musique-cordiale.com\/programme-tickets\/ticket-first-oratorio-concert-handels-saul-callian-thursday-15-august-2019\/","url_meta":{"origin":39343,"position":2},"title":"TICKET: First Oratorio Concert: Handel&rsquo;s \u00ab\u00a0SAUL\u00a0\u00bb &#8211; (NOT Callian &#8211; relocated to SEILLANS), Thursday 15 August 2019","author":"Jonathan Barker","date":"27\/03\/2019","format":false,"excerpt":"Jeudi 15\u00a0ao\u00fbt 19.15 S'IL VOUS PLA\u00ceT NOTEZ: d\u00e9plac\u00e9 \u00e0 l'\u00e9glise de SEILLANS (re-located to Seillans, starting 15 mins later)\u00a0 \u00a0 \u00a0 \u00a025\u20ac \/ 35\u20ac(premium) Concert d\u2019Oratorio:\u00a0\u00ab Saul \u00bb de HAENDEL Ch\u0153ur et l\u2019Orchestre du Festival avec solistes Direction: Graham Ross Emily Vine, Dima Bawab \u2013 soprano Julian Gregory, Michael Johnston\u2026","rel":"","context":"Article similaire","block_context":{"text":"Article similaire","link":""},"img":{"alt_text":"","src":"https:\/\/i0.wp.com\/www.musique-cordiale.com\/wp-content\/uploads\/2011\/03\/2016-08-13-22.12.31-1-scaled.jpg?fit=1200%2C675&ssl=1&resize=350%2C200","width":350,"height":200,"srcset":"https:\/\/i0.wp.com\/www.musique-cordiale.com\/wp-content\/uploads\/2011\/03\/2016-08-13-22.12.31-1-scaled.jpg?fit=1200%2C675&ssl=1&resize=350%2C200 1x, https:\/\/i0.wp.com\/www.musique-cordiale.com\/wp-content\/uploads\/2011\/03\/2016-08-13-22.12.31-1-scaled.jpg?fit=1200%2C675&ssl=1&resize=525%2C300 1.5x, https:\/\/i0.wp.com\/www.musique-cordiale.com\/wp-content\/uploads\/2011\/03\/2016-08-13-22.12.31-1-scaled.jpg?fit=1200%2C675&ssl=1&resize=700%2C400 2x, https:\/\/i0.wp.com\/www.musique-cordiale.com\/wp-content\/uploads\/2011\/03\/2016-08-13-22.12.31-1-scaled.jpg?fit=1200%2C675&ssl=1&resize=1050%2C600 3x"},"classes":[]},{"id":45161,"url":"https:\/\/www.musique-cordiale.com\/fr\/boutique-billetterie\/7-aout-2024-7pm-une-soiree-de-jazz-et-chansons-francaises-eau-de-chansons\/","url_meta":{"origin":39343,"position":3},"title":"7 ao\u00fbt 2024, 7PM &#8211; CONCERT GRATUIT: une soir\u00e9e de chansons fran\u00e7aises, de jazz et de la musique populaire &#8211; 1: \u00ab\u00a0EAU DE CHANSONS\u00a0\u00bb, Callian (St-Donat)","author":"Jonathan Barker","date":"19\/04\/2024","format":false,"excerpt":"CONCERT GRATUIT! | FREE CONCERT | WIEBKE ET LES GAR\u00c7ONS: chansons comme Brel, Michel le Grand, Edith Piaf, Charles Aznavour, Serge Gainsbourg et de Fran\u00e7oise Hardy et Jacques Dutronc | Wiebke Bonnet, voix | Jean Louis van Dam, piano | Marcel Booji, contrabasse | Frank auf dem Brinke, batterie |FREE\u2026","rel":"","context":"Article similaire","block_context":{"text":"Article similaire","link":""},"img":{"alt_text":"","src":"https:\/\/i0.wp.com\/www.musique-cordiale.com\/wp-content\/uploads\/2024\/04\/Wiebke-et-les-Garcons-2.jpg?fit=957%2C1068&ssl=1&resize=350%2C200","width":350,"height":200,"srcset":"https:\/\/i0.wp.com\/www.musique-cordiale.com\/wp-content\/uploads\/2024\/04\/Wiebke-et-les-Garcons-2.jpg?fit=957%2C1068&ssl=1&resize=350%2C200 1x, https:\/\/i0.wp.com\/www.musique-cordiale.com\/wp-content\/uploads\/2024\/04\/Wiebke-et-les-Garcons-2.jpg?fit=957%2C1068&ssl=1&resize=525%2C300 1.5x, https:\/\/i0.wp.com\/www.musique-cordiale.com\/wp-content\/uploads\/2024\/04\/Wiebke-et-les-Garcons-2.jpg?fit=957%2C1068&ssl=1&resize=700%2C400 2x"},"classes":[]},{"id":48771,"url":"https:\/\/www.musique-cordiale.com\/programme-tickets\/6pm-on-the-6th-free-early-evening-concert-amsterdam-jazz-in-the-cool-of-chapelle-saint-donat-below-callian-wed-6-august\/","url_meta":{"origin":39343,"position":4},"title":"GRATUIT &#8211; FREE &#038; FUN! early evening CONCERT: Amsterdam Jazz, in the cool of Chapelle Saint-Donat below Callian, Tue 5 August","author":"Jonathan Barker","date":"28\/04\/2025","format":false,"excerpt":"Isla Van Hout, with her silky voice, & Jetse de Jong, exhibiting speed, versatility and talent on the piano, with an exciting pre-dinner 'FREE SAMPLE' of what they will also offer on a big stage the next day in Seillans. Like last year, this FREE JAZZ CONCERT will prove to\u2026","rel":"","context":"Article similaire","block_context":{"text":"Article similaire","link":""},"img":{"alt_text":"","src":"https:\/\/i0.wp.com\/www.musique-cordiale.com\/wp-content\/uploads\/2025\/04\/WhatsApp-Image-2025-05-06-at-14.30.08_cbd15dc5-Jetse-Isla-2.jpg?fit=1200%2C524&ssl=1&resize=350%2C200","width":350,"height":200,"srcset":"https:\/\/i0.wp.com\/www.musique-cordiale.com\/wp-content\/uploads\/2025\/04\/WhatsApp-Image-2025-05-06-at-14.30.08_cbd15dc5-Jetse-Isla-2.jpg?fit=1200%2C524&ssl=1&resize=350%2C200 1x, https:\/\/i0.wp.com\/www.musique-cordiale.com\/wp-content\/uploads\/2025\/04\/WhatsApp-Image-2025-05-06-at-14.30.08_cbd15dc5-Jetse-Isla-2.jpg?fit=1200%2C524&ssl=1&resize=525%2C300 1.5x, https:\/\/i0.wp.com\/www.musique-cordiale.com\/wp-content\/uploads\/2025\/04\/WhatsApp-Image-2025-05-06-at-14.30.08_cbd15dc5-Jetse-Isla-2.jpg?fit=1200%2C524&ssl=1&resize=700%2C400 2x, https:\/\/i0.wp.com\/www.musique-cordiale.com\/wp-content\/uploads\/2025\/04\/WhatsApp-Image-2025-05-06-at-14.30.08_cbd15dc5-Jetse-Isla-2.jpg?fit=1200%2C524&ssl=1&resize=1050%2C600 3x"},"classes":[]},{"id":45157,"url":"https:\/\/www.musique-cordiale.com\/programme-tickets\/7-august-2024-7pm-une-soiree-de-jazz-et-chansons-francaises-eau-de-chansons\/","url_meta":{"origin":39343,"position":5},"title":"7 August 2024, 7PM &#8211;  FREE CONCERT: an evening of French Songs, jazz &#038; popular music &#8211; 1: \u00ab\u00a0EAU DE CHANSONS\u00a0\u00bb, Callian (St-Donat)","author":"Jonathan Barker","date":"19\/04\/2024","format":false,"excerpt":"WIEBKE ET LES GAR\u00c7ONS:| FREE CONCERT! songs like Brel, Michel le Grand, Edith Piaf, Charles Aznavour, Serge Gainsbourg and Fran\u00e7oise Hardy and Jacques Dutronc | Wiebke Bonnet, vocals |Jean Louis van Dam, piano |Marcel Booji, double bass |Frank auf dem Brinke, drums | in the deconsecrated & restored chapel at\u2026","rel":"","context":"Article similaire","block_context":{"text":"Article similaire","link":""},"img":{"alt_text":"","src":"https:\/\/i0.wp.com\/www.musique-cordiale.com\/wp-content\/uploads\/2024\/04\/Wiebke-et-les-Garcons-2.jpg?fit=957%2C1068&ssl=1&resize=350%2C200","width":350,"height":200,"srcset":"https:\/\/i0.wp.com\/www.musique-cordiale.com\/wp-content\/uploads\/2024\/04\/Wiebke-et-les-Garcons-2.jpg?fit=957%2C1068&ssl=1&resize=350%2C200 1x, https:\/\/i0.wp.com\/www.musique-cordiale.com\/wp-content\/uploads\/2024\/04\/Wiebke-et-les-Garcons-2.jpg?fit=957%2C1068&ssl=1&resize=525%2C300 1.5x, https:\/\/i0.wp.com\/www.musique-cordiale.com\/wp-content\/uploads\/2024\/04\/Wiebke-et-les-Garcons-2.jpg?fit=957%2C1068&ssl=1&resize=700%2C400 2x"},"classes":[]}],"_links":{"self":[{"href":"https:\/\/www.musique-cordiale.com\/fr\/wp-json\/wp\/v2\/product\/39343","targetHints":{"allow":["GET"]}}],"collection":[{"href":"https:\/\/www.musique-cordiale.com\/fr\/wp-json\/wp\/v2\/product"}],"about":[{"href":"https:\/\/www.musique-cordiale.com\/fr\/wp-json\/wp\/v2\/types\/product"}],"wp:featuredmedia":[{"embeddable":true,"href":"https:\/\/www.musique-cordiale.com\/fr\/wp-json\/wp\/v2\/media\/40411"}],"wp:attachment":[{"href":"https:\/\/www.musique-cordiale.com\/fr\/wp-json\/wp\/v2\/media?parent=39343"}],"wp:term":[{"taxonomy":"product_brand","embeddable":true,"href":"https:\/\/www.musique-cordiale.com\/fr\/wp-json\/wp\/v2\/product_brand?post=39343"},{"taxonomy":"product_cat","embeddable":true,"href":"https:\/\/www.musique-cordiale.com\/fr\/wp-json\/wp\/v2\/product_cat?post=39343"},{"taxonomy":"product_tag","embeddable":true,"href":"https:\/\/www.musique-cordiale.com\/fr\/wp-json\/wp\/v2\/product_tag?post=39343"},{"taxonomy":"venue","embeddable":true,"href":"https:\/\/www.musique-cordiale.com\/fr\/wp-json\/wp\/v2\/venue?post=39343"}],"curies":[{"name":"wp","href":"https:\/\/api.w.org\/{rel}","templated":true}]}}