{"id":39351,"date":"2023-05-25T15:21:42","date_gmt":"2023-05-25T15:21:42","guid":{"rendered":"https:\/\/dev3.musique-cordiale.com\/programme-tickets\/5-august-2023-musique-de-chambre-pour-les-vents-et-les-cordes\/"},"modified":"2023-08-05T15:13:16","modified_gmt":"2023-08-05T15:13:16","slug":"5-august-2023-musique-de-chambre-pour-les-vents-et-les-cordes","status":"publish","type":"product","link":"https:\/\/www.musique-cordiale.com\/fr\/boutique-billetterie\/5-august-2023-musique-de-chambre-pour-les-vents-et-les-cordes\/","title":{"rendered":"Une soir\u00e9e de musique de chambre d\u00e9licieuse pour les Vents et les Cordes,  20h15"},"content":{"rendered":"<h4>samedi 5 aou\u0302t<br \/>\nE\u0301glise Saint-Antonin, BAGNOLS-en-FOR\u00caT: 20h15<\/h4>\n<p> (imm\u00e9diatement apr\u00e8s la messe)<\/p>\n<h4><span style=\"color: #800000;\"><strong>MUSIQUE DE CHAMBRE POUR LES VENTS ET LES CORDES<\/strong><\/span><\/h4>\n<p><span style=\"color: #0000ff;\">HOFFMAN:\u00a0 Se\u0301re\u0301nade pour flu\u0302te et cordes<\/span><br \/>\n<span style=\"color: #0000ff;\">POULENC: Sonate pour flu\u0302te et piano<\/span><\/p>\n<p><span style=\"color: #0000ff;\">Ruth Harrison, fl\u00fbte<\/span><br \/>\n<span style=\"color: #0000ff;\">Rebecca Taylor, piano<\/span><\/p>\n<p><span style=\"color: #0000ff;\">BEETHOVEN: Septuor pour vents et cordes<\/span><\/p>\n","protected":false},"excerpt":{"rendered":"<p>MUSIQUE DE CHAMBRE POUR LES VENTS ET LES CORDES | HOFFMAN: Se\u0301re\u0301nade pour flu\u0302te et cordes | POULENC: Sonate pour flu\u0302te et piano | BEETHOVEN: Septuor pour vents et cordes<\/p>\n","protected":false},"featured_media":39628,"template":"","meta":{"_acf_changed":false,"_monsterinsights_skip_tracking":false,"_monsterinsights_sitenote_active":false,"_monsterinsights_sitenote_note":"","_monsterinsights_sitenote_category":0,"_uf_show_specific_survey":0,"_uf_disable_surveys":false,"advanced_seo_description":"","jetpack_seo_html_title":"","jetpack_seo_noindex":false},"product_brand":[],"product_cat":[396,275,390],"product_tag":[219,395,281],"venue":[208,210],"class_list":{"0":"post-39351","1":"product","2":"type-product","3":"status-publish","4":"has-post-thumbnail","6":"product_cat-adult-fr","7":"product_cat-billet-varies-fr","8":"product_cat-festival-2023-fr","9":"product_tag-billet-fr","10":"product_tag-concert-fr","11":"product_tag-ticket-fr","12":"venue-bagnols-en-foret","13":"venue-eglise-st-antonin","15":"first","16":"instock","17":"shipping-taxable","18":"product-type-variable"},"acf":[],"jetpack_sharing_enabled":true,"jetpack-related-posts":[{"id":39240,"url":"https:\/\/www.musique-cordiale.com\/programme-tickets\/5-august-2023-musique-de-chambre-pour-les-vents-et-les-cordes\/","url_meta":{"origin":39351,"position":0},"title":"CONCERT in BAGNOLS-en-FOR\u00caT: a delightful evening of chamber music for winds and Strings!  20h15","author":"Jonathan Barker","date":"25\/05\/2023","format":false,"excerpt":"MUSIQUE DE CHAMBRE POUR LES VENTS ET LES CORDES | HOFFMAN: Se\u0301re\u0301nade pour flu\u0302te et cordes | POULENC: Sonate pour flu\u0302te et piano | BEETHOVEN: Septuor pour vents et cordes (20h15 -imm\u00e9diatement apr\u00e8s la messe)","rel":"","context":"Article similaire","block_context":{"text":"Article similaire","link":""},"img":{"alt_text":"","src":"https:\/\/i0.wp.com\/www.musique-cordiale.com\/wp-content\/uploads\/2023\/05\/Concert_in_Bagnols-en-Foret_France-scaled.jpg?fit=1200%2C800&ssl=1&resize=350%2C200","width":350,"height":200,"srcset":"https:\/\/i0.wp.com\/www.musique-cordiale.com\/wp-content\/uploads\/2023\/05\/Concert_in_Bagnols-en-Foret_France-scaled.jpg?fit=1200%2C800&ssl=1&resize=350%2C200 1x, https:\/\/i0.wp.com\/www.musique-cordiale.com\/wp-content\/uploads\/2023\/05\/Concert_in_Bagnols-en-Foret_France-scaled.jpg?fit=1200%2C800&ssl=1&resize=525%2C300 1.5x, https:\/\/i0.wp.com\/www.musique-cordiale.com\/wp-content\/uploads\/2023\/05\/Concert_in_Bagnols-en-Foret_France-scaled.jpg?fit=1200%2C800&ssl=1&resize=700%2C400 2x, https:\/\/i0.wp.com\/www.musique-cordiale.com\/wp-content\/uploads\/2023\/05\/Concert_in_Bagnols-en-Foret_France-scaled.jpg?fit=1200%2C800&ssl=1&resize=1050%2C600 3x"},"classes":[]},{"id":39229,"url":"https:\/\/www.musique-cordiale.com\/programme-tickets\/ticket-saturday-5-august-2023-eglise-saint-antonin-bagnols-en-foret-9pm-musique-de-chambre-pour-les-vents-et-les-cordes\/","url_meta":{"origin":39351,"position":1},"title":"TICKET &#8211; Saturday 5 August 2023: E\u0301glise Saint-Antonin, BAGNOLS-en-FOR\u00caT: 9PM  MUSIQUE DE CHAMBRE POUR LES VENTS ET LES CORDES","author":"Jonathan Barker","date":"25\/05\/2023","format":false,"excerpt":"samedi 5 aou\u0302t E\u0301glise Saint-Antonin, BAGNOLS-en-FOR\u00caT: 21h MUSIQUE DE CHAMBRE POUR LES VENTS ET LES CORDES HOFFMAN\u00a0\u00a0\u00a0 \u00a0\u00a0\u00a0\u00a0\u00a0\u00a0\u00a0Se\u0301re\u0301nade pour flu\u0302te et cordes POULENC\u00a0\u00a0\u00a0\u00a0\u00a0 \u00a0\u00a0\u00a0\u00a0\u00a0\u00a0\u00a0\u00a0\u00a0\u00a0\u00a0\u00a0\u00a0Sonate pour flu\u0302te et piano Ruth Harrison, fl\u00fbte \u00a0\u00a0\u00a0\u00a0\u00a0\u00a0\u00a0\u00a0\u00a0\u00a0\u00a0\u00a0\u00a0\u00a0\u00a0\u00a0\u00a0\u00a0\u00a0\u00a0\u00a0\u00a0\u00a0\u00a0\u00a0\u00a0\u00a0\u00a0\u00a0\u00a0\u00a0\u00a0\u00a0\u00a0\u00a0\u00a0\u00a0\u00a0\u00a0\u00a0\u00a0\u00a0\u00a0 Rebecca Taylor, piano BEETHOVEN\u00a0\u00a0 \u00a0\u00a0\u00a0\u00a0\u00a0\u00a0Septuor pour vents et cordes \u20ac20","rel":"","context":"Article similaire","block_context":{"text":"Article similaire","link":""},"img":{"alt_text":"","src":"","width":0,"height":0},"classes":[]},{"id":15043,"url":"https:\/\/www.musique-cordiale.com\/fr\/boutique-billetterie\/les-cordes-sublimes-de-lacademie-jeudi-3-aout\/","url_meta":{"origin":39351,"position":2},"title":"Les cordes sublimes de l&rsquo;Acad\u00e9mie &#8211; \u00e9tudients et professeurs de L&rsquo;Academie pour cordes","author":"Lyndsey","date":"17\/02\/2017","format":false,"excerpt":"Performances de cl\u00f4ture de l'Acad\u00e9mie de haut calibre 2018 - solos et ensembles Levon Chilingirian, violon Susie M\u00e9sz\u00e1ros, alto Jane Hyland, violoncelle Philip Saudek, piano \u00c9tudiants de l'Acad\u00e9mie de Musique Cordiale Samuel Barber (1910 - 1981) : Adagio for Strings, Op. 11 Edward Elgar (1857-1934) : Serenade for Strings, Op.\u2026","rel":"","context":"Article similaire","block_context":{"text":"Article similaire","link":""},"img":{"alt_text":"","src":"https:\/\/i0.wp.com\/www.musique-cordiale.com\/wp-content\/uploads\/2014\/04\/CQ4A4112-e1475585516735.jpg?fit=1200%2C1144&ssl=1&resize=350%2C200","width":350,"height":200,"srcset":"https:\/\/i0.wp.com\/www.musique-cordiale.com\/wp-content\/uploads\/2014\/04\/CQ4A4112-e1475585516735.jpg?fit=1200%2C1144&ssl=1&resize=350%2C200 1x, https:\/\/i0.wp.com\/www.musique-cordiale.com\/wp-content\/uploads\/2014\/04\/CQ4A4112-e1475585516735.jpg?fit=1200%2C1144&ssl=1&resize=525%2C300 1.5x, https:\/\/i0.wp.com\/www.musique-cordiale.com\/wp-content\/uploads\/2014\/04\/CQ4A4112-e1475585516735.jpg?fit=1200%2C1144&ssl=1&resize=700%2C400 2x, https:\/\/i0.wp.com\/www.musique-cordiale.com\/wp-content\/uploads\/2014\/04\/CQ4A4112-e1475585516735.jpg?fit=1200%2C1144&ssl=1&resize=1050%2C600 3x"},"classes":[]},{"id":45605,"url":"https:\/\/www.musique-cordiale.com\/fr\/boutique-billetterie\/9-aout-2024-19h-vivaldi-4-saisons-haydn-mendelsson-poulenc-bagnols-en-foret\/","url_meta":{"origin":39351,"position":3},"title":"9 ao\u00fbt 2024, 19h: Vivaldi 4 Saisons, Haydn, Mendelsson &#038; Poulenc, Bagnols-en-For\u00eat","author":"Jonathan Barker","date":"20\/04\/2024","format":false,"excerpt":"Haydn Concerto en r\u00e9 majeur pour cor et amp; cordes, Peter Ryan, cor | Mendelssohn Quintette \u00e0 cordes n\u00b0 1 en la majeur | Poulenc Trio pour hautbois, basson et piano, Alex Franklin, hautbois | Jamie King, basson| Rebecca Taylor, piano| \u00a0-o- Vivaldi Les Quatre Saisons Oliver Cave, violon |","rel":"","context":"Article similaire","block_context":{"text":"Article similaire","link":""},"img":{"alt_text":"","src":"https:\/\/i0.wp.com\/www.musique-cordiale.com\/wp-content\/uploads\/2023\/05\/Concert_in_Bagnols-en-Foret_France-scaled.jpg?fit=1200%2C800&ssl=1&resize=350%2C200","width":350,"height":200,"srcset":"https:\/\/i0.wp.com\/www.musique-cordiale.com\/wp-content\/uploads\/2023\/05\/Concert_in_Bagnols-en-Foret_France-scaled.jpg?fit=1200%2C800&ssl=1&resize=350%2C200 1x, https:\/\/i0.wp.com\/www.musique-cordiale.com\/wp-content\/uploads\/2023\/05\/Concert_in_Bagnols-en-Foret_France-scaled.jpg?fit=1200%2C800&ssl=1&resize=525%2C300 1.5x, https:\/\/i0.wp.com\/www.musique-cordiale.com\/wp-content\/uploads\/2023\/05\/Concert_in_Bagnols-en-Foret_France-scaled.jpg?fit=1200%2C800&ssl=1&resize=700%2C400 2x, https:\/\/i0.wp.com\/www.musique-cordiale.com\/wp-content\/uploads\/2023\/05\/Concert_in_Bagnols-en-Foret_France-scaled.jpg?fit=1200%2C800&ssl=1&resize=1050%2C600 3x"},"classes":[]},{"id":21269,"url":"https:\/\/www.musique-cordiale.com\/fr\/boutique-billetterie\/garden-party-avec-le-vin-des-cineastes\/","url_meta":{"origin":39351,"position":4},"title":"&lsquo;Garden-Party&rsquo; avec le Vin des Cin\u00e9astes &#8211; classique rencontre le jazz","author":"Lyndsey","date":"04\/06\/2018","format":false,"excerpt":"Une Garden-Party avec le vin des cin\u00e9astes: \u00a0buffet l\u00e9ger et ap\u00e9ritifs en d\u00e9but de soir\u00e9e 19.00 CONCERT Classique rencontre jazz intime dans le vignoble \u00a0 apero et apeitifs de 18h\u00a0(parking ouvert de 17:45) Beethoven: Quatuor \u00e0 cordes Op. 18 n\u00b04 Mendelssohn Octet, Jonathan Martindale, violon + Jazz trio: Floris Kappeyne;\u2026","rel":"","context":"Article similaire","block_context":{"text":"Article similaire","link":""},"img":{"alt_text":"","src":"https:\/\/i0.wp.com\/www.musique-cordiale.com\/wp-content\/uploads\/2018\/01\/2017-08-07-12.33.57-edited-scaled.jpg?fit=1200%2C900&ssl=1&resize=350%2C200","width":350,"height":200,"srcset":"https:\/\/i0.wp.com\/www.musique-cordiale.com\/wp-content\/uploads\/2018\/01\/2017-08-07-12.33.57-edited-scaled.jpg?fit=1200%2C900&ssl=1&resize=350%2C200 1x, https:\/\/i0.wp.com\/www.musique-cordiale.com\/wp-content\/uploads\/2018\/01\/2017-08-07-12.33.57-edited-scaled.jpg?fit=1200%2C900&ssl=1&resize=525%2C300 1.5x, https:\/\/i0.wp.com\/www.musique-cordiale.com\/wp-content\/uploads\/2018\/01\/2017-08-07-12.33.57-edited-scaled.jpg?fit=1200%2C900&ssl=1&resize=700%2C400 2x, https:\/\/i0.wp.com\/www.musique-cordiale.com\/wp-content\/uploads\/2018\/01\/2017-08-07-12.33.57-edited-scaled.jpg?fit=1200%2C900&ssl=1&resize=1050%2C600 3x"},"classes":[]},{"id":39659,"url":"https:\/\/www.musique-cordiale.com\/fr\/boutique-billetterie\/chansons-et-airs\/","url_meta":{"origin":39351,"position":5},"title":"Concert de midi, Chapelle ND de l&rsquo;Ormeau, SEILLANS &#8211; Copeland, Mozart &#038; Ibert","author":"Lyndsey","date":"02\/06\/2023","format":false,"excerpt":"Copeland - Quiet City Schubert - Trio\u00a0 a cordes Mozart Flute Quartette Ibert - Cinq pieces en trio pour hautbois, Clarinette & Basson","rel":"","context":"Article similaire","block_context":{"text":"Article similaire","link":""},"img":{"alt_text":"","src":"https:\/\/i0.wp.com\/www.musique-cordiale.com\/wp-content\/uploads\/2023\/06\/Ormeau-Seillans-2019-1.jpg?fit=583%2C1200&ssl=1&resize=350%2C200","width":350,"height":200,"srcset":"https:\/\/i0.wp.com\/www.musique-cordiale.com\/wp-content\/uploads\/2023\/06\/Ormeau-Seillans-2019-1.jpg?fit=583%2C1200&ssl=1&resize=350%2C200 1x, https:\/\/i0.wp.com\/www.musique-cordiale.com\/wp-content\/uploads\/2023\/06\/Ormeau-Seillans-2019-1.jpg?fit=583%2C1200&ssl=1&resize=525%2C300 1.5x"},"classes":[]}],"_links":{"self":[{"href":"https:\/\/www.musique-cordiale.com\/fr\/wp-json\/wp\/v2\/product\/39351","targetHints":{"allow":["GET"]}}],"collection":[{"href":"https:\/\/www.musique-cordiale.com\/fr\/wp-json\/wp\/v2\/product"}],"about":[{"href":"https:\/\/www.musique-cordiale.com\/fr\/wp-json\/wp\/v2\/types\/product"}],"wp:featuredmedia":[{"embeddable":true,"href":"https:\/\/www.musique-cordiale.com\/fr\/wp-json\/wp\/v2\/media\/39628"}],"wp:attachment":[{"href":"https:\/\/www.musique-cordiale.com\/fr\/wp-json\/wp\/v2\/media?parent=39351"}],"wp:term":[{"taxonomy":"product_brand","embeddable":true,"href":"https:\/\/www.musique-cordiale.com\/fr\/wp-json\/wp\/v2\/product_brand?post=39351"},{"taxonomy":"product_cat","embeddable":true,"href":"https:\/\/www.musique-cordiale.com\/fr\/wp-json\/wp\/v2\/product_cat?post=39351"},{"taxonomy":"product_tag","embeddable":true,"href":"https:\/\/www.musique-cordiale.com\/fr\/wp-json\/wp\/v2\/product_tag?post=39351"},{"taxonomy":"venue","embeddable":true,"href":"https:\/\/www.musique-cordiale.com\/fr\/wp-json\/wp\/v2\/venue?post=39351"}],"curies":[{"name":"wp","href":"https:\/\/api.w.org\/{rel}","templated":true}]}}