{"id":39412,"date":"2023-05-25T12:34:58","date_gmt":"2023-05-25T12:34:58","guid":{"rendered":"https:\/\/dev3.musique-cordiale.com\/programme-tickets\/ticket-domaine-val-diris-seillans-9-august-2023-9pm-soiree-opera-musique-vin-au-domaine-viticole\/"},"modified":"2023-08-09T10:48:10","modified_gmt":"2023-08-09T10:48:10","slug":"9-august-2023-soiree-opera-musique-vin-au-domaine-viticole","status":"publish","type":"product","link":"https:\/\/www.musique-cordiale.com\/fr\/boutique-billetterie\/9-august-2023-soiree-opera-musique-vin-au-domaine-viticole\/","title":{"rendered":"SOIR\u00c9E OP\u00c9RA MUSIQUE &#038; VIN AU DOMAINE VITICOLE, Domaine Val-d\u2019Iris, 21h"},"content":{"rendered":"<p>mercredi 9 ao\u00fbt<br \/>\nDomaine Val-d\u2019Iris, SEILLANS: 21h<\/p>\n<h3>SOIR\u00c9E OP\u00c9RA<br \/>\n<span style=\"color: #800000;\">MUSIQUE &amp; VIN AU DOMAINE VITICOLE<\/span><\/h3>\n<p>Aidan Coburn, tenor, Chlo\u00eb Morgan, soprano, Charlotte King, mezzo, James Hall, contra-t\u00e9nor &amp; Andres Feliu, bariton interpr\u00e8tent des airs semi-sc\u00e9niques d&rsquo;op\u00e9ras tr\u00e8s appr\u00e9ci\u00e9s dans le cadre ext\u00e9rieur pittoresque du Domaine Viticole Val D&rsquo;Iris, accompagn\u00e9s de la pianiste Rebecca Taylor<\/p>\n<p>\u20ac40 uniquement (y compris vin) sur r\u00e9servation<br \/>\nOur soloists perform semi-stage arias from much-loved operas in the picturesque outdoor setting of Domaine Viticole Val D\u2019Iris, accompanied by pianist Rebecca Taylor<\/p>\n","protected":false},"excerpt":{"rendered":"<p>SOIR\u00c9E OP\u00c9RA: MUSIQUE &amp; VIN AU DOMAINE VITICOLE | interpr\u00e8tent des airs semi-sc\u00e9niques d&rsquo;op\u00e9ras tr\u00e8s appr\u00e9ci\u00e9s dans le cadre ext\u00e9rieur pittoresque du Domaine Viticole Val D&rsquo;Iris<\/p>\n","protected":false},"featured_media":39550,"template":"","meta":{"_acf_changed":false,"_monsterinsights_skip_tracking":false,"_monsterinsights_sitenote_active":false,"_monsterinsights_sitenote_note":"","_monsterinsights_sitenote_category":0,"_uf_show_specific_survey":0,"_uf_disable_surveys":false,"advanced_seo_description":"","jetpack_seo_html_title":"","jetpack_seo_noindex":false},"product_brand":[],"product_cat":[396,275,390],"product_tag":[219,395,281],"venue":[279,222],"class_list":{"0":"post-39412","1":"product","2":"type-product","3":"status-publish","4":"has-post-thumbnail","6":"product_cat-adult-fr","7":"product_cat-billet-varies-fr","8":"product_cat-festival-2023-fr","9":"product_tag-billet-fr","10":"product_tag-concert-fr","11":"product_tag-ticket-fr","12":"venue-domaine-val-diris","13":"venue-seillans","15":"first","16":"instock","17":"shipping-taxable","18":"product-type-variable"},"acf":[],"jetpack_sharing_enabled":true,"jetpack-related-posts":[{"id":39199,"url":"https:\/\/www.musique-cordiale.com\/programme-tickets\/9-august-2023-soiree-opera-musique-vin-au-domaine-viticole\/","url_meta":{"origin":39412,"position":0},"title":"MUSIC &#038; WINE at the vineyard: SOIR\u00c9E OP\u00c9RA MUSIQUE &#038; VIN AU DOMAINE VITICOLE, 21h","author":"Jonathan Barker","date":"25\/05\/2023","format":false,"excerpt":"SOIR\u00c9E OP\u00c9RA: MUSIQUE & VIN AU DOMAINE VITICOLE | interpr\u00e8tent des airs semi-sc\u00e9niques d'op\u00e9ras tr\u00e8s appr\u00e9ci\u00e9s dans le cadre ext\u00e9rieur pittoresque du Domaine Viticole Val D'Iris","rel":"","context":"Article similaire","block_context":{"text":"Article similaire","link":""},"img":{"alt_text":"","src":"https:\/\/i0.wp.com\/www.musique-cordiale.com\/wp-content\/uploads\/2023\/05\/WhatsApp-Image-2023-01-20-at-14.57.35.jpeg?fit=1200%2C583&ssl=1&resize=350%2C200","width":350,"height":200,"srcset":"https:\/\/i0.wp.com\/www.musique-cordiale.com\/wp-content\/uploads\/2023\/05\/WhatsApp-Image-2023-01-20-at-14.57.35.jpeg?fit=1200%2C583&ssl=1&resize=350%2C200 1x, https:\/\/i0.wp.com\/www.musique-cordiale.com\/wp-content\/uploads\/2023\/05\/WhatsApp-Image-2023-01-20-at-14.57.35.jpeg?fit=1200%2C583&ssl=1&resize=525%2C300 1.5x, https:\/\/i0.wp.com\/www.musique-cordiale.com\/wp-content\/uploads\/2023\/05\/WhatsApp-Image-2023-01-20-at-14.57.35.jpeg?fit=1200%2C583&ssl=1&resize=700%2C400 2x, https:\/\/i0.wp.com\/www.musique-cordiale.com\/wp-content\/uploads\/2023\/05\/WhatsApp-Image-2023-01-20-at-14.57.35.jpeg?fit=1200%2C583&ssl=1&resize=1050%2C600 3x"},"classes":[]},{"id":48538,"url":"https:\/\/www.musique-cordiale.com\/fr\/boutique-billetterie\/48538\/","url_meta":{"origin":39412,"position":1},"title":"\u00ab D\u00e9licieux classiques : joyaux du r\u00e9pertoire classique \u00bb dans un cadre vigneron : Domaine Val d&rsquo;Iris, Seillans, 19h, 1er ao\u00fbt 2025 avec petit &lsquo;dinatoire l\u00e9ger&rsquo;","author":"Jonathan Barker","date":"19\/04\/2025","format":false,"excerpt":"\u00ab\u00a0Classiques doux\u00a0\u00bb dans un cadre viticole\u00a0: Domaine Val d'Iris, Seillans, 1er\u00a0ao\u00fbt\u00a02025 \u00e0 19\u00a0h Concert de grands classiques \u00e0 travers les \u00e2ges, avec un dinatoire l\u00e9ger (vin disponible \u00e9galement\u00a0!) Concert de grands classiques \u00e0 travers les \u00e2ges, avec un dinatoire l\u00e9ger (vin disponible \u00e9galement\u00a0!). Les solistes de l'Orchestre du Festival Musique-Cordiale\u2026","rel":"","context":"Article similaire","block_context":{"text":"Article similaire","link":""},"img":{"alt_text":"","src":"https:\/\/i0.wp.com\/www.musique-cordiale.com\/wp-content\/uploads\/2023\/05\/WhatsApp-Image-2023-01-20-at-14.57.35.jpeg?fit=1200%2C583&ssl=1&resize=350%2C200","width":350,"height":200,"srcset":"https:\/\/i0.wp.com\/www.musique-cordiale.com\/wp-content\/uploads\/2023\/05\/WhatsApp-Image-2023-01-20-at-14.57.35.jpeg?fit=1200%2C583&ssl=1&resize=350%2C200 1x, https:\/\/i0.wp.com\/www.musique-cordiale.com\/wp-content\/uploads\/2023\/05\/WhatsApp-Image-2023-01-20-at-14.57.35.jpeg?fit=1200%2C583&ssl=1&resize=525%2C300 1.5x, https:\/\/i0.wp.com\/www.musique-cordiale.com\/wp-content\/uploads\/2023\/05\/WhatsApp-Image-2023-01-20-at-14.57.35.jpeg?fit=1200%2C583&ssl=1&resize=700%2C400 2x, https:\/\/i0.wp.com\/www.musique-cordiale.com\/wp-content\/uploads\/2023\/05\/WhatsApp-Image-2023-01-20-at-14.57.35.jpeg?fit=1200%2C583&ssl=1&resize=1050%2C600 3x"},"classes":[]},{"id":20415,"url":"https:\/\/www.musique-cordiale.com\/fr\/boutique-billetterie\/billet-y-compris-diner-vin-et-musique-en-pleine-aire-chapelle-des-selves-seillans-lundi-30-juillet-2018-copy-2\/","url_meta":{"origin":39412,"position":2},"title":"Soir\u00e9e Musique, D\u00eener et Vin, en pleine aire","author":"Jonathan Barker","date":"20\/04\/2018","format":false,"excerpt":"Charlotte King, voix Rebecca Taylor, piano Martin Ludenbach, contrebasse Stephen Spender,\u00a0 singer-song-writer,\u00a0guitare et voix vin de Domaine Val d'Iris, Domaine de Meaulx et Domaine Grande Bastide Exclusivement sur r\u00e9servation pr\u00e9alable. PRIX REDUIT POUR LES AMIS DU FESTIVAL (r\u00e9servez avant le 10 juillet pour r\u00e9duction suppl\u00e9mentaire)","rel":"","context":"Article similaire","block_context":{"text":"Article similaire","link":""},"img":{"alt_text":"","src":"https:\/\/i0.wp.com\/www.musique-cordiale.com\/wp-content\/uploads\/2017\/09\/CQ4A0467-scaled.jpg?fit=1200%2C800&ssl=1&resize=350%2C200","width":350,"height":200,"srcset":"https:\/\/i0.wp.com\/www.musique-cordiale.com\/wp-content\/uploads\/2017\/09\/CQ4A0467-scaled.jpg?fit=1200%2C800&ssl=1&resize=350%2C200 1x, https:\/\/i0.wp.com\/www.musique-cordiale.com\/wp-content\/uploads\/2017\/09\/CQ4A0467-scaled.jpg?fit=1200%2C800&ssl=1&resize=525%2C300 1.5x, https:\/\/i0.wp.com\/www.musique-cordiale.com\/wp-content\/uploads\/2017\/09\/CQ4A0467-scaled.jpg?fit=1200%2C800&ssl=1&resize=700%2C400 2x, https:\/\/i0.wp.com\/www.musique-cordiale.com\/wp-content\/uploads\/2017\/09\/CQ4A0467-scaled.jpg?fit=1200%2C800&ssl=1&resize=1050%2C600 3x"},"classes":[]},{"id":44911,"url":"https:\/\/www.musique-cordiale.com\/fr\/boutique-billetterie\/concert-fund-raiser-to-launch-the-2024-festival\/","url_meta":{"origin":39412,"position":3},"title":"30 juillet 2024, 19h: Concert et &lsquo;SOIR\u00c9E MUSICALE&rsquo; pour lancer le Festival Musique-Cordiale 2024: Musique, Vin et d\u00e9licieux ap\u00e9ritif dinatoire","author":"Jonathan Barker","date":"31\/03\/2024","format":false,"excerpt":"Rebecca Hardwick, soprano | Aidan Coburn, t\u00e9nor | Rebecca Taylor, piano | Will Harris, violoncelle | James Heathcote, violoncelle | Les musiciens du Festival 2024 |Concert de Gala et D\u00eener dans le cadre champ\u00eatre du Domaine Val d\u2019Iris pour la pr\u00e9sentation de nos merveilleux artistes qui se produiront au cours\u2026","rel":"","context":"Article similaire","block_context":{"text":"Article similaire","link":""},"img":{"alt_text":"","src":"https:\/\/i0.wp.com\/www.musique-cordiale.com\/wp-content\/uploads\/2019\/03\/Van-dIris-concert-20140804_195100-scaled.jpg?fit=1200%2C675&ssl=1&resize=350%2C200","width":350,"height":200,"srcset":"https:\/\/i0.wp.com\/www.musique-cordiale.com\/wp-content\/uploads\/2019\/03\/Van-dIris-concert-20140804_195100-scaled.jpg?fit=1200%2C675&ssl=1&resize=350%2C200 1x, https:\/\/i0.wp.com\/www.musique-cordiale.com\/wp-content\/uploads\/2019\/03\/Van-dIris-concert-20140804_195100-scaled.jpg?fit=1200%2C675&ssl=1&resize=525%2C300 1.5x, https:\/\/i0.wp.com\/www.musique-cordiale.com\/wp-content\/uploads\/2019\/03\/Van-dIris-concert-20140804_195100-scaled.jpg?fit=1200%2C675&ssl=1&resize=700%2C400 2x, https:\/\/i0.wp.com\/www.musique-cordiale.com\/wp-content\/uploads\/2019\/03\/Van-dIris-concert-20140804_195100-scaled.jpg?fit=1200%2C675&ssl=1&resize=1050%2C600 3x"},"classes":[]},{"id":20414,"url":"https:\/\/www.musique-cordiale.com\/programme-tickets\/music-dinner-wine-evening-30-july-2018\/","url_meta":{"origin":39412,"position":4},"title":"Music, dinner and wine evening","author":"Jonathan Barker","date":"20\/04\/2018","format":false,"excerpt":"Charlotte King, voix Stephen Spender,\u00a0guitare et voix Rebecca Taylor, piano Martin Ludenbach, contrebasse vin de Domaine Val d'Iris, Domaine de Meaulx et Domaine Grande Bastide Exclusively by prior reservation. REDUCED PRICE FOR FRIENDS OF THE FESTIVAL (book before July 10 for additional Early Bird discount)","rel":"","context":"Article similaire","block_context":{"text":"Article similaire","link":""},"img":{"alt_text":"","src":"https:\/\/i0.wp.com\/www.musique-cordiale.com\/wp-content\/uploads\/2017\/09\/CQ4A0467-scaled.jpg?fit=1200%2C800&ssl=1&resize=350%2C200","width":350,"height":200,"srcset":"https:\/\/i0.wp.com\/www.musique-cordiale.com\/wp-content\/uploads\/2017\/09\/CQ4A0467-scaled.jpg?fit=1200%2C800&ssl=1&resize=350%2C200 1x, https:\/\/i0.wp.com\/www.musique-cordiale.com\/wp-content\/uploads\/2017\/09\/CQ4A0467-scaled.jpg?fit=1200%2C800&ssl=1&resize=525%2C300 1.5x, https:\/\/i0.wp.com\/www.musique-cordiale.com\/wp-content\/uploads\/2017\/09\/CQ4A0467-scaled.jpg?fit=1200%2C800&ssl=1&resize=700%2C400 2x, https:\/\/i0.wp.com\/www.musique-cordiale.com\/wp-content\/uploads\/2017\/09\/CQ4A0467-scaled.jpg?fit=1200%2C800&ssl=1&resize=1050%2C600 3x"},"classes":[]},{"id":23286,"url":"https:\/\/www.musique-cordiale.com\/programme-tickets\/ticket-soiree-musique-au-vignoble-12-august-2019-domaine-val-diris-seillans\/","url_meta":{"origin":39412,"position":5},"title":"TICKET: Soir\u00e9e Musique au Vignoble, (de 18h pour 19h),12 August 2019, Domaine Val d&rsquo;Iris, Seillans","author":"Jonathan Barker","date":"26\/03\/2019","format":false,"excerpt":"Lundi 12 a\u00f4ut 18.00 (pour 19h) Seillans\u00a0 Domaine Val d\u2019Iris\u00a0 \u00a0 \u00a0 \u00a0 \u00a0\u00a0 (y compris ap\u00e9ritifs et petit buffet l\u00e9ger) Soir\u00e9e Musique au Vignoble Toby Hession \u2013 piano, Isabel Pfefferkorn \u2013 voix 30\u20ac(Amis)\u00a0\/ 25\u20ac (choir only)\u00a0 50\u20ac (standard)\u00a0 special price of 40\u20ac ends 30 July\u00a0\u2013 uniquement sur reservation\u00a0R\u00e9servez t\u00f4t:\u2026","rel":"","context":"Article similaire","block_context":{"text":"Article similaire","link":""},"img":{"alt_text":"","src":"https:\/\/i0.wp.com\/www.musique-cordiale.com\/wp-content\/uploads\/2019\/03\/Van-dIris-concert-20140804_195100-scaled.jpg?fit=1200%2C675&ssl=1&resize=350%2C200","width":350,"height":200,"srcset":"https:\/\/i0.wp.com\/www.musique-cordiale.com\/wp-content\/uploads\/2019\/03\/Van-dIris-concert-20140804_195100-scaled.jpg?fit=1200%2C675&ssl=1&resize=350%2C200 1x, https:\/\/i0.wp.com\/www.musique-cordiale.com\/wp-content\/uploads\/2019\/03\/Van-dIris-concert-20140804_195100-scaled.jpg?fit=1200%2C675&ssl=1&resize=525%2C300 1.5x, https:\/\/i0.wp.com\/www.musique-cordiale.com\/wp-content\/uploads\/2019\/03\/Van-dIris-concert-20140804_195100-scaled.jpg?fit=1200%2C675&ssl=1&resize=700%2C400 2x, https:\/\/i0.wp.com\/www.musique-cordiale.com\/wp-content\/uploads\/2019\/03\/Van-dIris-concert-20140804_195100-scaled.jpg?fit=1200%2C675&ssl=1&resize=1050%2C600 3x"},"classes":[]}],"_links":{"self":[{"href":"https:\/\/www.musique-cordiale.com\/fr\/wp-json\/wp\/v2\/product\/39412","targetHints":{"allow":["GET"]}}],"collection":[{"href":"https:\/\/www.musique-cordiale.com\/fr\/wp-json\/wp\/v2\/product"}],"about":[{"href":"https:\/\/www.musique-cordiale.com\/fr\/wp-json\/wp\/v2\/types\/product"}],"wp:featuredmedia":[{"embeddable":true,"href":"https:\/\/www.musique-cordiale.com\/fr\/wp-json\/wp\/v2\/media\/39550"}],"wp:attachment":[{"href":"https:\/\/www.musique-cordiale.com\/fr\/wp-json\/wp\/v2\/media?parent=39412"}],"wp:term":[{"taxonomy":"product_brand","embeddable":true,"href":"https:\/\/www.musique-cordiale.com\/fr\/wp-json\/wp\/v2\/product_brand?post=39412"},{"taxonomy":"product_cat","embeddable":true,"href":"https:\/\/www.musique-cordiale.com\/fr\/wp-json\/wp\/v2\/product_cat?post=39412"},{"taxonomy":"product_tag","embeddable":true,"href":"https:\/\/www.musique-cordiale.com\/fr\/wp-json\/wp\/v2\/product_tag?post=39412"},{"taxonomy":"venue","embeddable":true,"href":"https:\/\/www.musique-cordiale.com\/fr\/wp-json\/wp\/v2\/venue?post=39412"}],"curies":[{"name":"wp","href":"https:\/\/api.w.org\/{rel}","templated":true}]}}