{"id":39441,"date":"2023-05-24T10:22:51","date_gmt":"2023-05-24T10:22:51","guid":{"rendered":"https:\/\/dev3.musique-cordiale.com\/programme-tickets\/ticket-saturday-12-august-2023-closing-festival-concert-handel-mozart-oratorios-mozart-coronation-mass-seillans-church\/"},"modified":"2023-08-12T16:57:29","modified_gmt":"2023-08-12T16:57:29","slug":"12-august-2023-closing-festival-concert-handel-mozart-oratorios-mozart-coronation-mass","status":"publish","type":"product","link":"https:\/\/www.musique-cordiale.com\/fr\/boutique-billetterie\/12-august-2023-closing-festival-concert-handel-mozart-oratorios-mozart-coronation-mass\/","title":{"rendered":"CONCERT de cl\u00f4ture du festival &#8211; Hymnes de Haendel et messe du couronnement de Mozart &#8211; avec ch\u0153ur, orchestre et solistes, 20h"},"content":{"rendered":"<p><span style=\"color: #800000;\"><strong>Saturday 12 August 2023<\/strong><\/span><br \/>\n<span style=\"color: #800000;\"><strong>\u00c9glise Saint L\u00e9ger, SEILLANS: 20h (8PM)<\/strong><\/span><\/p>\n<h4><strong>FESTIVAL 2023: Closing concert<\/strong><\/h4>\n<p><span style=\"color: #0000ff;\"><strong>Mozart &amp; Handel Oratorios, MOZART: MESSE DU COURONNEMENT<\/strong><\/span> \u00a0(second &amp; final 2023 Festival performance)<img data-recalc-dims=\"1\" loading=\"lazy\" decoding=\"async\" class=\"alignright size-medium wp-image-30677\" src=\"https:\/\/i0.wp.com\/www.musique-cordiale.com\/wp-content\/uploads\/2019\/12\/WhatsApp-Image-2019-12-17-at-15.08.10.jpeg?resize=194%2C300&#038;ssl=1\" alt=\"\" width=\"194\" height=\"300\" srcset=\"https:\/\/i0.wp.com\/www.musique-cordiale.com\/wp-content\/uploads\/2019\/12\/WhatsApp-Image-2019-12-17-at-15.08.10.jpeg?resize=194%2C300&amp;ssl=1 194w, https:\/\/i0.wp.com\/www.musique-cordiale.com\/wp-content\/uploads\/2019\/12\/WhatsApp-Image-2019-12-17-at-15.08.10.jpeg?resize=750%2C1155&amp;ssl=1 750w, https:\/\/i0.wp.com\/www.musique-cordiale.com\/wp-content\/uploads\/2019\/12\/WhatsApp-Image-2019-12-17-at-15.08.10.jpeg?resize=227%2C350&amp;ssl=1 227w, https:\/\/i0.wp.com\/www.musique-cordiale.com\/wp-content\/uploads\/2019\/12\/WhatsApp-Image-2019-12-17-at-15.08.10.jpeg?resize=768%2C1183&amp;ssl=1 768w, https:\/\/i0.wp.com\/www.musique-cordiale.com\/wp-content\/uploads\/2019\/12\/WhatsApp-Image-2019-12-17-at-15.08.10.jpeg?resize=997%2C1536&amp;ssl=1 997w, https:\/\/i0.wp.com\/www.musique-cordiale.com\/wp-content\/uploads\/2019\/12\/WhatsApp-Image-2019-12-17-at-15.08.10.jpeg?resize=1329%2C2048&amp;ssl=1 1329w, https:\/\/i0.wp.com\/www.musique-cordiale.com\/wp-content\/uploads\/2019\/12\/WhatsApp-Image-2019-12-17-at-15.08.10.jpeg?resize=600%2C924&amp;ssl=1 600w, https:\/\/i0.wp.com\/www.musique-cordiale.com\/wp-content\/uploads\/2019\/12\/WhatsApp-Image-2019-12-17-at-15.08.10.jpeg?w=940&amp;ssl=1 940w\" sizes=\"auto, (max-width: 194px) 100vw, 194px\" \/><\/p>\n<p>Concert de cl\u00f4ture | Mozart &#038; Handel Oratorios, MOZART: MESSE DU COURONNEMENT (deuxi\u00e8me et derni\u00e8re repr\u00e9sentation du Festival 2023) | <\/p>\n<p>Graham Ross dirige le Ch\u0153ur et l&rsquo;Orchestre du Festival avec des solistes dans une interpr\u00e9tation de la Messe du couronnement de Mozart en clin d&rsquo;\u0153il au roi Charles III r\u00e9cemment couronn\u00e9 de Grande-Bretagne. Ce dernier concert du Festival comprend \u00e9galement les hymnes du couronnement de Haendel et Ode pour l&rsquo;anniversaire de la reine Anne<\/p>\n<p>Graham Ross leads the Festival Choir and Orchestra with soloists in a rendition of Mozart&rsquo;s Coronation Mass as a nod to Britain&rsquo;s recently crowned King Charles III. This final Festival concert also includes Handel&rsquo;s Coronation Hymns and Ode for Queen Anne&rsquo;s Birthday.<\/p>\n<p><span style=\"color: #800000;\">G F HANDEL: Hymnes du couronnement<\/span><\/p>\n<p><span style=\"color: #800000;\">G F HANDEL: Ode for the birthday of Queen Anne<\/span><\/p>\n<p><em>interval<\/em><\/p>\n<p><span style=\"color: #800000;\">W MOZART: Coronation Mass<\/span><\/p>\n<p>Tickets:<br \/>\n\u20ac25 standard seats \/ \u20ac35 premium (front rows) \/ \u20ac30 gallery tickets<br \/>\naccompanying children free, reduction for people aged 80 and over \u20ac15 in standard seats<\/p>\n","protected":false},"excerpt":{"rendered":"<p><strong>EN<\/strong>: FESTIVAL 2023: Closing concert | <strong>Mozart &amp; Handel Oratorios, MOZART: MESSE DU COURONNEMENT<\/strong> \u00a0(second &amp; final 2023 Festival performance) | Graham Ross leads the Festival Choir and Orchestra with soloists in a rendition of Mozart&rsquo;s Coronation Mass as a nod to Britain&rsquo;s recently crowned King Charles III. This final Festival concert also includes Handel&rsquo;s Coronation Hymns and Ode for Queen Anne&rsquo;s Birthday.<br \/>\n<strong>FR: **Concert de cl\u00f4ture | Mozart &amp; Handel Oratorios, MOZART: MESSE DU COURONNEMENT<\/strong> (deuxi\u00e8me et derni\u00e8re repr\u00e9sentation du Festival 2023) | Graham Ross dirige le Ch\u0153ur et l&rsquo;Orchestre du Festival avec des solistes dans une interpr\u00e9tation de la Messe du couronnement de Mozart en clin d&rsquo;\u0153il au roi Charles III r\u00e9cemment couronn\u00e9 de Grande-Bretagne. Ce dernier concert du Festival comprend \u00e9galement les hymnes du couronnement de Haendel et Ode pour l&rsquo;anniversaire de la reine Anne<\/p>\n","protected":false},"featured_media":30690,"template":"","meta":{"_acf_changed":false,"_monsterinsights_skip_tracking":false,"_monsterinsights_sitenote_active":false,"_monsterinsights_sitenote_note":"","_monsterinsights_sitenote_category":0,"_uf_show_specific_survey":0,"_uf_disable_surveys":false,"advanced_seo_description":"","jetpack_seo_html_title":"","jetpack_seo_noindex":false},"product_brand":[],"product_cat":[275,390],"product_tag":[395,281],"venue":[145,222],"class_list":{"0":"post-39441","1":"product","2":"type-product","3":"status-publish","4":"has-post-thumbnail","6":"product_cat-billet-varies-fr","7":"product_cat-festival-2023-fr","8":"product_tag-concert-fr","9":"product_tag-ticket-fr","10":"venue-eglise-saint-leger","11":"venue-seillans","13":"first","14":"instock","15":"shipping-taxable","16":"product-type-variable"},"acf":[],"jetpack_sharing_enabled":true,"jetpack-related-posts":[{"id":39042,"url":"https:\/\/www.musique-cordiale.com\/programme-tickets\/12-august-2023-closing-festival-concert-handel-mozart-oratorios-mozart-coronation-mass\/","url_meta":{"origin":39441,"position":0},"title":"Closing Festival CONCERT &#8211; Handel Anthems &#038; Mozart Coronation Mass &#8211; with choir, orchestra &#038; soloists, 20h","author":"Jonathan Barker","date":"24\/05\/2023","format":false,"excerpt":"EN: FESTIVAL 2023: Closing concert | Mozart & Handel Oratorios, MOZART: MESSE DU COURONNEMENT \u00a0(second & final 2023 Festival performance) | Graham Ross leads the Festival Choir and Orchestra with soloists in a rendition of Mozart's Coronation Mass as a nod to Britain's recently crowned King Charles III. This final\u2026","rel":"","context":"Article similaire","block_context":{"text":"Article similaire","link":""},"img":{"alt_text":"","src":"https:\/\/i0.wp.com\/www.musique-cordiale.com\/wp-content\/uploads\/2019\/12\/WhatsApp-Image-2019-12-17-at-15.16.27.jpeg?fit=900%2C1200&ssl=1&resize=350%2C200","width":350,"height":200,"srcset":"https:\/\/i0.wp.com\/www.musique-cordiale.com\/wp-content\/uploads\/2019\/12\/WhatsApp-Image-2019-12-17-at-15.16.27.jpeg?fit=900%2C1200&ssl=1&resize=350%2C200 1x, https:\/\/i0.wp.com\/www.musique-cordiale.com\/wp-content\/uploads\/2019\/12\/WhatsApp-Image-2019-12-17-at-15.16.27.jpeg?fit=900%2C1200&ssl=1&resize=525%2C300 1.5x, https:\/\/i0.wp.com\/www.musique-cordiale.com\/wp-content\/uploads\/2019\/12\/WhatsApp-Image-2019-12-17-at-15.16.27.jpeg?fit=900%2C1200&ssl=1&resize=700%2C400 2x"},"classes":[]},{"id":39422,"url":"https:\/\/www.musique-cordiale.com\/fr\/boutique-billetterie\/10-august-2023-festival-concert-handel-mozart-oratorios-mozart-coronation-mass\/","url_meta":{"origin":39441,"position":1},"title":"CONCERT &#8211; premiere des hymns de Haendel et Mozart MESSE DU COURONNEMENT, avec choeur, orchestre et solistes, 20h","author":"Jonathan Barker","date":"24\/05\/2023","format":false,"excerpt":"FESTIVAL 2023: premiere performance | Mozart & Handel Oratorios, MOZART: MESSE DU COURONNEMENT\u00a0 (premiere 2023 Festival performance) | Graham Ross leads the Festival Choir and Orchestra with soloists in a rendition of Mozart's Coronation Mass as a nod to Britain's recently crowned King Charles III. This Festival concert also includes\u2026","rel":"","context":"Article similaire","block_context":{"text":"Article similaire","link":""},"img":{"alt_text":"","src":"https:\/\/i0.wp.com\/www.musique-cordiale.com\/wp-content\/uploads\/2023\/05\/WhatsApp-Image-2023-06-01-at-15.56.27-Callian-2016.jpg?fit=1200%2C675&ssl=1&resize=350%2C200","width":350,"height":200,"srcset":"https:\/\/i0.wp.com\/www.musique-cordiale.com\/wp-content\/uploads\/2023\/05\/WhatsApp-Image-2023-06-01-at-15.56.27-Callian-2016.jpg?fit=1200%2C675&ssl=1&resize=350%2C200 1x, https:\/\/i0.wp.com\/www.musique-cordiale.com\/wp-content\/uploads\/2023\/05\/WhatsApp-Image-2023-06-01-at-15.56.27-Callian-2016.jpg?fit=1200%2C675&ssl=1&resize=525%2C300 1.5x, https:\/\/i0.wp.com\/www.musique-cordiale.com\/wp-content\/uploads\/2023\/05\/WhatsApp-Image-2023-06-01-at-15.56.27-Callian-2016.jpg?fit=1200%2C675&ssl=1&resize=700%2C400 2x, https:\/\/i0.wp.com\/www.musique-cordiale.com\/wp-content\/uploads\/2023\/05\/WhatsApp-Image-2023-06-01-at-15.56.27-Callian-2016.jpg?fit=1200%2C675&ssl=1&resize=1050%2C600 3x"},"classes":[]},{"id":39074,"url":"https:\/\/www.musique-cordiale.com\/programme-tickets\/10-august-2023-festival-concert-handel-mozart-oratorios-mozart-coronation-mass\/","url_meta":{"origin":39441,"position":2},"title":"CONCERT &#8211; Handel Anthems &#038; Mozart Coronation Mass, with choir, orchestra &#038; soloists, 20h","author":"Jonathan Barker","date":"24\/05\/2023","format":false,"excerpt":"FESTIVAL 2023: premiere performance | Mozart & Handel Oratorios, MOZART: MESSE DU COURONNEMENT\u00a0 (premiere 2023 Festival performance) | Graham Ross leads the Festival Choir and Orchestra with soloists in a rendition of Mozart's Coronation Mass as a nod to Britain's recently crowned King Charles III. This Festival concert also includes\u2026","rel":"","context":"Article similaire","block_context":{"text":"Article similaire","link":""},"img":{"alt_text":"","src":"https:\/\/i0.wp.com\/www.musique-cordiale.com\/wp-content\/uploads\/2023\/05\/WhatsApp-Image-2023-06-01-at-15.56.27-Callian-2016.jpg?fit=1200%2C675&ssl=1&resize=350%2C200","width":350,"height":200,"srcset":"https:\/\/i0.wp.com\/www.musique-cordiale.com\/wp-content\/uploads\/2023\/05\/WhatsApp-Image-2023-06-01-at-15.56.27-Callian-2016.jpg?fit=1200%2C675&ssl=1&resize=350%2C200 1x, https:\/\/i0.wp.com\/www.musique-cordiale.com\/wp-content\/uploads\/2023\/05\/WhatsApp-Image-2023-06-01-at-15.56.27-Callian-2016.jpg?fit=1200%2C675&ssl=1&resize=525%2C300 1.5x, https:\/\/i0.wp.com\/www.musique-cordiale.com\/wp-content\/uploads\/2023\/05\/WhatsApp-Image-2023-06-01-at-15.56.27-Callian-2016.jpg?fit=1200%2C675&ssl=1&resize=700%2C400 2x, https:\/\/i0.wp.com\/www.musique-cordiale.com\/wp-content\/uploads\/2023\/05\/WhatsApp-Image-2023-06-01-at-15.56.27-Callian-2016.jpg?fit=1200%2C675&ssl=1&resize=1050%2C600 3x"},"classes":[]},{"id":23261,"url":"https:\/\/www.musique-cordiale.com\/fr\/boutique-billetterie\/concert-de-cloture-du-festival-oratorio-saul\/","url_meta":{"origin":39441,"position":3},"title":"BILLET: Concert de cl\u00f4ture du festival: Oratorio \u00abSAUL\u00bb de Haendel, Seillans, 17 ao\u00fbt 2019","author":"Jonathan Barker","date":"26\/03\/2019","format":false,"excerpt":"Samedi 17 a\u00f4ut 19.00 Eglise de Seillans\u00a0\u00a0\u00a0\u00a0\u00a0 25\u20ac\/ 30\u20ac (balcon) 40\u20ac (premium)\u00a0R\u00e9servez t\u00f4t: disponibilit\u00e9 limit\u00e9e! Concert d\u2019Oratorio \u2013 concert de cloture du festival Ch\u0153ur et l\u2019Orchestre du Festival avec solistes Direction: Graham Ross \u00ab Saul \u00bb de HAENDEL Emily Vine, Dima Bawab \u2013 soprano Julian Gregory, Michael Johnston \u2013\u00a0 tenor\u2026","rel":"","context":"Article similaire","block_context":{"text":"Article similaire","link":""},"img":{"alt_text":"","src":"https:\/\/i0.wp.com\/www.musique-cordiale.com\/wp-content\/uploads\/2011\/03\/2016-08-13-22.12.31-1-scaled.jpg?fit=1200%2C675&ssl=1&resize=350%2C200","width":350,"height":200,"srcset":"https:\/\/i0.wp.com\/www.musique-cordiale.com\/wp-content\/uploads\/2011\/03\/2016-08-13-22.12.31-1-scaled.jpg?fit=1200%2C675&ssl=1&resize=350%2C200 1x, https:\/\/i0.wp.com\/www.musique-cordiale.com\/wp-content\/uploads\/2011\/03\/2016-08-13-22.12.31-1-scaled.jpg?fit=1200%2C675&ssl=1&resize=525%2C300 1.5x, https:\/\/i0.wp.com\/www.musique-cordiale.com\/wp-content\/uploads\/2011\/03\/2016-08-13-22.12.31-1-scaled.jpg?fit=1200%2C675&ssl=1&resize=700%2C400 2x, https:\/\/i0.wp.com\/www.musique-cordiale.com\/wp-content\/uploads\/2011\/03\/2016-08-13-22.12.31-1-scaled.jpg?fit=1200%2C675&ssl=1&resize=1050%2C600 3x"},"classes":[]},{"id":48310,"url":"https:\/\/www.musique-cordiale.com\/fr\/boutique-billetterie\/haydn-la-creation-avec-choeur-orchestre-et-solistes-eglise-saint-leger-seillans-10-aout-2025-19-h\/","url_meta":{"origin":39441,"position":4},"title":"Haydn \u00ab \u00ab\u00a0LA CR\u00c9ATION\u00a0\u00bb \u00bb avec ch\u0153ur, orchestre et notre incroyable programmation de solistes vocaux\u00a0: Concert de cl\u00f4ture du Festival, \u00c9glise Saint-L\u00e9ger, SEILLANS, 9 ao\u00fbt 2025, 19 h","author":"Jonathan Barker","date":"09\/04\/2025","format":false,"excerpt":"Haydn \"The Creation\" with choir, orchestra & soloists: Church of St Leger, SEILLANS, 9 August 2025, 7PM Interpr\u00e8tes\u00a0: Maestro \u2013 Graham Ross Soprano \u2013 Rebecca Hardwick Mezzo-soprano \u2013 Hannah Dienes-Williams T\u00e9nor \u2013 Aidan Coburn Baryton \u2013 Patrick Alexander Keefe Avec le Ch\u0153ur et l'Orchestre du Festival Musique-Cordiale L'oratorio retentissant de\u2026","rel":"","context":"Article similaire","block_context":{"text":"Article similaire","link":""},"img":{"alt_text":"","src":"https:\/\/i0.wp.com\/www.musique-cordiale.com\/wp-content\/uploads\/2025\/04\/from-the-little-book-of-Paddy-Lovely.jpg?fit=1200%2C866&ssl=1&resize=350%2C200","width":350,"height":200,"srcset":"https:\/\/i0.wp.com\/www.musique-cordiale.com\/wp-content\/uploads\/2025\/04\/from-the-little-book-of-Paddy-Lovely.jpg?fit=1200%2C866&ssl=1&resize=350%2C200 1x, https:\/\/i0.wp.com\/www.musique-cordiale.com\/wp-content\/uploads\/2025\/04\/from-the-little-book-of-Paddy-Lovely.jpg?fit=1200%2C866&ssl=1&resize=525%2C300 1.5x, https:\/\/i0.wp.com\/www.musique-cordiale.com\/wp-content\/uploads\/2025\/04\/from-the-little-book-of-Paddy-Lovely.jpg?fit=1200%2C866&ssl=1&resize=700%2C400 2x, https:\/\/i0.wp.com\/www.musique-cordiale.com\/wp-content\/uploads\/2025\/04\/from-the-little-book-of-Paddy-Lovely.jpg?fit=1200%2C866&ssl=1&resize=1050%2C600 3x"},"classes":[]},{"id":23350,"url":"https:\/\/www.musique-cordiale.com\/programme-tickets\/ticket-first-oratorio-concert-handels-saul-callian-thursday-15-august-2019\/","url_meta":{"origin":39441,"position":5},"title":"TICKET: First Oratorio Concert: Handel&rsquo;s \u00ab\u00a0SAUL\u00a0\u00bb &#8211; (NOT Callian &#8211; relocated to SEILLANS), Thursday 15 August 2019","author":"Jonathan Barker","date":"27\/03\/2019","format":false,"excerpt":"Jeudi 15\u00a0ao\u00fbt 19.15 S'IL VOUS PLA\u00ceT NOTEZ: d\u00e9plac\u00e9 \u00e0 l'\u00e9glise de SEILLANS (re-located to Seillans, starting 15 mins later)\u00a0 \u00a0 \u00a0 \u00a025\u20ac \/ 35\u20ac(premium) Concert d\u2019Oratorio:\u00a0\u00ab Saul \u00bb de HAENDEL Ch\u0153ur et l\u2019Orchestre du Festival avec solistes Direction: Graham Ross Emily Vine, Dima Bawab \u2013 soprano Julian Gregory, Michael Johnston\u2026","rel":"","context":"Article similaire","block_context":{"text":"Article similaire","link":""},"img":{"alt_text":"","src":"https:\/\/i0.wp.com\/www.musique-cordiale.com\/wp-content\/uploads\/2011\/03\/2016-08-13-22.12.31-1-scaled.jpg?fit=1200%2C675&ssl=1&resize=350%2C200","width":350,"height":200,"srcset":"https:\/\/i0.wp.com\/www.musique-cordiale.com\/wp-content\/uploads\/2011\/03\/2016-08-13-22.12.31-1-scaled.jpg?fit=1200%2C675&ssl=1&resize=350%2C200 1x, https:\/\/i0.wp.com\/www.musique-cordiale.com\/wp-content\/uploads\/2011\/03\/2016-08-13-22.12.31-1-scaled.jpg?fit=1200%2C675&ssl=1&resize=525%2C300 1.5x, https:\/\/i0.wp.com\/www.musique-cordiale.com\/wp-content\/uploads\/2011\/03\/2016-08-13-22.12.31-1-scaled.jpg?fit=1200%2C675&ssl=1&resize=700%2C400 2x, https:\/\/i0.wp.com\/www.musique-cordiale.com\/wp-content\/uploads\/2011\/03\/2016-08-13-22.12.31-1-scaled.jpg?fit=1200%2C675&ssl=1&resize=1050%2C600 3x"},"classes":[]}],"_links":{"self":[{"href":"https:\/\/www.musique-cordiale.com\/fr\/wp-json\/wp\/v2\/product\/39441","targetHints":{"allow":["GET"]}}],"collection":[{"href":"https:\/\/www.musique-cordiale.com\/fr\/wp-json\/wp\/v2\/product"}],"about":[{"href":"https:\/\/www.musique-cordiale.com\/fr\/wp-json\/wp\/v2\/types\/product"}],"wp:featuredmedia":[{"embeddable":true,"href":"https:\/\/www.musique-cordiale.com\/fr\/wp-json\/wp\/v2\/media\/30690"}],"wp:attachment":[{"href":"https:\/\/www.musique-cordiale.com\/fr\/wp-json\/wp\/v2\/media?parent=39441"}],"wp:term":[{"taxonomy":"product_brand","embeddable":true,"href":"https:\/\/www.musique-cordiale.com\/fr\/wp-json\/wp\/v2\/product_brand?post=39441"},{"taxonomy":"product_cat","embeddable":true,"href":"https:\/\/www.musique-cordiale.com\/fr\/wp-json\/wp\/v2\/product_cat?post=39441"},{"taxonomy":"product_tag","embeddable":true,"href":"https:\/\/www.musique-cordiale.com\/fr\/wp-json\/wp\/v2\/product_tag?post=39441"},{"taxonomy":"venue","embeddable":true,"href":"https:\/\/www.musique-cordiale.com\/fr\/wp-json\/wp\/v2\/venue?post=39441"}],"curies":[{"name":"wp","href":"https:\/\/api.w.org\/{rel}","templated":true}]}}