{"id":42023,"date":"2023-07-19T18:58:23","date_gmt":"2023-07-19T19:02:17","guid":{"rendered":"https:\/\/www.musique-cordiale.com\/?post_type=product&#038;p=42023"},"modified":"2023-07-19T19:40:37","modified_gmt":"2023-07-19T19:40:37","slug":"soutenez-lequipe-tous-les-montants-sont-apprecies","status":"publish","type":"product","link":"https:\/\/www.musique-cordiale.com\/fr\/boutique-billetterie\/soutenez-lequipe-tous-les-montants-sont-apprecies\/","title":{"rendered":"Soutenez l&rsquo;\u00e9quipe ! (tous les montants sont appr\u00e9ci\u00e9s)\u00a0!"},"content":{"rendered":"<p><a href=\"https:\/\/www.musique-cordiale.com\/fr\/payer-musique-cordiale\/\" target=\"_blank\" rel=\"noopener\"><strong>Toute contribution\u00a0 (CLIQUER ICI) aide \u00e0 faire fonctionner le festival annuel et nos autres concerts et notre acad\u00e9mie \u00e9tudiante<\/strong><\/a> &#8211; car il s&rsquo;agit de beaucoup de travail b\u00e9n\u00e9vole tout au long de l&rsquo;ann\u00e9e. S&rsquo;il vous pla\u00eet soyez aussi g\u00e9n\u00e9reux que vous le pouvez. (PS We cab r\u00e9clame Gift Aid pour le rendre 25 % plus pr\u00e9cieux si vous \u00eates un contribuable britannique).<\/p>\n<p><strong><span class=\"HwtZe\" lang=\"fr\"><span class=\"jCAhz ChMk0b\"><span class=\"ryNqvb\">Seulement 5\u00a0\u00a3 ou 5\u00a0\u20ac de la part de toute personne qui appr\u00e9cie Musique-Cordiale peut faire la diff\u00e9rence\u00a0!<\/span><\/span><\/span><\/strong><\/p>\n","protected":false},"excerpt":{"rendered":"<p><strong>Toute contribution aide \u00e0 faire fonctionner le festival annuel et nos autres concerts et notre acad\u00e9mie \u00e9tudiante<\/strong> &#8211; car il s&rsquo;agit de beaucoup de travail b\u00e9n\u00e9vole tout au long de l&rsquo;ann\u00e9e. S&rsquo;il vous pla\u00eet soyez aussi g\u00e9n\u00e9reux que vous le pouvez. (PS We cab r\u00e9clame Gift Aid pour le rendre 25 % plus pr\u00e9cieux si vous \u00eates un contribuable britannique).\u00a0 <strong><span class=\"HwtZe\" lang=\"fr\"><span class=\"jCAhz ChMk0b\"><span class=\"ryNqvb\">Seulement 5\u00a0\u00a3 ou 5\u00a0\u20ac de la part de toute personne qui appr\u00e9cie Musique-Cordiale peut faire la diff\u00e9rence\u00a0!<\/span><\/span><\/span><\/strong><\/p>\n","protected":false},"featured_media":38429,"template":"","meta":{"_acf_changed":false,"_monsterinsights_skip_tracking":false,"_monsterinsights_sitenote_active":false,"_monsterinsights_sitenote_note":"","_monsterinsights_sitenote_category":0,"_uf_show_specific_survey":0,"_uf_disable_surveys":false,"advanced_seo_description":"","jetpack_seo_html_title":"","jetpack_seo_noindex":false},"product_brand":[],"product_cat":[127,258,225],"product_tag":[300],"venue":[344,420],"class_list":{"0":"post-42023","1":"product","2":"type-product","3":"status-publish","4":"has-post-thumbnail","6":"product_cat-devenez-adherent-ami-ou-mecene-paiement-en-euros","7":"product_cat-no-tickets","8":"product_cat-uncategorized-fr","9":"product_tag-soutenez","10":"venue-faversham","11":"venue-pays-de-fayence","13":"first","14":"instock","15":"shipping-taxable","16":"purchasable","17":"product-type-variable"},"acf":[],"jetpack_sharing_enabled":true,"jetpack-related-posts":[{"id":44911,"url":"https:\/\/www.musique-cordiale.com\/fr\/boutique-billetterie\/concert-fund-raiser-to-launch-the-2024-festival\/","url_meta":{"origin":42023,"position":0},"title":"30 juillet 2024, 19h: Concert et &lsquo;SOIR\u00c9E MUSICALE&rsquo; pour lancer le Festival Musique-Cordiale 2024: Musique, Vin et d\u00e9licieux ap\u00e9ritif dinatoire","author":"Jonathan Barker","date":"31\/03\/2024","format":false,"excerpt":"Rebecca Hardwick, soprano | Aidan Coburn, t\u00e9nor | Rebecca Taylor, piano | Will Harris, violoncelle | James Heathcote, violoncelle | Les musiciens du Festival 2024 |Concert de Gala et D\u00eener dans le cadre champ\u00eatre du Domaine Val d\u2019Iris pour la pr\u00e9sentation de nos merveilleux artistes qui se produiront au cours\u2026","rel":"","context":"Article similaire","block_context":{"text":"Article similaire","link":""},"img":{"alt_text":"","src":"https:\/\/i0.wp.com\/www.musique-cordiale.com\/wp-content\/uploads\/2019\/03\/Van-dIris-concert-20140804_195100-scaled.jpg?fit=1200%2C675&ssl=1&resize=350%2C200","width":350,"height":200,"srcset":"https:\/\/i0.wp.com\/www.musique-cordiale.com\/wp-content\/uploads\/2019\/03\/Van-dIris-concert-20140804_195100-scaled.jpg?fit=1200%2C675&ssl=1&resize=350%2C200 1x, https:\/\/i0.wp.com\/www.musique-cordiale.com\/wp-content\/uploads\/2019\/03\/Van-dIris-concert-20140804_195100-scaled.jpg?fit=1200%2C675&ssl=1&resize=525%2C300 1.5x, https:\/\/i0.wp.com\/www.musique-cordiale.com\/wp-content\/uploads\/2019\/03\/Van-dIris-concert-20140804_195100-scaled.jpg?fit=1200%2C675&ssl=1&resize=700%2C400 2x, https:\/\/i0.wp.com\/www.musique-cordiale.com\/wp-content\/uploads\/2019\/03\/Van-dIris-concert-20140804_195100-scaled.jpg?fit=1200%2C675&ssl=1&resize=1050%2C600 3x"},"classes":[]},{"id":23106,"url":"https:\/\/www.musique-cordiale.com\/fr\/boutique-billetterie\/billet-24-juillet-2018-collecte-de-fonds-annuelle-soiree-musicale-diner-fund-raising-evening\/","url_meta":{"origin":42023,"position":1},"title":"BILLET: 5 ao\u00fbt 2019 &#8211; Collecte de fonds annuelle, Soir\u00e9e Musicale, D\u00eener &#8211; Fund-raising evening","author":"Jonathan Barker","date":"25\/03\/2019","format":false,"excerpt":"19h (7PM), Moulin de la Camandoule, Fayence un \u00e9v\u00e9nement pr\u00e9-ouverture du Festival 2019 Ruth Harrison (fl\u00fbte), Colette Overdijk (violon), Ian Anderson (alto), Sophie Haynes (violoncelle) & Rebecca Taylor (piano) disponible uniquement sur r\u00e9servation \u00a0le Moulin de Camandoule, 83440, Fayence entre Seillans et Fayence","rel":"","context":"Article similaire","block_context":{"text":"Article similaire","link":""},"img":{"alt_text":"","src":"https:\/\/i0.wp.com\/www.musique-cordiale.com\/wp-content\/uploads\/2016\/05\/0242631178.jpg?fit=876%2C657&ssl=1&resize=350%2C200","width":350,"height":200,"srcset":"https:\/\/i0.wp.com\/www.musique-cordiale.com\/wp-content\/uploads\/2016\/05\/0242631178.jpg?fit=876%2C657&ssl=1&resize=350%2C200 1x, https:\/\/i0.wp.com\/www.musique-cordiale.com\/wp-content\/uploads\/2016\/05\/0242631178.jpg?fit=876%2C657&ssl=1&resize=525%2C300 1.5x, https:\/\/i0.wp.com\/www.musique-cordiale.com\/wp-content\/uploads\/2016\/05\/0242631178.jpg?fit=876%2C657&ssl=1&resize=700%2C400 2x"},"classes":[]},{"id":38914,"url":"https:\/\/www.musique-cordiale.com\/fr\/boutique-billetterie\/soiree-musicale-diner-de-gala-pre-festival-collecte-de-fonds\/","url_meta":{"origin":42023,"position":2},"title":"Ev\u00e9nement convivial pour lancer le festival 2023 &#8211; Soir\u00e9e Musicale, D\u00eener de gala &amp; Collecte de Fonds pre-festival &#8211; MAINTENANT FERM\u00c9","author":"Jonathan Barker","date":"17\/05\/2023","format":false,"excerpt":"19h30 (7:30 PM) Aidan Coburn (t\u00e9nor) Will Harris (violoncelle) & Rebecca Taylor (piano) ap\u00e9ritifs de 19h30 D\u00eener 20h REJOIGNEZ-NOUS pour cet \u00e9v\u00e9nement annuel populaire et m\u00e9morable pour LANCER LE FESTIVAL 2023 alors qu'il revient au Pays de Fayence cet \u00e9t\u00e9 pour sa 19\u00e8me \u00e9dition annuelle ! les prix apparaissent dans\u2026","rel":"","context":"Article similaire","block_context":{"text":"Article similaire","link":""},"img":{"alt_text":"","src":"https:\/\/i0.wp.com\/www.musique-cordiale.com\/wp-content\/uploads\/2017\/02\/dinner-and-music-2.jpg?fit=1200%2C900&ssl=1&resize=350%2C200","width":350,"height":200,"srcset":"https:\/\/i0.wp.com\/www.musique-cordiale.com\/wp-content\/uploads\/2017\/02\/dinner-and-music-2.jpg?fit=1200%2C900&ssl=1&resize=350%2C200 1x, https:\/\/i0.wp.com\/www.musique-cordiale.com\/wp-content\/uploads\/2017\/02\/dinner-and-music-2.jpg?fit=1200%2C900&ssl=1&resize=525%2C300 1.5x, https:\/\/i0.wp.com\/www.musique-cordiale.com\/wp-content\/uploads\/2017\/02\/dinner-and-music-2.jpg?fit=1200%2C900&ssl=1&resize=700%2C400 2x, https:\/\/i0.wp.com\/www.musique-cordiale.com\/wp-content\/uploads\/2017\/02\/dinner-and-music-2.jpg?fit=1200%2C900&ssl=1&resize=1050%2C600 3x"},"classes":[]},{"id":48426,"url":"https:\/\/www.musique-cordiale.com\/fr\/boutique-billetterie\/evenement-special-pre-festival-diner-de-collecte-de-fonds-exaltant-et-convivial-avec-musique-et-boissons-au-mas-des-romarins-dans-la-vallee-en-contrebas-de-fayence-le-29-juillet-2025\/","url_meta":{"origin":42023,"position":3},"title":"\u00c9v\u00e9nement sp\u00e9cial pr\u00e9-festival : SOIR\u00c9E DE GALA &#8211; d\u00eener de collecte de fonds exaltant et convivial avec musique et boissons &#8211; au Mas des Romarins, dans la vall\u00e9e en contrebas de Fayence, le 29 juillet 2025 : **EVENEMENT COMPLET : PLUS DE R\u00c9SERVATIONS S&rsquo;IL VOUS PLA\u00ceT","author":"Jonathan Barker","date":"17\/04\/2025","format":false,"excerpt":"***Maintenant COMPLET PLUS DE NOUVELLES R\u00c9SERVATIONS s'il vous pla\u00eet (mais les commandes en souffrance peuvent \u00eatre possibles plus pr\u00e8s de la date - UNIQUEMENT si nous avons des annulations ??) : VEUILLEZ PAYER SI VOUS AVEZ R\u00c9SERV\u00c9 !*** *** SOIR\u00c9E DE GALA AU PROFIT DE MUSIQUE-CORDIALE Voir PLUS DE D\u00c9TAILS\u2026","rel":"","context":"Article similaire","block_context":{"text":"Article similaire","link":""},"img":{"alt_text":"","src":"https:\/\/i0.wp.com\/www.musique-cordiale.com\/wp-content\/uploads\/2025\/04\/Image-2025-04-17-at-12.49.46_b5130be5-Mas-de-Romarins-2024.jpg?fit=1200%2C676&ssl=1&resize=350%2C200","width":350,"height":200,"srcset":"https:\/\/i0.wp.com\/www.musique-cordiale.com\/wp-content\/uploads\/2025\/04\/Image-2025-04-17-at-12.49.46_b5130be5-Mas-de-Romarins-2024.jpg?fit=1200%2C676&ssl=1&resize=350%2C200 1x, https:\/\/i0.wp.com\/www.musique-cordiale.com\/wp-content\/uploads\/2025\/04\/Image-2025-04-17-at-12.49.46_b5130be5-Mas-de-Romarins-2024.jpg?fit=1200%2C676&ssl=1&resize=525%2C300 1.5x, https:\/\/i0.wp.com\/www.musique-cordiale.com\/wp-content\/uploads\/2025\/04\/Image-2025-04-17-at-12.49.46_b5130be5-Mas-de-Romarins-2024.jpg?fit=1200%2C676&ssl=1&resize=700%2C400 2x, https:\/\/i0.wp.com\/www.musique-cordiale.com\/wp-content\/uploads\/2025\/04\/Image-2025-04-17-at-12.49.46_b5130be5-Mas-de-Romarins-2024.jpg?fit=1200%2C676&ssl=1&resize=1050%2C600 3x"},"classes":[]},{"id":20580,"url":"https:\/\/www.musique-cordiale.com\/fr\/boutique-billetterie\/forfait-8-billets-des-diner-veuillez-vous-inscrire-comme-membre-en-premier\/","url_meta":{"origin":42023,"position":4},"title":"FORFAIT CHOEUR: 8 billets des D\u00eener 3-11 ao\u00fbt 2018 (pour CHOEUR seulement)","author":"Jonathan Barker","date":"28\/04\/2018","format":false,"excerpt":"Des d\u00eeners sont pr\u00e9vus pour les chanteurs et les joueurs de la chorale ou de l'orchestre du Festival et pour leurs invit\u00e9s, pour les membres de l'\u00e9quipe de b\u00e9n\u00e9voles qui g\u00e8rent le festival et pour les membres du public qui souhaitent les rejoindre pour le d\u00eener. Ces repas du soir\u2026","rel":"","context":"Article similaire","block_context":{"text":"Article similaire","link":""},"img":{"alt_text":"","src":"","width":0,"height":0},"classes":[]},{"id":24062,"url":"https:\/\/www.musique-cordiale.com\/fr\/boutique-billetterie\/forfait-choeur-8-billets-des-diner-3-11-aout-2018-pour-choeur-seulement-copy\/","url_meta":{"origin":42023,"position":5},"title":"FORFAIT CHOEUR: 8 billets des D\u00eener 9-17 ao\u00fbt 2019 (pour CHOEUR seulement)","author":"Jonathan Barker","date":"29\/06\/2019","format":false,"excerpt":"Des d\u00eeners sont pr\u00e9vus pour les chanteurs et les joueurs de la chorale ou de l'orchestre du Festival et pour leurs invit\u00e9s, pour les membres de l'\u00e9quipe de b\u00e9n\u00e9voles qui g\u00e8rent le festival et pour les membres du public qui souhaitent les rejoindre pour le d\u00eener. Ces repas du soir\u2026","rel":"","context":"Article similaire","block_context":{"text":"Article similaire","link":""},"img":{"alt_text":"","src":"","width":0,"height":0},"classes":[]}],"_links":{"self":[{"href":"https:\/\/www.musique-cordiale.com\/fr\/wp-json\/wp\/v2\/product\/42023","targetHints":{"allow":["GET"]}}],"collection":[{"href":"https:\/\/www.musique-cordiale.com\/fr\/wp-json\/wp\/v2\/product"}],"about":[{"href":"https:\/\/www.musique-cordiale.com\/fr\/wp-json\/wp\/v2\/types\/product"}],"wp:featuredmedia":[{"embeddable":true,"href":"https:\/\/www.musique-cordiale.com\/fr\/wp-json\/wp\/v2\/media\/38429"}],"wp:attachment":[{"href":"https:\/\/www.musique-cordiale.com\/fr\/wp-json\/wp\/v2\/media?parent=42023"}],"wp:term":[{"taxonomy":"product_brand","embeddable":true,"href":"https:\/\/www.musique-cordiale.com\/fr\/wp-json\/wp\/v2\/product_brand?post=42023"},{"taxonomy":"product_cat","embeddable":true,"href":"https:\/\/www.musique-cordiale.com\/fr\/wp-json\/wp\/v2\/product_cat?post=42023"},{"taxonomy":"product_tag","embeddable":true,"href":"https:\/\/www.musique-cordiale.com\/fr\/wp-json\/wp\/v2\/product_tag?post=42023"},{"taxonomy":"venue","embeddable":true,"href":"https:\/\/www.musique-cordiale.com\/fr\/wp-json\/wp\/v2\/venue?post=42023"}],"curies":[{"name":"wp","href":"https:\/\/api.w.org\/{rel}","templated":true}]}}