{"id":44911,"date":"2024-03-31T12:06:13","date_gmt":"2024-03-31T12:25:14","guid":{"rendered":"https:\/\/www.musique-cordiale.com\/?post_type=product&#038;p=44911"},"modified":"2024-09-08T16:43:29","modified_gmt":"2024-09-08T16:43:29","slug":"concert-fund-raiser-to-launch-the-2024-festival","status":"publish","type":"product","link":"https:\/\/www.musique-cordiale.com\/fr\/boutique-billetterie\/concert-fund-raiser-to-launch-the-2024-festival\/","title":{"rendered":"30 juillet 2024, 19h: Concert et &lsquo;SOIR\u00c9E MUSICALE&rsquo; pour lancer le Festival Musique-Cordiale 2024: Musique, Vin et d\u00e9licieux ap\u00e9ritif dinatoire"},"content":{"rendered":"<p><img data-recalc-dims=\"1\" loading=\"lazy\" decoding=\"async\" class=\"alignright wp-image-46288\" src=\"https:\/\/i0.wp.com\/www.musique-cordiale.com\/wp-content\/uploads\/2024\/03\/Val-dIris-2024-07-11-at-13.12.41_7e66143d.jpg?resize=312%2C234&#038;ssl=1\" alt=\"\" width=\"312\" height=\"234\" srcset=\"https:\/\/i0.wp.com\/www.musique-cordiale.com\/wp-content\/uploads\/2024\/03\/Val-dIris-2024-07-11-at-13.12.41_7e66143d.jpg?w=1600&amp;ssl=1 1600w, https:\/\/i0.wp.com\/www.musique-cordiale.com\/wp-content\/uploads\/2024\/03\/Val-dIris-2024-07-11-at-13.12.41_7e66143d.jpg?resize=768%2C576&amp;ssl=1 768w, https:\/\/i0.wp.com\/www.musique-cordiale.com\/wp-content\/uploads\/2024\/03\/Val-dIris-2024-07-11-at-13.12.41_7e66143d.jpg?resize=1536%2C1152&amp;ssl=1 1536w, https:\/\/i0.wp.com\/www.musique-cordiale.com\/wp-content\/uploads\/2024\/03\/Val-dIris-2024-07-11-at-13.12.41_7e66143d.jpg?resize=750%2C563&amp;ssl=1 750w, https:\/\/i0.wp.com\/www.musique-cordiale.com\/wp-content\/uploads\/2024\/03\/Val-dIris-2024-07-11-at-13.12.41_7e66143d.jpg?w=1280&amp;ssl=1 1280w\" sizes=\"auto, (max-width: 312px) 100vw, 312px\" \/>Vous \u00eates invit\u00e9s \u00e0 cet <strong>\u00e9v\u00e9nement sp\u00e9cial d&rsquo;ouverture du 20\u00e8me festival annuel<\/strong> &#8211; <strong>une v\u00e9ritable (toute la soir\u00e9e) f\u00eate musicale<\/strong> au vignoble, Domaine Val d&rsquo;Iris, SEILLANS<\/p>\n<p><span class=\"HwtZe\" lang=\"fr\"><span class=\"jCAhz JxVs2d ChMk0b\"><span class=\"ryNqvb\"><a href=\"https:\/\/www.musique-cordiale.com\/wp-content\/uploads\/2024\/07\/Fundraiser-promo-FRENCH.pdf\" target=\"_blank\" rel=\"noopener\"><img data-recalc-dims=\"1\" loading=\"lazy\" decoding=\"async\" class=\"wp-image-46393 alignleft\" src=\"https:\/\/i0.wp.com\/www.musique-cordiale.com\/wp-content\/uploads\/2024\/07\/Fundraiser-promo-FRENCH.png?resize=201%2C285&#038;ssl=1\" alt=\"\" width=\"201\" height=\"285\" srcset=\"https:\/\/i0.wp.com\/www.musique-cordiale.com\/wp-content\/uploads\/2024\/07\/Fundraiser-promo-FRENCH.png?w=3307&amp;ssl=1 3307w, https:\/\/i0.wp.com\/www.musique-cordiale.com\/wp-content\/uploads\/2024\/07\/Fundraiser-promo-FRENCH.png?resize=768%2C1086&amp;ssl=1 768w, https:\/\/i0.wp.com\/www.musique-cordiale.com\/wp-content\/uploads\/2024\/07\/Fundraiser-promo-FRENCH.png?resize=1086%2C1536&amp;ssl=1 1086w, https:\/\/i0.wp.com\/www.musique-cordiale.com\/wp-content\/uploads\/2024\/07\/Fundraiser-promo-FRENCH.png?resize=1448%2C2048&amp;ssl=1 1448w, https:\/\/i0.wp.com\/www.musique-cordiale.com\/wp-content\/uploads\/2024\/07\/Fundraiser-promo-FRENCH.png?resize=750%2C1061&amp;ssl=1 750w, https:\/\/i0.wp.com\/www.musique-cordiale.com\/wp-content\/uploads\/2024\/07\/Fundraiser-promo-FRENCH.png?w=1280&amp;ssl=1 1280w, https:\/\/i0.wp.com\/www.musique-cordiale.com\/wp-content\/uploads\/2024\/07\/Fundraiser-promo-FRENCH.png?w=1920&amp;ssl=1 1920w\" sizes=\"auto, (max-width: 201px) 100vw, 201px\" \/><\/a>La soir\u00e9e d&rsquo;ouverture du 30 juillet est particuli\u00e8re et vitale pour nous&#8230; <\/span><\/span><\/span><\/p>\n<ul>\n<li><span class=\"HwtZe\" lang=\"fr\"><span class=\"jCAhz JxVs2d ChMk0b\"><span class=\"ryNqvb\">parce que cela nous donne l&rsquo;opportunit\u00e9 d&rsquo;accueillir de vieux amis et supporters&#8230; <\/span><\/span><\/span><\/li>\n<li><span class=\"HwtZe\" lang=\"fr\"><span class=\"jCAhz JxVs2d ChMk0b\"><span class=\"ryNqvb\">mais aussi parce que, en plus du vin d\u00e9licieux, de la musique et de la nourriture, c&rsquo;est notre seule opportunit\u00e9 d&rsquo;attirer des fonds essentiels, sans lesquels le festival ne peut avoir lieu.<\/span><\/span> <span class=\"jCAhz JxVs2d ChMk0b\"><span class=\"ryNqvb\">Nous avons tellement de frais tout au long de l&rsquo;ann\u00e9e que nous n&rsquo;avons aucune possibilit\u00e9 de vendre des billets.<\/span><\/span> <span class=\"jCAhz JxVs2d ChMk0b\"><span class=\"ryNqvb\">Et l\u2019ann\u00e9e derni\u00e8re, peut-\u00eatre parce que les gens n\u2019emportent plus beaucoup d\u2019argent liquide, nous avons eu un revenu consid\u00e9rablement r\u00e9duit gr\u00e2ce aux dons lors de nos concerts gratuits.<\/span><\/span> <span class=\"jCAhz JxVs2d\"><span class=\"ryNqvb\">|<\/span><\/span><\/span><\/li>\n<li>Donc&#8230; Contrairement \u00e0 d&rsquo;autres concerts en soir\u00e9e, le <strong>but est \u00e0 la fois de divertir avec de la belle musique ET de collecter des fonds vitaux pour soutenir les \u00e9normes d\u00e9penses engag\u00e9es tout au long de l&rsquo;ann\u00e9e pour organiser et g\u00e9rer le festival &#8211; et le maintenir ! Voici votre chance de vous sentir bien ! Une f\u00eate musicale amusante et anim\u00e9e entre amis et personnes qui soutiennent l&rsquo;id\u00e9e de la bonne musique dans une ambiance agr\u00e9able &#8211; et en profitant d&rsquo;une FUN PARTY !<\/strong><\/li>\n<\/ul>\n<p><img data-recalc-dims=\"1\" loading=\"lazy\" decoding=\"async\" class=\"wp-image-6080 alignright\" src=\"https:\/\/i0.wp.com\/www.musique-cordiale.com\/wp-content\/uploads\/2015\/05\/music-cart-small-dreamstime_s_13291153.jpg?resize=75%2C75&#038;ssl=1\" alt=\"\" width=\"75\" height=\"75\" srcset=\"https:\/\/i0.wp.com\/www.musique-cordiale.com\/wp-content\/uploads\/2015\/05\/music-cart-small-dreamstime_s_13291153.jpg?w=800&amp;ssl=1 800w, https:\/\/i0.wp.com\/www.musique-cordiale.com\/wp-content\/uploads\/2015\/05\/music-cart-small-dreamstime_s_13291153.jpg?resize=600%2C600&amp;ssl=1 600w, https:\/\/i0.wp.com\/www.musique-cordiale.com\/wp-content\/uploads\/2015\/05\/music-cart-small-dreamstime_s_13291153.jpg?resize=100%2C100&amp;ssl=1 100w, https:\/\/i0.wp.com\/www.musique-cordiale.com\/wp-content\/uploads\/2015\/05\/music-cart-small-dreamstime_s_13291153.jpg?resize=750%2C750&amp;ssl=1 750w, https:\/\/i0.wp.com\/www.musique-cordiale.com\/wp-content\/uploads\/2015\/05\/music-cart-small-dreamstime_s_13291153.jpg?resize=150%2C150&amp;ssl=1 150w, https:\/\/i0.wp.com\/www.musique-cordiale.com\/wp-content\/uploads\/2015\/05\/music-cart-small-dreamstime_s_13291153.jpg?resize=300%2C300&amp;ssl=1 300w, https:\/\/i0.wp.com\/www.musique-cordiale.com\/wp-content\/uploads\/2015\/05\/music-cart-small-dreamstime_s_13291153.jpg?resize=350%2C350&amp;ssl=1 350w, https:\/\/i0.wp.com\/www.musique-cordiale.com\/wp-content\/uploads\/2015\/05\/music-cart-small-dreamstime_s_13291153.jpg?resize=280%2C280&amp;ssl=1 280w, https:\/\/i0.wp.com\/www.musique-cordiale.com\/wp-content\/uploads\/2015\/05\/music-cart-small-dreamstime_s_13291153.jpg?resize=560%2C560&amp;ssl=1 560w\" sizes=\"auto, (max-width: 75px) 100vw, 75px\" \/><strong>NOUS AVONS D\u00c9SP\u00c9R\u00c9MENT BESOIN DE VOTRE AIDE CETTE ANN\u00c9E !<\/strong> Ainsi, uniquement pour cet \u00e9v\u00e9nement, les prix sont particuli\u00e8rement \u00e9lev\u00e9s pour l&rsquo;occasion &#8211; avec des prix minimum et sugg\u00e9r\u00e9s.\u00a0 Il y aura \u00e9galement une tombola. Ce sera une soir\u00e9e d\u00e9licieuse et vari\u00e9e avec de la musique, du vin et de la nourriture excellentes et nous esp\u00e9rons que ceux qui aiment le festival le soutiendront pleinement.<\/p>\n<figure id=\"attachment_4673\" aria-describedby=\"caption-attachment-4673\" style=\"width: 300px\" class=\"wp-caption alignright\"><img data-recalc-dims=\"1\" loading=\"lazy\" decoding=\"async\" class=\"size-medium wp-image-4673\" src=\"https:\/\/i0.wp.com\/www.musique-cordiale.com\/wp-content\/uploads\/2014\/11\/Van-dIris-concert-20140804_195100.jpg?resize=300%2C168&#038;ssl=1\" alt=\"\" width=\"300\" height=\"168\" srcset=\"https:\/\/i0.wp.com\/www.musique-cordiale.com\/wp-content\/uploads\/2014\/11\/Van-dIris-concert-20140804_195100-scaled.jpg?resize=300%2C168&amp;ssl=1 300w, https:\/\/i0.wp.com\/www.musique-cordiale.com\/wp-content\/uploads\/2014\/11\/Van-dIris-concert-20140804_195100-scaled.jpg?resize=750%2C422&amp;ssl=1 750w, https:\/\/i0.wp.com\/www.musique-cordiale.com\/wp-content\/uploads\/2014\/11\/Van-dIris-concert-20140804_195100-scaled.jpg?resize=622%2C350&amp;ssl=1 622w, https:\/\/i0.wp.com\/www.musique-cordiale.com\/wp-content\/uploads\/2014\/11\/Van-dIris-concert-20140804_195100-scaled.jpg?w=1280&amp;ssl=1 1280w, https:\/\/i0.wp.com\/www.musique-cordiale.com\/wp-content\/uploads\/2014\/11\/Van-dIris-concert-20140804_195100-scaled.jpg?w=1920&amp;ssl=1 1920w\" sizes=\"auto, (max-width: 300px) 100vw, 300px\" \/><figcaption id=\"caption-attachment-4673\" class=\"wp-caption-text\">Musique et Vin<\/figcaption><\/figure>\n<p><em>Sur r\u00e9servation pr\u00e9alable uniquement, pas de r\u00e9duction pour les enfants ou les plus de 80 ans (JUSTEMENT pour cet \u00e9v\u00e9nement). REMARQUE : le prix du billet comprend la musique, un verre de ros\u00e9 de bienvenue et un d\u00e9licieux d\u00eener buffet avec vin. Des vins suppl\u00e9mentaires sont disponibles \u00e0 l\u2019achat \u00e0 la bouteille. <strong>MERCI POUR VOTRE SOUTIEN\u00a0!<\/strong><br \/>\n<\/em><\/p>\n<p>Les d\u00e9tails du <strong>d\u00e9licieux programme musical<\/strong> \u00e0 suivre: |<\/p>\n<p>Rebecca Hardwick, <em>soprano<\/em><br \/>\nAidan Coburn, <em>t\u00e9nor<\/em><br \/>\nRebecca Taylor, <em>piano<\/em><br \/>\nWill Harris, <em>violoncelle<\/em><br \/>\nJames Heathcote, <em>violoncelle<\/em><br \/>\nLes musiciens du Festival 2024<\/p>\n<p>(<strong>S&rsquo;il vous pla\u00eet soyez g\u00e9n\u00e9reux\u00a0: rappelez-vous que, exceptionnellement, il s&rsquo;agit de notre collecte de fonds vitale pour rendre la Musique Cordiale possible &#8211; pas seulement un concert r\u00e9gulier<\/strong>)<\/p>\n<p>***\u00a0Consultez les prix minimum et sugg\u00e9r\u00e9s, mais nous vous invitons \u00e0 NOMMER VOTRE PRIX PLUS \u00c9LEV\u00c9 si vous le pouvez &#8211; et si vous vous sentez g\u00e9n\u00e9reux\u00a0! ***<\/p>\n","protected":false},"excerpt":{"rendered":"<p>Rebecca Hardwick, soprano |<br \/>\nAidan Coburn, t\u00e9nor |<br \/>\nRebecca Taylor, piano |<br \/>\nWill Harris, violoncelle |<br \/>\nJames Heathcote, violoncelle |<br \/>\nLes musiciens du Festival 2024 |Concert de Gala et D\u00eener dans le cadre champ\u00eatre du Domaine Val d\u2019Iris pour la pr\u00e9sentation<br \/>\nde nos merveilleux artistes qui se produiront au cours du festival.<br \/>\n~<br \/>\nConcert en plein air, d\u2019un d\u00eener et de vins s\u00e9lectionn\u00e9s par Anne Silberzahn, propri\u00e9taire<br \/>\nexploitante du Val d\u2019Iris. Les crus du domaine sont \u00e9galement disponibles \u00e0 l\u2019achat.<br \/>\n~<br \/>\nUne occasion unique de rencontrer nos artistes, de d\u00e9guster du bon vin tout en \u00e9coutant de la<br \/>\nmusique interpr\u00e9t\u00e9e par de talentueux musiciens et de soutenir le festival |<\/p>\n<p>un concert-d\u00eener d&rsquo;ouverture sp\u00e9cial toute la soir\u00e9e, v\u00e9ritable f\u00eate musicale, pour la 20\u00e8me \u00e9dition du festival &#8211; au vignoble, Domaine Val d&rsquo;Iris, SEILLANS |<\/p>\n<p>La soir\u00e9e d&rsquo;ouverture du 30 juillet est particuli\u00e8re et vitale pour Musique-Cordiale&#8230; |<\/p>\n<p>pour accueillir de vieux amis et supporters&#8230; |<br \/>\nen plus du vin d\u00e9licieux, de la musique et de la nourriture, c\u2019est notre seule opportunit\u00e9 d\u2019attirer des fonds essentiels, sans lesquels le festival ne peut avoir lieu. |<br \/>\nOBJECTIF \u00c0 LA FOIS divertir avec de la belle musique ET collecter des fonds vitaux pour soutenir les \u00e9normes d\u00e9penses tout au long de l&rsquo;ann\u00e9e li\u00e9es \u00e0 l&rsquo;organisation et \u00e0 la gestion du festival &#8211; et \u00e0 sa poursuite ! Voici votre chance de vous sentir bien\u00a0! |<br \/>\nUne f\u00eate musicale amusante et anim\u00e9e entre amis qui d\u00e9fendent l&rsquo;id\u00e9e d&rsquo;une musique m\u00e9morable dans une ambiance magique ! |<\/p>\n<p> MERCI POUR VOTRE SOUTIEN! |<\/p>\n<p>&nbsp;<\/p>\n<p>*** Voir les prix minimum et sugg\u00e9r\u00e9s, mais vous POUVEZ NOMMER VOTRE PRIX PLUS \u00c9LEV\u00c9 si vous vous sentez g\u00e9n\u00e9reux\u00a0! *** |<\/p>\n","protected":false},"featured_media":23598,"template":"","meta":{"_acf_changed":false,"_monsterinsights_skip_tracking":false,"_monsterinsights_sitenote_active":false,"_monsterinsights_sitenote_note":"","_monsterinsights_sitenote_category":0,"_uf_show_specific_survey":0,"_uf_disable_surveys":false,"advanced_seo_description":"","jetpack_seo_html_title":"","jetpack_seo_noindex":false},"product_brand":[],"product_cat":[261,275,447],"product_tag":[395,473,472],"venue":[279,222],"class_list":{"0":"post-44911","1":"product","2":"type-product","3":"status-publish","4":"has-post-thumbnail","6":"product_cat-billet-diner","7":"product_cat-billet-varies-fr","8":"product_cat-festival-2024-fr","9":"product_tag-concert-fr","10":"product_tag-diner-fr","11":"product_tag-levee-de-fonds","12":"venue-domaine-val-diris","13":"venue-seillans","15":"first","16":"instock","17":"shipping-taxable","18":"product-type-variable"},"acf":[],"jetpack_sharing_enabled":true,"jetpack-related-posts":[{"id":40953,"url":"https:\/\/www.musique-cordiale.com\/fr\/boutique-billetterie\/season-pass-festival-2023standard-excludes-val-diris\/","url_meta":{"origin":44911,"position":0},"title":"Forfaits saison, concerts du soir 2023","author":"Jonathan Barker","date":"13\/06\/2023","format":false,"excerpt":"A standard SEASON PASS\u00a0 for the 2023 Festival offers entry to all Festival concerts (EXCEPT THE concert at the Domaine Val d'Iris on 9 August or the pre-festival Soir\u00e9e Musicale et Gala Dinner \/ Fund-raiser on 26 July, for which separate reservation is required). STANDARD SEATING ONLY\u00a0 \u20ac125 | A\u2026","rel":"","context":"Article similaire","block_context":{"text":"Article similaire","link":""},"img":{"alt_text":"","src":"https:\/\/i0.wp.com\/www.musique-cordiale.com\/wp-content\/uploads\/2023\/05\/WhatsApp-Image-2022-02-27-at-14.50.10.jpeg?fit=1200%2C675&ssl=1&resize=350%2C200","width":350,"height":200,"srcset":"https:\/\/i0.wp.com\/www.musique-cordiale.com\/wp-content\/uploads\/2023\/05\/WhatsApp-Image-2022-02-27-at-14.50.10.jpeg?fit=1200%2C675&ssl=1&resize=350%2C200 1x, https:\/\/i0.wp.com\/www.musique-cordiale.com\/wp-content\/uploads\/2023\/05\/WhatsApp-Image-2022-02-27-at-14.50.10.jpeg?fit=1200%2C675&ssl=1&resize=525%2C300 1.5x, https:\/\/i0.wp.com\/www.musique-cordiale.com\/wp-content\/uploads\/2023\/05\/WhatsApp-Image-2022-02-27-at-14.50.10.jpeg?fit=1200%2C675&ssl=1&resize=700%2C400 2x, https:\/\/i0.wp.com\/www.musique-cordiale.com\/wp-content\/uploads\/2023\/05\/WhatsApp-Image-2022-02-27-at-14.50.10.jpeg?fit=1200%2C675&ssl=1&resize=1050%2C600 3x"},"classes":[]},{"id":20415,"url":"https:\/\/www.musique-cordiale.com\/fr\/boutique-billetterie\/billet-y-compris-diner-vin-et-musique-en-pleine-aire-chapelle-des-selves-seillans-lundi-30-juillet-2018-copy-2\/","url_meta":{"origin":44911,"position":1},"title":"Soir\u00e9e Musique, D\u00eener et Vin, en pleine aire","author":"Jonathan Barker","date":"20\/04\/2018","format":false,"excerpt":"Charlotte King, voix Rebecca Taylor, piano Martin Ludenbach, contrebasse Stephen Spender,\u00a0 singer-song-writer,\u00a0guitare et voix vin de Domaine Val d'Iris, Domaine de Meaulx et Domaine Grande Bastide Exclusivement sur r\u00e9servation pr\u00e9alable. PRIX REDUIT POUR LES AMIS DU FESTIVAL (r\u00e9servez avant le 10 juillet pour r\u00e9duction suppl\u00e9mentaire)","rel":"","context":"Article similaire","block_context":{"text":"Article similaire","link":""},"img":{"alt_text":"","src":"https:\/\/i0.wp.com\/www.musique-cordiale.com\/wp-content\/uploads\/2017\/09\/CQ4A0467-scaled.jpg?fit=1200%2C800&ssl=1&resize=350%2C200","width":350,"height":200,"srcset":"https:\/\/i0.wp.com\/www.musique-cordiale.com\/wp-content\/uploads\/2017\/09\/CQ4A0467-scaled.jpg?fit=1200%2C800&ssl=1&resize=350%2C200 1x, https:\/\/i0.wp.com\/www.musique-cordiale.com\/wp-content\/uploads\/2017\/09\/CQ4A0467-scaled.jpg?fit=1200%2C800&ssl=1&resize=525%2C300 1.5x, https:\/\/i0.wp.com\/www.musique-cordiale.com\/wp-content\/uploads\/2017\/09\/CQ4A0467-scaled.jpg?fit=1200%2C800&ssl=1&resize=700%2C400 2x, https:\/\/i0.wp.com\/www.musique-cordiale.com\/wp-content\/uploads\/2017\/09\/CQ4A0467-scaled.jpg?fit=1200%2C800&ssl=1&resize=1050%2C600 3x"},"classes":[]},{"id":44971,"url":"https:\/\/www.musique-cordiale.com\/fr\/boutique-billetterie\/forfaits-saison-concerts-du-soir-2023-copy\/","url_meta":{"origin":44911,"position":2},"title":"PASS SAISON, Festival 2025 &#8211; concerts et \u00e9v\u00e9nements en soir\u00e9e (sauf 29 juillet, 1er ao\u00fbt) &#8211; choix entre options PREMIUM ou STANDARD","author":"Jonathan Barker","date":"31\/03\/2024","format":false,"excerpt":"Un PAS SAISON standard pour le Festival 2025 offre l'entr\u00e9e \u00e0 tous les concerts du Festival (SAUF le concert\/la collecte de fonds\/le d\u00eener de gala\/l'ap\u00e9ritif au Mas de Romarains le 29 juillet et le concert\/le d\u00eener\/le d\u00eener au Domaine Val d'Iris le 1er ao\u00fbt 2025 pour lesquels une r\u00e9servation s\u00e9par\u00e9e\u2026","rel":"","context":"Article similaire","block_context":{"text":"Article similaire","link":""},"img":{"alt_text":"","src":"https:\/\/i0.wp.com\/www.musique-cordiale.com\/wp-content\/uploads\/2023\/05\/WhatsApp-Image-2022-02-27-at-14.50.10.jpeg?fit=1200%2C675&ssl=1&resize=350%2C200","width":350,"height":200,"srcset":"https:\/\/i0.wp.com\/www.musique-cordiale.com\/wp-content\/uploads\/2023\/05\/WhatsApp-Image-2022-02-27-at-14.50.10.jpeg?fit=1200%2C675&ssl=1&resize=350%2C200 1x, https:\/\/i0.wp.com\/www.musique-cordiale.com\/wp-content\/uploads\/2023\/05\/WhatsApp-Image-2022-02-27-at-14.50.10.jpeg?fit=1200%2C675&ssl=1&resize=525%2C300 1.5x, https:\/\/i0.wp.com\/www.musique-cordiale.com\/wp-content\/uploads\/2023\/05\/WhatsApp-Image-2022-02-27-at-14.50.10.jpeg?fit=1200%2C675&ssl=1&resize=700%2C400 2x, https:\/\/i0.wp.com\/www.musique-cordiale.com\/wp-content\/uploads\/2023\/05\/WhatsApp-Image-2022-02-27-at-14.50.10.jpeg?fit=1200%2C675&ssl=1&resize=1050%2C600 3x"},"classes":[]},{"id":39412,"url":"https:\/\/www.musique-cordiale.com\/fr\/boutique-billetterie\/9-august-2023-soiree-opera-musique-vin-au-domaine-viticole\/","url_meta":{"origin":44911,"position":3},"title":"SOIR\u00c9E OP\u00c9RA MUSIQUE &#038; VIN AU DOMAINE VITICOLE, Domaine Val-d\u2019Iris, 21h","author":"Jonathan Barker","date":"25\/05\/2023","format":false,"excerpt":"SOIR\u00c9E OP\u00c9RA: MUSIQUE & VIN AU DOMAINE VITICOLE | interpr\u00e8tent des airs semi-sc\u00e9niques d'op\u00e9ras tr\u00e8s appr\u00e9ci\u00e9s dans le cadre ext\u00e9rieur pittoresque du Domaine Viticole Val D'Iris","rel":"","context":"Article similaire","block_context":{"text":"Article similaire","link":""},"img":{"alt_text":"","src":"https:\/\/i0.wp.com\/www.musique-cordiale.com\/wp-content\/uploads\/2023\/05\/WhatsApp-Image-2023-01-20-at-14.57.35.jpeg?fit=1200%2C583&ssl=1&resize=350%2C200","width":350,"height":200,"srcset":"https:\/\/i0.wp.com\/www.musique-cordiale.com\/wp-content\/uploads\/2023\/05\/WhatsApp-Image-2023-01-20-at-14.57.35.jpeg?fit=1200%2C583&ssl=1&resize=350%2C200 1x, https:\/\/i0.wp.com\/www.musique-cordiale.com\/wp-content\/uploads\/2023\/05\/WhatsApp-Image-2023-01-20-at-14.57.35.jpeg?fit=1200%2C583&ssl=1&resize=525%2C300 1.5x, https:\/\/i0.wp.com\/www.musique-cordiale.com\/wp-content\/uploads\/2023\/05\/WhatsApp-Image-2023-01-20-at-14.57.35.jpeg?fit=1200%2C583&ssl=1&resize=700%2C400 2x, https:\/\/i0.wp.com\/www.musique-cordiale.com\/wp-content\/uploads\/2023\/05\/WhatsApp-Image-2023-01-20-at-14.57.35.jpeg?fit=1200%2C583&ssl=1&resize=1050%2C600 3x"},"classes":[]},{"id":23106,"url":"https:\/\/www.musique-cordiale.com\/fr\/boutique-billetterie\/billet-24-juillet-2018-collecte-de-fonds-annuelle-soiree-musicale-diner-fund-raising-evening\/","url_meta":{"origin":44911,"position":4},"title":"BILLET: 5 ao\u00fbt 2019 &#8211; Collecte de fonds annuelle, Soir\u00e9e Musicale, D\u00eener &#8211; Fund-raising evening","author":"Jonathan Barker","date":"25\/03\/2019","format":false,"excerpt":"19h (7PM), Moulin de la Camandoule, Fayence un \u00e9v\u00e9nement pr\u00e9-ouverture du Festival 2019 Ruth Harrison (fl\u00fbte), Colette Overdijk (violon), Ian Anderson (alto), Sophie Haynes (violoncelle) & Rebecca Taylor (piano) disponible uniquement sur r\u00e9servation \u00a0le Moulin de Camandoule, 83440, Fayence entre Seillans et Fayence","rel":"","context":"Article similaire","block_context":{"text":"Article similaire","link":""},"img":{"alt_text":"","src":"https:\/\/i0.wp.com\/www.musique-cordiale.com\/wp-content\/uploads\/2016\/05\/0242631178.jpg?fit=876%2C657&ssl=1&resize=350%2C200","width":350,"height":200,"srcset":"https:\/\/i0.wp.com\/www.musique-cordiale.com\/wp-content\/uploads\/2016\/05\/0242631178.jpg?fit=876%2C657&ssl=1&resize=350%2C200 1x, https:\/\/i0.wp.com\/www.musique-cordiale.com\/wp-content\/uploads\/2016\/05\/0242631178.jpg?fit=876%2C657&ssl=1&resize=525%2C300 1.5x, https:\/\/i0.wp.com\/www.musique-cordiale.com\/wp-content\/uploads\/2016\/05\/0242631178.jpg?fit=876%2C657&ssl=1&resize=700%2C400 2x"},"classes":[]},{"id":39199,"url":"https:\/\/www.musique-cordiale.com\/programme-tickets\/9-august-2023-soiree-opera-musique-vin-au-domaine-viticole\/","url_meta":{"origin":44911,"position":5},"title":"MUSIC &#038; WINE at the vineyard: SOIR\u00c9E OP\u00c9RA MUSIQUE &#038; VIN AU DOMAINE VITICOLE, 21h","author":"Jonathan Barker","date":"25\/05\/2023","format":false,"excerpt":"SOIR\u00c9E OP\u00c9RA: MUSIQUE & VIN AU DOMAINE VITICOLE | interpr\u00e8tent des airs semi-sc\u00e9niques d'op\u00e9ras tr\u00e8s appr\u00e9ci\u00e9s dans le cadre ext\u00e9rieur pittoresque du Domaine Viticole Val D'Iris","rel":"","context":"Article similaire","block_context":{"text":"Article similaire","link":""},"img":{"alt_text":"","src":"https:\/\/i0.wp.com\/www.musique-cordiale.com\/wp-content\/uploads\/2023\/05\/WhatsApp-Image-2023-01-20-at-14.57.35.jpeg?fit=1200%2C583&ssl=1&resize=350%2C200","width":350,"height":200,"srcset":"https:\/\/i0.wp.com\/www.musique-cordiale.com\/wp-content\/uploads\/2023\/05\/WhatsApp-Image-2023-01-20-at-14.57.35.jpeg?fit=1200%2C583&ssl=1&resize=350%2C200 1x, https:\/\/i0.wp.com\/www.musique-cordiale.com\/wp-content\/uploads\/2023\/05\/WhatsApp-Image-2023-01-20-at-14.57.35.jpeg?fit=1200%2C583&ssl=1&resize=525%2C300 1.5x, https:\/\/i0.wp.com\/www.musique-cordiale.com\/wp-content\/uploads\/2023\/05\/WhatsApp-Image-2023-01-20-at-14.57.35.jpeg?fit=1200%2C583&ssl=1&resize=700%2C400 2x, https:\/\/i0.wp.com\/www.musique-cordiale.com\/wp-content\/uploads\/2023\/05\/WhatsApp-Image-2023-01-20-at-14.57.35.jpeg?fit=1200%2C583&ssl=1&resize=1050%2C600 3x"},"classes":[]}],"_links":{"self":[{"href":"https:\/\/www.musique-cordiale.com\/fr\/wp-json\/wp\/v2\/product\/44911","targetHints":{"allow":["GET"]}}],"collection":[{"href":"https:\/\/www.musique-cordiale.com\/fr\/wp-json\/wp\/v2\/product"}],"about":[{"href":"https:\/\/www.musique-cordiale.com\/fr\/wp-json\/wp\/v2\/types\/product"}],"wp:featuredmedia":[{"embeddable":true,"href":"https:\/\/www.musique-cordiale.com\/fr\/wp-json\/wp\/v2\/media\/23598"}],"wp:attachment":[{"href":"https:\/\/www.musique-cordiale.com\/fr\/wp-json\/wp\/v2\/media?parent=44911"}],"wp:term":[{"taxonomy":"product_brand","embeddable":true,"href":"https:\/\/www.musique-cordiale.com\/fr\/wp-json\/wp\/v2\/product_brand?post=44911"},{"taxonomy":"product_cat","embeddable":true,"href":"https:\/\/www.musique-cordiale.com\/fr\/wp-json\/wp\/v2\/product_cat?post=44911"},{"taxonomy":"product_tag","embeddable":true,"href":"https:\/\/www.musique-cordiale.com\/fr\/wp-json\/wp\/v2\/product_tag?post=44911"},{"taxonomy":"venue","embeddable":true,"href":"https:\/\/www.musique-cordiale.com\/fr\/wp-json\/wp\/v2\/venue?post=44911"}],"curies":[{"name":"wp","href":"https:\/\/api.w.org\/{rel}","templated":true}]}}