{"id":44971,"date":"2024-03-31T16:27:17","date_gmt":"2024-03-31T16:27:18","guid":{"rendered":"https:\/\/www.musique-cordiale.com\/?post_type=product&#038;p=44971"},"modified":"2025-04-23T22:57:05","modified_gmt":"2025-04-23T22:57:05","slug":"forfaits-saison-concerts-du-soir-2023-copy","status":"publish","type":"product","link":"https:\/\/www.musique-cordiale.com\/fr\/boutique-billetterie\/forfaits-saison-concerts-du-soir-2023-copy\/","title":{"rendered":"PASS SAISON, Festival 2025 &#8211; concerts et \u00e9v\u00e9nements en soir\u00e9e (sauf 29 juillet, 1er ao\u00fbt) &#8211; choix entre options PREMIUM ou STANDARD"},"content":{"rendered":"<p>Un <strong>PAS SAISON<\/strong> standard pour le Festival 2025 offre l&rsquo;entr\u00e9e \u00e0 tous les concerts du Festival (<em><strong>SAUF<\/strong> <\/em>le concert\/la collecte de fonds\/le d\u00eener de gala\/l&rsquo;ap\u00e9ritif au Mas de Romarains le 29 juillet et le concert\/le d\u00eener\/le d\u00eener au Domaine Val d&rsquo;Iris le 1er ao\u00fbt 2025 pour lesquels une r\u00e9servation s\u00e9par\u00e9e est requise). PLACES STANDARD UNIQUEMENT\u00a0 <strong>195 \u20ac<\/strong><\/p>\n<p>Un PASS SAISON PREMIUM<\/strong> pour le Festival 2054 donne acc\u00e8s \u00e0 tous les concerts du Festival (<em><strong>SAUF<\/strong> <\/em>le concert\/la collecte de fonds\/le d\u00eener de gala\/l&rsquo;ap\u00e9ritif au Mas de Romarains le 29 juillet et le concert\/le d\u00eener\/l&rsquo;ap\u00e9ritif au Domaine Val d&rsquo;Iris le 1er ao\u00fbt 2025, pour lesquels une r\u00e9servation s\u00e9par\u00e9e est requise). Il comprend les places PREMIUM r\u00e9serv\u00e9es selon les disponibilit\u00e9s <strong>295 \u20ac<\/strong><\/strong><strong>ou indiquez votre prix (dons appr\u00e9ci\u00e9s\u00a0!)|<br \/>\n<\/strong><\/p>\n<p>&nbsp;<\/p>\n","protected":false},"excerpt":{"rendered":"<p>Un <strong>PAS SAISON<\/strong> standard pour le Festival 2025 offre l&rsquo;entr\u00e9e \u00e0 tous les concerts du Festival (<em><strong>SAUF<\/strong> <\/em>le concert\/la collecte de fonds\/le d\u00eener de gala\/l&rsquo;ap\u00e9ritif au Mas de Romarains le 29 juillet et le concert\/le d\u00eener\/le d\u00eener au Domaine Val d&rsquo;Iris le 1er ao\u00fbt 2025 pour lesquels une r\u00e9servation s\u00e9par\u00e9e est requise). PLACES STANDARD UNIQUEMENT\u00a0 <strong>195 \u20ac<\/strong><\/p>\n<p>Un PASS SAISON PREMIUM<\/strong> pour le Festival 2054 donne acc\u00e8s \u00e0 tous les concerts du Festival (<em><strong>SAUF<\/strong> <\/em>le concert\/la collecte de fonds\/le d\u00eener de gala\/l&rsquo;ap\u00e9ritif au Mas de Romarains le 29 juillet et le concert\/le d\u00eener\/l&rsquo;ap\u00e9ritif au Domaine Val d&rsquo;Iris le 1er ao\u00fbt 2025, pour lesquels une r\u00e9servation s\u00e9par\u00e9e est requise). Il comprend les places PREMIUM r\u00e9serv\u00e9es selon les disponibilit\u00e9s <strong>295 \u20ac<\/strong><\/strong><strong>ou indiquez votre prix (dons appr\u00e9ci\u00e9s\u00a0!)|<br \/>\n<\/strong><\/p>\n<p>&nbsp;<\/p>\n","protected":false},"featured_media":39468,"template":"","meta":{"_acf_changed":false,"_monsterinsights_skip_tracking":false,"_monsterinsights_sitenote_active":false,"_monsterinsights_sitenote_note":"","_monsterinsights_sitenote_category":0,"_uf_show_specific_survey":0,"_uf_disable_surveys":false,"advanced_seo_description":"","jetpack_seo_html_title":"","jetpack_seo_noindex":false},"product_brand":[],"product_cat":[275,495,422],"product_tag":[416,417,565,418,566],"venue":[564],"class_list":{"0":"post-44971","1":"product","2":"type-product","3":"status-publish","4":"has-post-thumbnail","6":"product_cat-billet-varies-fr","7":"product_cat-festival-2025-fr","8":"product_cat-season-passes-forfaits-saison-fr","9":"product_tag-concerts-fr","10":"product_tag-festival-fr","11":"product_tag-forfait-fr","12":"product_tag-pass-fr","13":"product_tag-saison","14":"venue-all-applicable-2025-venues","16":"first","17":"instock","18":"shipping-taxable","19":"product-type-variable"},"acf":[],"jetpack_sharing_enabled":true,"jetpack-related-posts":[{"id":40953,"url":"https:\/\/www.musique-cordiale.com\/fr\/boutique-billetterie\/season-pass-festival-2023standard-excludes-val-diris\/","url_meta":{"origin":44971,"position":0},"title":"Forfaits saison, concerts du soir 2023","author":"Jonathan Barker","date":"13\/06\/2023","format":false,"excerpt":"A standard SEASON PASS\u00a0 for the 2023 Festival offers entry to all Festival concerts (EXCEPT THE concert at the Domaine Val d'Iris on 9 August or the pre-festival Soir\u00e9e Musicale et Gala Dinner \/ Fund-raiser on 26 July, for which separate reservation is required). STANDARD SEATING ONLY\u00a0 \u20ac125 | A\u2026","rel":"","context":"Article similaire","block_context":{"text":"Article similaire","link":""},"img":{"alt_text":"","src":"https:\/\/i0.wp.com\/www.musique-cordiale.com\/wp-content\/uploads\/2023\/05\/WhatsApp-Image-2022-02-27-at-14.50.10.jpeg?fit=1200%2C675&ssl=1&resize=350%2C200","width":350,"height":200,"srcset":"https:\/\/i0.wp.com\/www.musique-cordiale.com\/wp-content\/uploads\/2023\/05\/WhatsApp-Image-2022-02-27-at-14.50.10.jpeg?fit=1200%2C675&ssl=1&resize=350%2C200 1x, https:\/\/i0.wp.com\/www.musique-cordiale.com\/wp-content\/uploads\/2023\/05\/WhatsApp-Image-2022-02-27-at-14.50.10.jpeg?fit=1200%2C675&ssl=1&resize=525%2C300 1.5x, https:\/\/i0.wp.com\/www.musique-cordiale.com\/wp-content\/uploads\/2023\/05\/WhatsApp-Image-2022-02-27-at-14.50.10.jpeg?fit=1200%2C675&ssl=1&resize=700%2C400 2x, https:\/\/i0.wp.com\/www.musique-cordiale.com\/wp-content\/uploads\/2023\/05\/WhatsApp-Image-2022-02-27-at-14.50.10.jpeg?fit=1200%2C675&ssl=1&resize=1050%2C600 3x"},"classes":[]},{"id":44911,"url":"https:\/\/www.musique-cordiale.com\/fr\/boutique-billetterie\/concert-fund-raiser-to-launch-the-2024-festival\/","url_meta":{"origin":44971,"position":1},"title":"30 juillet 2024, 19h: Concert et &lsquo;SOIR\u00c9E MUSICALE&rsquo; pour lancer le Festival Musique-Cordiale 2024: Musique, Vin et d\u00e9licieux ap\u00e9ritif dinatoire","author":"Jonathan Barker","date":"31\/03\/2024","format":false,"excerpt":"Rebecca Hardwick, soprano | Aidan Coburn, t\u00e9nor | Rebecca Taylor, piano | Will Harris, violoncelle | James Heathcote, violoncelle | Les musiciens du Festival 2024 |Concert de Gala et D\u00eener dans le cadre champ\u00eatre du Domaine Val d\u2019Iris pour la pr\u00e9sentation de nos merveilleux artistes qui se produiront au cours\u2026","rel":"","context":"Article similaire","block_context":{"text":"Article similaire","link":""},"img":{"alt_text":"","src":"https:\/\/i0.wp.com\/www.musique-cordiale.com\/wp-content\/uploads\/2019\/03\/Van-dIris-concert-20140804_195100-scaled.jpg?fit=1200%2C675&ssl=1&resize=350%2C200","width":350,"height":200,"srcset":"https:\/\/i0.wp.com\/www.musique-cordiale.com\/wp-content\/uploads\/2019\/03\/Van-dIris-concert-20140804_195100-scaled.jpg?fit=1200%2C675&ssl=1&resize=350%2C200 1x, https:\/\/i0.wp.com\/www.musique-cordiale.com\/wp-content\/uploads\/2019\/03\/Van-dIris-concert-20140804_195100-scaled.jpg?fit=1200%2C675&ssl=1&resize=525%2C300 1.5x, https:\/\/i0.wp.com\/www.musique-cordiale.com\/wp-content\/uploads\/2019\/03\/Van-dIris-concert-20140804_195100-scaled.jpg?fit=1200%2C675&ssl=1&resize=700%2C400 2x, https:\/\/i0.wp.com\/www.musique-cordiale.com\/wp-content\/uploads\/2019\/03\/Van-dIris-concert-20140804_195100-scaled.jpg?fit=1200%2C675&ssl=1&resize=1050%2C600 3x"},"classes":[]},{"id":19792,"url":"https:\/\/www.musique-cordiale.com\/fr\/boutique-billetterie\/billet-standard-concert-de-cloture-du-festival-les-saisons-de-haydn-en-allemand-samedi-11-aout-2018\/","url_meta":{"origin":44971,"position":2},"title":"Concert de cl\u00f4ture du festival: Oratorio DIE JAHRESZEITEN &#8211; Les Saisons de Haydn (en Allemand)","author":"Jonathan Barker","date":"25\/03\/2018","format":false,"excerpt":"Haydn : Oratorio avec orchestre et solistes \u201c Les Saisons\u201d (Die Jahreszeiten) Le choeur et l'orchestre du Festival Musique Cordiale avec solistes Direction: Graham Ross Dima Bawab,\u00a0soprano Julian Gregory,\u00a0t\u00e9nor Tristan Hambleton,\u00a0bass d\u00eener disponible aux membres apr\u00e9s le concert (pour l'acheter et r\u00e9server,vois ici)","rel":"","context":"Article similaire","block_context":{"text":"Article similaire","link":""},"img":{"alt_text":"","src":"https:\/\/i0.wp.com\/www.musique-cordiale.com\/wp-content\/uploads\/2011\/03\/2016-08-13-22.12.31-1-scaled.jpg?fit=1200%2C675&ssl=1&resize=350%2C200","width":350,"height":200,"srcset":"https:\/\/i0.wp.com\/www.musique-cordiale.com\/wp-content\/uploads\/2011\/03\/2016-08-13-22.12.31-1-scaled.jpg?fit=1200%2C675&ssl=1&resize=350%2C200 1x, https:\/\/i0.wp.com\/www.musique-cordiale.com\/wp-content\/uploads\/2011\/03\/2016-08-13-22.12.31-1-scaled.jpg?fit=1200%2C675&ssl=1&resize=525%2C300 1.5x, https:\/\/i0.wp.com\/www.musique-cordiale.com\/wp-content\/uploads\/2011\/03\/2016-08-13-22.12.31-1-scaled.jpg?fit=1200%2C675&ssl=1&resize=700%2C400 2x, https:\/\/i0.wp.com\/www.musique-cordiale.com\/wp-content\/uploads\/2011\/03\/2016-08-13-22.12.31-1-scaled.jpg?fit=1200%2C675&ssl=1&resize=1050%2C600 3x"},"classes":[]},{"id":20591,"url":"https:\/\/www.musique-cordiale.com\/fr\/boutique-billetterie\/billet-diner-individuel-1-aout-2018-veuillez-vous-inscrire-comme-membre-en-premier-copy-copy-copy\/","url_meta":{"origin":44971,"position":3},"title":"BILLET D\u00eener individuel, BARGEMON, 9 ao\u00fbt 2018 (veuillez vous inscrire comme membre en premier)","author":"Jonathan Barker","date":"28\/04\/2018","format":false,"excerpt":"Des d\u00eeners sont pr\u00e9vus pour les chanteurs et les joueurs de la chorale ou de l'orchestre du Festival et pour leurs invit\u00e9s, pour les membres de l'\u00e9quipe de b\u00e9n\u00e9voles qui g\u00e8re le festival et pour les membres du public qui souhaitent les rejoindre pour le d\u00eener. Ces repas en plein\u2026","rel":"","context":"Article similaire","block_context":{"text":"Article similaire","link":""},"img":{"alt_text":"","src":"","width":0,"height":0},"classes":[]},{"id":38914,"url":"https:\/\/www.musique-cordiale.com\/fr\/boutique-billetterie\/soiree-musicale-diner-de-gala-pre-festival-collecte-de-fonds\/","url_meta":{"origin":44971,"position":4},"title":"Ev\u00e9nement convivial pour lancer le festival 2023 &#8211; Soir\u00e9e Musicale, D\u00eener de gala &amp; Collecte de Fonds pre-festival &#8211; MAINTENANT FERM\u00c9","author":"Jonathan Barker","date":"17\/05\/2023","format":false,"excerpt":"19h30 (7:30 PM) Aidan Coburn (t\u00e9nor) Will Harris (violoncelle) & Rebecca Taylor (piano) ap\u00e9ritifs de 19h30 D\u00eener 20h REJOIGNEZ-NOUS pour cet \u00e9v\u00e9nement annuel populaire et m\u00e9morable pour LANCER LE FESTIVAL 2023 alors qu'il revient au Pays de Fayence cet \u00e9t\u00e9 pour sa 19\u00e8me \u00e9dition annuelle ! les prix apparaissent dans\u2026","rel":"","context":"Article similaire","block_context":{"text":"Article similaire","link":""},"img":{"alt_text":"","src":"https:\/\/i0.wp.com\/www.musique-cordiale.com\/wp-content\/uploads\/2017\/02\/dinner-and-music-2.jpg?fit=1200%2C900&ssl=1&resize=350%2C200","width":350,"height":200,"srcset":"https:\/\/i0.wp.com\/www.musique-cordiale.com\/wp-content\/uploads\/2017\/02\/dinner-and-music-2.jpg?fit=1200%2C900&ssl=1&resize=350%2C200 1x, https:\/\/i0.wp.com\/www.musique-cordiale.com\/wp-content\/uploads\/2017\/02\/dinner-and-music-2.jpg?fit=1200%2C900&ssl=1&resize=525%2C300 1.5x, https:\/\/i0.wp.com\/www.musique-cordiale.com\/wp-content\/uploads\/2017\/02\/dinner-and-music-2.jpg?fit=1200%2C900&ssl=1&resize=700%2C400 2x, https:\/\/i0.wp.com\/www.musique-cordiale.com\/wp-content\/uploads\/2017\/02\/dinner-and-music-2.jpg?fit=1200%2C900&ssl=1&resize=1050%2C600 3x"},"classes":[]},{"id":15015,"url":"https:\/\/www.musique-cordiale.com\/fr\/boutique-billetterie\/ami-couple-2017\/","url_meta":{"origin":44971,"position":5},"title":"Ami Couple 2024-25 (valable 1 an \u00e0 compter de l&rsquo;achat)","author":"Jonathan Barker","date":"21\/09\/2015","format":false,"excerpt":"Ami Couple Avantages: Une remise de 10% sur les billets du Festival (limit\u00e9e \u00e0 2 billets par membre par concert) R\u00e9ception \u00e0 domicile du flyer du Festival R\u00e9ception p\u00e9riodique du bulletin \u00e9lectronique et de l\u2019actualit\u00e9 du Festival Droit d\u2019acheter des enregistrements de MC concerts, CD et DVD Droit d'assister aux\u2026","rel":"","context":"Article similaire","block_context":{"text":"Article similaire","link":""},"img":{"alt_text":"","src":"https:\/\/i0.wp.com\/www.musique-cordiale.com\/wp-content\/uploads\/2015\/09\/Jacques-Pippa-2015-e1442911940613.jpg?fit=806%2C710&ssl=1&resize=350%2C200","width":350,"height":200,"srcset":"https:\/\/i0.wp.com\/www.musique-cordiale.com\/wp-content\/uploads\/2015\/09\/Jacques-Pippa-2015-e1442911940613.jpg?fit=806%2C710&ssl=1&resize=350%2C200 1x, https:\/\/i0.wp.com\/www.musique-cordiale.com\/wp-content\/uploads\/2015\/09\/Jacques-Pippa-2015-e1442911940613.jpg?fit=806%2C710&ssl=1&resize=525%2C300 1.5x, https:\/\/i0.wp.com\/www.musique-cordiale.com\/wp-content\/uploads\/2015\/09\/Jacques-Pippa-2015-e1442911940613.jpg?fit=806%2C710&ssl=1&resize=700%2C400 2x"},"classes":[]}],"_links":{"self":[{"href":"https:\/\/www.musique-cordiale.com\/fr\/wp-json\/wp\/v2\/product\/44971","targetHints":{"allow":["GET"]}}],"collection":[{"href":"https:\/\/www.musique-cordiale.com\/fr\/wp-json\/wp\/v2\/product"}],"about":[{"href":"https:\/\/www.musique-cordiale.com\/fr\/wp-json\/wp\/v2\/types\/product"}],"wp:featuredmedia":[{"embeddable":true,"href":"https:\/\/www.musique-cordiale.com\/fr\/wp-json\/wp\/v2\/media\/39468"}],"wp:attachment":[{"href":"https:\/\/www.musique-cordiale.com\/fr\/wp-json\/wp\/v2\/media?parent=44971"}],"wp:term":[{"taxonomy":"product_brand","embeddable":true,"href":"https:\/\/www.musique-cordiale.com\/fr\/wp-json\/wp\/v2\/product_brand?post=44971"},{"taxonomy":"product_cat","embeddable":true,"href":"https:\/\/www.musique-cordiale.com\/fr\/wp-json\/wp\/v2\/product_cat?post=44971"},{"taxonomy":"product_tag","embeddable":true,"href":"https:\/\/www.musique-cordiale.com\/fr\/wp-json\/wp\/v2\/product_tag?post=44971"},{"taxonomy":"venue","embeddable":true,"href":"https:\/\/www.musique-cordiale.com\/fr\/wp-json\/wp\/v2\/venue?post=44971"}],"curies":[{"name":"wp","href":"https:\/\/api.w.org\/{rel}","templated":true}]}}