{"id":45120,"date":"2024-04-19T12:09:01","date_gmt":"2024-04-19T12:11:06","guid":{"rendered":"https:\/\/www.musique-cordiale.com\/?post_type=product&#038;p=45120"},"modified":"2024-06-05T08:54:17","modified_gmt":"2024-06-05T08:54:17","slug":"5-aout-2024-19h-la-belle-musique-baroque-st-paul-en-foret","status":"publish","type":"product","link":"https:\/\/www.musique-cordiale.com\/fr\/boutique-billetterie\/5-aout-2024-19h-la-belle-musique-baroque-st-paul-en-foret\/","title":{"rendered":"5 ao\u00fbt 2024, 19h: La Belle Musique Baroque, \u00c9glise de St Paul-en-For\u00eat"},"content":{"rendered":"<h4>Spectaculaire baroque<\/h4>\n<ul>\n<li>Vivaldi : Concerto pour 4 violons<\/li>\n<li>Pachelbel : Canon et Gigue<\/li>\n<li>Chanson baroque, dont<br \/>\nRameau \u00ab Les Amants Trahis \u00bb pour soprane, baryton et basse continue<br \/>\nJacquet de la Guerre \u00ab Le Deugel \u00bb pour soprane, baryton et basse continue<br \/>\nPurcell chansons pour t\u00e9nor et continuo<\/li>\n<\/ul>\n<p>Jessica Hopkins <em>soprano<\/em><br \/>\nAidan Coburn <em>t\u00e9nor\u00a0<\/em><br \/>\nAdam Jarman <em>baryton<\/em><br \/>\nJames Heathcote <em>violoncelle<\/em><br \/>\nMark Shepherd <em>continuo<\/em><\/p>\n<p><strong>Ensemble Musique Cordiale<\/strong><\/p>\n","protected":false},"excerpt":{"rendered":"<h4>Spectaculaire baroque |<\/h4>\n<ul>\n<li>Vivaldi : Concerto pour 4 violons |<\/li>\n<li>Pachelbel : Canon et Gigue |<\/li>\n<li>Chanson baroque, dont<br \/>\nRameau \u00ab Les Amants Trahis \u00bb pour soprane, baryton et basse continuo |<br \/>\nJacquet de la Guerre \u00ab Le Deugel \u00bb pour soprane, baryton et basse continu0| |<br \/>\nPurcell chansons pour t\u00e9nor et continuo |<\/li>\n<\/ul>\n<p>Jessica Hopkins <em>soprano |<\/em><br \/>\nAidan Coburn <em>t\u00e9nor |<\/em><br \/>\nAdam Jarman <em>baryton |<\/em><br \/>\nJames Heathcote <em>violoncelle |<\/em><br \/>\nMark Shepherd <em>continuo |<\/em><br \/>\nEnsemble Musique Cordiale |<\/p>\n","protected":false},"featured_media":46133,"template":"","meta":{"_acf_changed":false,"_monsterinsights_skip_tracking":false,"_monsterinsights_sitenote_active":false,"_monsterinsights_sitenote_note":"","_monsterinsights_sitenote_category":0,"_uf_show_specific_survey":0,"_uf_disable_surveys":false,"advanced_seo_description":"","jetpack_seo_html_title":"","jetpack_seo_noindex":false},"product_brand":[],"product_cat":[447],"product_tag":[466,219,395,281],"venue":[156],"class_list":{"0":"post-45120","1":"product","2":"type-product","3":"status-publish","4":"has-post-thumbnail","6":"product_cat-festival-2024-fr","7":"product_tag-baroque-fr","8":"product_tag-billet-fr","9":"product_tag-concert-fr","10":"product_tag-ticket-fr","11":"venue-eglise-saint-paul-st-paul-en-foret","13":"first","14":"instock","15":"shipping-taxable","16":"product-type-variable"},"acf":[],"jetpack_sharing_enabled":true,"jetpack-related-posts":[{"id":45116,"url":"https:\/\/www.musique-cordiale.com\/programme-tickets\/5-august-2024-7pm-la-belle-musique-baroque-st-paul-en-foret\/","url_meta":{"origin":45120,"position":0},"title":"5 August 2024, 7PM: La Belle Musique Baroque, Church: St Paul-en-For\u00eat","author":"Jonathan Barker","date":"19\/04\/2024","format":false,"excerpt":"Baroque Spectacular | Vivaldi: Concerto for 4 Violins | Pachelbel: Canon and Gigue | Baroque Song, including Rameau \u00ab Les Amants Trahis \u00bb pour soprane, bariton et continuo | Jacquet de la Guerre \u00ab Le Deugel \u00bb pour soprane, bariton et continuo | Purcell chansons pour t\u00e9nor et continuo |\u2026","rel":"","context":"Article similaire","block_context":{"text":"Article similaire","link":""},"img":{"alt_text":"","src":"https:\/\/i0.wp.com\/www.musique-cordiale.com\/wp-content\/uploads\/2024\/04\/shutterstock_710034355.jpg?fit=1000%2C679&ssl=1&resize=350%2C200","width":350,"height":200,"srcset":"https:\/\/i0.wp.com\/www.musique-cordiale.com\/wp-content\/uploads\/2024\/04\/shutterstock_710034355.jpg?fit=1000%2C679&ssl=1&resize=350%2C200 1x, https:\/\/i0.wp.com\/www.musique-cordiale.com\/wp-content\/uploads\/2024\/04\/shutterstock_710034355.jpg?fit=1000%2C679&ssl=1&resize=525%2C300 1.5x, https:\/\/i0.wp.com\/www.musique-cordiale.com\/wp-content\/uploads\/2024\/04\/shutterstock_710034355.jpg?fit=1000%2C679&ssl=1&resize=700%2C400 2x"},"classes":[]},{"id":48346,"url":"https:\/\/www.musique-cordiale.com\/fr\/boutique-billetterie\/concert-orchestral-au-coucher-du-soleil-a-fayence-theatre-verdure-21h-5-aout-2025\/","url_meta":{"origin":45120,"position":1},"title":"\u00ab\u00a0S\u00e9r\u00e9nades d&rsquo;Amour\u00a0\u00bb\u00a0: Concert orchestral &#8211; avec airs &#8211; au coucher du soleil \u00e0 Fayence\u00a0: Th\u00e9\u00e2tre Verdure, 21\u00a0h, 5\u00a0ao\u00fbt\u00a02025","author":"Jonathan Barker","date":"10\/04\/2025","format":false,"excerpt":"\u00ab\u00a0S\u00e9r\u00e9nades d'amour\u00a0\u00bb \u2013\u00a0au lever de la lune dans le romantique amphith\u00e9\u00e2tre de Fayence\u00a0: Brahms, Elgar, Mendelssohn... et plus encore... 21h, Th\u00e9\u00e2tre de Verdure de Fayence Le grand concert orchestral du Festival dans le magnifique amphith\u00e9\u00e2tre en plein air de Fayence Mendelssohn \u2013 Ouverture des H\u00e9brides Elgar \u2013 S\u00e9r\u00e9nade pour cordes\u2026","rel":"","context":"Article similaire","block_context":{"text":"Article similaire","link":""},"img":{"alt_text":"","src":"https:\/\/i0.wp.com\/www.musique-cordiale.com\/wp-content\/uploads\/2023\/05\/Fayence-Verdure-concert-2019.jpg?fit=1200%2C583&ssl=1&resize=350%2C200","width":350,"height":200,"srcset":"https:\/\/i0.wp.com\/www.musique-cordiale.com\/wp-content\/uploads\/2023\/05\/Fayence-Verdure-concert-2019.jpg?fit=1200%2C583&ssl=1&resize=350%2C200 1x, https:\/\/i0.wp.com\/www.musique-cordiale.com\/wp-content\/uploads\/2023\/05\/Fayence-Verdure-concert-2019.jpg?fit=1200%2C583&ssl=1&resize=525%2C300 1.5x, https:\/\/i0.wp.com\/www.musique-cordiale.com\/wp-content\/uploads\/2023\/05\/Fayence-Verdure-concert-2019.jpg?fit=1200%2C583&ssl=1&resize=700%2C400 2x, https:\/\/i0.wp.com\/www.musique-cordiale.com\/wp-content\/uploads\/2023\/05\/Fayence-Verdure-concert-2019.jpg?fit=1200%2C583&ssl=1&resize=1050%2C600 3x"},"classes":[]},{"id":48409,"url":"https:\/\/www.musique-cordiale.com\/fr\/boutique-billetterie\/stabat-mater-du-dixit-dominus-de-pergolese-et-haendel-eglise-de-bagnols-en-foret-19h-4-aout-2025\/","url_meta":{"origin":45120,"position":2},"title":"Quatre Saisons et Dixit Dominus &#8211; interpr\u00e9t\u00e9s par les fabuleux solistes et orchestre de Musique-Cordiale, \u00e9glise de Bagnols-en-For\u00eat, 19h, le 4 ao\u00fbt 2025","author":"Jonathan Barker","date":"04\/04\/2025","format":false,"excerpt":"Les Quatre Saisons de Vivaldi et \u00ab Dixit Dominus \u00bb de Haendel + \u00ab Suite Abdelazar \u00bb de Purcell - Dixit Dominus est l'une des \u0153uvres les plus appr\u00e9ci\u00e9es de Haendel. Elle a \u00e9t\u00e9 interpr\u00e9t\u00e9e au fil des ans par Musique-Cordiale par des ch\u0153urs de diff\u00e9rentes tailles, dont une fois\u2026","rel":"","context":"Article similaire","block_context":{"text":"Article similaire","link":""},"img":{"alt_text":"","src":"https:\/\/i0.wp.com\/www.musique-cordiale.com\/wp-content\/uploads\/2023\/05\/Concert_in_Bagnols-en-Foret_France-scaled.jpg?fit=1200%2C800&ssl=1&resize=350%2C200","width":350,"height":200,"srcset":"https:\/\/i0.wp.com\/www.musique-cordiale.com\/wp-content\/uploads\/2023\/05\/Concert_in_Bagnols-en-Foret_France-scaled.jpg?fit=1200%2C800&ssl=1&resize=350%2C200 1x, https:\/\/i0.wp.com\/www.musique-cordiale.com\/wp-content\/uploads\/2023\/05\/Concert_in_Bagnols-en-Foret_France-scaled.jpg?fit=1200%2C800&ssl=1&resize=525%2C300 1.5x, https:\/\/i0.wp.com\/www.musique-cordiale.com\/wp-content\/uploads\/2023\/05\/Concert_in_Bagnols-en-Foret_France-scaled.jpg?fit=1200%2C800&ssl=1&resize=700%2C400 2x, https:\/\/i0.wp.com\/www.musique-cordiale.com\/wp-content\/uploads\/2023\/05\/Concert_in_Bagnols-en-Foret_France-scaled.jpg?fit=1200%2C800&ssl=1&resize=1050%2C600 3x"},"classes":[]},{"id":15050,"url":"https:\/\/www.musique-cordiale.com\/fr\/boutique-billetterie\/fayence-verdure-2018-08-07\/","url_meta":{"origin":45120,"position":3},"title":"Musique fabuleuse sous les \u00e9toiles &#8211; aires d&rsquo;op\u00e9ra et symphonie orchestral","author":"Lyndsey","date":"17\/02\/2017","format":false,"excerpt":"Concert avec solistes\u00a0: Concerto pour violon de\u00a0Tchaikovsky\u00a0\u2013 et aires d\u2019Opera Direction: James Lowe Dima Bawab, Kiera Lyness,\u00a0soprano Charlotte King, mezzo-soprano Aidan Coburn, Julian Gregory,\u00a0t\u00e9nor Tristan Hambleton,\u00a0bass Jonathan Martindale,\u00a0violon Tchaikovsky: Concerto pour violon et orchestre","rel":"","context":"Article similaire","block_context":{"text":"Article similaire","link":""},"img":{"alt_text":"","src":"https:\/\/i0.wp.com\/www.musique-cordiale.com\/wp-content\/uploads\/2015\/01\/Fayence-orch-NT-scaled.jpg?fit=1200%2C900&ssl=1&resize=350%2C200","width":350,"height":200,"srcset":"https:\/\/i0.wp.com\/www.musique-cordiale.com\/wp-content\/uploads\/2015\/01\/Fayence-orch-NT-scaled.jpg?fit=1200%2C900&ssl=1&resize=350%2C200 1x, https:\/\/i0.wp.com\/www.musique-cordiale.com\/wp-content\/uploads\/2015\/01\/Fayence-orch-NT-scaled.jpg?fit=1200%2C900&ssl=1&resize=525%2C300 1.5x, https:\/\/i0.wp.com\/www.musique-cordiale.com\/wp-content\/uploads\/2015\/01\/Fayence-orch-NT-scaled.jpg?fit=1200%2C900&ssl=1&resize=700%2C400 2x, https:\/\/i0.wp.com\/www.musique-cordiale.com\/wp-content\/uploads\/2015\/01\/Fayence-orch-NT-scaled.jpg?fit=1200%2C900&ssl=1&resize=1050%2C600 3x"},"classes":[]},{"id":14737,"url":"https:\/\/www.musique-cordiale.com\/programme-tickets\/fayence-verdure-2018-08-07\/","url_meta":{"origin":45120,"position":4},"title":"An orchestral concert with soloists: fabulous music and Opera Arias under the stars","author":"Lyndsey","date":"17\/02\/2017","format":false,"excerpt":"Concert avec solistes\u00a0: Concerto pour violon de\u00a0Tchaikovsky\u00a0\u2013 et aires d\u2019Opera Direction: James Lowe Dima Bawab, Kiera Lyness,\u00a0soprano Charlotte King, mezzo-soprano Aidan Coburn, Julian Gregory,\u00a0t\u00e9nor Tristan Hambleton,\u00a0bass Jonathan Martindale,\u00a0violon Tchaikovsky: Concerto pour violon et orchestre","rel":"","context":"Article similaire","block_context":{"text":"Article similaire","link":""},"img":{"alt_text":"","src":"https:\/\/i0.wp.com\/www.musique-cordiale.com\/wp-content\/uploads\/2015\/01\/Fayence-orch-NT-scaled.jpg?fit=1200%2C900&ssl=1&resize=350%2C200","width":350,"height":200,"srcset":"https:\/\/i0.wp.com\/www.musique-cordiale.com\/wp-content\/uploads\/2015\/01\/Fayence-orch-NT-scaled.jpg?fit=1200%2C900&ssl=1&resize=350%2C200 1x, https:\/\/i0.wp.com\/www.musique-cordiale.com\/wp-content\/uploads\/2015\/01\/Fayence-orch-NT-scaled.jpg?fit=1200%2C900&ssl=1&resize=525%2C300 1.5x, https:\/\/i0.wp.com\/www.musique-cordiale.com\/wp-content\/uploads\/2015\/01\/Fayence-orch-NT-scaled.jpg?fit=1200%2C900&ssl=1&resize=700%2C400 2x, https:\/\/i0.wp.com\/www.musique-cordiale.com\/wp-content\/uploads\/2015\/01\/Fayence-orch-NT-scaled.jpg?fit=1200%2C900&ssl=1&resize=1050%2C600 3x"},"classes":[]},{"id":39657,"url":"https:\/\/www.musique-cordiale.com\/fr\/boutique-billetterie\/schubert-quintette\/","url_meta":{"origin":45120,"position":5},"title":"Schumann et Bach \u00e0 la spectaculaire Chapelle Dior, 12h30, 7 ao\u00fbt 2023","author":"Lyndsey","date":"02\/06\/2023","format":false,"excerpt":"12h30 Bach & Schumann \u00e0 la spectaculaire Chapelle Dior Schumann Dichte liebe : Aidan Coburn, t\u00e9nor, Rebecca Taylor, piano J S Bach : suite pour violoncelle n\u00b0 5 - Will Harris, violoncelle (Dichterliebe, \"A Poet's Love\" (compos\u00e9 en 1840), est le cycle de chansons le plus connu de Robert Schumann)\u2026","rel":"","context":"Article similaire","block_context":{"text":"Article similaire","link":""},"img":{"alt_text":"","src":"https:\/\/i0.wp.com\/www.musique-cordiale.com\/wp-content\/uploads\/2017\/02\/Chapelle-Montauroux.jpg?fit=1200%2C469&ssl=1&resize=350%2C200","width":350,"height":200,"srcset":"https:\/\/i0.wp.com\/www.musique-cordiale.com\/wp-content\/uploads\/2017\/02\/Chapelle-Montauroux.jpg?fit=1200%2C469&ssl=1&resize=350%2C200 1x, https:\/\/i0.wp.com\/www.musique-cordiale.com\/wp-content\/uploads\/2017\/02\/Chapelle-Montauroux.jpg?fit=1200%2C469&ssl=1&resize=525%2C300 1.5x, https:\/\/i0.wp.com\/www.musique-cordiale.com\/wp-content\/uploads\/2017\/02\/Chapelle-Montauroux.jpg?fit=1200%2C469&ssl=1&resize=700%2C400 2x, https:\/\/i0.wp.com\/www.musique-cordiale.com\/wp-content\/uploads\/2017\/02\/Chapelle-Montauroux.jpg?fit=1200%2C469&ssl=1&resize=1050%2C600 3x"},"classes":[]}],"_links":{"self":[{"href":"https:\/\/www.musique-cordiale.com\/fr\/wp-json\/wp\/v2\/product\/45120","targetHints":{"allow":["GET"]}}],"collection":[{"href":"https:\/\/www.musique-cordiale.com\/fr\/wp-json\/wp\/v2\/product"}],"about":[{"href":"https:\/\/www.musique-cordiale.com\/fr\/wp-json\/wp\/v2\/types\/product"}],"wp:featuredmedia":[{"embeddable":true,"href":"https:\/\/www.musique-cordiale.com\/fr\/wp-json\/wp\/v2\/media\/46133"}],"wp:attachment":[{"href":"https:\/\/www.musique-cordiale.com\/fr\/wp-json\/wp\/v2\/media?parent=45120"}],"wp:term":[{"taxonomy":"product_brand","embeddable":true,"href":"https:\/\/www.musique-cordiale.com\/fr\/wp-json\/wp\/v2\/product_brand?post=45120"},{"taxonomy":"product_cat","embeddable":true,"href":"https:\/\/www.musique-cordiale.com\/fr\/wp-json\/wp\/v2\/product_cat?post=45120"},{"taxonomy":"product_tag","embeddable":true,"href":"https:\/\/www.musique-cordiale.com\/fr\/wp-json\/wp\/v2\/product_tag?post=45120"},{"taxonomy":"venue","embeddable":true,"href":"https:\/\/www.musique-cordiale.com\/fr\/wp-json\/wp\/v2\/venue?post=45120"}],"curies":[{"name":"wp","href":"https:\/\/api.w.org\/{rel}","templated":true}]}}