{"id":45137,"date":"2024-04-19T12:31:53","date_gmt":"2024-04-19T12:42:50","guid":{"rendered":"https:\/\/www.musique-cordiale.com\/?post_type=product&#038;p=45137"},"modified":"2024-08-06T11:42:10","modified_gmt":"2024-08-06T11:42:10","slug":"6-aout-2024-21h-vivaldi-etc-au-coucher-du-soleil-theatre-de-verdure-fayence","status":"publish","type":"product","link":"https:\/\/www.musique-cordiale.com\/fr\/boutique-billetterie\/6-aout-2024-21h-vivaldi-etc-au-coucher-du-soleil-theatre-de-verdure-fayence\/","title":{"rendered":"6 ao\u00fbt 2024, 21h: \u00ab\u00a0CLASSIQUES ROMANTIQUES\u00a0\u00bb au coucher du soleil &#8211; Siegfried Idyll, Strauss Four Last Songs, Tristan de Wagner &#038; Schubert, Th\u00e9\u00e2tre de Verdure, Fayence"},"content":{"rendered":"<p><strong> \u00ab\u00a0CLASSIQUES ROMANTIQUES\u00a0\u00bbau coucher du soleil:\u00a0 Siegfried Idyll, Strauss Four Last Songs, Tristan de Wagner &amp; Schubert\u2013 <\/strong>concert avec orchestre en plein air<\/p>\n<ul>\n<li>\u00a0\u00a0\u00a0\u00a0\u00a0\u00a0\u00a0 Wagner: <em>Siegfried-Idyl<br \/>\n<\/em><\/li>\n<li><em>\u00a0\u00a0\u00a0\u00a0\u00a0\u00a0\u00a0\u00a0 <\/em>Strauss: <em>Four Last Songs &#8211; <\/em>Rebecca Hardwick, <em>soprano<\/em><\/li>\n<li><em>\u00a0\u00a0\u00a0\u00a0\u00a0\u00a0\u00a0\u00a0 <\/em>Schubert: <em>Symphony No. 5<\/em><\/li>\n<\/ul>\n<p><strong>Graham Ross, <em>direction<\/em><\/strong><\/p>\n<p><em>\u00a0\u00a0\u00a0\u00a0\u00a0\u00a0\u00a0\u00a0\u00a0\u00a0\u00a0 -o-<\/em><\/p>\n<ul>\n<li><em>\u00a0\u00a0\u00a0\u00a0\u00a0\u00a0\u00a0\u00a0\u00a0\u00a0\u00a0\u00a0\u00a0 <\/em>Wagner: <em>Prelude <\/em>to<em> Tristan and Isolde<\/em><\/li>\n<li>\u00a0\u00a0\u00a0\u00a0\u00a0\u00a0\u00a0\u00a0\u00a0\u00a0\u00a0\u00a0\u00a0 Wagner: <em>Liebestod <\/em> de <em> Tristan and Isolde<\/em> (\u00ab\u00a0Liebestod\u00a0\u00bb &#8211; Allemand pour \u00ab\u00a0amour mort\u00a0\u00bb, signifiant la consommation par les deux amants de leur amour dans la mort &#8211; est le titre de la musique dramatique finale de l&rsquo;op\u00e9ra Tristan et Isolde de Richard Wagner de 1859)<\/li>\n<\/ul>\n<p><strong>Aidan Coburn, <em>direction<\/em><\/strong><\/p>\n<p>Musique-Cordiale Festival Orchestra<br \/>\n<strong>L&rsquo;orchestre du Festival Musique Cordiale<\/strong><\/p>\n","protected":false},"excerpt":{"rendered":"<p>\u00ab\u00a0<strong>CLASSIQUES ROMANTIQUES<\/strong>\u00a0\u00bb au coucher du soleil: Siegfried Idyll, Strauss Four Last Songs, Tristan de Wagner &amp; Schubert| concert avec orchestre en plein air |<br \/>\nWagner <em>Siegfried-Idyll |<br \/>\n<\/em>\u00a0Strauss <em>Four Last Songs &#8211; <\/em>Rebecca Hardwick<em>, soprano |<br \/>\n<\/em>Schubert <em>Symphony No. 5 |<br \/>\n<\/em><\/p>\n<p>Graham Ross, <em>direction<\/em>|<br \/>\n-0-|<\/p>\n<p>Wagner: <em>Prelude <\/em>to<em> Tristan and Isolde |<br \/>\n<\/em>Wagner <em>Liebestod <\/em>de<em> Tristan and Isolde |<br \/>\n<\/em><\/p>\n<p>Aidan Coburn, <em>direction<\/em> |<\/p>\n<p>Musique-Cordiale Festival Orchestra<br \/>\nL&rsquo;orchestre du Festival Musique Cordiale |<\/p>\n","protected":false},"featured_media":15694,"template":"","meta":{"_acf_changed":false,"_monsterinsights_skip_tracking":false,"_monsterinsights_sitenote_active":false,"_monsterinsights_sitenote_note":"","_monsterinsights_sitenote_category":0,"_uf_show_specific_survey":0,"_uf_disable_surveys":false,"advanced_seo_description":"","jetpack_seo_html_title":"","jetpack_seo_noindex":false},"product_brand":[],"product_cat":[447,225],"product_tag":[219,395,281],"venue":[244,149],"class_list":{"0":"post-45137","1":"product","2":"type-product","3":"status-publish","4":"has-post-thumbnail","6":"product_cat-festival-2024-fr","7":"product_cat-uncategorized-fr","8":"product_tag-billet-fr","9":"product_tag-concert-fr","10":"product_tag-ticket-fr","11":"venue-fayence","12":"venue-theatre-de-verdure","14":"first","15":"instock","16":"shipping-taxable","17":"product-type-variable"},"acf":[],"jetpack_sharing_enabled":true,"jetpack-related-posts":[{"id":45130,"url":"https:\/\/www.musique-cordiale.com\/programme-tickets\/6-august-2024-21h-vivaldi-etc-au-coucher-du-soleil-theatre-de-verdure-fayence\/","url_meta":{"origin":45137,"position":0},"title":"6 August 2024, 21h: \u00ab\u00a0ROMANTIC CLASSICS\u00a0\u00bb at Sunset &#8211; AU COUCHER DU SOLEIL: Siegfried Idyll, Strauss Four Last Songs, Wagner&rsquo;s Tristan &#038; Schubert, Th\u00e9\u00e2tre de Verdure, Fayence","author":"Jonathan Barker","date":"19\/04\/2024","format":false,"excerpt":"ROMANTIC CLASSICS at Sunset| Siegfried Idyll, Strauss Four Last Songs, Wagner's Tristan & Schubert \u2013 concert with full orchestra in the open air | Wagner Siegfried-Idyll | Strauss Four Last Songs - Rebecca Hardwick, Soprano | Schubert Symphony No. 5 | Graham Ross, Conductor | \u00a0\u00a0\u00a0\u00a0\u00a0\u00a0\u00a0\u00a0 \u00a0\u00a0\u00a0\u00a0 | -0- |\u2026","rel":"","context":"Article similaire","block_context":{"text":"Article similaire","link":""},"img":{"alt_text":"","src":"https:\/\/i0.wp.com\/www.musique-cordiale.com\/wp-content\/uploads\/2015\/01\/Fayence-orch-NT-scaled.jpg?fit=1200%2C900&ssl=1&resize=350%2C200","width":350,"height":200,"srcset":"https:\/\/i0.wp.com\/www.musique-cordiale.com\/wp-content\/uploads\/2015\/01\/Fayence-orch-NT-scaled.jpg?fit=1200%2C900&ssl=1&resize=350%2C200 1x, https:\/\/i0.wp.com\/www.musique-cordiale.com\/wp-content\/uploads\/2015\/01\/Fayence-orch-NT-scaled.jpg?fit=1200%2C900&ssl=1&resize=525%2C300 1.5x, https:\/\/i0.wp.com\/www.musique-cordiale.com\/wp-content\/uploads\/2015\/01\/Fayence-orch-NT-scaled.jpg?fit=1200%2C900&ssl=1&resize=700%2C400 2x, https:\/\/i0.wp.com\/www.musique-cordiale.com\/wp-content\/uploads\/2015\/01\/Fayence-orch-NT-scaled.jpg?fit=1200%2C900&ssl=1&resize=1050%2C600 3x"},"classes":[]},{"id":23243,"url":"https:\/\/www.musique-cordiale.com\/programme-tickets\/ticket-symphony-concert-friday-16-aug-2019\/","url_meta":{"origin":45137,"position":1},"title":"TICKET &#8211; Symphony Concert, Friday 16 August 2019 &#8211; SEILLANS","author":"Jonathan Barker","date":"26\/03\/2019","format":false,"excerpt":"Vendredi 16 ao\u00fbt 19.00 Eglise de Seillans\u00a0\u00a0\u00a0\u00a0\u00a0\u00a0\u00a0\u00a0\u00a0 20\u20ac \/ 30\u20ac(premium) Concert Symphonique\u00a0\u00a0 L\u2019Orchestre du Festival avec solistes Direction: James Lowe VAUGAN WILLIAMS Fantasia on a theme of Thomas Tallis MOZART Concerto pour fl\u00fbte et harpe (Trond Brekka - flute, Michela Zanoni - harpe) WAGNER Siegfried Idyll MOZART Symphony No 35,\u00a0\u2026","rel":"","context":"Article similaire","block_context":{"text":"Article similaire","link":""},"img":{"alt_text":"","src":"https:\/\/i0.wp.com\/www.musique-cordiale.com\/wp-content\/uploads\/2019\/03\/CQ4A3496-scaled.jpg?fit=1200%2C588&ssl=1&resize=350%2C200","width":350,"height":200,"srcset":"https:\/\/i0.wp.com\/www.musique-cordiale.com\/wp-content\/uploads\/2019\/03\/CQ4A3496-scaled.jpg?fit=1200%2C588&ssl=1&resize=350%2C200 1x, https:\/\/i0.wp.com\/www.musique-cordiale.com\/wp-content\/uploads\/2019\/03\/CQ4A3496-scaled.jpg?fit=1200%2C588&ssl=1&resize=525%2C300 1.5x, https:\/\/i0.wp.com\/www.musique-cordiale.com\/wp-content\/uploads\/2019\/03\/CQ4A3496-scaled.jpg?fit=1200%2C588&ssl=1&resize=700%2C400 2x, https:\/\/i0.wp.com\/www.musique-cordiale.com\/wp-content\/uploads\/2019\/03\/CQ4A3496-scaled.jpg?fit=1200%2C588&ssl=1&resize=1050%2C600 3x"},"classes":[]},{"id":23248,"url":"https:\/\/www.musique-cordiale.com\/fr\/boutique-billetterie\/billet-concert-symphonique-vendredi-9-aout-2019-concert-douverture-festival-2019-copy\/","url_meta":{"origin":45137,"position":2},"title":"BILLET &#8211;  Concert Symphonique, vendredi 16 a\u00f4ut 2019 &#8211; Seillans","author":"Jonathan Barker","date":"26\/03\/2019","format":false,"excerpt":"Vendredi 16 ao\u00fbt 19.00 Eglise de Seillans\u00a0\u00a0\u00a0\u00a0\u00a0\u00a0\u00a0\u00a0\u00a0 20\u20ac \/ 30\u20ac(premium) Concert Symphonique\u00a0\u00a0 L\u2019Orchestre du Festival avec solistes Direction: James Lowe VAUGAN WILLIAMS Fantasia on a theme of Thomas Tallis MOZART Concerto pour fl\u00fbte et harpe (Trond Brekka - flute, Michela Zanoni - harpe) WAGNER Siegfried Idyll MOZART Symphony No 35,\u00a0\u2026","rel":"","context":"Article similaire","block_context":{"text":"Article similaire","link":""},"img":{"alt_text":"","src":"https:\/\/i0.wp.com\/www.musique-cordiale.com\/wp-content\/uploads\/2019\/03\/CQ4A3496-scaled.jpg?fit=1200%2C588&ssl=1&resize=350%2C200","width":350,"height":200,"srcset":"https:\/\/i0.wp.com\/www.musique-cordiale.com\/wp-content\/uploads\/2019\/03\/CQ4A3496-scaled.jpg?fit=1200%2C588&ssl=1&resize=350%2C200 1x, https:\/\/i0.wp.com\/www.musique-cordiale.com\/wp-content\/uploads\/2019\/03\/CQ4A3496-scaled.jpg?fit=1200%2C588&ssl=1&resize=525%2C300 1.5x, https:\/\/i0.wp.com\/www.musique-cordiale.com\/wp-content\/uploads\/2019\/03\/CQ4A3496-scaled.jpg?fit=1200%2C588&ssl=1&resize=700%2C400 2x, https:\/\/i0.wp.com\/www.musique-cordiale.com\/wp-content\/uploads\/2019\/03\/CQ4A3496-scaled.jpg?fit=1200%2C588&ssl=1&resize=1050%2C600 3x"},"classes":[]},{"id":48346,"url":"https:\/\/www.musique-cordiale.com\/fr\/boutique-billetterie\/concert-orchestral-au-coucher-du-soleil-a-fayence-theatre-verdure-21h-5-aout-2025\/","url_meta":{"origin":45137,"position":3},"title":"\u00ab\u00a0S\u00e9r\u00e9nades d&rsquo;Amour\u00a0\u00bb\u00a0: Concert orchestral &#8211; avec airs &#8211; au coucher du soleil \u00e0 Fayence\u00a0: Th\u00e9\u00e2tre Verdure, 21\u00a0h, 5\u00a0ao\u00fbt\u00a02025","author":"Jonathan Barker","date":"10\/04\/2025","format":false,"excerpt":"\u00ab\u00a0S\u00e9r\u00e9nades d'amour\u00a0\u00bb \u2013\u00a0au lever de la lune dans le romantique amphith\u00e9\u00e2tre de Fayence\u00a0: Brahms, Elgar, Mendelssohn... et plus encore... 21h, Th\u00e9\u00e2tre de Verdure de Fayence Le grand concert orchestral du Festival dans le magnifique amphith\u00e9\u00e2tre en plein air de Fayence Mendelssohn \u2013 Ouverture des H\u00e9brides Elgar \u2013 S\u00e9r\u00e9nade pour cordes\u2026","rel":"","context":"Article similaire","block_context":{"text":"Article similaire","link":""},"img":{"alt_text":"","src":"https:\/\/i0.wp.com\/www.musique-cordiale.com\/wp-content\/uploads\/2023\/05\/Fayence-Verdure-concert-2019.jpg?fit=1200%2C583&ssl=1&resize=350%2C200","width":350,"height":200,"srcset":"https:\/\/i0.wp.com\/www.musique-cordiale.com\/wp-content\/uploads\/2023\/05\/Fayence-Verdure-concert-2019.jpg?fit=1200%2C583&ssl=1&resize=350%2C200 1x, https:\/\/i0.wp.com\/www.musique-cordiale.com\/wp-content\/uploads\/2023\/05\/Fayence-Verdure-concert-2019.jpg?fit=1200%2C583&ssl=1&resize=525%2C300 1.5x, https:\/\/i0.wp.com\/www.musique-cordiale.com\/wp-content\/uploads\/2023\/05\/Fayence-Verdure-concert-2019.jpg?fit=1200%2C583&ssl=1&resize=700%2C400 2x, https:\/\/i0.wp.com\/www.musique-cordiale.com\/wp-content\/uploads\/2023\/05\/Fayence-Verdure-concert-2019.jpg?fit=1200%2C583&ssl=1&resize=1050%2C600 3x"},"classes":[]},{"id":19777,"url":"https:\/\/www.musique-cordiale.com\/fr\/boutique-billetterie\/oratorio-a-bargemon-les-saisons-de-haydn-en-allemand-jeudi-9-aout-2018\/","url_meta":{"origin":45137,"position":4},"title":"Oratorio \u00e0 Bargemon: &lsquo;DIE JAHRESZEITEN&rsquo; &#8211; Les Saisons de Haydn (en allemand)","author":"Jonathan Barker","date":"17\/02\/2017","format":false,"excerpt":"avec choeur, orchestre & solists Graham Ross, direction Dima Bawab, soprano Julian Gregory, tenor Tristan Hambleton, basse Le Choeur & l'Orchestre du Festival Musique Cordiale","rel":"","context":"Article similaire","block_context":{"text":"Article similaire","link":""},"img":{"alt_text":"","src":"https:\/\/i0.wp.com\/www.musique-cordiale.com\/wp-content\/uploads\/2017\/03\/choir-and-orchestra-with-Graham-Ross.jpg?fit=1200%2C600&ssl=1&resize=350%2C200","width":350,"height":200,"srcset":"https:\/\/i0.wp.com\/www.musique-cordiale.com\/wp-content\/uploads\/2017\/03\/choir-and-orchestra-with-Graham-Ross.jpg?fit=1200%2C600&ssl=1&resize=350%2C200 1x, https:\/\/i0.wp.com\/www.musique-cordiale.com\/wp-content\/uploads\/2017\/03\/choir-and-orchestra-with-Graham-Ross.jpg?fit=1200%2C600&ssl=1&resize=525%2C300 1.5x, https:\/\/i0.wp.com\/www.musique-cordiale.com\/wp-content\/uploads\/2017\/03\/choir-and-orchestra-with-Graham-Ross.jpg?fit=1200%2C600&ssl=1&resize=700%2C400 2x, https:\/\/i0.wp.com\/www.musique-cordiale.com\/wp-content\/uploads\/2017\/03\/choir-and-orchestra-with-Graham-Ross.jpg?fit=1200%2C600&ssl=1&resize=1050%2C600 3x"},"classes":[]},{"id":48538,"url":"https:\/\/www.musique-cordiale.com\/fr\/boutique-billetterie\/48538\/","url_meta":{"origin":45137,"position":5},"title":"\u00ab D\u00e9licieux classiques : joyaux du r\u00e9pertoire classique \u00bb dans un cadre vigneron : Domaine Val d&rsquo;Iris, Seillans, 19h, 1er ao\u00fbt 2025 avec petit &lsquo;dinatoire l\u00e9ger&rsquo;","author":"Jonathan Barker","date":"19\/04\/2025","format":false,"excerpt":"\u00ab\u00a0Classiques doux\u00a0\u00bb dans un cadre viticole\u00a0: Domaine Val d'Iris, Seillans, 1er\u00a0ao\u00fbt\u00a02025 \u00e0 19\u00a0h Concert de grands classiques \u00e0 travers les \u00e2ges, avec un dinatoire l\u00e9ger (vin disponible \u00e9galement\u00a0!) Concert de grands classiques \u00e0 travers les \u00e2ges, avec un dinatoire l\u00e9ger (vin disponible \u00e9galement\u00a0!). Les solistes de l'Orchestre du Festival Musique-Cordiale\u2026","rel":"","context":"Article similaire","block_context":{"text":"Article similaire","link":""},"img":{"alt_text":"","src":"https:\/\/i0.wp.com\/www.musique-cordiale.com\/wp-content\/uploads\/2023\/05\/WhatsApp-Image-2023-01-20-at-14.57.35.jpeg?fit=1200%2C583&ssl=1&resize=350%2C200","width":350,"height":200,"srcset":"https:\/\/i0.wp.com\/www.musique-cordiale.com\/wp-content\/uploads\/2023\/05\/WhatsApp-Image-2023-01-20-at-14.57.35.jpeg?fit=1200%2C583&ssl=1&resize=350%2C200 1x, https:\/\/i0.wp.com\/www.musique-cordiale.com\/wp-content\/uploads\/2023\/05\/WhatsApp-Image-2023-01-20-at-14.57.35.jpeg?fit=1200%2C583&ssl=1&resize=525%2C300 1.5x, https:\/\/i0.wp.com\/www.musique-cordiale.com\/wp-content\/uploads\/2023\/05\/WhatsApp-Image-2023-01-20-at-14.57.35.jpeg?fit=1200%2C583&ssl=1&resize=700%2C400 2x, https:\/\/i0.wp.com\/www.musique-cordiale.com\/wp-content\/uploads\/2023\/05\/WhatsApp-Image-2023-01-20-at-14.57.35.jpeg?fit=1200%2C583&ssl=1&resize=1050%2C600 3x"},"classes":[]}],"_links":{"self":[{"href":"https:\/\/www.musique-cordiale.com\/fr\/wp-json\/wp\/v2\/product\/45137","targetHints":{"allow":["GET"]}}],"collection":[{"href":"https:\/\/www.musique-cordiale.com\/fr\/wp-json\/wp\/v2\/product"}],"about":[{"href":"https:\/\/www.musique-cordiale.com\/fr\/wp-json\/wp\/v2\/types\/product"}],"wp:featuredmedia":[{"embeddable":true,"href":"https:\/\/www.musique-cordiale.com\/fr\/wp-json\/wp\/v2\/media\/15694"}],"wp:attachment":[{"href":"https:\/\/www.musique-cordiale.com\/fr\/wp-json\/wp\/v2\/media?parent=45137"}],"wp:term":[{"taxonomy":"product_brand","embeddable":true,"href":"https:\/\/www.musique-cordiale.com\/fr\/wp-json\/wp\/v2\/product_brand?post=45137"},{"taxonomy":"product_cat","embeddable":true,"href":"https:\/\/www.musique-cordiale.com\/fr\/wp-json\/wp\/v2\/product_cat?post=45137"},{"taxonomy":"product_tag","embeddable":true,"href":"https:\/\/www.musique-cordiale.com\/fr\/wp-json\/wp\/v2\/product_tag?post=45137"},{"taxonomy":"venue","embeddable":true,"href":"https:\/\/www.musique-cordiale.com\/fr\/wp-json\/wp\/v2\/venue?post=45137"}],"curies":[{"name":"wp","href":"https:\/\/api.w.org\/{rel}","templated":true}]}}