{"id":45161,"date":"2024-04-19T16:06:12","date_gmt":"2024-04-19T16:13:44","guid":{"rendered":"https:\/\/www.musique-cordiale.com\/?post_type=product&#038;p=45161"},"modified":"2024-07-26T13:14:49","modified_gmt":"2024-07-26T13:14:49","slug":"7-aout-2024-7pm-une-soiree-de-jazz-et-chansons-francaises-eau-de-chansons","status":"publish","type":"product","link":"https:\/\/www.musique-cordiale.com\/fr\/boutique-billetterie\/7-aout-2024-7pm-une-soiree-de-jazz-et-chansons-francaises-eau-de-chansons\/","title":{"rendered":"7 ao\u00fbt 2024, 7PM &#8211; CONCERT GRATUIT: une soir\u00e9e de chansons fran\u00e7aises, de jazz et de la musique populaire &#8211; 1: \u00ab\u00a0EAU DE CHANSONS\u00a0\u00bb, Callian (St-Donat)"},"content":{"rendered":"&#13;\n<h2 class=\"wp-block-heading wp-elements-6ac15401dcc408b8923e9e7d9c40a8aa\"><strong>WIEBKE ET LES GAR\u00c7ONS<\/strong>: <strong>FREE CONCERT ! CONCERT GRATUIT !<\/strong>&#13;\n&#13;\n<em>Les dons sont les bienvenus\u00a0!<\/em><\/h2>&#13;\n<h2>WIEBKE ET LES GAR\u00c7ONS: <strong>FREE CONCERT! CONCERT GRATUIT!<\/strong>&#13;\n&#13;\n<em>Les <img data-recalc-dims=\"1\" loading=\"lazy\" decoding=\"async\" class=\"alignright size-full wp-image-46403\" src=\"https:\/\/i0.wp.com\/www.musique-cordiale.com\/wp-content\/uploads\/2024\/04\/pngimg.com-free_PNG90785.png?resize=600%2C600&#038;ssl=1\" alt=\"\" width=\"600\" height=\"600\" srcset=\"https:\/\/i0.wp.com\/www.musique-cordiale.com\/wp-content\/uploads\/2024\/04\/pngimg.com-free_PNG90785.png?w=600&amp;ssl=1 600w, https:\/\/i0.wp.com\/www.musique-cordiale.com\/wp-content\/uploads\/2024\/04\/pngimg.com-free_PNG90785.png?resize=150%2C150&amp;ssl=1 150w, https:\/\/i0.wp.com\/www.musique-cordiale.com\/wp-content\/uploads\/2024\/04\/pngimg.com-free_PNG90785.png?resize=100%2C100&amp;ssl=1 100w\" sizes=\"auto, (max-width: 600px) 100vw, 600px\" \/>dons sont les bienvenus\u00a0!<\/em>&#13;\nchansons comme Brel, Michel le Grand, Edith Piaf, Charles Aznavour, Serge Gainsbourg et de Fran\u00e7oise Hardy et Jacques Dutronc&#13;\n&#13;\nGRATUIT &#8211; <em>Les dons sont les bienvenus\u00a0!<\/em><\/h2>&#13;\n&#13;\n<h4 class=\"wp-block-heading\">Wiebke Bonnet, <em>voix<\/em>&#13;\nJean Louis van Dam, <em>piano<\/em>&#13;\nMarcel Booji, <em>contrabasse<\/em>&#13;\nFrank auf dem Brinke, <em>batterie<\/em><\/h4>&#13;\n<p>in the de-consecrated &amp; restored chapel at the foot of Callian (park there or walk down) &#8211; a charming recently-restored venuewith view up to Callian and Montauroux<\/p>&#13;\n<p>\u00a0<\/p>&#13;\n<p><strong>CONCERT GRATUIT!<em> (donations welcome!)<\/em> FREE CONCERT!<br\/><img data-recalc-dims=\"1\" loading=\"lazy\" decoding=\"async\" class=\"alignright  wp-image-46408\" src=\"https:\/\/i0.wp.com\/www.musique-cordiale.com\/wp-content\/uploads\/2024\/04\/gratuit.jpg?resize=493%2C198&#038;ssl=1\" alt=\"\" width=\"493\" height=\"198\" srcset=\"https:\/\/i0.wp.com\/www.musique-cordiale.com\/wp-content\/uploads\/2024\/04\/gratuit.jpg?w=1000&amp;ssl=1 1000w, https:\/\/i0.wp.com\/www.musique-cordiale.com\/wp-content\/uploads\/2024\/04\/gratuit.jpg?resize=768%2C309&amp;ssl=1 768w, https:\/\/i0.wp.com\/www.musique-cordiale.com\/wp-content\/uploads\/2024\/04\/gratuit.jpg?resize=750%2C302&amp;ssl=1 750w\" sizes=\"auto, (max-width: 493px) 100vw, 493px\" \/><\/strong><\/p>&#13;\n","protected":false},"excerpt":{"rendered":"<p><strong>CONCERT GRATUIT! | FREE CONCERT | <\/strong><\/p>\n<h2>WIEBKE ET LES GAR\u00c7ONS: chansons comme Brel, Michel le Grand, Edith Piaf, Charles Aznavour, Serge Gainsbourg et de Fran\u00e7oise Hardy et Jacques Dutronc<\/h2>\n<p>|<\/p>\n<p><!-- \/wp:heading --><\/p>\n<p><!-- wp:heading {\"level\":4} --><\/p>\n<h4 class=\"wp-block-heading\">Wiebke Bonnet, <em>voix | <\/em>Jean Louis van Dam, <em>piano | <\/em> Marcel Booji, <em>contrabasse | <\/em> Frank auf dem Brinke, <em>batterie<\/em><\/h4>\n<p>|FREE CONCERT! CONCERT GRATUIT | <em>(Les dons sont les bienvenus\u00a0!)<\/em> | dans l&rsquo;ancienne chapelle d\u00e9sacralis\u00e9e au pied de Callian (s&rsquo;y garer ou descendre \u00e0 pied) | un lieu de charme r\u00e9cemment restaur\u00e9 avec vue jusqu&rsquo;\u00e0 Callian et Montauroux |<\/p>\n","protected":false},"featured_media":46563,"template":"","meta":{"_acf_changed":false,"_monsterinsights_skip_tracking":false,"_monsterinsights_sitenote_active":false,"_monsterinsights_sitenote_note":"","_monsterinsights_sitenote_category":0,"_uf_show_specific_survey":0,"_uf_disable_surveys":false,"advanced_seo_description":"","jetpack_seo_html_title":"","jetpack_seo_noindex":false},"product_brand":[],"product_cat":[447],"product_tag":[219,481,395,286,281],"venue":[254,392],"class_list":{"0":"post-45161","1":"product","2":"type-product","3":"status-publish","4":"has-post-thumbnail","6":"product_cat-festival-2024-fr","7":"product_tag-billet-fr","8":"product_tag-callian-fr","9":"product_tag-concert-fr","10":"product_tag-jazz-ticket-billet","11":"product_tag-ticket-fr","12":"venue-callian","13":"venue-chapelle-saint-donat","15":"first","16":"instock","17":"virtual","18":"product-type-simple"},"acf":[],"jetpack_sharing_enabled":true,"jetpack-related-posts":[{"id":45157,"url":"https:\/\/www.musique-cordiale.com\/programme-tickets\/7-august-2024-7pm-une-soiree-de-jazz-et-chansons-francaises-eau-de-chansons\/","url_meta":{"origin":45161,"position":0},"title":"7 August 2024, 7PM &#8211;  FREE CONCERT: an evening of French Songs, jazz &#038; popular music &#8211; 1: \u00ab\u00a0EAU DE CHANSONS\u00a0\u00bb, Callian (St-Donat)","author":"Jonathan Barker","date":"19\/04\/2024","format":false,"excerpt":"WIEBKE ET LES GAR\u00c7ONS:| FREE CONCERT! songs like Brel, Michel le Grand, Edith Piaf, Charles Aznavour, Serge Gainsbourg and Fran\u00e7oise Hardy and Jacques Dutronc | Wiebke Bonnet, vocals |Jean Louis van Dam, piano |Marcel Booji, double bass |Frank auf dem Brinke, drums | in the deconsecrated & restored chapel at\u2026","rel":"","context":"Article similaire","block_context":{"text":"Article similaire","link":""},"img":{"alt_text":"","src":"https:\/\/i0.wp.com\/www.musique-cordiale.com\/wp-content\/uploads\/2024\/04\/Wiebke-et-les-Garcons-2.jpg?fit=957%2C1068&ssl=1&resize=350%2C200","width":350,"height":200,"srcset":"https:\/\/i0.wp.com\/www.musique-cordiale.com\/wp-content\/uploads\/2024\/04\/Wiebke-et-les-Garcons-2.jpg?fit=957%2C1068&ssl=1&resize=350%2C200 1x, https:\/\/i0.wp.com\/www.musique-cordiale.com\/wp-content\/uploads\/2024\/04\/Wiebke-et-les-Garcons-2.jpg?fit=957%2C1068&ssl=1&resize=525%2C300 1.5x, https:\/\/i0.wp.com\/www.musique-cordiale.com\/wp-content\/uploads\/2024\/04\/Wiebke-et-les-Garcons-2.jpg?fit=957%2C1068&ssl=1&resize=700%2C400 2x"},"classes":[]},{"id":45172,"url":"https:\/\/www.musique-cordiale.com\/fr\/boutique-billetterie\/7-aout-2024-7pm-une-soiree-de-jazz-et-chansons-francaises-eau-de-chansons-callian-st-donat-copy\/","url_meta":{"origin":45161,"position":1},"title":"8 ao\u00fbt 2024, 21h: une soir\u00e9e de chansons fran\u00e7aises, de jazz et de la musique populaire: \u00ab\u00a0EAU DE CHANSONS 2\u00a0\u00bb, Seillans (nouvelle scene de l&rsquo;ancienne gare)","author":"Jonathan Barker","date":"19\/04\/2024","format":false,"excerpt":"WIEBKE ET LES GAR\u00c7ONS: | chansons comme Brel, Michel le Grand, Edith Piaf, Charles Aznavour, Serge Gainsbourg et de Fran\u00e7oise Hardy et Jacques Dutronc | |Venez chanter avec ces fabuleux interpr\u00e8tes franco-n\u00e9erlandais | Wiebke Bonnet, voix | Jean Louis van Dam, piano | Marcel Booji, contrabasse | Frank auf dem\u2026","rel":"","context":"Article similaire","block_context":{"text":"Article similaire","link":""},"img":{"alt_text":"","src":"https:\/\/i0.wp.com\/www.musique-cordiale.com\/wp-content\/uploads\/2024\/04\/Wiebke-et-les-Garcons2.png?fit=1200%2C597&ssl=1&resize=350%2C200","width":350,"height":200,"srcset":"https:\/\/i0.wp.com\/www.musique-cordiale.com\/wp-content\/uploads\/2024\/04\/Wiebke-et-les-Garcons2.png?fit=1200%2C597&ssl=1&resize=350%2C200 1x, https:\/\/i0.wp.com\/www.musique-cordiale.com\/wp-content\/uploads\/2024\/04\/Wiebke-et-les-Garcons2.png?fit=1200%2C597&ssl=1&resize=525%2C300 1.5x, https:\/\/i0.wp.com\/www.musique-cordiale.com\/wp-content\/uploads\/2024\/04\/Wiebke-et-les-Garcons2.png?fit=1200%2C597&ssl=1&resize=700%2C400 2x, https:\/\/i0.wp.com\/www.musique-cordiale.com\/wp-content\/uploads\/2024\/04\/Wiebke-et-les-Garcons2.png?fit=1200%2C597&ssl=1&resize=1050%2C600 3x"},"classes":[]},{"id":45168,"url":"https:\/\/www.musique-cordiale.com\/programme-tickets\/8-august-2024-9pm-une-soiree-de-jazz-et-chansons-francaises-eau-de-chansons-seillans\/","url_meta":{"origin":45161,"position":2},"title":"8 August 2024, 9PM: an open-air evening of French songs, jazz &#038; popular music : \u00ab\u00a0EAU DE CHANSONS\u00a0\u00bb 2, Seillans (nouvelle sc\u00e8ne de l&rsquo;ancienne gare)","author":"Jonathan Barker","date":"19\/04\/2024","format":false,"excerpt":"WIEBKE ET LES GAR\u00c7ONS: | SONGS\u00a0 like Brel, Michel le Grand, Edith Piaf, Charles Aznavour, Serge Gainsbourg and Fran\u00e7oise Hardy and Jacques Dutronc |Wiebke Bonnet, vocals |Jean Louis van Dam, piano |Marcel Booji, double bass |Frank auf dem Brinke, drums | La nouvelle sc\u00e8ne de l'ancienne Gare, the new setting\u2026","rel":"","context":"Article similaire","block_context":{"text":"Article similaire","link":""},"img":{"alt_text":"","src":"https:\/\/i0.wp.com\/www.musique-cordiale.com\/wp-content\/uploads\/2024\/04\/Wiebke-et-les-Garcons2.png?fit=1200%2C597&ssl=1&resize=350%2C200","width":350,"height":200,"srcset":"https:\/\/i0.wp.com\/www.musique-cordiale.com\/wp-content\/uploads\/2024\/04\/Wiebke-et-les-Garcons2.png?fit=1200%2C597&ssl=1&resize=350%2C200 1x, https:\/\/i0.wp.com\/www.musique-cordiale.com\/wp-content\/uploads\/2024\/04\/Wiebke-et-les-Garcons2.png?fit=1200%2C597&ssl=1&resize=525%2C300 1.5x, https:\/\/i0.wp.com\/www.musique-cordiale.com\/wp-content\/uploads\/2024\/04\/Wiebke-et-les-Garcons2.png?fit=1200%2C597&ssl=1&resize=700%2C400 2x, https:\/\/i0.wp.com\/www.musique-cordiale.com\/wp-content\/uploads\/2024\/04\/Wiebke-et-les-Garcons2.png?fit=1200%2C597&ssl=1&resize=1050%2C600 3x"},"classes":[]},{"id":48773,"url":"https:\/\/www.musique-cordiale.com\/fr\/boutique-billetterie\/6-heures-le-6-concert-gratuit-en-debut-de-soiree-amsterdam-jazz-dans-la-fraicheur-de-la-chapelle-saint-donat-en-contrebas-de-callian-mercredi-6-aout-18h\/","url_meta":{"origin":45161,"position":3},"title":"FREE &#038; FUN! CONCERT GRATUIT ET AMUSANT en d\u00e9but de soir\u00e9e : Amsterdam Jazz, dans la fra\u00eecheur de la Chapelle Saint-Donat, en contrebas de Callian, jeudi 5 ao\u00fbt, 18h","author":"Jonathan Barker","date":"28\/04\/2025","format":false,"excerpt":"Isla Van Hout, \u00e0 la voix suave, et Jetse de Jong, qui font preuve de rapidit\u00e9, de polyvalence et de talent au piano, avec un \u00ab\u00a0EXTRAIT GRATUIT\u00a0\u00bb avant le d\u00eener, avant de d\u00e9couvrir ce qu'elles proposeront \u00e9galement sur une grande sc\u00e8ne le lendemain \u00e0 Seillans. Comme l'ann\u00e9e derni\u00e8re, ce CONCERT\u2026","rel":"","context":"Article similaire","block_context":{"text":"Article similaire","link":""},"img":{"alt_text":"","src":"https:\/\/i0.wp.com\/www.musique-cordiale.com\/wp-content\/uploads\/2025\/04\/WhatsApp-Image-2025-05-06-at-14.30.08_cbd15dc5-Jetse-Isla-2.jpg?fit=1200%2C524&ssl=1&resize=350%2C200","width":350,"height":200,"srcset":"https:\/\/i0.wp.com\/www.musique-cordiale.com\/wp-content\/uploads\/2025\/04\/WhatsApp-Image-2025-05-06-at-14.30.08_cbd15dc5-Jetse-Isla-2.jpg?fit=1200%2C524&ssl=1&resize=350%2C200 1x, https:\/\/i0.wp.com\/www.musique-cordiale.com\/wp-content\/uploads\/2025\/04\/WhatsApp-Image-2025-05-06-at-14.30.08_cbd15dc5-Jetse-Isla-2.jpg?fit=1200%2C524&ssl=1&resize=525%2C300 1.5x, https:\/\/i0.wp.com\/www.musique-cordiale.com\/wp-content\/uploads\/2025\/04\/WhatsApp-Image-2025-05-06-at-14.30.08_cbd15dc5-Jetse-Isla-2.jpg?fit=1200%2C524&ssl=1&resize=700%2C400 2x, https:\/\/i0.wp.com\/www.musique-cordiale.com\/wp-content\/uploads\/2025\/04\/WhatsApp-Image-2025-05-06-at-14.30.08_cbd15dc5-Jetse-Isla-2.jpg?fit=1200%2C524&ssl=1&resize=1050%2C600 3x"},"classes":[]},{"id":39731,"url":"https:\/\/www.musique-cordiale.com\/fr\/boutique-billetterie\/recital-de-chant\/","url_meta":{"origin":45161,"position":4},"title":"Recital: CHANSONS SOMPTUELLES, Mons 12:30 5 ao\u00fbt","author":"Lyndsey","date":"02\/06\/2023","format":false,"excerpt":"FREE ENTRY - Entr\u00e9e Gratuite Nous regrettons que Chlo\u00e9 ne soit pas bien. Mais le concert continue avec un beau programme de chansons d'Italie, d'Allemagne et d'Angleterre","rel":"","context":"Article similaire","block_context":{"text":"Article similaire","link":""},"img":{"alt_text":"","src":"https:\/\/i0.wp.com\/www.musique-cordiale.com\/wp-content\/uploads\/2023\/05\/Aidan-Coburn-M-C-2022.jpg?fit=806%2C1200&ssl=1&resize=350%2C200","width":350,"height":200,"srcset":"https:\/\/i0.wp.com\/www.musique-cordiale.com\/wp-content\/uploads\/2023\/05\/Aidan-Coburn-M-C-2022.jpg?fit=806%2C1200&ssl=1&resize=350%2C200 1x, https:\/\/i0.wp.com\/www.musique-cordiale.com\/wp-content\/uploads\/2023\/05\/Aidan-Coburn-M-C-2022.jpg?fit=806%2C1200&ssl=1&resize=525%2C300 1.5x, https:\/\/i0.wp.com\/www.musique-cordiale.com\/wp-content\/uploads\/2023\/05\/Aidan-Coburn-M-C-2022.jpg?fit=806%2C1200&ssl=1&resize=700%2C400 2x"},"classes":[]},{"id":21119,"url":"https:\/\/www.musique-cordiale.com\/fr\/boutique-billetterie\/les-amours-du-poete\/","url_meta":{"origin":45161,"position":5},"title":"Les Amours du Poete","author":"Lyndsey","date":"08\/06\/2018","format":false,"excerpt":"CONCERT DE MIDI \u00ab LES AMOURS DU PO\u00c8TE \u00bb Aidan Coburn,\u00a0t\u00e9nor Rebecca Taylor,\u00a0piano Schumann: Dichterliebe Entr\u00e9e Gratuite\u00a0\u00a0","rel":"","context":"Article similaire","block_context":{"text":"Article similaire","link":""},"img":{"alt_text":"","src":"https:\/\/i0.wp.com\/www.musique-cordiale.com\/wp-content\/uploads\/2017\/04\/rebecca-Taylor-piano.jpg?fit=640%2C615&ssl=1&resize=350%2C200","width":350,"height":200,"srcset":"https:\/\/i0.wp.com\/www.musique-cordiale.com\/wp-content\/uploads\/2017\/04\/rebecca-Taylor-piano.jpg?fit=640%2C615&ssl=1&resize=350%2C200 1x, https:\/\/i0.wp.com\/www.musique-cordiale.com\/wp-content\/uploads\/2017\/04\/rebecca-Taylor-piano.jpg?fit=640%2C615&ssl=1&resize=525%2C300 1.5x"},"classes":[]}],"_links":{"self":[{"href":"https:\/\/www.musique-cordiale.com\/fr\/wp-json\/wp\/v2\/product\/45161","targetHints":{"allow":["GET"]}}],"collection":[{"href":"https:\/\/www.musique-cordiale.com\/fr\/wp-json\/wp\/v2\/product"}],"about":[{"href":"https:\/\/www.musique-cordiale.com\/fr\/wp-json\/wp\/v2\/types\/product"}],"wp:featuredmedia":[{"embeddable":true,"href":"https:\/\/www.musique-cordiale.com\/fr\/wp-json\/wp\/v2\/media\/46563"}],"wp:attachment":[{"href":"https:\/\/www.musique-cordiale.com\/fr\/wp-json\/wp\/v2\/media?parent=45161"}],"wp:term":[{"taxonomy":"product_brand","embeddable":true,"href":"https:\/\/www.musique-cordiale.com\/fr\/wp-json\/wp\/v2\/product_brand?post=45161"},{"taxonomy":"product_cat","embeddable":true,"href":"https:\/\/www.musique-cordiale.com\/fr\/wp-json\/wp\/v2\/product_cat?post=45161"},{"taxonomy":"product_tag","embeddable":true,"href":"https:\/\/www.musique-cordiale.com\/fr\/wp-json\/wp\/v2\/product_tag?post=45161"},{"taxonomy":"venue","embeddable":true,"href":"https:\/\/www.musique-cordiale.com\/fr\/wp-json\/wp\/v2\/venue?post=45161"}],"curies":[{"name":"wp","href":"https:\/\/api.w.org\/{rel}","templated":true}]}}