{"id":45172,"date":"2024-04-19T16:26:12","date_gmt":"2024-04-19T16:26:12","guid":{"rendered":"https:\/\/www.musique-cordiale.com\/?post_type=product&#038;p=45172"},"modified":"2024-08-08T11:26:59","modified_gmt":"2024-08-08T11:26:59","slug":"7-aout-2024-7pm-une-soiree-de-jazz-et-chansons-francaises-eau-de-chansons-callian-st-donat-copy","status":"publish","type":"product","link":"https:\/\/www.musique-cordiale.com\/fr\/boutique-billetterie\/7-aout-2024-7pm-une-soiree-de-jazz-et-chansons-francaises-eau-de-chansons-callian-st-donat-copy\/","title":{"rendered":"8 ao\u00fbt 2024, 21h: une soir\u00e9e de chansons fran\u00e7aises, de jazz et de la musique populaire: \u00ab\u00a0EAU DE CHANSONS 2\u00a0\u00bb, Seillans (nouvelle scene de l&rsquo;ancienne gare)"},"content":{"rendered":"&#13;\n<h2 class=\"wp-block-heading wp-elements-ee8b42484a8dc8d555fb4facfe54b082\">WIEBKE ET LES GAR\u00c7ONS: chansons comme Brel, Michel le Grand, Edith Piaf, Charles Aznavour, Serge Gainsbourg et de Fran\u00e7oise Hardy et Jacques Dutronc&#13;\n&#13;\nLa nouvelle sc\u00e8ne de l&rsquo;ancienne Gare de Seillans la Gare, Seillans (en plein air). Venez chanter avec ces fabuleux interpr\u00e8tes franco-n\u00e9erlandais!&#13;\n&#13;\n<em>Arrivez t\u00f4t et faites un pique-nique ou apportez des boissons \u00e0 d\u00e9guster sous les arbres avant le concert ou pendant l&rsquo;entracte ! (Le parking se trouve dans le champ en contrebas de la Chapelle Notre-Dame de l&rsquo;Ormeau)<\/em><\/h2>&#13;\n<h4>Wiebke Bonnet, <em>voix<\/em>&#13;\nJean Louis van Dam, <em>piano<\/em>&#13;\nMarcel Booji, <em>contrabasse<\/em>&#13;\nFrank auf dem Brinke, <em>batterie<\/em><\/h4>&#13;\n<h4 class=\"wp-block-heading has-text-align-center\">La nouvelle sc\u00e8ne de l&rsquo;ancienne Gare, le nouvel \u00e9crin du spectacle en plein air \u00e0 Seillans !<\/h4>&#13;\n<p>Arrive early and have a picnic or bring some drinks to enjoy under the trees before the concert or during the interval! (Parking is in the field below the Chapelle Notre-Dame de l&rsquo;Ormeau<\/p>&#13;\n","protected":false},"excerpt":{"rendered":"<h2>WIEBKE ET LES GAR\u00c7ONS: | chansons comme Brel, Michel le Grand, Edith Piaf, Charles Aznavour, Serge Gainsbourg et de Fran\u00e7oise Hardy et Jacques Dutronc |<\/h2>\n<p>|Venez chanter avec ces fabuleux interpr\u00e8tes franco-n\u00e9erlandais |<br \/>\n<!-- \/wp:heading --><\/p>\n<p><!-- wp:heading {\"level\":4} --><\/p>\n<h4 class=\"wp-block-heading\">Wiebke Bonnet, <em>voix |<br \/>\n<\/em>Jean Louis van Dam, <em>piano |<br \/>\n<\/em> Marcel Booji, <em>contrabasse |<br \/>\n<\/em> Frank auf dem Brinke, <em>batterie<br \/>\n<\/em>|<br \/>\nLa nouvelle sc\u00e8ne de l&rsquo;ancienne Gare de Seillans la Gare, Seillans (en plein air) |<\/h4>\n<p>voir les prix | sp\u00e9ciaux bas | pour cet \u00e9v\u00e9nement si vous r\u00e9servez avant le 31 JUILLET<\/p>\n","protected":false},"featured_media":45568,"template":"","meta":{"_acf_changed":false,"_monsterinsights_skip_tracking":false,"_monsterinsights_sitenote_active":false,"_monsterinsights_sitenote_note":"","_monsterinsights_sitenote_category":0,"_uf_show_specific_survey":0,"_uf_disable_surveys":false,"advanced_seo_description":"","jetpack_seo_html_title":"","jetpack_seo_noindex":false},"product_brand":[],"product_cat":[447],"product_tag":[219,395,286,281],"venue":[485,222],"class_list":{"0":"post-45172","1":"product","2":"type-product","3":"status-publish","4":"has-post-thumbnail","6":"product_cat-festival-2024-fr","7":"product_tag-billet-fr","8":"product_tag-concert-fr","9":"product_tag-jazz-ticket-billet","10":"product_tag-ticket-fr","11":"venue-la-nouvelle-scene-de-lancienne-gare-de-seillans-en-plein-air","12":"venue-seillans","14":"first","15":"instock","16":"shipping-taxable","17":"product-type-variable"},"acf":[],"jetpack_sharing_enabled":true,"jetpack-related-posts":[{"id":45168,"url":"https:\/\/www.musique-cordiale.com\/programme-tickets\/8-august-2024-9pm-une-soiree-de-jazz-et-chansons-francaises-eau-de-chansons-seillans\/","url_meta":{"origin":45172,"position":0},"title":"8 August 2024, 9PM: an open-air evening of French songs, jazz &#038; popular music : \u00ab\u00a0EAU DE CHANSONS\u00a0\u00bb 2, Seillans (nouvelle sc\u00e8ne de l&rsquo;ancienne gare)","author":"Jonathan Barker","date":"19\/04\/2024","format":false,"excerpt":"WIEBKE ET LES GAR\u00c7ONS: | SONGS\u00a0 like Brel, Michel le Grand, Edith Piaf, Charles Aznavour, Serge Gainsbourg and Fran\u00e7oise Hardy and Jacques Dutronc |Wiebke Bonnet, vocals |Jean Louis van Dam, piano |Marcel Booji, double bass |Frank auf dem Brinke, drums | La nouvelle sc\u00e8ne de l'ancienne Gare, the new setting\u2026","rel":"","context":"Article similaire","block_context":{"text":"Article similaire","link":""},"img":{"alt_text":"","src":"https:\/\/i0.wp.com\/www.musique-cordiale.com\/wp-content\/uploads\/2024\/04\/Wiebke-et-les-Garcons2.png?fit=1200%2C597&ssl=1&resize=350%2C200","width":350,"height":200,"srcset":"https:\/\/i0.wp.com\/www.musique-cordiale.com\/wp-content\/uploads\/2024\/04\/Wiebke-et-les-Garcons2.png?fit=1200%2C597&ssl=1&resize=350%2C200 1x, https:\/\/i0.wp.com\/www.musique-cordiale.com\/wp-content\/uploads\/2024\/04\/Wiebke-et-les-Garcons2.png?fit=1200%2C597&ssl=1&resize=525%2C300 1.5x, https:\/\/i0.wp.com\/www.musique-cordiale.com\/wp-content\/uploads\/2024\/04\/Wiebke-et-les-Garcons2.png?fit=1200%2C597&ssl=1&resize=700%2C400 2x, https:\/\/i0.wp.com\/www.musique-cordiale.com\/wp-content\/uploads\/2024\/04\/Wiebke-et-les-Garcons2.png?fit=1200%2C597&ssl=1&resize=1050%2C600 3x"},"classes":[]},{"id":48557,"url":"https:\/\/www.musique-cordiale.com\/fr\/boutique-billetterie\/isla-jetse-are-back-jazz-popular-songs-with-a-french-accent-bring-a-picnic-to-the-lovely-musical-scene-at-the-old-station-in-seillans-9pm-7-august-2025\/","url_meta":{"origin":45172,"position":1},"title":"Isla et Jetse sont de retour ! Jazz et chansons populaires avec un accent fran\u00e7ais : venez pique-niquer sur la charmante nouvelle sc\u00e8ne musicale de l&rsquo;ancienne gare de Seillans, le 7 ao\u00fbt 2025 \u00e0 21h.","author":"Jonathan Barker","date":"07\/04\/2025","format":false,"excerpt":"Isla van Hout is back, accompanied by the amazing jazz and boogie-woogie pianist, Jetse de Jong - by popular request from our audiences in Seillans! Gates open from 7:30PM: concerts begins 9PM. Bring your drinks and picnic and enjoy time with your friends in the ground before the concert and\u2026","rel":"","context":"Article similaire","block_context":{"text":"Article similaire","link":""},"img":{"alt_text":"","src":"https:\/\/i0.wp.com\/www.musique-cordiale.com\/wp-content\/uploads\/2025\/04\/WhatsApp-Image-2025-04-22-at-14.37.37_8ee7f22c-Jetse-and-Isla-2025.jpg?fit=1200%2C653&ssl=1&resize=350%2C200","width":350,"height":200,"srcset":"https:\/\/i0.wp.com\/www.musique-cordiale.com\/wp-content\/uploads\/2025\/04\/WhatsApp-Image-2025-04-22-at-14.37.37_8ee7f22c-Jetse-and-Isla-2025.jpg?fit=1200%2C653&ssl=1&resize=350%2C200 1x, https:\/\/i0.wp.com\/www.musique-cordiale.com\/wp-content\/uploads\/2025\/04\/WhatsApp-Image-2025-04-22-at-14.37.37_8ee7f22c-Jetse-and-Isla-2025.jpg?fit=1200%2C653&ssl=1&resize=525%2C300 1.5x, https:\/\/i0.wp.com\/www.musique-cordiale.com\/wp-content\/uploads\/2025\/04\/WhatsApp-Image-2025-04-22-at-14.37.37_8ee7f22c-Jetse-and-Isla-2025.jpg?fit=1200%2C653&ssl=1&resize=700%2C400 2x, https:\/\/i0.wp.com\/www.musique-cordiale.com\/wp-content\/uploads\/2025\/04\/WhatsApp-Image-2025-04-22-at-14.37.37_8ee7f22c-Jetse-and-Isla-2025.jpg?fit=1200%2C653&ssl=1&resize=1050%2C600 3x"},"classes":[]},{"id":45023,"url":"https:\/\/www.musique-cordiale.com\/fr\/boutique-billetterie\/1-august-2024-9pm-soiree-opera-verdis-la-traviata-seillans\/","url_meta":{"origin":45172,"position":2},"title":"1 ao\u00fbt 2024, 21h: Soir\u00e9e OPERA: LA TRAVIATA  de Verdi (premi\u00e8re repr\u00e9sentation, Seillans en pleine air &#8211; apporter un pique-nique!)","author":"Jonathan Barker","date":"18\/04\/2024","format":false,"excerpt":"La nouvelle sc\u00e8ne de l'ancienne Gare de Seillans la Gare, Seillans (en plein air) - voir la vid\u00e9o \"Ghost Train\" - 'Train Fant\u00f4me' sur l'ancienne ligne ferroviaire du Centre du Var \u00a0 Rebecca Hardwick, Violetta| Aidan Coburn, Alfredo| Jessica Hopkins, Flora & Annina| Will Harris, Gastone| Peter Lidbetter, Giorgio Germond|\u2026","rel":"","context":"Article similaire","block_context":{"text":"Article similaire","link":""},"img":{"alt_text":"","src":"https:\/\/i0.wp.com\/www.musique-cordiale.com\/wp-content\/uploads\/2024\/04\/shutterstock_2306674563.jpg?fit=1200%2C1175&ssl=1&resize=350%2C200","width":350,"height":200,"srcset":"https:\/\/i0.wp.com\/www.musique-cordiale.com\/wp-content\/uploads\/2024\/04\/shutterstock_2306674563.jpg?fit=1200%2C1175&ssl=1&resize=350%2C200 1x, https:\/\/i0.wp.com\/www.musique-cordiale.com\/wp-content\/uploads\/2024\/04\/shutterstock_2306674563.jpg?fit=1200%2C1175&ssl=1&resize=525%2C300 1.5x, https:\/\/i0.wp.com\/www.musique-cordiale.com\/wp-content\/uploads\/2024\/04\/shutterstock_2306674563.jpg?fit=1200%2C1175&ssl=1&resize=700%2C400 2x, https:\/\/i0.wp.com\/www.musique-cordiale.com\/wp-content\/uploads\/2024\/04\/shutterstock_2306674563.jpg?fit=1200%2C1175&ssl=1&resize=1050%2C600 3x"},"classes":[]},{"id":48464,"url":"https:\/\/www.musique-cordiale.com\/fr\/boutique-billetterie\/une-nuit-a-lopera-la-scene-de-lancienne-gare-de-seillans-en-plein-air-21h-2-aout-2025\/","url_meta":{"origin":45172,"position":3},"title":"\u00ab\u00a0Une nuit \u00e0 l&rsquo;OP\u00c9RA\u00a0\u00bb, la sc\u00e8ne de l&rsquo;ancienne Gare de SEILLANS, en plein air 20h 2 ao\u00fbt 2025","author":"Jonathan Barker","date":"17\/04\/2025","format":false,"excerpt":"PUCCINI, BIZET, MOZART, VERDI-BRITTEN \u00ab\u00a0Une nuit \u00e0 l'OP\u00c9RA\u00a0\u00bb, sc\u00e8ne de l'ancienne Gare de SEILLANS, en plein air \u00e0 20\u00a0h le 2\u00a0ao\u00fbt\u00a02025, ouverture des portes \u00e0 18\u00a0h\u00a030 pour pique-niquer ou boire un verre, avec notre entracte habituel, avec vin et boissons non alcoolis\u00e9es. EXTRAITS D'OP\u00c9RA INTERPR\u00c9T\u00c9S PAR\u00a0: Soprano \u2013 Rebecca Hardwick,\u2026","rel":"","context":"Article similaire","block_context":{"text":"Article similaire","link":""},"img":{"alt_text":"","src":"https:\/\/i0.wp.com\/www.musique-cordiale.com\/wp-content\/uploads\/2025\/04\/IMG-20250417-WA00341-Seillans-Gare-2024-opera.jpg?fit=1200%2C546&ssl=1&resize=350%2C200","width":350,"height":200,"srcset":"https:\/\/i0.wp.com\/www.musique-cordiale.com\/wp-content\/uploads\/2025\/04\/IMG-20250417-WA00341-Seillans-Gare-2024-opera.jpg?fit=1200%2C546&ssl=1&resize=350%2C200 1x, https:\/\/i0.wp.com\/www.musique-cordiale.com\/wp-content\/uploads\/2025\/04\/IMG-20250417-WA00341-Seillans-Gare-2024-opera.jpg?fit=1200%2C546&ssl=1&resize=525%2C300 1.5x, https:\/\/i0.wp.com\/www.musique-cordiale.com\/wp-content\/uploads\/2025\/04\/IMG-20250417-WA00341-Seillans-Gare-2024-opera.jpg?fit=1200%2C546&ssl=1&resize=700%2C400 2x, https:\/\/i0.wp.com\/www.musique-cordiale.com\/wp-content\/uploads\/2025\/04\/IMG-20250417-WA00341-Seillans-Gare-2024-opera.jpg?fit=1200%2C546&ssl=1&resize=1050%2C600 3x"},"classes":[]},{"id":45161,"url":"https:\/\/www.musique-cordiale.com\/fr\/boutique-billetterie\/7-aout-2024-7pm-une-soiree-de-jazz-et-chansons-francaises-eau-de-chansons\/","url_meta":{"origin":45172,"position":4},"title":"7 ao\u00fbt 2024, 7PM &#8211; CONCERT GRATUIT: une soir\u00e9e de chansons fran\u00e7aises, de jazz et de la musique populaire &#8211; 1: \u00ab\u00a0EAU DE CHANSONS\u00a0\u00bb, Callian (St-Donat)","author":"Jonathan Barker","date":"19\/04\/2024","format":false,"excerpt":"CONCERT GRATUIT! | FREE CONCERT | WIEBKE ET LES GAR\u00c7ONS: chansons comme Brel, Michel le Grand, Edith Piaf, Charles Aznavour, Serge Gainsbourg et de Fran\u00e7oise Hardy et Jacques Dutronc | Wiebke Bonnet, voix | Jean Louis van Dam, piano | Marcel Booji, contrabasse | Frank auf dem Brinke, batterie |FREE\u2026","rel":"","context":"Article similaire","block_context":{"text":"Article similaire","link":""},"img":{"alt_text":"","src":"https:\/\/i0.wp.com\/www.musique-cordiale.com\/wp-content\/uploads\/2024\/04\/Wiebke-et-les-Garcons-2.jpg?fit=957%2C1068&ssl=1&resize=350%2C200","width":350,"height":200,"srcset":"https:\/\/i0.wp.com\/www.musique-cordiale.com\/wp-content\/uploads\/2024\/04\/Wiebke-et-les-Garcons-2.jpg?fit=957%2C1068&ssl=1&resize=350%2C200 1x, https:\/\/i0.wp.com\/www.musique-cordiale.com\/wp-content\/uploads\/2024\/04\/Wiebke-et-les-Garcons-2.jpg?fit=957%2C1068&ssl=1&resize=525%2C300 1.5x, https:\/\/i0.wp.com\/www.musique-cordiale.com\/wp-content\/uploads\/2024\/04\/Wiebke-et-les-Garcons-2.jpg?fit=957%2C1068&ssl=1&resize=700%2C400 2x"},"classes":[]},{"id":45018,"url":"https:\/\/www.musique-cordiale.com\/programme-tickets\/1-august-2024-9pm-soiree-opera-verdis-la-traviata-seillans\/","url_meta":{"origin":45172,"position":5},"title":"1 August 2024, 9PM: Soir\u00e9e OPERA: Verdi&rsquo;s La Traviata (first performance, Seillans, open air &#8211; bring a picnic!)","author":"Jonathan Barker","date":"18\/04\/2024","format":false,"excerpt":"La nouvelle sc\u00e8ne de l'ancienne Gare de Seillans la Gare, Seillans (open air) - see \"Ghost Train\" video about the old Central Var rail line| Verdi\u2019s LA TRAVIATA | Rebecca Hardwick, Violetta | Aidan Coburn, Alfredo Germond | Peter Lidbetter, Giorgio Germond | Jessica Hopkins, Flora\/Annina | Will Harris, Gastone\u2026","rel":"","context":"Article similaire","block_context":{"text":"Article similaire","link":""},"img":{"alt_text":"","src":"https:\/\/i0.wp.com\/www.musique-cordiale.com\/wp-content\/uploads\/2024\/04\/shutterstock_2306674563.jpg?fit=1200%2C1175&ssl=1&resize=350%2C200","width":350,"height":200,"srcset":"https:\/\/i0.wp.com\/www.musique-cordiale.com\/wp-content\/uploads\/2024\/04\/shutterstock_2306674563.jpg?fit=1200%2C1175&ssl=1&resize=350%2C200 1x, https:\/\/i0.wp.com\/www.musique-cordiale.com\/wp-content\/uploads\/2024\/04\/shutterstock_2306674563.jpg?fit=1200%2C1175&ssl=1&resize=525%2C300 1.5x, https:\/\/i0.wp.com\/www.musique-cordiale.com\/wp-content\/uploads\/2024\/04\/shutterstock_2306674563.jpg?fit=1200%2C1175&ssl=1&resize=700%2C400 2x, https:\/\/i0.wp.com\/www.musique-cordiale.com\/wp-content\/uploads\/2024\/04\/shutterstock_2306674563.jpg?fit=1200%2C1175&ssl=1&resize=1050%2C600 3x"},"classes":[]}],"_links":{"self":[{"href":"https:\/\/www.musique-cordiale.com\/fr\/wp-json\/wp\/v2\/product\/45172","targetHints":{"allow":["GET"]}}],"collection":[{"href":"https:\/\/www.musique-cordiale.com\/fr\/wp-json\/wp\/v2\/product"}],"about":[{"href":"https:\/\/www.musique-cordiale.com\/fr\/wp-json\/wp\/v2\/types\/product"}],"wp:featuredmedia":[{"embeddable":true,"href":"https:\/\/www.musique-cordiale.com\/fr\/wp-json\/wp\/v2\/media\/45568"}],"wp:attachment":[{"href":"https:\/\/www.musique-cordiale.com\/fr\/wp-json\/wp\/v2\/media?parent=45172"}],"wp:term":[{"taxonomy":"product_brand","embeddable":true,"href":"https:\/\/www.musique-cordiale.com\/fr\/wp-json\/wp\/v2\/product_brand?post=45172"},{"taxonomy":"product_cat","embeddable":true,"href":"https:\/\/www.musique-cordiale.com\/fr\/wp-json\/wp\/v2\/product_cat?post=45172"},{"taxonomy":"product_tag","embeddable":true,"href":"https:\/\/www.musique-cordiale.com\/fr\/wp-json\/wp\/v2\/product_tag?post=45172"},{"taxonomy":"venue","embeddable":true,"href":"https:\/\/www.musique-cordiale.com\/fr\/wp-json\/wp\/v2\/venue?post=45172"}],"curies":[{"name":"wp","href":"https:\/\/api.w.org\/{rel}","templated":true}]}}