{"id":45187,"date":"2024-04-19T19:45:53","date_gmt":"2024-04-19T19:50:39","guid":{"rendered":"https:\/\/www.musique-cordiale.com\/?post_type=product&#038;p=45187"},"modified":"2024-08-08T11:16:31","modified_gmt":"2024-08-08T11:16:31","slug":"8-aout-18h-non-festival-extra-concert-by-musique-cordiale-choir-orchestra-menton-verdi-requiem","status":"publish","type":"product","link":"https:\/\/www.musique-cordiale.com\/fr\/boutique-billetterie\/8-aout-18h-non-festival-extra-concert-by-musique-cordiale-choir-orchestra-menton-verdi-requiem\/","title":{"rendered":"8 ao\u00fbt 2024, 18h &#8211; (\u00ab\u00a0Festival OFF\u00a0\u00bb) extra concert par le Choeur et l&rsquo;Orchestre Musique-Cordiale, MENTON: Requiem de Verdi"},"content":{"rendered":"\r\n<p class=\"wp-elements-560e9e8a648cef2cba438dee93036d4a\"><em>(This is an exciting\u00a0 \u00ab\u00a0FESTIVAL OFF\u00a0\u00bb EVENT: the choir &amp; orchestra perform in the Alpes-Maritime this evening. The same concert that will take place in Seillans on Saturday 10 August (as the closing Festival concert). Meanwhile, on 8 August, we are staging a Jazz and French song concert &#8211; see next event).<img data-recalc-dims=\"1\" loading=\"lazy\" decoding=\"async\" class=\"alignright  wp-image-46027\" src=\"https:\/\/i0.wp.com\/www.musique-cordiale.com\/wp-content\/uploads\/2024\/04\/Verdi-in-Menton-8-August-2024.png?resize=143%2C185&#038;ssl=1\" alt=\"\" width=\"143\" height=\"185\" srcset=\"https:\/\/i0.wp.com\/www.musique-cordiale.com\/wp-content\/uploads\/2024\/04\/Verdi-in-Menton-8-August-2024.png?w=2576&amp;ssl=1 2576w, https:\/\/i0.wp.com\/www.musique-cordiale.com\/wp-content\/uploads\/2024\/04\/Verdi-in-Menton-8-August-2024.png?resize=768%2C998&amp;ssl=1 768w, https:\/\/i0.wp.com\/www.musique-cordiale.com\/wp-content\/uploads\/2024\/04\/Verdi-in-Menton-8-August-2024.png?resize=1182%2C1536&amp;ssl=1 1182w, https:\/\/i0.wp.com\/www.musique-cordiale.com\/wp-content\/uploads\/2024\/04\/Verdi-in-Menton-8-August-2024.png?resize=1576%2C2048&amp;ssl=1 1576w, https:\/\/i0.wp.com\/www.musique-cordiale.com\/wp-content\/uploads\/2024\/04\/Verdi-in-Menton-8-August-2024.png?resize=750%2C975&amp;ssl=1 750w, https:\/\/i0.wp.com\/www.musique-cordiale.com\/wp-content\/uploads\/2024\/04\/Verdi-in-Menton-8-August-2024.png?w=1280&amp;ssl=1 1280w, https:\/\/i0.wp.com\/www.musique-cordiale.com\/wp-content\/uploads\/2024\/04\/Verdi-in-Menton-8-August-2024.png?w=1920&amp;ssl=1 1920w\" sizes=\"auto, (max-width: 143px) 100vw, 143px\" \/><\/em><\/p>\r\n<h2 class=\"wp-block-heading has-vivid-red-color has-text-color has-link-color\" style=\"text-align: center;\">Guiseppe Verdi: <em><strong>Messa da Requiem<\/strong><\/em><\/h2>\r\n\r\n\r\n\r\n<ul class=\"wp-elements-41677c406d02c964f2fb9c3f8db8ea8d\">\r\n<li>Rebecca Hardwick, <em>soprano<\/em><\/li>\r\n<li>Charlotte King, <em>alto<\/em><\/li>\r\n<li>Aidan Coburn, <em>tenor<\/em><\/li>\r\n<li>Peter Lidbetter, <em>bass<\/em><\/li>\r\n<li>Choeur et l&rsquo;orchestre du Festival Musique Cordiale<\/li>\r\n<li><em>direction<\/em> Graham Ross, director of Music, Clare College, Cambridge<\/li>\r\n<\/ul>\r\n\r\n\r\n\r\n<p><strong>\u00c9glise anglicane de Saint-Jean, MENTON, Alpes-Maritime. 6PM<br \/><\/strong><\/p>\r\n","protected":false},"excerpt":{"rendered":"<p><em>(Il s&rsquo;agit d&rsquo;un \u00c9V\u00c9NEMENT \u00ab\u00a0FESTIVAL OFF\u00a0\u00bb : le ch\u0153ur et l&rsquo;orchestre se produisent ce soir dans les Alpes-Maritime. Le m\u00eame concert qui aura lieu \u00e0 Seillans le samedi 10 ao\u00fbt (en guise de concert de cl\u00f4ture du Festival). Pendant ce temps, le 8 ao\u00fbt, nous organisons un concert de Jazz et de chanson fran\u00e7aise &#8211; voir prochain \u00e9v\u00e9nement).).<\/em><\/p>\n<h2 class=\"wp-block-heading has-vivid-red-color has-text-color has-link-color\" style=\"text-align: center;\">Guiseppe Verdi: <em><strong>Messa da Requiem<\/strong><\/em><\/h2>\n<p><!-- \/wp:heading --><\/p>\n<p><!-- wp:heading {\"textAlign\":\"center\",\"level\":4,\"style\":{\"elements\":{\"link\":{\"color\":{\"text\":\"var:preset|color|vivid-red\"}}}},\"textColor\":\"vivid-red\"} --><\/p>\n<h4 class=\"wp-block-heading has-text-align-center has-vivid-red-color has-text-color has-link-color\" style=\"text-align: center;\">Rebecca Hardwick, soprano| Charlotte King, contralto|Aidan Coburn, t\u00e9nor |Peter Lidbetter, bass |Choeur et l&rsquo;orchestre du Festival Musique Cordiale |<\/h4>\n<h4 class=\"wp-block-heading has-text-align-center has-vivid-red-color has-text-color has-link-color\" style=\"text-align: center;\">direction: Graham Ross, director of Music, Clare College, Cambridge |<\/h4>\n<p><!-- \/wp:heading --><\/p>\n<p><!-- wp:paragraph --><\/p>\n<p><strong>\u00c9glise anglicane Saint-Jean, MENTON, Alpes-Maritime<\/strong><\/p>\n","protected":false},"featured_media":46072,"template":"","meta":{"_acf_changed":false,"_monsterinsights_skip_tracking":false,"_monsterinsights_sitenote_active":false,"_monsterinsights_sitenote_note":"","_monsterinsights_sitenote_category":0,"_uf_show_specific_survey":0,"_uf_disable_surveys":false,"advanced_seo_description":"","jetpack_seo_html_title":"","jetpack_seo_noindex":false},"product_brand":[],"product_cat":[447,475],"product_tag":[395,477,476],"venue":[461,460],"class_list":{"0":"post-45187","1":"product","2":"type-product","3":"status-publish","4":"has-post-thumbnail","6":"product_cat-festival-2024-fr","7":"product_cat-other-events","8":"product_tag-concert-fr","9":"product_tag-menton-fr","10":"product_tag-verdi-fr","11":"venue-anglican-church-of-st-john","12":"venue-menton","14":"first","15":"instock","16":"virtual","17":"product-type-simple"},"acf":[],"jetpack_sharing_enabled":true,"jetpack-related-posts":[{"id":45211,"url":"https:\/\/www.musique-cordiale.com\/programme-tickets\/8-august-2024-6pm-festival-off-extra-concert-by-musique-cordiale-choir-orchestra-in-menton-verdi-requiem\/","url_meta":{"origin":45187,"position":0},"title":"8 August 2024, 6PM &#8211; (\u00ab\u00a0Festival OFF\u00a0\u00bb) extra concert by Musique-Cordiale choir &#038; Orchestra in MENTON: Verdi Requiem","author":"Jonathan Barker","date":"20\/04\/2024","format":false,"excerpt":"Guiseppe Verdi: Messa da Requiem Rebecca Hardwick, soprano Charlotte KIng, alto Aidan Coburn, tenor Peter Lidbetter, bass Choeur et l'orchestre du Festival Musique Cordiale direction Graham Ross, director of Music, Clare College, Cambridge Anglican Church of St John, MENTON, Alpes-Maritime","rel":"","context":"Article similaire","block_context":{"text":"Article similaire","link":""},"img":{"alt_text":"","src":"","width":0,"height":0},"classes":[]},{"id":45185,"url":"https:\/\/www.musique-cordiale.com\/programme-tickets\/8-august-6pm-non-festival-extra-concert-by-musique-cordiale-choir-orchestra-in-menton-verdi-requiem\/","url_meta":{"origin":45187,"position":1},"title":"8 August 2024, 6PM &#8211; (\u00ab\u00a0Festival OFF\u00a0\u00bb) extra concert by Musique-Cordiale choir &#038; Orchestra in MENTON: Verdi Requiem","author":"Jonathan Barker","date":"19\/04\/2024","format":false,"excerpt":"Guiseppe Verdi: Messa da Requiem Rebecca Hardwick, soprano | Charlotte King, alto |Aidan Coburn, tenor |Peter Lidbetter, bass |Choeur et l'orchestre du Festival Musique Cordiale |direction Graham Ross, director of Music, Clare College, Cambridge | Anglican Church of St John, MENTON, Alpes-Maritime","rel":"","context":"Article similaire","block_context":{"text":"Article similaire","link":""},"img":{"alt_text":"","src":"https:\/\/i0.wp.com\/www.musique-cordiale.com\/wp-content\/uploads\/2024\/04\/MC2024_Poster_Menton-2024.png?fit=861%2C1200&ssl=1&resize=350%2C200","width":350,"height":200,"srcset":"https:\/\/i0.wp.com\/www.musique-cordiale.com\/wp-content\/uploads\/2024\/04\/MC2024_Poster_Menton-2024.png?fit=861%2C1200&ssl=1&resize=350%2C200 1x, https:\/\/i0.wp.com\/www.musique-cordiale.com\/wp-content\/uploads\/2024\/04\/MC2024_Poster_Menton-2024.png?fit=861%2C1200&ssl=1&resize=525%2C300 1.5x, https:\/\/i0.wp.com\/www.musique-cordiale.com\/wp-content\/uploads\/2024\/04\/MC2024_Poster_Menton-2024.png?fit=861%2C1200&ssl=1&resize=700%2C400 2x"},"classes":[]},{"id":45219,"url":"https:\/\/www.musique-cordiale.com\/fr\/boutique-billetterie\/10-aout-19h-concert-de-cloture-du-festival-requiem-de-verdi-choeur-et-orchestre-musique-cordiale-seillans\/","url_meta":{"origin":45187,"position":2},"title":"10 ao\u00fbt 19h- Concert de Cl\u00f4ture du festival: REQUIEM de VERDI, Choeur et orchestre Musique-Cordiale, \u00c9glise de Seillans","author":"Jonathan Barker","date":"20\/04\/2024","format":false,"excerpt":"Guiseppe Verdi: Messa da Requiem | Rebecca Hardwick, soprano | Charlotte King, alto | Aidan Coburn, tenor | Peter Lidbetter, bass | Choeur et l'orchestre du Festival Musique Cordiale | direction Graham Ross, director of Music, Clare College, Cambridge","rel":"","context":"Article similaire","block_context":{"text":"Article similaire","link":""},"img":{"alt_text":"","src":"https:\/\/i0.wp.com\/www.musique-cordiale.com\/wp-content\/uploads\/2023\/08\/Musique-Cordiale-Seillans-120823-39-scaled.jpg?fit=1200%2C570&ssl=1&resize=350%2C200","width":350,"height":200,"srcset":"https:\/\/i0.wp.com\/www.musique-cordiale.com\/wp-content\/uploads\/2023\/08\/Musique-Cordiale-Seillans-120823-39-scaled.jpg?fit=1200%2C570&ssl=1&resize=350%2C200 1x, https:\/\/i0.wp.com\/www.musique-cordiale.com\/wp-content\/uploads\/2023\/08\/Musique-Cordiale-Seillans-120823-39-scaled.jpg?fit=1200%2C570&ssl=1&resize=525%2C300 1.5x, https:\/\/i0.wp.com\/www.musique-cordiale.com\/wp-content\/uploads\/2023\/08\/Musique-Cordiale-Seillans-120823-39-scaled.jpg?fit=1200%2C570&ssl=1&resize=700%2C400 2x, https:\/\/i0.wp.com\/www.musique-cordiale.com\/wp-content\/uploads\/2023\/08\/Musique-Cordiale-Seillans-120823-39-scaled.jpg?fit=1200%2C570&ssl=1&resize=1050%2C600 3x"},"classes":[]},{"id":45214,"url":"https:\/\/www.musique-cordiale.com\/programme-tickets\/10-august-6pm-concert-de-cloture-du-festival-verdi-requiem-musique-cordiale-choir-orchestra-seillans\/","url_meta":{"origin":45187,"position":3},"title":"10 August, 7PM- Concert de Cl\u00f4ture du festival: VERDI REQUIEM, Musique-Cordiale choir &#038; Orchestra, SEILLANS Church","author":"Jonathan Barker","date":"20\/04\/2024","format":false,"excerpt":"Guiseppe Verdi: Messa da Requiem | Rebecca Hardwick, soprano | Charlotte King, alto | Aidan Coburn, tenor | Peter Lidbetter, bass | | Choeur et l'orchestre du Festival Musique Cordiale | direction Graham Ross, director of Music, Clare College, Cambridge |","rel":"","context":"Article similaire","block_context":{"text":"Article similaire","link":""},"img":{"alt_text":"","src":"https:\/\/i0.wp.com\/www.musique-cordiale.com\/wp-content\/uploads\/2023\/08\/Musique-Cordiale-Seillans-120823-39-scaled.jpg?fit=1200%2C570&ssl=1&resize=350%2C200","width":350,"height":200,"srcset":"https:\/\/i0.wp.com\/www.musique-cordiale.com\/wp-content\/uploads\/2023\/08\/Musique-Cordiale-Seillans-120823-39-scaled.jpg?fit=1200%2C570&ssl=1&resize=350%2C200 1x, https:\/\/i0.wp.com\/www.musique-cordiale.com\/wp-content\/uploads\/2023\/08\/Musique-Cordiale-Seillans-120823-39-scaled.jpg?fit=1200%2C570&ssl=1&resize=525%2C300 1.5x, https:\/\/i0.wp.com\/www.musique-cordiale.com\/wp-content\/uploads\/2023\/08\/Musique-Cordiale-Seillans-120823-39-scaled.jpg?fit=1200%2C570&ssl=1&resize=700%2C400 2x, https:\/\/i0.wp.com\/www.musique-cordiale.com\/wp-content\/uploads\/2023\/08\/Musique-Cordiale-Seillans-120823-39-scaled.jpg?fit=1200%2C570&ssl=1&resize=1050%2C600 3x"},"classes":[]},{"id":23261,"url":"https:\/\/www.musique-cordiale.com\/fr\/boutique-billetterie\/concert-de-cloture-du-festival-oratorio-saul\/","url_meta":{"origin":45187,"position":4},"title":"BILLET: Concert de cl\u00f4ture du festival: Oratorio \u00abSAUL\u00bb de Haendel, Seillans, 17 ao\u00fbt 2019","author":"Jonathan Barker","date":"26\/03\/2019","format":false,"excerpt":"Samedi 17 a\u00f4ut 19.00 Eglise de Seillans\u00a0\u00a0\u00a0\u00a0\u00a0 25\u20ac\/ 30\u20ac (balcon) 40\u20ac (premium)\u00a0R\u00e9servez t\u00f4t: disponibilit\u00e9 limit\u00e9e! Concert d\u2019Oratorio \u2013 concert de cloture du festival Ch\u0153ur et l\u2019Orchestre du Festival avec solistes Direction: Graham Ross \u00ab Saul \u00bb de HAENDEL Emily Vine, Dima Bawab \u2013 soprano Julian Gregory, Michael Johnston \u2013\u00a0 tenor\u2026","rel":"","context":"Article similaire","block_context":{"text":"Article similaire","link":""},"img":{"alt_text":"","src":"https:\/\/i0.wp.com\/www.musique-cordiale.com\/wp-content\/uploads\/2011\/03\/2016-08-13-22.12.31-1-scaled.jpg?fit=1200%2C675&ssl=1&resize=350%2C200","width":350,"height":200,"srcset":"https:\/\/i0.wp.com\/www.musique-cordiale.com\/wp-content\/uploads\/2011\/03\/2016-08-13-22.12.31-1-scaled.jpg?fit=1200%2C675&ssl=1&resize=350%2C200 1x, https:\/\/i0.wp.com\/www.musique-cordiale.com\/wp-content\/uploads\/2011\/03\/2016-08-13-22.12.31-1-scaled.jpg?fit=1200%2C675&ssl=1&resize=525%2C300 1.5x, https:\/\/i0.wp.com\/www.musique-cordiale.com\/wp-content\/uploads\/2011\/03\/2016-08-13-22.12.31-1-scaled.jpg?fit=1200%2C675&ssl=1&resize=700%2C400 2x, https:\/\/i0.wp.com\/www.musique-cordiale.com\/wp-content\/uploads\/2011\/03\/2016-08-13-22.12.31-1-scaled.jpg?fit=1200%2C675&ssl=1&resize=1050%2C600 3x"},"classes":[]},{"id":24062,"url":"https:\/\/www.musique-cordiale.com\/fr\/boutique-billetterie\/forfait-choeur-8-billets-des-diner-3-11-aout-2018-pour-choeur-seulement-copy\/","url_meta":{"origin":45187,"position":5},"title":"FORFAIT CHOEUR: 8 billets des D\u00eener 9-17 ao\u00fbt 2019 (pour CHOEUR seulement)","author":"Jonathan Barker","date":"29\/06\/2019","format":false,"excerpt":"Des d\u00eeners sont pr\u00e9vus pour les chanteurs et les joueurs de la chorale ou de l'orchestre du Festival et pour leurs invit\u00e9s, pour les membres de l'\u00e9quipe de b\u00e9n\u00e9voles qui g\u00e8rent le festival et pour les membres du public qui souhaitent les rejoindre pour le d\u00eener. Ces repas du soir\u2026","rel":"","context":"Article similaire","block_context":{"text":"Article similaire","link":""},"img":{"alt_text":"","src":"","width":0,"height":0},"classes":[]}],"_links":{"self":[{"href":"https:\/\/www.musique-cordiale.com\/fr\/wp-json\/wp\/v2\/product\/45187","targetHints":{"allow":["GET"]}}],"collection":[{"href":"https:\/\/www.musique-cordiale.com\/fr\/wp-json\/wp\/v2\/product"}],"about":[{"href":"https:\/\/www.musique-cordiale.com\/fr\/wp-json\/wp\/v2\/types\/product"}],"wp:featuredmedia":[{"embeddable":true,"href":"https:\/\/www.musique-cordiale.com\/fr\/wp-json\/wp\/v2\/media\/46072"}],"wp:attachment":[{"href":"https:\/\/www.musique-cordiale.com\/fr\/wp-json\/wp\/v2\/media?parent=45187"}],"wp:term":[{"taxonomy":"product_brand","embeddable":true,"href":"https:\/\/www.musique-cordiale.com\/fr\/wp-json\/wp\/v2\/product_brand?post=45187"},{"taxonomy":"product_cat","embeddable":true,"href":"https:\/\/www.musique-cordiale.com\/fr\/wp-json\/wp\/v2\/product_cat?post=45187"},{"taxonomy":"product_tag","embeddable":true,"href":"https:\/\/www.musique-cordiale.com\/fr\/wp-json\/wp\/v2\/product_tag?post=45187"},{"taxonomy":"venue","embeddable":true,"href":"https:\/\/www.musique-cordiale.com\/fr\/wp-json\/wp\/v2\/venue?post=45187"}],"curies":[{"name":"wp","href":"https:\/\/api.w.org\/{rel}","templated":true}]}}